{"id":3391,"date":"2023-04-05T12:22:24","date_gmt":"2023-04-05T10:22:24","guid":{"rendered":"https:\/\/www.sources-lac-annecy.com\/major-events\/"},"modified":"2025-03-12T15:18:58","modified_gmt":"2025-03-12T14:18:58","slug":"major-events","status":"publish","type":"page","link":"https:\/\/www.sources-lac-annecy.com\/en\/major-events\/","title":{"rendered":"Major events"},"content":{"rendered":"<section data-block_1f75f400fe58b0083f2f192246469c96 class=\"page-grid alignfull blocks\">\n\n  <section class=\"grid relative mt-56 pb-40\">\n\n    <div class=\"rg:grid-cols-3 container grid grid-cols-1 md:grid-cols-2 gap-8 mb-10\">\n              <div class=\"card \">\n\n  <a href=\"https:\/\/www.sources-lac-annecy.com\/en\/major-events\/rallye-automobile-du-pays-de-faverges\/\">\n    <picture >\n          \n      <source srcset=\"https:\/\/www.sources-lac-annecy.com\/wp-content\/uploads\/2023\/12\/rallye-pays-faverges-2024-450x300.jpg 450w, https:\/\/www.sources-lac-annecy.com\/wp-content\/uploads\/2023\/12\/rallye-pays-faverges-2024-1024x683.jpg 1024w, https:\/\/www.sources-lac-annecy.com\/wp-content\/uploads\/2023\/12\/rallye-pays-faverges-2024-768x512.jpg 768w, https:\/\/www.sources-lac-annecy.com\/wp-content\/uploads\/2023\/12\/rallye-pays-faverges-2024-1536x1025.jpg 1536w, https:\/\/www.sources-lac-annecy.com\/wp-content\/uploads\/2023\/12\/rallye-pays-faverges-2024.jpg 2048w\" type=\"image\/jpeg\" sizes=\"(max-width: 2048px) 100vw, 2048px\">\n\n      <img decoding=\"async\" type=\"image\/jpeg\" src=\"https:\/\/www.sources-lac-annecy.com\/wp-content\/uploads\/2023\/12\/rallye-pays-faverges-2024.jpg\"  srcset=\"https:\/\/www.sources-lac-annecy.com\/wp-content\/uploads\/2023\/12\/rallye-pays-faverges-2024-450x300.jpg 450w, https:\/\/www.sources-lac-annecy.com\/wp-content\/uploads\/2023\/12\/rallye-pays-faverges-2024-1024x683.jpg 1024w, https:\/\/www.sources-lac-annecy.com\/wp-content\/uploads\/2023\/12\/rallye-pays-faverges-2024-768x512.jpg 768w, https:\/\/www.sources-lac-annecy.com\/wp-content\/uploads\/2023\/12\/rallye-pays-faverges-2024-1536x1025.jpg 1536w, https:\/\/www.sources-lac-annecy.com\/wp-content\/uploads\/2023\/12\/rallye-pays-faverges-2024.jpg 2048w\"   class=\"card__img mb-2  min-h-[450px] aspect-[5\/7] object-cover\"   width=\"2048\"   height=\"1366\"   loading=\"lazy\"    >\n      <\/picture>\n\n    <h3 class=\"text-22 mt-2 flex items-center gap-2 font-bold\">\n            Rallye automobile du Pays de Faverges\n      <svg class=\"ml-auto\" xmlns=\"http:\/\/www.w3.org\/2000\/svg\" width=\"16.315\" height=\"13.183\" viewBox=\"0 0 16.315 13.183\">\n  <path id=\"Soustraction_35\" data-name=\"Soustraction 35\"\n    d=\"M8.278,13.183h0l-.976-.8,6.417-5.263H0V6.064H13.719L7.3.8,8.278,0l8.038,6.592L8.278,13.183Z\"\n    fill=\"#285667\" \/>\n<\/svg>    <\/h3>\n  <\/a>\n<\/div>\n              <div class=\"card \">\n\n  <a href=\"https:\/\/www.sources-lac-annecy.com\/en\/major-events\/lac-en-fete-festival\/\">\n    <picture >\n          \n      <source srcset=\"https:\/\/www.sources-lac-annecy.com\/wp-content\/uploads\/2023\/04\/doussard-base-nautique-ete-lac-en-fete-6233-1-450x300.jpg 450w, https:\/\/www.sources-lac-annecy.com\/wp-content\/uploads\/2023\/04\/doussard-base-nautique-ete-lac-en-fete-6233-1-1024x684.jpg 1024w, https:\/\/www.sources-lac-annecy.com\/wp-content\/uploads\/2023\/04\/doussard-base-nautique-ete-lac-en-fete-6233-1-768x513.jpg 768w, https:\/\/www.sources-lac-annecy.com\/wp-content\/uploads\/2023\/04\/doussard-base-nautique-ete-lac-en-fete-6233-1-1536x1025.jpg 1536w, https:\/\/www.sources-lac-annecy.com\/wp-content\/uploads\/2023\/04\/doussard-base-nautique-ete-lac-en-fete-6233-1.jpg 2048w\" type=\"image\/jpeg\" sizes=\"(max-width: 2048px) 100vw, 2048px\">\n\n      <img decoding=\"async\" type=\"image\/jpeg\" src=\"https:\/\/www.sources-lac-annecy.com\/wp-content\/uploads\/2023\/04\/doussard-base-nautique-ete-lac-en-fete-6233-1.jpg\"  srcset=\"https:\/\/www.sources-lac-annecy.com\/wp-content\/uploads\/2023\/04\/doussard-base-nautique-ete-lac-en-fete-6233-1-450x300.jpg 450w, https:\/\/www.sources-lac-annecy.com\/wp-content\/uploads\/2023\/04\/doussard-base-nautique-ete-lac-en-fete-6233-1-1024x684.jpg 1024w, https:\/\/www.sources-lac-annecy.com\/wp-content\/uploads\/2023\/04\/doussard-base-nautique-ete-lac-en-fete-6233-1-768x513.jpg 768w, https:\/\/www.sources-lac-annecy.com\/wp-content\/uploads\/2023\/04\/doussard-base-nautique-ete-lac-en-fete-6233-1-1536x1025.jpg 1536w, https:\/\/www.sources-lac-annecy.com\/wp-content\/uploads\/2023\/04\/doussard-base-nautique-ete-lac-en-fete-6233-1.jpg 2048w\"   class=\"card__img mb-2  min-h-[450px] aspect-[5\/7] object-cover\"   width=\"2048\"   height=\"1367\"   loading=\"lazy\"    >\n      <\/picture>\n\n    <h3 class=\"text-22 mt-2 flex items-center gap-2 font-bold\">\n            Lac en F\u00eate\n      <svg class=\"ml-auto\" xmlns=\"http:\/\/www.w3.org\/2000\/svg\" width=\"16.315\" height=\"13.183\" viewBox=\"0 0 16.315 13.183\">\n  <path id=\"Soustraction_35\" data-name=\"Soustraction 35\"\n    d=\"M8.278,13.183h0l-.976-.8,6.417-5.263H0V6.064H13.719L7.3.8,8.278,0l8.038,6.592L8.278,13.183Z\"\n    fill=\"#285667\" \/>\n<\/svg>    <\/h3>\n  <\/a>\n<\/div>\n              <div class=\"card \">\n\n  <a href=\"https:\/\/www.sources-lac-annecy.com\/en\/major-events\/semi-marathon-des-sources-du-lac-dannecy\/\">\n    <picture >\n          \n      <source srcset=\"https:\/\/www.sources-lac-annecy.com\/wp-content\/uploads\/2023\/09\/depart-doussard-2023-resized-450x300.jpg 450w, https:\/\/www.sources-lac-annecy.com\/wp-content\/uploads\/2023\/09\/depart-doussard-2023-resized-1024x682.jpg 1024w, https:\/\/www.sources-lac-annecy.com\/wp-content\/uploads\/2023\/09\/depart-doussard-2023-resized-768x512.jpg 768w, https:\/\/www.sources-lac-annecy.com\/wp-content\/uploads\/2023\/09\/depart-doussard-2023-resized-1536x1024.jpg 1536w, https:\/\/www.sources-lac-annecy.com\/wp-content\/uploads\/2023\/09\/depart-doussard-2023-resized.jpg 2000w\" type=\"image\/jpeg\" sizes=\"(max-width: 2000px) 100vw, 2000px\">\n\n      <img decoding=\"async\" type=\"image\/jpeg\" src=\"https:\/\/www.sources-lac-annecy.com\/wp-content\/uploads\/2023\/09\/depart-doussard-2023-resized.jpg\"  srcset=\"https:\/\/www.sources-lac-annecy.com\/wp-content\/uploads\/2023\/09\/depart-doussard-2023-resized-450x300.jpg 450w, https:\/\/www.sources-lac-annecy.com\/wp-content\/uploads\/2023\/09\/depart-doussard-2023-resized-1024x682.jpg 1024w, https:\/\/www.sources-lac-annecy.com\/wp-content\/uploads\/2023\/09\/depart-doussard-2023-resized-768x512.jpg 768w, https:\/\/www.sources-lac-annecy.com\/wp-content\/uploads\/2023\/09\/depart-doussard-2023-resized-1536x1024.jpg 1536w, https:\/\/www.sources-lac-annecy.com\/wp-content\/uploads\/2023\/09\/depart-doussard-2023-resized.jpg 2000w\"   class=\"card__img mb-2  min-h-[450px] aspect-[5\/7] object-cover\"   width=\"2000\"   height=\"1333\"   loading=\"lazy\"    >\n      <\/picture>\n\n    <h3 class=\"text-22 mt-2 flex items-center gap-2 font-bold\">\n            Semi-Marathon des Sources du lac d&#039;Annecy\n      <svg class=\"ml-auto\" xmlns=\"http:\/\/www.w3.org\/2000\/svg\" width=\"16.315\" height=\"13.183\" viewBox=\"0 0 16.315 13.183\">\n  <path id=\"Soustraction_35\" data-name=\"Soustraction 35\"\n    d=\"M8.278,13.183h0l-.976-.8,6.417-5.263H0V6.064H13.719L7.3.8,8.278,0l8.038,6.592L8.278,13.183Z\"\n    fill=\"#285667\" \/>\n<\/svg>    <\/h3>\n  <\/a>\n<\/div>\n              <div class=\"card \">\n\n  <a href=\"https:\/\/www.sources-lac-annecy.com\/en\/major-events\/faverges-seythenex-trail-race\/\">\n    <picture >\n          \n      <source srcset=\"https:\/\/www.sources-lac-annecy.com\/wp-content\/uploads\/2023\/04\/seythenex-sambuy-lac-annecy-trail-2013-0413-450x299.jpg 450w, https:\/\/www.sources-lac-annecy.com\/wp-content\/uploads\/2023\/04\/seythenex-sambuy-lac-annecy-trail-2013-0413-1024x680.jpg 1024w, https:\/\/www.sources-lac-annecy.com\/wp-content\/uploads\/2023\/04\/seythenex-sambuy-lac-annecy-trail-2013-0413-768x510.jpg 768w, https:\/\/www.sources-lac-annecy.com\/wp-content\/uploads\/2023\/04\/seythenex-sambuy-lac-annecy-trail-2013-0413-1536x1020.jpg 1536w, https:\/\/www.sources-lac-annecy.com\/wp-content\/uploads\/2023\/04\/seythenex-sambuy-lac-annecy-trail-2013-0413.jpg 2048w\" type=\"image\/jpeg\" sizes=\"(max-width: 2048px) 100vw, 2048px\">\n\n      <img decoding=\"async\" type=\"image\/jpeg\" src=\"https:\/\/www.sources-lac-annecy.com\/wp-content\/uploads\/2023\/04\/seythenex-sambuy-lac-annecy-trail-2013-0413.jpg\"  srcset=\"https:\/\/www.sources-lac-annecy.com\/wp-content\/uploads\/2023\/04\/seythenex-sambuy-lac-annecy-trail-2013-0413-450x299.jpg 450w, https:\/\/www.sources-lac-annecy.com\/wp-content\/uploads\/2023\/04\/seythenex-sambuy-lac-annecy-trail-2013-0413-1024x680.jpg 1024w, https:\/\/www.sources-lac-annecy.com\/wp-content\/uploads\/2023\/04\/seythenex-sambuy-lac-annecy-trail-2013-0413-768x510.jpg 768w, https:\/\/www.sources-lac-annecy.com\/wp-content\/uploads\/2023\/04\/seythenex-sambuy-lac-annecy-trail-2013-0413-1536x1020.jpg 1536w, https:\/\/www.sources-lac-annecy.com\/wp-content\/uploads\/2023\/04\/seythenex-sambuy-lac-annecy-trail-2013-0413.jpg 2048w\"   class=\"card__img mb-2  min-h-[450px] aspect-[5\/7] object-cover\"   width=\"2048\"   height=\"1360\"   loading=\"lazy\"    >\n      <\/picture>\n\n    <h3 class=\"text-22 mt-2 flex items-center gap-2 font-bold\">\n            Faverges-Seythenex Trail Running Race\n      <svg class=\"ml-auto\" xmlns=\"http:\/\/www.w3.org\/2000\/svg\" width=\"16.315\" height=\"13.183\" viewBox=\"0 0 16.315 13.183\">\n  <path id=\"Soustraction_35\" data-name=\"Soustraction 35\"\n    d=\"M8.278,13.183h0l-.976-.8,6.417-5.263H0V6.064H13.719L7.3.8,8.278,0l8.038,6.592L8.278,13.183Z\"\n    fill=\"#285667\" \/>\n<\/svg>    <\/h3>\n  <\/a>\n<\/div>\n              <div class=\"card \">\n\n  <a href=\"https:\/\/www.sources-lac-annecy.com\/en\/major-events\/doussard-half-iron-triathlon\/\">\n    <picture >\n          \n      <source srcset=\"https:\/\/www.sources-lac-annecy.com\/wp-content\/uploads\/2025\/01\/affiche-triathlon-2025-724x1024-1-318x450.jpg 318w, https:\/\/www.sources-lac-annecy.com\/wp-content\/uploads\/2025\/01\/affiche-triathlon-2025-724x1024-1.jpg 724w\" type=\"image\/jpeg\" sizes=\"(max-width: 724px) 100vw, 724px\">\n\n      <img decoding=\"async\" type=\"image\/jpeg\" src=\"https:\/\/www.sources-lac-annecy.com\/wp-content\/uploads\/2025\/01\/affiche-triathlon-2025-724x1024-1.jpg\"  srcset=\"https:\/\/www.sources-lac-annecy.com\/wp-content\/uploads\/2025\/01\/affiche-triathlon-2025-724x1024-1-318x450.jpg 318w, https:\/\/www.sources-lac-annecy.com\/wp-content\/uploads\/2025\/01\/affiche-triathlon-2025-724x1024-1.jpg 724w\"   class=\"card__img mb-2  min-h-[450px] aspect-[5\/7] object-cover\"   width=\"724\"   height=\"1024\"   loading=\"lazy\"    >\n      <\/picture>\n\n    <h3 class=\"text-22 mt-2 flex items-center gap-2 font-bold\">\n            Doussard Half Ironman Triathlon\n      <svg class=\"ml-auto\" xmlns=\"http:\/\/www.w3.org\/2000\/svg\" width=\"16.315\" height=\"13.183\" viewBox=\"0 0 16.315 13.183\">\n  <path id=\"Soustraction_35\" data-name=\"Soustraction 35\"\n    d=\"M8.278,13.183h0l-.976-.8,6.417-5.263H0V6.064H13.719L7.3.8,8.278,0l8.038,6.592L8.278,13.183Z\"\n    fill=\"#285667\" \/>\n<\/svg>    <\/h3>\n  <\/a>\n<\/div>\n              <div class=\"card \">\n\n  <a href=\"https:\/\/www.sources-lac-annecy.com\/en\/major-events\/marathon-du-clair-de-lune-around-lake-annecy-moonlit-marathon\/\">\n    <picture >\n          \n      <source srcset=\"https:\/\/www.sources-lac-annecy.com\/wp-content\/uploads\/2023\/04\/bandeau-pepit-marathon-clair-de-lune-450x167.jpg 450w, https:\/\/www.sources-lac-annecy.com\/wp-content\/uploads\/2023\/04\/bandeau-pepit-marathon-clair-de-lune-1024x379.jpg 1024w, https:\/\/www.sources-lac-annecy.com\/wp-content\/uploads\/2023\/04\/bandeau-pepit-marathon-clair-de-lune-768x284.jpg 768w, https:\/\/www.sources-lac-annecy.com\/wp-content\/uploads\/2023\/04\/bandeau-pepit-marathon-clair-de-lune.jpg 1302w\" type=\"image\/jpeg\" sizes=\"(max-width: 1302px) 100vw, 1302px\">\n\n      <img decoding=\"async\" type=\"image\/jpeg\" src=\"https:\/\/www.sources-lac-annecy.com\/wp-content\/uploads\/2023\/04\/bandeau-pepit-marathon-clair-de-lune.jpg\"  srcset=\"https:\/\/www.sources-lac-annecy.com\/wp-content\/uploads\/2023\/04\/bandeau-pepit-marathon-clair-de-lune-450x167.jpg 450w, https:\/\/www.sources-lac-annecy.com\/wp-content\/uploads\/2023\/04\/bandeau-pepit-marathon-clair-de-lune-1024x379.jpg 1024w, https:\/\/www.sources-lac-annecy.com\/wp-content\/uploads\/2023\/04\/bandeau-pepit-marathon-clair-de-lune-768x284.jpg 768w, https:\/\/www.sources-lac-annecy.com\/wp-content\/uploads\/2023\/04\/bandeau-pepit-marathon-clair-de-lune.jpg 1302w\"   class=\"card__img mb-2  min-h-[450px] aspect-[5\/7] object-cover\"   width=\"1302\"   height=\"482\"   loading=\"lazy\"    >\n      <\/picture>\n\n    <h3 class=\"text-22 mt-2 flex items-center gap-2 font-bold\">\n            Marathon du Clair de Lune &#8211; Moonlight Marathon\n      <svg class=\"ml-auto\" xmlns=\"http:\/\/www.w3.org\/2000\/svg\" width=\"16.315\" height=\"13.183\" viewBox=\"0 0 16.315 13.183\">\n  <path id=\"Soustraction_35\" data-name=\"Soustraction 35\"\n    d=\"M8.278,13.183h0l-.976-.8,6.417-5.263H0V6.064H13.719L7.3.8,8.278,0l8.038,6.592L8.278,13.183Z\"\n    fill=\"#285667\" \/>\n<\/svg>    <\/h3>\n  <\/a>\n<\/div>\n              <div class=\"card \">\n\n  <a href=\"https:\/\/www.sources-lac-annecy.com\/en\/major-events\/sources-du-lac-dannecy-bicycle-ride-and-hike\/\">\n    <picture >\n          \n      <source srcset=\"https:\/\/www.sources-lac-annecy.com\/wp-content\/uploads\/2023\/02\/tilbyvattard-sources-du-lac-08-022-0505-bd-450x300.jpg 450w, https:\/\/www.sources-lac-annecy.com\/wp-content\/uploads\/2023\/02\/tilbyvattard-sources-du-lac-08-022-0505-bd-1024x682.jpg 1024w, https:\/\/www.sources-lac-annecy.com\/wp-content\/uploads\/2023\/02\/tilbyvattard-sources-du-lac-08-022-0505-bd-768x512.jpg 768w, https:\/\/www.sources-lac-annecy.com\/wp-content\/uploads\/2023\/02\/tilbyvattard-sources-du-lac-08-022-0505-bd-1536x1024.jpg 1536w, https:\/\/www.sources-lac-annecy.com\/wp-content\/uploads\/2023\/02\/tilbyvattard-sources-du-lac-08-022-0505-bd.jpg 2000w\" type=\"image\/jpeg\" sizes=\"(max-width: 2000px) 100vw, 2000px\">\n\n      <img decoding=\"async\" type=\"image\/jpeg\" src=\"https:\/\/www.sources-lac-annecy.com\/wp-content\/uploads\/2023\/02\/tilbyvattard-sources-du-lac-08-022-0505-bd.jpg\"  srcset=\"https:\/\/www.sources-lac-annecy.com\/wp-content\/uploads\/2023\/02\/tilbyvattard-sources-du-lac-08-022-0505-bd-450x300.jpg 450w, https:\/\/www.sources-lac-annecy.com\/wp-content\/uploads\/2023\/02\/tilbyvattard-sources-du-lac-08-022-0505-bd-1024x682.jpg 1024w, https:\/\/www.sources-lac-annecy.com\/wp-content\/uploads\/2023\/02\/tilbyvattard-sources-du-lac-08-022-0505-bd-768x512.jpg 768w, https:\/\/www.sources-lac-annecy.com\/wp-content\/uploads\/2023\/02\/tilbyvattard-sources-du-lac-08-022-0505-bd-1536x1024.jpg 1536w, https:\/\/www.sources-lac-annecy.com\/wp-content\/uploads\/2023\/02\/tilbyvattard-sources-du-lac-08-022-0505-bd.jpg 2000w\"   class=\"card__img mb-2  min-h-[450px] aspect-[5\/7] object-cover\"   width=\"2000\"   height=\"1333\"   alt=\"Itin\u00e9raire vtt en bord de rivi\u00e8re \u00e0 faire en famille\"  loading=\"lazy\"    >\n      <\/picture>\n\n    <h3 class=\"text-22 mt-2 flex items-center gap-2 font-bold\">\n            Sources du lac d&#039;Annecy Ride and Hike\n      <svg class=\"ml-auto\" xmlns=\"http:\/\/www.w3.org\/2000\/svg\" width=\"16.315\" height=\"13.183\" viewBox=\"0 0 16.315 13.183\">\n  <path id=\"Soustraction_35\" data-name=\"Soustraction 35\"\n    d=\"M8.278,13.183h0l-.976-.8,6.417-5.263H0V6.064H13.719L7.3.8,8.278,0l8.038,6.592L8.278,13.183Z\"\n    fill=\"#285667\" \/>\n<\/svg>    <\/h3>\n  <\/a>\n<\/div>\n              <div class=\"card \">\n\n  <a href=\"https:\/\/www.sources-lac-annecy.com\/en\/major-events\/annual-apple-festival\/\">\n    <picture >\n          \n      <source srcset=\"https:\/\/www.sources-lac-annecy.com\/wp-content\/uploads\/2023\/04\/saintferreol-fetepomme-automne-pressage-pommes-9314-450x300.jpg 450w, https:\/\/www.sources-lac-annecy.com\/wp-content\/uploads\/2023\/04\/saintferreol-fetepomme-automne-pressage-pommes-9314-1024x684.jpg 1024w, https:\/\/www.sources-lac-annecy.com\/wp-content\/uploads\/2023\/04\/saintferreol-fetepomme-automne-pressage-pommes-9314-768x513.jpg 768w, https:\/\/www.sources-lac-annecy.com\/wp-content\/uploads\/2023\/04\/saintferreol-fetepomme-automne-pressage-pommes-9314-1536x1025.jpg 1536w, https:\/\/www.sources-lac-annecy.com\/wp-content\/uploads\/2023\/04\/saintferreol-fetepomme-automne-pressage-pommes-9314.jpg 2048w\" type=\"image\/jpeg\" sizes=\"(max-width: 2048px) 100vw, 2048px\">\n\n      <img decoding=\"async\" type=\"image\/jpeg\" src=\"https:\/\/www.sources-lac-annecy.com\/wp-content\/uploads\/2023\/04\/saintferreol-fetepomme-automne-pressage-pommes-9314.jpg\"  srcset=\"https:\/\/www.sources-lac-annecy.com\/wp-content\/uploads\/2023\/04\/saintferreol-fetepomme-automne-pressage-pommes-9314-450x300.jpg 450w, https:\/\/www.sources-lac-annecy.com\/wp-content\/uploads\/2023\/04\/saintferreol-fetepomme-automne-pressage-pommes-9314-1024x684.jpg 1024w, https:\/\/www.sources-lac-annecy.com\/wp-content\/uploads\/2023\/04\/saintferreol-fetepomme-automne-pressage-pommes-9314-768x513.jpg 768w, https:\/\/www.sources-lac-annecy.com\/wp-content\/uploads\/2023\/04\/saintferreol-fetepomme-automne-pressage-pommes-9314-1536x1025.jpg 1536w, https:\/\/www.sources-lac-annecy.com\/wp-content\/uploads\/2023\/04\/saintferreol-fetepomme-automne-pressage-pommes-9314.jpg 2048w\"   class=\"card__img mb-2  min-h-[450px] aspect-[5\/7] object-cover\"   width=\"2048\"   height=\"1367\"   loading=\"lazy\"    >\n      <\/picture>\n\n    <h3 class=\"text-22 mt-2 flex items-center gap-2 font-bold\">\n            Apple Festival\n      <svg class=\"ml-auto\" xmlns=\"http:\/\/www.w3.org\/2000\/svg\" width=\"16.315\" height=\"13.183\" viewBox=\"0 0 16.315 13.183\">\n  <path id=\"Soustraction_35\" data-name=\"Soustraction 35\"\n    d=\"M8.278,13.183h0l-.976-.8,6.417-5.263H0V6.064H13.719L7.3.8,8.278,0l8.038,6.592L8.278,13.183Z\"\n    fill=\"#285667\" \/>\n<\/svg>    <\/h3>\n  <\/a>\n<\/div>\n          <\/div>\n\n  <\/section>\n\n<\/section>\n","protected":false},"excerpt":{"rendered":"<p>Here is the calendar of major events that set the tempo in Sources du Lac d\u2019Annecy from one season to the next. Trail running races, fireworks, traditional festivals\u2026<\/p>\n","protected":false},"author":1,"featured_media":2730,"parent":0,"menu_order":13,"comment_status":"closed","ping_status":"closed","template":"","meta":{"_acf_changed":false,"inline_featured_image":false,"footnotes":""},"categories":[],"activity_type":[],"period":[],"with":[],"in-mode":[],"class_list":["post-3391","page","type-page","status-publish","has-post-thumbnail","hentry"],"acf":[],"_links":{"self":[{"href":"https:\/\/www.sources-lac-annecy.com\/en\/wp-json\/wp\/v2\/pages\/3391","targetHints":{"allow":["GET"]}}],"collection":[{"href":"https:\/\/www.sources-lac-annecy.com\/en\/wp-json\/wp\/v2\/pages"}],"about":[{"href":"https:\/\/www.sources-lac-annecy.com\/en\/wp-json\/wp\/v2\/types\/page"}],"author":[{"embeddable":true,"href":"https:\/\/www.sources-lac-annecy.com\/en\/wp-json\/wp\/v2\/users\/1"}],"replies":[{"embeddable":true,"href":"https:\/\/www.sources-lac-annecy.com\/en\/wp-json\/wp\/v2\/comments?post=3391"}],"version-history":[{"count":5,"href":"https:\/\/www.sources-lac-annecy.com\/en\/wp-json\/wp\/v2\/pages\/3391\/revisions"}],"predecessor-version":[{"id":31792,"href":"https:\/\/www.sources-lac-annecy.com\/en\/wp-json\/wp\/v2\/pages\/3391\/revisions\/31792"}],"wp:featuredmedia":[{"embeddable":true,"href":"https:\/\/www.sources-lac-annecy.com\/en\/wp-json\/wp\/v2\/media\/2730"}],"wp:attachment":[{"href":"https:\/\/www.sources-lac-annecy.com\/en\/wp-json\/wp\/v2\/media?parent=3391"}],"wp:term":[{"taxonomy":"category","embeddable":true,"href":"https:\/\/www.sources-lac-annecy.com\/en\/wp-json\/wp\/v2\/categories?post=3391"},{"taxonomy":"activity_type","embeddable":true,"href":"https:\/\/www.sources-lac-annecy.com\/en\/wp-json\/wp\/v2\/activity_type?post=3391"},{"taxonomy":"period","embeddable":true,"href":"https:\/\/www.sources-lac-annecy.com\/en\/wp-json\/wp\/v2\/period?post=3391"},{"taxonomy":"with","embeddable":true,"href":"https:\/\/www.sources-lac-annecy.com\/en\/wp-json\/wp\/v2\/with?post=3391"},{"taxonomy":"in-mode","embeddable":true,"href":"https:\/\/www.sources-lac-annecy.com\/en\/wp-json\/wp\/v2\/in-mode?post=3391"}],"curies":[{"name":"wp","href":"https:\/\/api.w.org\/{rel}","templated":true}]}}