{"id":29675,"date":"2024-11-04T14:49:53","date_gmt":"2024-11-04T13:49:53","guid":{"rendered":"https:\/\/www.sources-lac-annecy.com\/28500-2\/"},"modified":"2025-07-30T17:06:20","modified_gmt":"2025-07-30T15:06:20","slug":"activites-reservables-en-ligne","status":"publish","type":"page","link":"https:\/\/www.sources-lac-annecy.com\/en\/activites-reservables-en-ligne\/","title":{"rendered":"R\u00e9servez vos activit\u00e9s"},"content":{"rendered":"\n\n      <!-- DEBUT AFFICHAGE -->\n        <!-- DEBUT HOOK BEFORE -->\n            <section class=\"yatadata-block blocks\">\n        <div class=\"yatadata-list-element js-apidae-grid apidae-grid pt-12 grid\" id=\"yatadata-list-element-129\" data-item='{\"items\":[{\"ID\":34539,\"post_author\":\"0\",\"post_date\":\"2026-03-13 15:06:42\",\"post_date_gmt\":\"2026-03-13 14:06:42\",\"post_content\":\"\",\"post_title\":\"Marche nordique et bien-\\u00eatre : Bougez, Respirez, Recommencez\",\"post_excerpt\":\"\",\"post_status\":\"publish\",\"comment_status\":\"closed\",\"ping_status\":\"closed\",\"post_password\":\"\",\"post_name\":\"marche-nordique-et-bien-etre-bougez-respirez-recommencez\",\"to_ping\":\"\",\"pinged\":\"\",\"post_modified\":\"2026-03-13 15:06:42\",\"post_modified_gmt\":\"2026-03-13 14:06:42\",\"post_content_filtered\":\"\",\"post_parent\":0,\"guid\":\"https:\\\/\\\/www.sources-lac-annecy.com\\\/offres\\\/marche-nordique-et-bien-etre-bougez-respirez-recommencez\\\/\",\"menu_order\":0,\"post_type\":\"articlesyatadata\",\"post_mime_type\":\"\",\"comment_count\":\"0\",\"filter\":\"raw\",\"position\":\"1\",\"permalink\":\"https:\\\/\\\/www.sources-lac-annecy.com\\\/offres\\\/marche-nordique-et-bien-etre-bougez-respirez-recommencez\\\/\"},{\"ID\":28790,\"post_author\":\"0\",\"post_date\":\"2026-03-15 15:06:17\",\"post_date_gmt\":\"2026-03-15 14:06:17\",\"post_content\":\"\",\"post_title\":\"Treetop adventure park \\u0022Acrofort\\u0022 de Tami\\u00e9\",\"post_excerpt\":\"\",\"post_status\":\"publish\",\"comment_status\":\"closed\",\"ping_status\":\"closed\",\"post_password\":\"\",\"post_name\":\"treetop-adventure-park-acrofort-de-tamie\",\"to_ping\":\"\",\"pinged\":\"\",\"post_modified\":\"2026-03-15 15:06:18\",\"post_modified_gmt\":\"2026-03-15 14:06:18\",\"post_content_filtered\":\"\",\"post_parent\":0,\"guid\":\"https:\\\/\\\/www.sources-lac-annecy.com\\\/offres\\\/treetop-adventure-park-acrofort-de-tamie\\\/\",\"menu_order\":0,\"post_type\":\"articlesyatadata\",\"post_mime_type\":\"\",\"comment_count\":\"0\",\"filter\":\"raw\",\"position\":\"6\",\"permalink\":\"https:\\\/\\\/www.sources-lac-annecy.com\\\/en\\\/offres\\\/treetop-adventure-park-acrofort-de-tamie\\\/\"},{\"ID\":35205,\"post_author\":\"0\",\"post_date\":\"2026-03-06 15:06:21\",\"post_date_gmt\":\"2026-03-06 14:06:21\",\"post_content\":\"\",\"post_title\":\"Pass 3 spectacles :  Les Pr\\u00e9ludes de Gy\",\"post_excerpt\":\"\",\"post_status\":\"publish\",\"comment_status\":\"closed\",\"ping_status\":\"closed\",\"post_password\":\"\",\"post_name\":\"pass-3-spectacles-les-preludes-de-gy\",\"to_ping\":\"\",\"pinged\":\"\",\"post_modified\":\"2026-03-06 15:06:21\",\"post_modified_gmt\":\"2026-03-06 14:06:21\",\"post_content_filtered\":\"\",\"post_parent\":0,\"guid\":\"https:\\\/\\\/www.sources-lac-annecy.com\\\/offres\\\/pass-3-spectacles-les-preludes-de-gy\\\/\",\"menu_order\":0,\"post_type\":\"articlesyatadata\",\"post_mime_type\":\"\",\"comment_count\":\"0\",\"filter\":\"raw\",\"position\":\"7\",\"permalink\":\"https:\\\/\\\/www.sources-lac-annecy.com\\\/offres\\\/pass-3-spectacles-les-preludes-de-gy\\\/\"},{\"ID\":35194,\"post_author\":\"1\",\"post_date\":\"2026-02-12 03:30:51\",\"post_date_gmt\":\"2026-02-12 02:30:51\",\"post_content\":\"\",\"post_title\":\"Les Pr\\u00e9ludes de Gy : Spectacle : Les mots d\\u0027Oli\",\"post_excerpt\":\"\",\"post_status\":\"publish\",\"comment_status\":\"closed\",\"ping_status\":\"closed\",\"post_password\":\"\",\"post_name\":\"spectacle-les-mots-doli\",\"to_ping\":\"\",\"pinged\":\"\",\"post_modified\":\"2026-03-02 09:20:42\",\"post_modified_gmt\":\"2026-03-02 08:20:42\",\"post_content_filtered\":\"\",\"post_parent\":0,\"guid\":\"https:\\\/\\\/www.sources-lac-annecy.com\\\/offres\\\/spectacle-les-mots-doli\\\/\",\"menu_order\":0,\"post_type\":\"articlesyatadata\",\"post_mime_type\":\"\",\"comment_count\":\"0\",\"filter\":\"raw\",\"position\":\"9\",\"permalink\":\"https:\\\/\\\/www.sources-lac-annecy.com\\\/offres\\\/spectacle-les-mots-doli\\\/\"},{\"ID\":35616,\"post_author\":\"0\",\"post_date\":\"2026-03-14 15:06:55\",\"post_date_gmt\":\"2026-03-14 14:06:55\",\"post_content\":\"\",\"post_title\":\"Mini-Golf\",\"post_excerpt\":\"\",\"post_status\":\"publish\",\"comment_status\":\"closed\",\"ping_status\":\"closed\",\"post_password\":\"\",\"post_name\":\"mini-golf\",\"to_ping\":\"\",\"pinged\":\"\",\"post_modified\":\"2026-03-14 15:06:55\",\"post_modified_gmt\":\"2026-03-14 14:06:55\",\"post_content_filtered\":\"\",\"post_parent\":0,\"guid\":\"https:\\\/\\\/www.sources-lac-annecy.com\\\/offres\\\/mini-golf\\\/\",\"menu_order\":0,\"post_type\":\"articlesyatadata\",\"post_mime_type\":\"\",\"comment_count\":\"0\",\"filter\":\"raw\",\"position\":\"10\",\"permalink\":\"https:\\\/\\\/www.sources-lac-annecy.com\\\/offres\\\/mini-golf\\\/\"},{\"ID\":29238,\"post_author\":\"0\",\"post_date\":\"2026-03-21 15:06:19\",\"post_date_gmt\":\"2026-03-21 14:06:19\",\"post_content\":\"\",\"post_title\":\"Sailing on Esp\\u00e9rance III\",\"post_excerpt\":\"\",\"post_status\":\"publish\",\"comment_status\":\"closed\",\"ping_status\":\"closed\",\"post_password\":\"\",\"post_name\":\"sailing-on-esperance-iii\",\"to_ping\":\"\",\"pinged\":\"\",\"post_modified\":\"2026-03-21 15:06:20\",\"post_modified_gmt\":\"2026-03-21 14:06:20\",\"post_content_filtered\":\"\",\"post_parent\":0,\"guid\":\"https:\\\/\\\/www.sources-lac-annecy.com\\\/offres\\\/sailing-on-esperance-iii\\\/\",\"menu_order\":0,\"post_type\":\"articlesyatadata\",\"post_mime_type\":\"\",\"comment_count\":\"0\",\"filter\":\"raw\",\"position\":\"12\",\"permalink\":\"https:\\\/\\\/www.sources-lac-annecy.com\\\/en\\\/offres\\\/sailing-on-esperance-iii\\\/\"},{\"ID\":35771,\"post_author\":\"0\",\"post_date\":\"2026-03-28 15:06:44\",\"post_date_gmt\":\"2026-03-28 14:06:44\",\"post_content\":\"\",\"post_title\":\"BungyFitness outdoor - Plage de Doussard\",\"post_excerpt\":\"\",\"post_status\":\"publish\",\"comment_status\":\"closed\",\"ping_status\":\"closed\",\"post_password\":\"\",\"post_name\":\"bungyfitness-outdoor-plage-de-doussard\",\"to_ping\":\"\",\"pinged\":\"\",\"post_modified\":\"2026-03-28 15:06:44\",\"post_modified_gmt\":\"2026-03-28 14:06:44\",\"post_content_filtered\":\"\",\"post_parent\":0,\"guid\":\"https:\\\/\\\/www.sources-lac-annecy.com\\\/offres\\\/bungyfitness-outdoor-plage-de-doussard\\\/\",\"menu_order\":0,\"post_type\":\"articlesyatadata\",\"post_mime_type\":\"\",\"comment_count\":\"0\",\"filter\":\"raw\",\"permalink\":\"https:\\\/\\\/www.sources-lac-annecy.com\\\/offres\\\/bungyfitness-outdoor-plage-de-doussard\\\/\"},{\"ID\":35678,\"post_author\":\"0\",\"post_date\":\"2026-03-21 15:07:13\",\"post_date_gmt\":\"2026-03-21 14:07:13\",\"post_content\":\"\",\"post_title\":\"Greenfee 9 trous - Sp\\u00e9cial week-end\",\"post_excerpt\":\"\",\"post_status\":\"publish\",\"comment_status\":\"closed\",\"ping_status\":\"closed\",\"post_password\":\"\",\"post_name\":\"greenfee-9-trous-special-week-end\",\"to_ping\":\"\",\"pinged\":\"\",\"post_modified\":\"2026-03-21 15:07:13\",\"post_modified_gmt\":\"2026-03-21 14:07:13\",\"post_content_filtered\":\"\",\"post_parent\":0,\"guid\":\"https:\\\/\\\/www.sources-lac-annecy.com\\\/offres\\\/greenfee-9-trous-special-week-end\\\/\",\"menu_order\":0,\"post_type\":\"articlesyatadata\",\"post_mime_type\":\"\",\"comment_count\":\"0\",\"filter\":\"raw\",\"permalink\":\"https:\\\/\\\/www.sources-lac-annecy.com\\\/offres\\\/greenfee-9-trous-special-week-end\\\/\"},{\"ID\":32978,\"post_author\":\"0\",\"post_date\":\"2026-03-12 15:06:17\",\"post_date_gmt\":\"2026-03-12 14:06:17\",\"post_content\":\"\",\"post_title\":\"Mini canyoning d\\u00e9couverte famille par My Canyon\",\"post_excerpt\":\"\",\"post_status\":\"publish\",\"comment_status\":\"closed\",\"ping_status\":\"closed\",\"post_password\":\"\",\"post_name\":\"mini-canyoning-decouverte-famille\",\"to_ping\":\"\",\"pinged\":\"\",\"post_modified\":\"2026-03-12 15:06:18\",\"post_modified_gmt\":\"2026-03-12 14:06:18\",\"post_content_filtered\":\"\",\"post_parent\":0,\"guid\":\"https:\\\/\\\/www.sources-lac-annecy.com\\\/offres\\\/mini-canyoning-decouverte-famille-2\\\/\",\"menu_order\":0,\"post_type\":\"articlesyatadata\",\"post_mime_type\":\"\",\"comment_count\":\"0\",\"filter\":\"raw\",\"permalink\":\"https:\\\/\\\/www.sources-lac-annecy.com\\\/en\\\/offres\\\/mini-canyoning-decouverte-famille\\\/\"},{\"ID\":34626,\"post_author\":\"0\",\"post_date\":\"2026-03-07 15:06:45\",\"post_date_gmt\":\"2026-03-07 14:06:45\",\"post_content\":\"\",\"post_title\":\"Bon cadeau : bapt\\u00eame parapente prestige\",\"post_excerpt\":\"\",\"post_status\":\"publish\",\"comment_status\":\"closed\",\"ping_status\":\"closed\",\"post_password\":\"\",\"post_name\":\"bon-cadeau-bapteme-parapente-prestige\",\"to_ping\":\"\",\"pinged\":\"\",\"post_modified\":\"2026-03-07 15:06:45\",\"post_modified_gmt\":\"2026-03-07 14:06:45\",\"post_content_filtered\":\"\",\"post_parent\":0,\"guid\":\"https:\\\/\\\/www.sources-lac-annecy.com\\\/offres\\\/bon-cadeau-bapteme-parapente-prestige\\\/\",\"menu_order\":0,\"post_type\":\"articlesyatadata\",\"post_mime_type\":\"\",\"comment_count\":\"0\",\"filter\":\"raw\",\"permalink\":\"https:\\\/\\\/www.sources-lac-annecy.com\\\/offres\\\/bon-cadeau-bapteme-parapente-prestige\\\/\"},{\"ID\":35672,\"post_author\":\"0\",\"post_date\":\"2026-03-21 15:07:10\",\"post_date_gmt\":\"2026-03-21 14:07:10\",\"post_content\":\"\",\"post_title\":\"Greenfee 18 trous - Sp\\u00e9cial week-end\",\"post_excerpt\":\"\",\"post_status\":\"publish\",\"comment_status\":\"closed\",\"ping_status\":\"closed\",\"post_password\":\"\",\"post_name\":\"greenfee-18-trous-special-week-end\",\"to_ping\":\"\",\"pinged\":\"\",\"post_modified\":\"2026-03-21 15:07:10\",\"post_modified_gmt\":\"2026-03-21 14:07:10\",\"post_content_filtered\":\"\",\"post_parent\":0,\"guid\":\"https:\\\/\\\/www.sources-lac-annecy.com\\\/offres\\\/greenfee-18-trous-special-week-end\\\/\",\"menu_order\":0,\"post_type\":\"articlesyatadata\",\"post_mime_type\":\"\",\"comment_count\":\"0\",\"filter\":\"raw\",\"permalink\":\"https:\\\/\\\/www.sources-lac-annecy.com\\\/offres\\\/greenfee-18-trous-special-week-end\\\/\"},{\"ID\":34668,\"post_author\":\"0\",\"post_date\":\"2026-02-03 09:52:37\",\"post_date_gmt\":\"2026-02-03 08:52:37\",\"post_content\":\"\",\"post_title\":\"Vol d\\u00e9couverte en montgolfi\\u00e8re\",\"post_excerpt\":\"\",\"post_status\":\"publish\",\"comment_status\":\"closed\",\"ping_status\":\"closed\",\"post_password\":\"\",\"post_name\":\"vol-decouverte-en-montgolfiere\",\"to_ping\":\"\",\"pinged\":\"\",\"post_modified\":\"2026-02-03 09:52:37\",\"post_modified_gmt\":\"2026-02-03 08:52:37\",\"post_content_filtered\":\"\",\"post_parent\":0,\"guid\":\"https:\\\/\\\/www.sources-lac-annecy.com\\\/offres\\\/vol-decouverte-en-montgolfiere\\\/\",\"menu_order\":0,\"post_type\":\"articlesyatadata\",\"post_mime_type\":\"\",\"comment_count\":\"0\",\"filter\":\"raw\",\"permalink\":\"https:\\\/\\\/www.sources-lac-annecy.com\\\/offres\\\/vol-decouverte-en-montgolfiere\\\/\"},{\"ID\":34117,\"post_author\":\"0\",\"post_date\":\"2026-03-23 15:06:29\",\"post_date_gmt\":\"2026-03-23 14:06:29\",\"post_content\":\"\",\"post_title\":\"Bon cadeau : stage d\\u00e9couverte tricot ou crochet\",\"post_excerpt\":\"\",\"post_status\":\"publish\",\"comment_status\":\"closed\",\"ping_status\":\"closed\",\"post_password\":\"\",\"post_name\":\"bon-cadeau-stage-decouverte-tricot-ou-crochet\",\"to_ping\":\"\",\"pinged\":\"\",\"post_modified\":\"2026-03-23 15:06:29\",\"post_modified_gmt\":\"2026-03-23 14:06:29\",\"post_content_filtered\":\"\",\"post_parent\":0,\"guid\":\"https:\\\/\\\/www.sources-lac-annecy.com\\\/offres\\\/bon-cadeau-stage-decouverte-tricot-ou-crochet-2\\\/\",\"menu_order\":0,\"post_type\":\"articlesyatadata\",\"post_mime_type\":\"\",\"comment_count\":\"0\",\"filter\":\"raw\",\"permalink\":\"https:\\\/\\\/www.sources-lac-annecy.com\\\/en\\\/offres\\\/bon-cadeau-stage-decouverte-tricot-ou-crochet\\\/\"},{\"ID\":29096,\"post_author\":\"0\",\"post_date\":\"2026-03-20 15:06:32\",\"post_date_gmt\":\"2026-03-20 14:06:32\",\"post_content\":\"\",\"post_title\":\"Randonn\\u00e9e accompagn\\u00e9e : Cr\\u00eate du Taillefer\",\"post_excerpt\":\"\",\"post_status\":\"publish\",\"comment_status\":\"closed\",\"ping_status\":\"closed\",\"post_password\":\"\",\"post_name\":\"randonnee-accompagnee-crete-du-taillefer\",\"to_ping\":\"\",\"pinged\":\"\",\"post_modified\":\"2026-03-20 15:06:33\",\"post_modified_gmt\":\"2026-03-20 14:06:33\",\"post_content_filtered\":\"\",\"post_parent\":0,\"guid\":\"https:\\\/\\\/www.sources-lac-annecy.com\\\/offres\\\/randonnee-accompagnee-crete-du-taillefer-2\\\/\",\"menu_order\":0,\"post_type\":\"articlesyatadata\",\"post_mime_type\":\"\",\"comment_count\":\"0\",\"filter\":\"raw\",\"permalink\":\"https:\\\/\\\/www.sources-lac-annecy.com\\\/en\\\/offres\\\/randonnee-accompagnee-crete-du-taillefer\\\/\"},{\"ID\":28997,\"post_author\":\"0\",\"post_date\":\"2026-03-12 15:06:07\",\"post_date_gmt\":\"2026-03-12 14:06:07\",\"post_content\":\"\",\"post_title\":\"Rallye for\\u00eat : d\\u00e9couverte accompagn\\u00e9e et ludique de la nature\",\"post_excerpt\":\"\",\"post_status\":\"publish\",\"comment_status\":\"closed\",\"ping_status\":\"closed\",\"post_password\":\"\",\"post_name\":\"rallye-foret-decouverte-accompagnee-et-ludique-de-la-nature\",\"to_ping\":\"\",\"pinged\":\"\",\"post_modified\":\"2026-03-12 15:06:07\",\"post_modified_gmt\":\"2026-03-12 14:06:07\",\"post_content_filtered\":\"\",\"post_parent\":0,\"guid\":\"https:\\\/\\\/www.sources-lac-annecy.com\\\/offres\\\/rallye-foret-decouverte-accompagnee-et-ludique-de-la-nature\\\/\",\"menu_order\":0,\"post_type\":\"articlesyatadata\",\"post_mime_type\":\"\",\"comment_count\":\"0\",\"filter\":\"raw\",\"permalink\":\"https:\\\/\\\/www.sources-lac-annecy.com\\\/offres\\\/rallye-foret-decouverte-accompagnee-et-ludique-de-la-nature\\\/\"},{\"ID\":29098,\"post_author\":\"0\",\"post_date\":\"2026-03-20 15:06:33\",\"post_date_gmt\":\"2026-03-20 14:06:33\",\"post_content\":\"\",\"post_title\":\"Randonn\\u00e9e accompagn\\u00e9e : Cr\\u00eat des Mouches\",\"post_excerpt\":\"\",\"post_status\":\"publish\",\"comment_status\":\"closed\",\"ping_status\":\"closed\",\"post_password\":\"\",\"post_name\":\"randonnee-accompagnee-cret-des-mouches\",\"to_ping\":\"\",\"pinged\":\"\",\"post_modified\":\"2026-03-20 15:06:34\",\"post_modified_gmt\":\"2026-03-20 14:06:34\",\"post_content_filtered\":\"\",\"post_parent\":0,\"guid\":\"https:\\\/\\\/www.sources-lac-annecy.com\\\/offres\\\/randonnee-accompagnee-cret-des-mouches-2\\\/\",\"menu_order\":0,\"post_type\":\"articlesyatadata\",\"post_mime_type\":\"\",\"comment_count\":\"0\",\"filter\":\"raw\",\"permalink\":\"https:\\\/\\\/www.sources-lac-annecy.com\\\/en\\\/offres\\\/randonnee-accompagnee-cret-des-mouches\\\/\"},{\"ID\":32981,\"post_author\":\"0\",\"post_date\":\"2026-03-12 15:06:18\",\"post_date_gmt\":\"2026-03-12 14:06:18\",\"post_content\":\"\",\"post_title\":\"Bon cadeau : d\\u00e9couverte canyoning par My Canyon\",\"post_excerpt\":\"\",\"post_status\":\"publish\",\"comment_status\":\"closed\",\"ping_status\":\"closed\",\"post_password\":\"\",\"post_name\":\"bon-cadeau-canyoning-decouverte\",\"to_ping\":\"\",\"pinged\":\"\",\"post_modified\":\"2026-03-12 15:06:19\",\"post_modified_gmt\":\"2026-03-12 14:06:19\",\"post_content_filtered\":\"\",\"post_parent\":0,\"guid\":\"https:\\\/\\\/www.sources-lac-annecy.com\\\/offres\\\/bon-cadeau-canyoning-decouverte-2\\\/\",\"menu_order\":0,\"post_type\":\"articlesyatadata\",\"post_mime_type\":\"\",\"comment_count\":\"0\",\"filter\":\"raw\",\"permalink\":\"https:\\\/\\\/www.sources-lac-annecy.com\\\/en\\\/offres\\\/bon-cadeau-canyoning-decouverte\\\/\"},{\"ID\":32482,\"post_author\":\"0\",\"post_date\":\"2025-11-14 15:08:08\",\"post_date_gmt\":\"2025-11-14 14:08:08\",\"post_content\":\"\",\"post_title\":\"Saut pendulaire en tandem\",\"post_excerpt\":\"\",\"post_status\":\"publish\",\"comment_status\":\"closed\",\"ping_status\":\"closed\",\"post_password\":\"\",\"post_name\":\"saut-pendulaire-en-tandem\",\"to_ping\":\"\",\"pinged\":\"\",\"post_modified\":\"2025-11-14 15:08:09\",\"post_modified_gmt\":\"2025-11-14 14:08:09\",\"post_content_filtered\":\"\",\"post_parent\":0,\"guid\":\"https:\\\/\\\/www.sources-lac-annecy.com\\\/offres\\\/saut-pendulaire-en-tandem-2\\\/\",\"menu_order\":0,\"post_type\":\"articlesyatadata\",\"post_mime_type\":\"\",\"comment_count\":\"0\",\"filter\":\"raw\",\"permalink\":\"https:\\\/\\\/www.sources-lac-annecy.com\\\/en\\\/offres\\\/saut-pendulaire-en-tandem\\\/\"},{\"ID\":35680,\"post_author\":\"0\",\"post_date\":\"2026-03-18 15:06:50\",\"post_date_gmt\":\"2026-03-18 14:06:50\",\"post_content\":\"\",\"post_title\":\"Atelier (grand) parent-enfant : les petits d\\u00e9tectives du printemps\",\"post_excerpt\":\"\",\"post_status\":\"publish\",\"comment_status\":\"closed\",\"ping_status\":\"closed\",\"post_password\":\"\",\"post_name\":\"atelier-grand-parent-enfant-les-petits-detectives-du-printemps\",\"to_ping\":\"\",\"pinged\":\"\",\"post_modified\":\"2026-03-18 15:06:50\",\"post_modified_gmt\":\"2026-03-18 14:06:50\",\"post_content_filtered\":\"\",\"post_parent\":0,\"guid\":\"https:\\\/\\\/www.sources-lac-annecy.com\\\/offres\\\/atelier-grand-parent-enfant-les-petits-detectives-du-printemps\\\/\",\"menu_order\":0,\"post_type\":\"articlesyatadata\",\"post_mime_type\":\"\",\"comment_count\":\"0\",\"filter\":\"raw\",\"permalink\":\"https:\\\/\\\/www.sources-lac-annecy.com\\\/offres\\\/atelier-grand-parent-enfant-les-petits-detectives-du-printemps\\\/\"},{\"ID\":31646,\"post_author\":\"0\",\"post_date\":\"2026-03-22 15:06:52\",\"post_date_gmt\":\"2026-03-22 14:06:52\",\"post_content\":\"\",\"post_title\":\"Bapt\\u00eame Parapente - Vol Biplace Cross\",\"post_excerpt\":\"\",\"post_status\":\"publish\",\"comment_status\":\"closed\",\"ping_status\":\"closed\",\"post_password\":\"\",\"post_name\":\"bapteme-parapente-vol-biplace-cross\",\"to_ping\":\"\",\"pinged\":\"\",\"post_modified\":\"2026-03-22 15:06:53\",\"post_modified_gmt\":\"2026-03-22 14:06:53\",\"post_content_filtered\":\"\",\"post_parent\":0,\"guid\":\"https:\\\/\\\/www.sources-lac-annecy.com\\\/offres\\\/bapteme-parapente-vol-biplace-cross-2\\\/\",\"menu_order\":0,\"post_type\":\"articlesyatadata\",\"post_mime_type\":\"\",\"comment_count\":\"0\",\"filter\":\"raw\",\"permalink\":\"https:\\\/\\\/www.sources-lac-annecy.com\\\/en\\\/offres\\\/bapteme-parapente-vol-biplace-cross\\\/\"},{\"ID\":29488,\"post_author\":\"0\",\"post_date\":\"2026-03-25 15:06:53\",\"post_date_gmt\":\"2026-03-25 14:06:53\",\"post_content\":\"\",\"post_title\":\"Cours collectif escalade en demi-journ\\u00e9e par Mont\\u00e9 M\\u00e9dio\",\"post_excerpt\":\"\",\"post_status\":\"publish\",\"comment_status\":\"closed\",\"ping_status\":\"closed\",\"post_password\":\"\",\"post_name\":\"cours-collectif-escalade-en-demi-journee\",\"to_ping\":\"\",\"pinged\":\"\",\"post_modified\":\"2026-03-25 15:06:54\",\"post_modified_gmt\":\"2026-03-25 14:06:54\",\"post_content_filtered\":\"\",\"post_parent\":0,\"guid\":\"https:\\\/\\\/www.sources-lac-annecy.com\\\/offres\\\/cours-collectif-escalade-en-demi-journee-2\\\/\",\"menu_order\":0,\"post_type\":\"articlesyatadata\",\"post_mime_type\":\"\",\"comment_count\":\"0\",\"filter\":\"raw\",\"permalink\":\"https:\\\/\\\/www.sources-lac-annecy.com\\\/en\\\/offres\\\/cours-collectif-escalade-en-demi-journee\\\/\"},{\"ID\":34603,\"post_author\":\"0\",\"post_date\":\"2026-02-03 09:44:50\",\"post_date_gmt\":\"2026-02-03 08:44:50\",\"post_content\":\"\",\"post_title\":\"Bon cadeau : vol en montgolfi\\u00e8re\",\"post_excerpt\":\"\",\"post_status\":\"publish\",\"comment_status\":\"closed\",\"ping_status\":\"closed\",\"post_password\":\"\",\"post_name\":\"bon-cadeau-vol-en-montgolfiere\",\"to_ping\":\"\",\"pinged\":\"\",\"post_modified\":\"2026-02-03 09:44:50\",\"post_modified_gmt\":\"2026-02-03 08:44:50\",\"post_content_filtered\":\"\",\"post_parent\":0,\"guid\":\"https:\\\/\\\/www.sources-lac-annecy.com\\\/offres\\\/bon-cadeau-vol-en-montgolfiere\\\/\",\"menu_order\":0,\"post_type\":\"articlesyatadata\",\"post_mime_type\":\"\",\"comment_count\":\"0\",\"filter\":\"raw\",\"permalink\":\"https:\\\/\\\/www.sources-lac-annecy.com\\\/offres\\\/bon-cadeau-vol-en-montgolfiere\\\/\"},{\"ID\":35746,\"post_author\":\"0\",\"post_date\":\"2026-03-19 15:06:57\",\"post_date_gmt\":\"2026-03-19 14:06:57\",\"post_content\":\"\",\"post_title\":\"BungyPump Nature au Roc de Nantbellet\",\"post_excerpt\":\"\",\"post_status\":\"publish\",\"comment_status\":\"closed\",\"ping_status\":\"closed\",\"post_password\":\"\",\"post_name\":\"bungypump-nature-au-roc-de-nantbellet\",\"to_ping\":\"\",\"pinged\":\"\",\"post_modified\":\"2026-03-19 15:06:57\",\"post_modified_gmt\":\"2026-03-19 14:06:57\",\"post_content_filtered\":\"\",\"post_parent\":0,\"guid\":\"https:\\\/\\\/www.sources-lac-annecy.com\\\/offres\\\/bungypump-nature-au-roc-de-nantbellet\\\/\",\"menu_order\":0,\"post_type\":\"articlesyatadata\",\"post_mime_type\":\"\",\"comment_count\":\"0\",\"filter\":\"raw\",\"permalink\":\"https:\\\/\\\/www.sources-lac-annecy.com\\\/offres\\\/bungypump-nature-au-roc-de-nantbellet\\\/\"},{\"ID\":29581,\"post_author\":\"0\",\"post_date\":\"2026-03-12 15:06:32\",\"post_date_gmt\":\"2026-03-12 14:06:32\",\"post_content\":\"\",\"post_title\":\"Via ferrata \\u0022Roc &amp; Rol\\u0027s\\u0022 : 3 h par Annecy Canyoning\",\"post_excerpt\":\"\",\"post_status\":\"publish\",\"comment_status\":\"closed\",\"ping_status\":\"closed\",\"post_password\":\"\",\"post_name\":\"via-ferrata-roc-rols-3-h-au-dessus-du-lac-dannecy\",\"to_ping\":\"\",\"pinged\":\"\",\"post_modified\":\"2026-03-12 15:06:32\",\"post_modified_gmt\":\"2026-03-12 14:06:32\",\"post_content_filtered\":\"\",\"post_parent\":0,\"guid\":\"https:\\\/\\\/www.sources-lac-annecy.com\\\/offres\\\/via-ferrata-roc-rols-3-h-au-dessus-du-lac-dannecy\\\/\",\"menu_order\":0,\"post_type\":\"articlesyatadata\",\"post_mime_type\":\"\",\"comment_count\":\"0\",\"filter\":\"raw\",\"permalink\":\"https:\\\/\\\/www.sources-lac-annecy.com\\\/offres\\\/via-ferrata-roc-rols-3-h-au-dessus-du-lac-dannecy\\\/\"},{\"ID\":32419,\"post_author\":\"0\",\"post_date\":\"2026-03-26 15:06:21\",\"post_date_gmt\":\"2026-03-26 14:06:21\",\"post_content\":\"\",\"post_title\":\"Croch\\u0027Amigurumi\",\"post_excerpt\":\"\",\"post_status\":\"publish\",\"comment_status\":\"closed\",\"ping_status\":\"closed\",\"post_password\":\"\",\"post_name\":\"crochamigurumi\",\"to_ping\":\"\",\"pinged\":\"\",\"post_modified\":\"2026-03-26 15:06:21\",\"post_modified_gmt\":\"2026-03-26 14:06:21\",\"post_content_filtered\":\"\",\"post_parent\":0,\"guid\":\"https:\\\/\\\/www.sources-lac-annecy.com\\\/offres\\\/crochamigurumi-2\\\/\",\"menu_order\":0,\"post_type\":\"articlesyatadata\",\"post_mime_type\":\"\",\"comment_count\":\"0\",\"filter\":\"raw\",\"permalink\":\"https:\\\/\\\/www.sources-lac-annecy.com\\\/en\\\/offres\\\/crochamigurumi\\\/\"},{\"ID\":29630,\"post_author\":\"0\",\"post_date\":\"2026-03-22 15:06:34\",\"post_date_gmt\":\"2026-03-22 14:06:34\",\"post_content\":\"\",\"post_title\":\"Bon cadeau duo parent\\\/enfant : cr\\u00e9ation de bracelets\",\"post_excerpt\":\"\",\"post_status\":\"publish\",\"comment_status\":\"closed\",\"ping_status\":\"closed\",\"post_password\":\"\",\"post_name\":\"bon-cadeau-duo-parent-enfant-creation-de-bracelets\",\"to_ping\":\"\",\"pinged\":\"\",\"post_modified\":\"2026-03-22 15:06:34\",\"post_modified_gmt\":\"2026-03-22 14:06:34\",\"post_content_filtered\":\"\",\"post_parent\":0,\"guid\":\"https:\\\/\\\/www.sources-lac-annecy.com\\\/offres\\\/bon-cadeau-duo-parent-enfant-creation-de-bracelets-2\\\/\",\"menu_order\":0,\"post_type\":\"articlesyatadata\",\"post_mime_type\":\"\",\"comment_count\":\"0\",\"filter\":\"raw\",\"permalink\":\"https:\\\/\\\/www.sources-lac-annecy.com\\\/en\\\/offres\\\/bon-cadeau-duo-parent-enfant-creation-de-bracelets\\\/\"},{\"ID\":34636,\"post_author\":\"0\",\"post_date\":\"2026-03-23 15:06:36\",\"post_date_gmt\":\"2026-03-23 14:06:36\",\"post_content\":\"\",\"post_title\":\"Bon cadeau : atelier powertex\",\"post_excerpt\":\"\",\"post_status\":\"publish\",\"comment_status\":\"closed\",\"ping_status\":\"closed\",\"post_password\":\"\",\"post_name\":\"bon-cadeau-atelier-powertex\",\"to_ping\":\"\",\"pinged\":\"\",\"post_modified\":\"2026-03-23 15:06:36\",\"post_modified_gmt\":\"2026-03-23 14:06:36\",\"post_content_filtered\":\"\",\"post_parent\":0,\"guid\":\"https:\\\/\\\/www.sources-lac-annecy.com\\\/offres\\\/bon-cadeau-atelier-powertex\\\/\",\"menu_order\":0,\"post_type\":\"articlesyatadata\",\"post_mime_type\":\"\",\"comment_count\":\"0\",\"filter\":\"raw\",\"permalink\":\"https:\\\/\\\/www.sources-lac-annecy.com\\\/offres\\\/bon-cadeau-atelier-powertex\\\/\"},{\"ID\":29532,\"post_author\":\"0\",\"post_date\":\"2026-03-22 15:06:30\",\"post_date_gmt\":\"2026-03-22 14:06:30\",\"post_content\":\"\",\"post_title\":\"Balade \\u00e0 poney\",\"post_excerpt\":\"\",\"post_status\":\"publish\",\"comment_status\":\"closed\",\"ping_status\":\"closed\",\"post_password\":\"\",\"post_name\":\"balade-a-poney\",\"to_ping\":\"\",\"pinged\":\"\",\"post_modified\":\"2026-03-22 15:06:31\",\"post_modified_gmt\":\"2026-03-22 14:06:31\",\"post_content_filtered\":\"\",\"post_parent\":0,\"guid\":\"https:\\\/\\\/www.sources-lac-annecy.com\\\/offres\\\/balade-a-poney-2\\\/\",\"menu_order\":0,\"post_type\":\"articlesyatadata\",\"post_mime_type\":\"\",\"comment_count\":\"0\",\"filter\":\"raw\",\"permalink\":\"https:\\\/\\\/www.sources-lac-annecy.com\\\/en\\\/offres\\\/balade-a-poney\\\/\"},{\"ID\":30015,\"post_author\":\"0\",\"post_date\":\"2025-11-14 15:05:08\",\"post_date_gmt\":\"2025-11-14 14:05:08\",\"post_content\":\"\",\"post_title\":\"Guided Visit: 2500 years of history told through archaeology\",\"post_excerpt\":\"\",\"post_status\":\"publish\",\"comment_status\":\"closed\",\"ping_status\":\"closed\",\"post_password\":\"\",\"post_name\":\"guided-visit-2500-years-of-history-told-through-archaeology\",\"to_ping\":\"\",\"pinged\":\"\",\"post_modified\":\"2025-11-14 15:05:09\",\"post_modified_gmt\":\"2025-11-14 14:05:09\",\"post_content_filtered\":\"\",\"post_parent\":0,\"guid\":\"https:\\\/\\\/www.sources-lac-annecy.com\\\/offres\\\/guided-visit-2500-years-of-history-told-through-archaeology\\\/\",\"menu_order\":0,\"post_type\":\"articlesyatadata\",\"post_mime_type\":\"\",\"comment_count\":\"0\",\"filter\":\"raw\",\"permalink\":\"https:\\\/\\\/www.sources-lac-annecy.com\\\/en\\\/offres\\\/guided-visit-2500-years-of-history-told-through-archaeology\\\/\"},{\"ID\":35642,\"post_author\":\"0\",\"post_date\":\"2026-04-05 15:06:34\",\"post_date_gmt\":\"2026-04-05 13:06:34\",\"post_content\":\"\",\"post_title\":\"A la tomb\\u00e9e de la nuit au Bout du Lac\",\"post_excerpt\":\"\",\"post_status\":\"publish\",\"comment_status\":\"closed\",\"ping_status\":\"closed\",\"post_password\":\"\",\"post_name\":\"a-la-tombee-de-la-nuit-au-bout-du-lac\",\"to_ping\":\"\",\"pinged\":\"\",\"post_modified\":\"2026-04-05 15:06:34\",\"post_modified_gmt\":\"2026-04-05 13:06:34\",\"post_content_filtered\":\"\",\"post_parent\":0,\"guid\":\"https:\\\/\\\/www.sources-lac-annecy.com\\\/offres\\\/a-la-tombee-de-la-nuit-au-bout-du-lac\\\/\",\"menu_order\":0,\"post_type\":\"articlesyatadata\",\"post_mime_type\":\"\",\"comment_count\":\"0\",\"filter\":\"raw\",\"permalink\":\"https:\\\/\\\/www.sources-lac-annecy.com\\\/offres\\\/a-la-tombee-de-la-nuit-au-bout-du-lac\\\/\"},{\"ID\":29552,\"post_author\":\"0\",\"post_date\":\"2026-03-12 15:06:14\",\"post_date_gmt\":\"2026-03-12 14:06:14\",\"post_content\":\"\",\"post_title\":\"Atelier \\u0022 Fabrique ta table basse\\u0022 en bois de R\\u00e9-emploi\",\"post_excerpt\":\"\",\"post_status\":\"publish\",\"comment_status\":\"closed\",\"ping_status\":\"closed\",\"post_password\":\"\",\"post_name\":\"atelier-fabrique-ta-table-basse-en-bois-de-re-emploi\",\"to_ping\":\"\",\"pinged\":\"\",\"post_modified\":\"2026-03-12 15:06:15\",\"post_modified_gmt\":\"2026-03-12 14:06:15\",\"post_content_filtered\":\"\",\"post_parent\":0,\"guid\":\"https:\\\/\\\/www.sources-lac-annecy.com\\\/offres\\\/atelier-fabrique-ta-table-basse-en-bois-de-re-emploi-2\\\/\",\"menu_order\":0,\"post_type\":\"articlesyatadata\",\"post_mime_type\":\"\",\"comment_count\":\"0\",\"filter\":\"raw\",\"permalink\":\"https:\\\/\\\/www.sources-lac-annecy.com\\\/en\\\/offres\\\/atelier-fabrique-ta-table-basse-en-bois-de-re-emploi\\\/\"},{\"ID\":32319,\"post_author\":\"0\",\"post_date\":\"2026-02-18 03:30:28\",\"post_date_gmt\":\"2026-02-18 02:30:28\",\"post_content\":\"\",\"post_title\":\"Vol ascendance en bi place avec k2 parapente\",\"post_excerpt\":\"\",\"post_status\":\"publish\",\"comment_status\":\"closed\",\"ping_status\":\"closed\",\"post_password\":\"\",\"post_name\":\"vol-ascendance-en-bi-place-avec-k2-parapente\",\"to_ping\":\"\",\"pinged\":\"\",\"post_modified\":\"2026-02-18 03:30:28\",\"post_modified_gmt\":\"2026-02-18 02:30:28\",\"post_content_filtered\":\"\",\"post_parent\":0,\"guid\":\"https:\\\/\\\/www.sources-lac-annecy.com\\\/offres\\\/vol-ascendance-en-bi-place-avec-k2-parapente\\\/\",\"menu_order\":0,\"post_type\":\"articlesyatadata\",\"post_mime_type\":\"\",\"comment_count\":\"0\",\"filter\":\"raw\",\"permalink\":\"https:\\\/\\\/www.sources-lac-annecy.com\\\/offres\\\/vol-ascendance-en-bi-place-avec-k2-parapente\\\/\"},{\"ID\":33769,\"post_author\":\"0\",\"post_date\":\"2026-02-06 03:31:50\",\"post_date_gmt\":\"2026-02-06 02:31:50\",\"post_content\":\"\",\"post_title\":\"Th\\u00e9\\u00e2tre : Eva Rami - Va aimer\",\"post_excerpt\":\"\",\"post_status\":\"publish\",\"comment_status\":\"closed\",\"ping_status\":\"closed\",\"post_password\":\"\",\"post_name\":\"theatre-eva-rami-va-aimer\",\"to_ping\":\"\",\"pinged\":\"\",\"post_modified\":\"2026-02-06 03:31:51\",\"post_modified_gmt\":\"2026-02-06 02:31:51\",\"post_content_filtered\":\"\",\"post_parent\":0,\"guid\":\"https:\\\/\\\/www.sources-lac-annecy.com\\\/offres\\\/theatre-eva-rami-va-aimer-2\\\/\",\"menu_order\":0,\"post_type\":\"articlesyatadata\",\"post_mime_type\":\"\",\"comment_count\":\"0\",\"filter\":\"raw\",\"permalink\":\"https:\\\/\\\/www.sources-lac-annecy.com\\\/en\\\/offres\\\/theatre-eva-rami-va-aimer\\\/\"},{\"ID\":35089,\"post_author\":\"0\",\"post_date\":\"2026-03-30 15:06:04\",\"post_date_gmt\":\"2026-03-30 13:06:04\",\"post_content\":\"\",\"post_title\":\"\\u00abC\\u00e9l\\u00e9brer en danse l\\u2019Equinoxe de Printemps\\u00bb\",\"post_excerpt\":\"\",\"post_status\":\"publish\",\"comment_status\":\"closed\",\"ping_status\":\"closed\",\"post_password\":\"\",\"post_name\":\"celebrer-en-danse-lequinoxe-de-printemps\",\"to_ping\":\"\",\"pinged\":\"\",\"post_modified\":\"2026-03-30 15:06:04\",\"post_modified_gmt\":\"2026-03-30 13:06:04\",\"post_content_filtered\":\"\",\"post_parent\":0,\"guid\":\"https:\\\/\\\/www.sources-lac-annecy.com\\\/offres\\\/celebrer-en-danse-lequinoxe-de-printemps\\\/\",\"menu_order\":0,\"post_type\":\"articlesyatadata\",\"post_mime_type\":\"\",\"comment_count\":\"0\",\"filter\":\"raw\",\"permalink\":\"https:\\\/\\\/www.sources-lac-annecy.com\\\/offres\\\/celebrer-en-danse-lequinoxe-de-printemps\\\/\"},{\"ID\":29765,\"post_author\":\"0\",\"post_date\":\"2026-04-27 03:30:24\",\"post_date_gmt\":\"2026-04-27 01:30:24\",\"post_content\":\"\",\"post_title\":\"Gift Voucher: Make your Herb Tea\",\"post_excerpt\":\"\",\"post_status\":\"publish\",\"comment_status\":\"closed\",\"ping_status\":\"closed\",\"post_password\":\"\",\"post_name\":\"gift-voucher-make-your-herb-tea\",\"to_ping\":\"\",\"pinged\":\"\",\"post_modified\":\"2026-04-27 03:30:25\",\"post_modified_gmt\":\"2026-04-27 01:30:25\",\"post_content_filtered\":\"\",\"post_parent\":0,\"guid\":\"https:\\\/\\\/www.sources-lac-annecy.com\\\/offres\\\/gift-voucher-make-your-herb-tea\\\/\",\"menu_order\":0,\"post_type\":\"articlesyatadata\",\"post_mime_type\":\"\",\"comment_count\":\"0\",\"filter\":\"raw\",\"permalink\":\"https:\\\/\\\/www.sources-lac-annecy.com\\\/en\\\/offres\\\/gift-voucher-make-your-herb-tea\\\/\"},{\"ID\":35093,\"post_author\":\"0\",\"post_date\":\"2026-04-20 03:30:09\",\"post_date_gmt\":\"2026-04-20 01:30:09\",\"post_content\":\"\",\"post_title\":\"\\u00abDanser ma capacit\\u00e9 \\u00e0 grandir\\u00bb\",\"post_excerpt\":\"\",\"post_status\":\"publish\",\"comment_status\":\"closed\",\"ping_status\":\"closed\",\"post_password\":\"\",\"post_name\":\"danser-ma-capacite-a-grandir\",\"to_ping\":\"\",\"pinged\":\"\",\"post_modified\":\"2026-04-20 03:30:09\",\"post_modified_gmt\":\"2026-04-20 01:30:09\",\"post_content_filtered\":\"\",\"post_parent\":0,\"guid\":\"https:\\\/\\\/www.sources-lac-annecy.com\\\/offres\\\/danser-ma-capacite-a-grandir\\\/\",\"menu_order\":0,\"post_type\":\"articlesyatadata\",\"post_mime_type\":\"\",\"comment_count\":\"0\",\"filter\":\"raw\",\"permalink\":\"https:\\\/\\\/www.sources-lac-annecy.com\\\/offres\\\/danser-ma-capacite-a-grandir\\\/\"},{\"ID\":31644,\"post_author\":\"0\",\"post_date\":\"2026-03-22 15:06:51\",\"post_date_gmt\":\"2026-03-22 14:06:51\",\"post_content\":\"\",\"post_title\":\"Bapteme Parapente - Vol Biplace Loupiot\",\"post_excerpt\":\"\",\"post_status\":\"publish\",\"comment_status\":\"closed\",\"ping_status\":\"closed\",\"post_password\":\"\",\"post_name\":\"bapteme-parapente-vol-biplace-loupiot\",\"to_ping\":\"\",\"pinged\":\"\",\"post_modified\":\"2026-03-22 15:06:52\",\"post_modified_gmt\":\"2026-03-22 14:06:52\",\"post_content_filtered\":\"\",\"post_parent\":0,\"guid\":\"https:\\\/\\\/www.sources-lac-annecy.com\\\/offres\\\/bapteme-parapente-vol-biplace-loupiot-2\\\/\",\"menu_order\":0,\"post_type\":\"articlesyatadata\",\"post_mime_type\":\"\",\"comment_count\":\"0\",\"filter\":\"raw\",\"permalink\":\"https:\\\/\\\/www.sources-lac-annecy.com\\\/en\\\/offres\\\/bapteme-parapente-vol-biplace-loupiot\\\/\"},{\"ID\":32321,\"post_author\":\"0\",\"post_date\":\"2026-02-18 03:30:30\",\"post_date_gmt\":\"2026-02-18 02:30:30\",\"post_content\":\"\",\"post_title\":\"Vol performance avec K2 parapente\",\"post_excerpt\":\"\",\"post_status\":\"publish\",\"comment_status\":\"closed\",\"ping_status\":\"closed\",\"post_password\":\"\",\"post_name\":\"vol-performance-avec-k2-parapente\",\"to_ping\":\"\",\"pinged\":\"\",\"post_modified\":\"2026-02-18 03:30:30\",\"post_modified_gmt\":\"2026-02-18 02:30:30\",\"post_content_filtered\":\"\",\"post_parent\":0,\"guid\":\"https:\\\/\\\/www.sources-lac-annecy.com\\\/offres\\\/vol-performance-avec-k2-parapente\\\/\",\"menu_order\":0,\"post_type\":\"articlesyatadata\",\"post_mime_type\":\"\",\"comment_count\":\"0\",\"filter\":\"raw\",\"permalink\":\"https:\\\/\\\/www.sources-lac-annecy.com\\\/offres\\\/vol-performance-avec-k2-parapente\\\/\"},{\"ID\":35187,\"post_author\":\"0\",\"post_date\":\"2026-02-08 03:30:32\",\"post_date_gmt\":\"2026-02-08 02:30:32\",\"post_content\":\"\",\"post_title\":\"Packs vid\\u00e9os : yoga\",\"post_excerpt\":\"\",\"post_status\":\"publish\",\"comment_status\":\"closed\",\"ping_status\":\"closed\",\"post_password\":\"\",\"post_name\":\"packs-videos-yoga\",\"to_ping\":\"\",\"pinged\":\"\",\"post_modified\":\"2026-02-08 03:31:23\",\"post_modified_gmt\":\"2026-02-08 02:31:23\",\"post_content_filtered\":\"\",\"post_parent\":0,\"guid\":\"https:\\\/\\\/www.sources-lac-annecy.com\\\/offres\\\/packs-videos-yoga-2\\\/\",\"menu_order\":0,\"post_type\":\"articlesyatadata\",\"post_mime_type\":\"\",\"comment_count\":\"0\",\"filter\":\"raw\",\"permalink\":\"https:\\\/\\\/www.sources-lac-annecy.com\\\/en\\\/offres\\\/packs-videos-yoga\\\/\"},{\"ID\":29424,\"post_author\":\"0\",\"post_date\":\"2026-03-21 15:06:58\",\"post_date_gmt\":\"2026-03-21 14:06:58\",\"post_content\":\"\",\"post_title\":\"Gift Voucher for Lumi\\u00e8re de Gaia: 1-hour workshop to make a bracelet with energetic stones\",\"post_excerpt\":\"\",\"post_status\":\"publish\",\"comment_status\":\"closed\",\"ping_status\":\"closed\",\"post_password\":\"\",\"post_name\":\"gift-voucher-for-lumiere-de-gaia-1-hour-workshop-to-make-a-bracelet-with-energetic-stones\",\"to_ping\":\"\",\"pinged\":\"\",\"post_modified\":\"2026-03-21 15:06:59\",\"post_modified_gmt\":\"2026-03-21 14:06:59\",\"post_content_filtered\":\"\",\"post_parent\":0,\"guid\":\"https:\\\/\\\/www.sources-lac-annecy.com\\\/offres\\\/gift-voucher-for-lumiere-de-gaia-1-hour-workshop-to-make-a-bracelet-with-energetic-stones\\\/\",\"menu_order\":0,\"post_type\":\"articlesyatadata\",\"post_mime_type\":\"\",\"comment_count\":\"0\",\"filter\":\"raw\",\"permalink\":\"https:\\\/\\\/www.sources-lac-annecy.com\\\/en\\\/offres\\\/gift-voucher-for-lumiere-de-gaia-1-hour-workshop-to-make-a-bracelet-with-energetic-stones\\\/\"},{\"ID\":29696,\"post_author\":\"0\",\"post_date\":\"2026-04-27 03:30:23\",\"post_date_gmt\":\"2026-04-27 01:30:23\",\"post_content\":\"\",\"post_title\":\"Gift Voucher: Make Your Natural Balm\",\"post_excerpt\":\"\",\"post_status\":\"publish\",\"comment_status\":\"closed\",\"ping_status\":\"closed\",\"post_password\":\"\",\"post_name\":\"gift-voucher-make-your-natural-balm\",\"to_ping\":\"\",\"pinged\":\"\",\"post_modified\":\"2026-04-27 03:30:23\",\"post_modified_gmt\":\"2026-04-27 01:30:23\",\"post_content_filtered\":\"\",\"post_parent\":0,\"guid\":\"https:\\\/\\\/www.sources-lac-annecy.com\\\/offres\\\/gift-voucher-make-your-natural-balm\\\/\",\"menu_order\":0,\"post_type\":\"articlesyatadata\",\"post_mime_type\":\"\",\"comment_count\":\"0\",\"filter\":\"raw\",\"permalink\":\"https:\\\/\\\/www.sources-lac-annecy.com\\\/en\\\/offres\\\/gift-voucher-make-your-natural-balm\\\/\"},{\"ID\":30366,\"post_author\":\"0\",\"post_date\":\"2026-04-09 15:06:30\",\"post_date_gmt\":\"2026-04-09 13:06:30\",\"post_content\":\"\",\"post_title\":\"Bon cadeau : 5 s\\u00e9ances yoga pr\\u00e9 et postnatal\",\"post_excerpt\":\"\",\"post_status\":\"publish\",\"comment_status\":\"closed\",\"ping_status\":\"closed\",\"post_password\":\"\",\"post_name\":\"bon-cadeau-5-seances-yoga-pre-et-postnatal\",\"to_ping\":\"\",\"pinged\":\"\",\"post_modified\":\"2026-04-09 15:06:31\",\"post_modified_gmt\":\"2026-04-09 13:06:31\",\"post_content_filtered\":\"\",\"post_parent\":0,\"guid\":\"https:\\\/\\\/www.sources-lac-annecy.com\\\/offres\\\/bon-cadeau-5-seances-yoga-pre-et-postnatal-2\\\/\",\"menu_order\":0,\"post_type\":\"articlesyatadata\",\"post_mime_type\":\"\",\"comment_count\":\"0\",\"filter\":\"raw\",\"permalink\":\"https:\\\/\\\/www.sources-lac-annecy.com\\\/en\\\/offres\\\/bon-cadeau-5-seances-yoga-pre-et-postnatal\\\/\"},{\"ID\":35651,\"post_author\":\"0\",\"post_date\":\"2026-04-05 15:06:36\",\"post_date_gmt\":\"2026-04-05 13:06:36\",\"post_content\":\"\",\"post_title\":\"Chantier kayak \\u00e0 la R\\u00e9serve Naturelle du bout du lac\",\"post_excerpt\":\"\",\"post_status\":\"publish\",\"comment_status\":\"closed\",\"ping_status\":\"closed\",\"post_password\":\"\",\"post_name\":\"chantier-kayak-a-la-reserve-naturelle-du-bout-du-lac\",\"to_ping\":\"\",\"pinged\":\"\",\"post_modified\":\"2026-04-05 15:06:36\",\"post_modified_gmt\":\"2026-04-05 13:06:36\",\"post_content_filtered\":\"\",\"post_parent\":0,\"guid\":\"https:\\\/\\\/www.sources-lac-annecy.com\\\/offres\\\/chantier-kayak-a-la-reserve-naturelle-du-bout-du-lac\\\/\",\"menu_order\":0,\"post_type\":\"articlesyatadata\",\"post_mime_type\":\"\",\"comment_count\":\"0\",\"filter\":\"raw\",\"permalink\":\"https:\\\/\\\/www.sources-lac-annecy.com\\\/offres\\\/chantier-kayak-a-la-reserve-naturelle-du-bout-du-lac\\\/\"},{\"ID\":36046,\"post_author\":\"0\",\"post_date\":\"2026-04-16 03:30:31\",\"post_date_gmt\":\"2026-04-16 01:30:31\",\"post_content\":\"\",\"post_title\":\"Cours de Danse Intuitive\\u00a0en collectif\",\"post_excerpt\":\"\",\"post_status\":\"publish\",\"comment_status\":\"closed\",\"ping_status\":\"closed\",\"post_password\":\"\",\"post_name\":\"cours-de-danse-intuitive-en-collectif\",\"to_ping\":\"\",\"pinged\":\"\",\"post_modified\":\"2026-04-16 03:30:31\",\"post_modified_gmt\":\"2026-04-16 01:30:31\",\"post_content_filtered\":\"\",\"post_parent\":0,\"guid\":\"https:\\\/\\\/www.sources-lac-annecy.com\\\/offres\\\/cours-de-danse-intuitive-en-collectif\\\/\",\"menu_order\":0,\"post_type\":\"articlesyatadata\",\"post_mime_type\":\"\",\"comment_count\":\"0\",\"filter\":\"raw\",\"permalink\":\"https:\\\/\\\/www.sources-lac-annecy.com\\\/offres\\\/cours-de-danse-intuitive-en-collectif\\\/\"},{\"ID\":34453,\"post_author\":\"0\",\"post_date\":\"2026-03-25 15:07:08\",\"post_date_gmt\":\"2026-03-25 14:07:08\",\"post_content\":\"\",\"post_title\":\"Bon cadeau : cours d\\u0027escalade en collectif par Mont\\u00e9 M\\u00e9dio\",\"post_excerpt\":\"\",\"post_status\":\"publish\",\"comment_status\":\"closed\",\"ping_status\":\"closed\",\"post_password\":\"\",\"post_name\":\"bon-cadeau-cours-descalade-en-collectif\",\"to_ping\":\"\",\"pinged\":\"\",\"post_modified\":\"2026-03-25 15:07:08\",\"post_modified_gmt\":\"2026-03-25 14:07:08\",\"post_content_filtered\":\"\",\"post_parent\":0,\"guid\":\"https:\\\/\\\/www.sources-lac-annecy.com\\\/offres\\\/bon-cadeau-cours-descalade-en-collectif\\\/\",\"menu_order\":0,\"post_type\":\"articlesyatadata\",\"post_mime_type\":\"\",\"comment_count\":\"0\",\"filter\":\"raw\",\"permalink\":\"https:\\\/\\\/www.sources-lac-annecy.com\\\/offres\\\/bon-cadeau-cours-descalade-en-collectif\\\/\"},{\"ID\":32985,\"post_author\":\"0\",\"post_date\":\"2026-03-12 15:06:20\",\"post_date_gmt\":\"2026-03-12 14:06:20\",\"post_content\":\"\",\"post_title\":\"Bon cadeau : canyoning sensations et nature par My Canyon\",\"post_excerpt\":\"\",\"post_status\":\"publish\",\"comment_status\":\"closed\",\"ping_status\":\"closed\",\"post_password\":\"\",\"post_name\":\"bon-cadeau-canyoning-sensations-et-nature\",\"to_ping\":\"\",\"pinged\":\"\",\"post_modified\":\"2026-03-12 15:06:21\",\"post_modified_gmt\":\"2026-03-12 14:06:21\",\"post_content_filtered\":\"\",\"post_parent\":0,\"guid\":\"https:\\\/\\\/www.sources-lac-annecy.com\\\/offres\\\/bon-cadeau-canyoning-sensations-et-nature-2\\\/\",\"menu_order\":0,\"post_type\":\"articlesyatadata\",\"post_mime_type\":\"\",\"comment_count\":\"0\",\"filter\":\"raw\",\"permalink\":\"https:\\\/\\\/www.sources-lac-annecy.com\\\/en\\\/offres\\\/bon-cadeau-canyoning-sensations-et-nature\\\/\"},{\"ID\":35640,\"post_author\":\"0\",\"post_date\":\"2026-04-05 15:06:32\",\"post_date_gmt\":\"2026-04-05 13:06:32\",\"post_content\":\"\",\"post_title\":\"Mardi transpi : bye bye les invasives !\",\"post_excerpt\":\"\",\"post_status\":\"publish\",\"comment_status\":\"closed\",\"ping_status\":\"closed\",\"post_password\":\"\",\"post_name\":\"mardi-transpi-bye-bye-les-invasives\",\"to_ping\":\"\",\"pinged\":\"\",\"post_modified\":\"2026-04-05 15:06:32\",\"post_modified_gmt\":\"2026-04-05 13:06:32\",\"post_content_filtered\":\"\",\"post_parent\":0,\"guid\":\"https:\\\/\\\/www.sources-lac-annecy.com\\\/offres\\\/mardi-transpi-bye-bye-les-invasives\\\/\",\"menu_order\":0,\"post_type\":\"articlesyatadata\",\"post_mime_type\":\"\",\"comment_count\":\"0\",\"filter\":\"raw\",\"permalink\":\"https:\\\/\\\/www.sources-lac-annecy.com\\\/offres\\\/mardi-transpi-bye-bye-les-invasives\\\/\"},{\"ID\":34506,\"post_author\":\"0\",\"post_date\":\"2026-03-22 15:06:55\",\"post_date_gmt\":\"2026-03-22 14:06:55\",\"post_content\":\"\",\"post_title\":\"Bon cadeau : massage sur mesure 1 heure\",\"post_excerpt\":\"\",\"post_status\":\"publish\",\"comment_status\":\"closed\",\"ping_status\":\"closed\",\"post_password\":\"\",\"post_name\":\"bon-cadeau-massage-sur-mesure-1-heure\",\"to_ping\":\"\",\"pinged\":\"\",\"post_modified\":\"2026-03-22 15:06:55\",\"post_modified_gmt\":\"2026-03-22 14:06:55\",\"post_content_filtered\":\"\",\"post_parent\":0,\"guid\":\"https:\\\/\\\/www.sources-lac-annecy.com\\\/offres\\\/bon-cadeau-massage-sur-mesure-1-heure\\\/\",\"menu_order\":0,\"post_type\":\"articlesyatadata\",\"post_mime_type\":\"\",\"comment_count\":\"0\",\"filter\":\"raw\",\"permalink\":\"https:\\\/\\\/www.sources-lac-annecy.com\\\/offres\\\/bon-cadeau-massage-sur-mesure-1-heure\\\/\"},{\"ID\":34449,\"post_author\":\"0\",\"post_date\":\"2026-03-25 15:06:52\",\"post_date_gmt\":\"2026-03-25 14:06:52\",\"post_content\":\"\",\"post_title\":\"Canyoning : parcours familial \\u00e0 Frontenex par Mont\\u00e9 M\\u00e9dio\",\"post_excerpt\":\"\",\"post_status\":\"publish\",\"comment_status\":\"closed\",\"ping_status\":\"closed\",\"post_password\":\"\",\"post_name\":\"canyoning-parcours-familial-a-frontenex\",\"to_ping\":\"\",\"pinged\":\"\",\"post_modified\":\"2026-03-25 15:06:52\",\"post_modified_gmt\":\"2026-03-25 14:06:52\",\"post_content_filtered\":\"\",\"post_parent\":0,\"guid\":\"https:\\\/\\\/www.sources-lac-annecy.com\\\/offres\\\/canyoning-parcours-familial-a-frontenex\\\/\",\"menu_order\":0,\"post_type\":\"articlesyatadata\",\"post_mime_type\":\"\",\"comment_count\":\"0\",\"filter\":\"raw\",\"permalink\":\"https:\\\/\\\/www.sources-lac-annecy.com\\\/offres\\\/canyoning-parcours-familial-a-frontenex\\\/\"},{\"ID\":29460,\"post_author\":\"0\",\"post_date\":\"2026-03-22 15:06:20\",\"post_date_gmt\":\"2026-03-22 14:06:20\",\"post_content\":\"\",\"post_title\":\"Gift Voucher for 1 person: Murder Party\",\"post_excerpt\":\"\",\"post_status\":\"publish\",\"comment_status\":\"closed\",\"ping_status\":\"closed\",\"post_password\":\"\",\"post_name\":\"gift-voucher-for-1-person-murder-party\",\"to_ping\":\"\",\"pinged\":\"\",\"post_modified\":\"2026-03-22 15:06:20\",\"post_modified_gmt\":\"2026-03-22 14:06:20\",\"post_content_filtered\":\"\",\"post_parent\":0,\"guid\":\"https:\\\/\\\/www.sources-lac-annecy.com\\\/offres\\\/gift-voucher-for-1-person-murder-party\\\/\",\"menu_order\":0,\"post_type\":\"articlesyatadata\",\"post_mime_type\":\"\",\"comment_count\":\"0\",\"filter\":\"raw\",\"permalink\":\"https:\\\/\\\/www.sources-lac-annecy.com\\\/en\\\/offres\\\/gift-voucher-for-1-person-murder-party\\\/\"},{\"ID\":34568,\"post_author\":\"0\",\"post_date\":\"2026-03-23 15:06:34\",\"post_date_gmt\":\"2026-03-23 14:06:34\",\"post_content\":\"\",\"post_title\":\"Bon cadeau : tour du lac \\u00e0 v\\u00e9lo\",\"post_excerpt\":\"\",\"post_status\":\"publish\",\"comment_status\":\"closed\",\"ping_status\":\"closed\",\"post_password\":\"\",\"post_name\":\"bon-cadeau-tour-du-lac-a-velo\",\"to_ping\":\"\",\"pinged\":\"\",\"post_modified\":\"2026-03-23 15:06:34\",\"post_modified_gmt\":\"2026-03-23 14:06:34\",\"post_content_filtered\":\"\",\"post_parent\":0,\"guid\":\"https:\\\/\\\/www.sources-lac-annecy.com\\\/offres\\\/bon-cadeau-tour-du-lac-a-velo\\\/\",\"menu_order\":0,\"post_type\":\"articlesyatadata\",\"post_mime_type\":\"\",\"comment_count\":\"0\",\"filter\":\"raw\",\"permalink\":\"https:\\\/\\\/www.sources-lac-annecy.com\\\/offres\\\/bon-cadeau-tour-du-lac-a-velo\\\/\"},{\"ID\":35866,\"post_author\":\"1\",\"post_date\":\"2026-03-27 15:06:40\",\"post_date_gmt\":\"2026-03-27 14:06:40\",\"post_content\":\"\",\"post_title\":\"Soin du visage en Chan\\u0027Beaut\\u00e9\",\"post_excerpt\":\"\",\"post_status\":\"publish\",\"comment_status\":\"closed\",\"ping_status\":\"closed\",\"post_password\":\"\",\"post_name\":\"soin-du-visage-en-chanbeaute\",\"to_ping\":\"\",\"pinged\":\"\",\"post_modified\":\"2026-03-28 11:58:26\",\"post_modified_gmt\":\"2026-03-28 10:58:26\",\"post_content_filtered\":\"\",\"post_parent\":0,\"guid\":\"https:\\\/\\\/www.sources-lac-annecy.com\\\/offres\\\/soin-du-visage-en-chanbeaute\\\/\",\"menu_order\":0,\"post_type\":\"articlesyatadata\",\"post_mime_type\":\"\",\"comment_count\":\"0\",\"filter\":\"raw\",\"permalink\":\"https:\\\/\\\/www.sources-lac-annecy.com\\\/offres\\\/soin-du-visage-en-chanbeaute\\\/\"},{\"ID\":34788,\"post_author\":\"0\",\"post_date\":\"2026-04-08 15:06:26\",\"post_date_gmt\":\"2026-04-08 13:06:26\",\"post_content\":\"\",\"post_title\":\"Ski de randonn\\u00e9e: Initiation\",\"post_excerpt\":\"\",\"post_status\":\"publish\",\"comment_status\":\"closed\",\"ping_status\":\"closed\",\"post_password\":\"\",\"post_name\":\"ski-de-randonnee-initiation\",\"to_ping\":\"\",\"pinged\":\"\",\"post_modified\":\"2026-04-08 15:06:26\",\"post_modified_gmt\":\"2026-04-08 13:06:26\",\"post_content_filtered\":\"\",\"post_parent\":0,\"guid\":\"https:\\\/\\\/www.sources-lac-annecy.com\\\/offres\\\/ski-de-randonnee-initiation\\\/\",\"menu_order\":0,\"post_type\":\"articlesyatadata\",\"post_mime_type\":\"\",\"comment_count\":\"0\",\"filter\":\"raw\",\"permalink\":\"https:\\\/\\\/www.sources-lac-annecy.com\\\/offres\\\/ski-de-randonnee-initiation\\\/\"},{\"ID\":29492,\"post_author\":\"0\",\"post_date\":\"2026-03-12 15:06:12\",\"post_date_gmt\":\"2026-03-12 14:06:12\",\"post_content\":\"\",\"post_title\":\"Cours particulier d\\u0027escalade - 2 heures par Mont\\u00e9 M\\u00e9dio\",\"post_excerpt\":\"\",\"post_status\":\"publish\",\"comment_status\":\"closed\",\"ping_status\":\"closed\",\"post_password\":\"\",\"post_name\":\"cours-particulier-descalade-2-heures\",\"to_ping\":\"\",\"pinged\":\"\",\"post_modified\":\"2026-03-12 15:06:13\",\"post_modified_gmt\":\"2026-03-12 14:06:13\",\"post_content_filtered\":\"\",\"post_parent\":0,\"guid\":\"https:\\\/\\\/www.sources-lac-annecy.com\\\/offres\\\/cours-particulier-descalade-2-heures-2\\\/\",\"menu_order\":0,\"post_type\":\"articlesyatadata\",\"post_mime_type\":\"\",\"comment_count\":\"0\",\"filter\":\"raw\",\"permalink\":\"https:\\\/\\\/www.sources-lac-annecy.com\\\/en\\\/offres\\\/cours-particulier-descalade-2-heures\\\/\"},{\"ID\":35645,\"post_author\":\"0\",\"post_date\":\"2026-04-18 03:30:14\",\"post_date_gmt\":\"2026-04-18 01:30:14\",\"post_content\":\"\",\"post_title\":\"Naviguons sur le Petit Lac\",\"post_excerpt\":\"\",\"post_status\":\"publish\",\"comment_status\":\"closed\",\"ping_status\":\"closed\",\"post_password\":\"\",\"post_name\":\"naviguons-sur-le-petit-lac\",\"to_ping\":\"\",\"pinged\":\"\",\"post_modified\":\"2026-04-18 03:30:14\",\"post_modified_gmt\":\"2026-04-18 01:30:14\",\"post_content_filtered\":\"\",\"post_parent\":0,\"guid\":\"https:\\\/\\\/www.sources-lac-annecy.com\\\/offres\\\/naviguons-sur-le-petit-lac\\\/\",\"menu_order\":0,\"post_type\":\"articlesyatadata\",\"post_mime_type\":\"\",\"comment_count\":\"0\",\"filter\":\"raw\",\"permalink\":\"https:\\\/\\\/www.sources-lac-annecy.com\\\/offres\\\/naviguons-sur-le-petit-lac\\\/\"},{\"ID\":34786,\"post_author\":\"0\",\"post_date\":\"2026-04-09 15:06:35\",\"post_date_gmt\":\"2026-04-09 13:06:35\",\"post_content\":\"\",\"post_title\":\"Formation \\u0022secours en avalanche\\u0022\",\"post_excerpt\":\"\",\"post_status\":\"publish\",\"comment_status\":\"closed\",\"ping_status\":\"closed\",\"post_password\":\"\",\"post_name\":\"formation-secours-en-avalanche\",\"to_ping\":\"\",\"pinged\":\"\",\"post_modified\":\"2026-04-09 15:06:35\",\"post_modified_gmt\":\"2026-04-09 13:06:35\",\"post_content_filtered\":\"\",\"post_parent\":0,\"guid\":\"https:\\\/\\\/www.sources-lac-annecy.com\\\/offres\\\/formation-secours-en-avalanche\\\/\",\"menu_order\":0,\"post_type\":\"articlesyatadata\",\"post_mime_type\":\"\",\"comment_count\":\"0\",\"filter\":\"raw\",\"permalink\":\"https:\\\/\\\/www.sources-lac-annecy.com\\\/offres\\\/formation-secours-en-avalanche\\\/\"},{\"ID\":36067,\"post_author\":\"0\",\"post_date\":\"2026-04-17 03:30:16\",\"post_date_gmt\":\"2026-04-17 01:30:16\",\"post_content\":\"\",\"post_title\":\"Balade v\\u00e9lo (inclus) avec fabrication de g\\u00e9n\\u00e9pi au bord du lac de Marlens\",\"post_excerpt\":\"\",\"post_status\":\"publish\",\"comment_status\":\"closed\",\"ping_status\":\"closed\",\"post_password\":\"\",\"post_name\":\"balade-velo-inclus-avec-fabrication-de-genepi-au-bord-du-lac-de-marlens\",\"to_ping\":\"\",\"pinged\":\"\",\"post_modified\":\"2026-04-17 03:30:16\",\"post_modified_gmt\":\"2026-04-17 01:30:16\",\"post_content_filtered\":\"\",\"post_parent\":0,\"guid\":\"https:\\\/\\\/www.sources-lac-annecy.com\\\/offres\\\/balade-velo-inclus-avec-fabrication-de-genepi-au-bord-du-lac-de-marlens\\\/\",\"menu_order\":0,\"post_type\":\"articlesyatadata\",\"post_mime_type\":\"\",\"comment_count\":\"0\",\"filter\":\"raw\",\"permalink\":\"https:\\\/\\\/www.sources-lac-annecy.com\\\/offres\\\/balade-velo-inclus-avec-fabrication-de-genepi-au-bord-du-lac-de-marlens\\\/\"},{\"ID\":29484,\"post_author\":\"0\",\"post_date\":\"2026-04-27 03:30:22\",\"post_date_gmt\":\"2026-04-27 01:30:22\",\"post_content\":\"\",\"post_title\":\"Make your herbal tea in La Boite \\u00e0 M\\u00e9lisse\",\"post_excerpt\":\"\",\"post_status\":\"publish\",\"comment_status\":\"closed\",\"ping_status\":\"closed\",\"post_password\":\"\",\"post_name\":\"make-your-herbal-tea-in-la-boite-a-melisse\",\"to_ping\":\"\",\"pinged\":\"\",\"post_modified\":\"2026-04-27 03:30:22\",\"post_modified_gmt\":\"2026-04-27 01:30:22\",\"post_content_filtered\":\"\",\"post_parent\":0,\"guid\":\"https:\\\/\\\/www.sources-lac-annecy.com\\\/offres\\\/make-your-herbal-tea-in-la-boite-a-melisse\\\/\",\"menu_order\":0,\"post_type\":\"articlesyatadata\",\"post_mime_type\":\"\",\"comment_count\":\"0\",\"filter\":\"raw\",\"permalink\":\"https:\\\/\\\/www.sources-lac-annecy.com\\\/en\\\/offres\\\/make-your-herbal-tea-in-la-boite-a-melisse\\\/\"},{\"ID\":34472,\"post_author\":\"0\",\"post_date\":\"2026-03-25 15:07:06\",\"post_date_gmt\":\"2026-03-25 14:07:06\",\"post_content\":\"\",\"post_title\":\"Bon cadeau : escalade grande voie autour du lac d\\u0027Annecy par Mont\\u00e9 M\\u00e9dio\",\"post_excerpt\":\"\",\"post_status\":\"publish\",\"comment_status\":\"closed\",\"ping_status\":\"closed\",\"post_password\":\"\",\"post_name\":\"bon-cadeau-escalade-grande-voie-autour-du-lac-dannecy\",\"to_ping\":\"\",\"pinged\":\"\",\"post_modified\":\"2026-03-25 15:07:06\",\"post_modified_gmt\":\"2026-03-25 14:07:06\",\"post_content_filtered\":\"\",\"post_parent\":0,\"guid\":\"https:\\\/\\\/www.sources-lac-annecy.com\\\/offres\\\/bon-cadeau-escalade-grande-voie-autour-du-lac-dannecy\\\/\",\"menu_order\":0,\"post_type\":\"articlesyatadata\",\"post_mime_type\":\"\",\"comment_count\":\"0\",\"filter\":\"raw\",\"permalink\":\"https:\\\/\\\/www.sources-lac-annecy.com\\\/offres\\\/bon-cadeau-escalade-grande-voie-autour-du-lac-dannecy\\\/\"},{\"ID\":29490,\"post_author\":\"0\",\"post_date\":\"2026-03-12 15:06:11\",\"post_date_gmt\":\"2026-03-12 14:06:11\",\"post_content\":\"\",\"post_title\":\"Escalade grande voie autour d\\u0027Annecy par Mont\\u00e9 M\\u00e9dio\",\"post_excerpt\":\"\",\"post_status\":\"publish\",\"comment_status\":\"closed\",\"ping_status\":\"closed\",\"post_password\":\"\",\"post_name\":\"escalade-grande-voie-autour-dannecy\",\"to_ping\":\"\",\"pinged\":\"\",\"post_modified\":\"2026-03-12 15:06:12\",\"post_modified_gmt\":\"2026-03-12 14:06:12\",\"post_content_filtered\":\"\",\"post_parent\":0,\"guid\":\"https:\\\/\\\/www.sources-lac-annecy.com\\\/offres\\\/escalade-grande-voie-autour-dannecy-2\\\/\",\"menu_order\":0,\"post_type\":\"articlesyatadata\",\"post_mime_type\":\"\",\"comment_count\":\"0\",\"filter\":\"raw\",\"permalink\":\"https:\\\/\\\/www.sources-lac-annecy.com\\\/en\\\/offres\\\/escalade-grande-voie-autour-dannecy\\\/\"},{\"ID\":35091,\"post_author\":\"0\",\"post_date\":\"2026-04-05 15:06:30\",\"post_date_gmt\":\"2026-04-05 13:06:30\",\"post_content\":\"\",\"post_title\":\"Stage :  \\u00abYoga et Danse en lien avec les Energies de Printemps\\u00bb\",\"post_excerpt\":\"\",\"post_status\":\"publish\",\"comment_status\":\"closed\",\"ping_status\":\"closed\",\"post_password\":\"\",\"post_name\":\"stage-yoga-et-danse-en-lien-avec-les-energies-de-printemps\",\"to_ping\":\"\",\"pinged\":\"\",\"post_modified\":\"2026-04-05 15:06:30\",\"post_modified_gmt\":\"2026-04-05 13:06:30\",\"post_content_filtered\":\"\",\"post_parent\":0,\"guid\":\"https:\\\/\\\/www.sources-lac-annecy.com\\\/offres\\\/stage-yoga-et-danse-en-lien-avec-les-energies-de-printemps\\\/\",\"menu_order\":0,\"post_type\":\"articlesyatadata\",\"post_mime_type\":\"\",\"comment_count\":\"0\",\"filter\":\"raw\",\"permalink\":\"https:\\\/\\\/www.sources-lac-annecy.com\\\/offres\\\/stage-yoga-et-danse-en-lien-avec-les-energies-de-printemps\\\/\"},{\"ID\":35868,\"post_author\":\"1\",\"post_date\":\"2026-03-27 15:06:41\",\"post_date_gmt\":\"2026-03-27 14:06:41\",\"post_content\":\"\",\"post_title\":\"Retrouvez votre \\u00e9quilibre naturellement - Bilan naturopathie\",\"post_excerpt\":\"\",\"post_status\":\"publish\",\"comment_status\":\"closed\",\"ping_status\":\"closed\",\"post_password\":\"\",\"post_name\":\"retrouvez-votre-equilibre-naturellement-bilan-naturopathie\",\"to_ping\":\"\",\"pinged\":\"\",\"post_modified\":\"2026-03-28 11:59:42\",\"post_modified_gmt\":\"2026-03-28 10:59:42\",\"post_content_filtered\":\"\",\"post_parent\":0,\"guid\":\"https:\\\/\\\/www.sources-lac-annecy.com\\\/offres\\\/retrouvez-votre-equilibre-naturellement-bilan-naturopathie\\\/\",\"menu_order\":0,\"post_type\":\"articlesyatadata\",\"post_mime_type\":\"\",\"comment_count\":\"0\",\"filter\":\"raw\",\"permalink\":\"https:\\\/\\\/www.sources-lac-annecy.com\\\/offres\\\/retrouvez-votre-equilibre-naturellement-bilan-naturopathie\\\/\"},{\"ID\":34821,\"post_author\":\"0\",\"post_date\":\"2026-03-29 15:06:20\",\"post_date_gmt\":\"2026-03-29 13:06:20\",\"post_content\":\"\",\"post_title\":\"Atelier de Pilates en pleine conscience\",\"post_excerpt\":\"\",\"post_status\":\"publish\",\"comment_status\":\"closed\",\"ping_status\":\"closed\",\"post_password\":\"\",\"post_name\":\"atelier-de-pilates-en-pleine-conscience\",\"to_ping\":\"\",\"pinged\":\"\",\"post_modified\":\"2026-03-29 15:06:20\",\"post_modified_gmt\":\"2026-03-29 13:06:20\",\"post_content_filtered\":\"\",\"post_parent\":0,\"guid\":\"https:\\\/\\\/www.sources-lac-annecy.com\\\/offres\\\/atelier-de-pilates-en-pleine-conscience\\\/\",\"menu_order\":0,\"post_type\":\"articlesyatadata\",\"post_mime_type\":\"\",\"comment_count\":\"0\",\"filter\":\"raw\",\"permalink\":\"https:\\\/\\\/www.sources-lac-annecy.com\\\/offres\\\/atelier-de-pilates-en-pleine-conscience\\\/\"},{\"ID\":30368,\"post_author\":\"0\",\"post_date\":\"2026-04-09 15:06:32\",\"post_date_gmt\":\"2026-04-09 13:06:32\",\"post_content\":\"\",\"post_title\":\"Bon cadeau : Atelier yoga parents-enfants en collectif\",\"post_excerpt\":\"\",\"post_status\":\"publish\",\"comment_status\":\"closed\",\"ping_status\":\"closed\",\"post_password\":\"\",\"post_name\":\"bon-cadeau-atelier-yoga-parents-enfants-en-collectif\",\"to_ping\":\"\",\"pinged\":\"\",\"post_modified\":\"2026-04-09 15:06:33\",\"post_modified_gmt\":\"2026-04-09 13:06:33\",\"post_content_filtered\":\"\",\"post_parent\":0,\"guid\":\"https:\\\/\\\/www.sources-lac-annecy.com\\\/offres\\\/bon-cadeau-atelier-yoga-parents-enfants-en-collectif-2\\\/\",\"menu_order\":0,\"post_type\":\"articlesyatadata\",\"post_mime_type\":\"\",\"comment_count\":\"0\",\"filter\":\"raw\",\"permalink\":\"https:\\\/\\\/www.sources-lac-annecy.com\\\/en\\\/offres\\\/bon-cadeau-atelier-yoga-parents-enfants-en-collectif\\\/\"},{\"ID\":34476,\"post_author\":\"0\",\"post_date\":\"2026-02-15 03:31:21\",\"post_date_gmt\":\"2026-02-15 02:31:21\",\"post_content\":\"\",\"post_title\":\"Bon cadeau : atelier d\\u00e9couverte de la danse intuitive\",\"post_excerpt\":\"\",\"post_status\":\"publish\",\"comment_status\":\"closed\",\"ping_status\":\"closed\",\"post_password\":\"\",\"post_name\":\"bon-cadeau-atelier-decouverte-de-la-danse-intuitive\",\"to_ping\":\"\",\"pinged\":\"\",\"post_modified\":\"2026-02-15 03:31:21\",\"post_modified_gmt\":\"2026-02-15 02:31:21\",\"post_content_filtered\":\"\",\"post_parent\":0,\"guid\":\"https:\\\/\\\/www.sources-lac-annecy.com\\\/offres\\\/bon-cadeau-atelier-decouverte-de-la-danse-intuitive\\\/\",\"menu_order\":0,\"post_type\":\"articlesyatadata\",\"post_mime_type\":\"\",\"comment_count\":\"0\",\"filter\":\"raw\",\"permalink\":\"https:\\\/\\\/www.sources-lac-annecy.com\\\/offres\\\/bon-cadeau-atelier-decouverte-de-la-danse-intuitive\\\/\"},{\"ID\":29530,\"post_author\":\"0\",\"post_date\":\"2026-03-22 15:06:29\",\"post_date_gmt\":\"2026-03-22 14:06:29\",\"post_content\":\"\",\"post_title\":\"Randonn\\u00e9e gourmande \\u00e0 cheval\",\"post_excerpt\":\"\",\"post_status\":\"publish\",\"comment_status\":\"closed\",\"ping_status\":\"closed\",\"post_password\":\"\",\"post_name\":\"randonnee-gourmande-a-cheval\",\"to_ping\":\"\",\"pinged\":\"\",\"post_modified\":\"2026-03-22 15:06:30\",\"post_modified_gmt\":\"2026-03-22 14:06:30\",\"post_content_filtered\":\"\",\"post_parent\":0,\"guid\":\"https:\\\/\\\/www.sources-lac-annecy.com\\\/offres\\\/randonnee-gourmande-a-cheval-2\\\/\",\"menu_order\":0,\"post_type\":\"articlesyatadata\",\"post_mime_type\":\"\",\"comment_count\":\"0\",\"filter\":\"raw\",\"permalink\":\"https:\\\/\\\/www.sources-lac-annecy.com\\\/en\\\/offres\\\/randonnee-gourmande-a-cheval\\\/\"},{\"ID\":35253,\"post_author\":\"1\",\"post_date\":\"2026-03-19 15:06:43\",\"post_date_gmt\":\"2026-03-19 14:06:43\",\"post_content\":\"\",\"post_title\":\"Balade guid\\u00e9e avec b\\u00e2tons de marche BungyPump\",\"post_excerpt\":\"\",\"post_status\":\"publish\",\"comment_status\":\"closed\",\"ping_status\":\"closed\",\"post_password\":\"\",\"post_name\":\"balade-guidee-avec-batons-de-marche-bungypump\",\"to_ping\":\"\",\"pinged\":\"\",\"post_modified\":\"2026-03-28 11:55:19\",\"post_modified_gmt\":\"2026-03-28 10:55:19\",\"post_content_filtered\":\"\",\"post_parent\":0,\"guid\":\"https:\\\/\\\/www.sources-lac-annecy.com\\\/offres\\\/balade-guidee-avec-batons-de-marche-bungypump\\\/\",\"menu_order\":0,\"post_type\":\"articlesyatadata\",\"post_mime_type\":\"\",\"comment_count\":\"0\",\"filter\":\"raw\",\"permalink\":\"https:\\\/\\\/www.sources-lac-annecy.com\\\/offres\\\/balade-guidee-avec-batons-de-marche-bungypump\\\/\"},{\"ID\":31833,\"post_author\":\"0\",\"post_date\":\"2026-03-26 15:06:19\",\"post_date_gmt\":\"2026-03-26 14:06:19\",\"post_content\":\"\",\"post_title\":\"Atelier Trico\\u0027Th\\u00e9\",\"post_excerpt\":\"\",\"post_status\":\"publish\",\"comment_status\":\"closed\",\"ping_status\":\"closed\",\"post_password\":\"\",\"post_name\":\"atelier-tricothe\",\"to_ping\":\"\",\"pinged\":\"\",\"post_modified\":\"2026-03-26 15:06:19\",\"post_modified_gmt\":\"2026-03-26 14:06:19\",\"post_content_filtered\":\"\",\"post_parent\":0,\"guid\":\"https:\\\/\\\/www.sources-lac-annecy.com\\\/offres\\\/atelier-tricothe-2\\\/\",\"menu_order\":0,\"post_type\":\"articlesyatadata\",\"post_mime_type\":\"\",\"comment_count\":\"0\",\"filter\":\"raw\",\"permalink\":\"https:\\\/\\\/www.sources-lac-annecy.com\\\/en\\\/offres\\\/atelier-tricothe\\\/\"},{\"ID\":34632,\"post_author\":\"0\",\"post_date\":\"2026-02-03 09:53:30\",\"post_date_gmt\":\"2026-02-03 08:53:30\",\"post_content\":\"\",\"post_title\":\"Vol privil\\u00e8ge en montgolfi\\u00e8re en duo\",\"post_excerpt\":\"\",\"post_status\":\"publish\",\"comment_status\":\"closed\",\"ping_status\":\"closed\",\"post_password\":\"\",\"post_name\":\"vol-privilege-en-montgolfiere-en-duo\",\"to_ping\":\"\",\"pinged\":\"\",\"post_modified\":\"2026-02-03 09:53:30\",\"post_modified_gmt\":\"2026-02-03 08:53:30\",\"post_content_filtered\":\"\",\"post_parent\":0,\"guid\":\"https:\\\/\\\/www.sources-lac-annecy.com\\\/offres\\\/vol-privilege-en-montgolfiere-en-duo\\\/\",\"menu_order\":0,\"post_type\":\"articlesyatadata\",\"post_mime_type\":\"\",\"comment_count\":\"0\",\"filter\":\"raw\",\"permalink\":\"https:\\\/\\\/www.sources-lac-annecy.com\\\/offres\\\/vol-privilege-en-montgolfiere-en-duo\\\/\"},{\"ID\":32468,\"post_author\":\"0\",\"post_date\":\"2026-03-12 15:06:15\",\"post_date_gmt\":\"2026-03-12 14:06:15\",\"post_content\":\"\",\"post_title\":\"Canyoning : EVJF \\\/ EVG par Annecy Canyoning\",\"post_excerpt\":\"\",\"post_status\":\"publish\",\"comment_status\":\"closed\",\"ping_status\":\"closed\",\"post_password\":\"\",\"post_name\":\"canyoning-evjf-evg\",\"to_ping\":\"\",\"pinged\":\"\",\"post_modified\":\"2026-03-12 15:06:16\",\"post_modified_gmt\":\"2026-03-12 14:06:16\",\"post_content_filtered\":\"\",\"post_parent\":0,\"guid\":\"https:\\\/\\\/www.sources-lac-annecy.com\\\/offres\\\/canyoning-evjf-evg-2\\\/\",\"menu_order\":0,\"post_type\":\"articlesyatadata\",\"post_mime_type\":\"\",\"comment_count\":\"0\",\"filter\":\"raw\",\"permalink\":\"https:\\\/\\\/www.sources-lac-annecy.com\\\/en\\\/offres\\\/canyoning-evjf-evg\\\/\"},{\"ID\":30281,\"post_author\":\"0\",\"post_date\":\"2026-03-22 15:06:40\",\"post_date_gmt\":\"2026-03-22 14:06:40\",\"post_content\":\"\",\"post_title\":\"Bon cadeau : O Cap Nature pour les amoureux de la nature,\",\"post_excerpt\":\"\",\"post_status\":\"publish\",\"comment_status\":\"closed\",\"ping_status\":\"closed\",\"post_password\":\"\",\"post_name\":\"bon-cadeau-o-cap-nature-pour-les-amoureux-de-la-nature\",\"to_ping\":\"\",\"pinged\":\"\",\"post_modified\":\"2026-03-22 15:06:40\",\"post_modified_gmt\":\"2026-03-22 14:06:40\",\"post_content_filtered\":\"\",\"post_parent\":0,\"guid\":\"https:\\\/\\\/www.sources-lac-annecy.com\\\/offres\\\/bon-cadeau-o-cap-nature-pour-les-amoureux-de-la-nature-2\\\/\",\"menu_order\":0,\"post_type\":\"articlesyatadata\",\"post_mime_type\":\"\",\"comment_count\":\"0\",\"filter\":\"raw\",\"permalink\":\"https:\\\/\\\/www.sources-lac-annecy.com\\\/en\\\/offres\\\/bon-cadeau-o-cap-nature-pour-les-amoureux-de-la-nature\\\/\"},{\"ID\":32327,\"post_author\":\"0\",\"post_date\":\"2026-02-18 03:30:38\",\"post_date_gmt\":\"2026-02-18 02:30:38\",\"post_content\":\"\",\"post_title\":\"Vol d\\u00e9couverte en parapente avec k2 Parapente\",\"post_excerpt\":\"\",\"post_status\":\"publish\",\"comment_status\":\"closed\",\"ping_status\":\"closed\",\"post_password\":\"\",\"post_name\":\"vol-decouverte-en-parapente-avec-k2-parapente\",\"to_ping\":\"\",\"pinged\":\"\",\"post_modified\":\"2026-02-18 03:30:38\",\"post_modified_gmt\":\"2026-02-18 02:30:38\",\"post_content_filtered\":\"\",\"post_parent\":0,\"guid\":\"https:\\\/\\\/www.sources-lac-annecy.com\\\/offres\\\/vol-decouverte-en-parapente-avec-k2-parapente\\\/\",\"menu_order\":0,\"post_type\":\"articlesyatadata\",\"post_mime_type\":\"\",\"comment_count\":\"0\",\"filter\":\"raw\",\"permalink\":\"https:\\\/\\\/www.sources-lac-annecy.com\\\/offres\\\/vol-decouverte-en-parapente-avec-k2-parapente\\\/\"},{\"ID\":34507,\"post_author\":\"0\",\"post_date\":\"2026-03-22 15:06:56\",\"post_date_gmt\":\"2026-03-22 14:06:56\",\"post_content\":\"\",\"post_title\":\"Bon cadeau : massage sur mesure 1H30\",\"post_excerpt\":\"\",\"post_status\":\"publish\",\"comment_status\":\"closed\",\"ping_status\":\"closed\",\"post_password\":\"\",\"post_name\":\"bon-cadeau-massage-sur-mesure-1h30\",\"to_ping\":\"\",\"pinged\":\"\",\"post_modified\":\"2026-03-22 15:06:56\",\"post_modified_gmt\":\"2026-03-22 14:06:56\",\"post_content_filtered\":\"\",\"post_parent\":0,\"guid\":\"https:\\\/\\\/www.sources-lac-annecy.com\\\/offres\\\/bon-cadeau-massage-sur-mesure-1h30\\\/\",\"menu_order\":0,\"post_type\":\"articlesyatadata\",\"post_mime_type\":\"\",\"comment_count\":\"0\",\"filter\":\"raw\",\"permalink\":\"https:\\\/\\\/www.sources-lac-annecy.com\\\/offres\\\/bon-cadeau-massage-sur-mesure-1h30\\\/\"},{\"ID\":30359,\"post_author\":\"0\",\"post_date\":\"2026-04-09 15:06:29\",\"post_date_gmt\":\"2026-04-09 13:06:29\",\"post_content\":\"\",\"post_title\":\"Bon cadeau :  s\\u00e9ance de yoga en individuel \\u00e0 domicile\",\"post_excerpt\":\"\",\"post_status\":\"publish\",\"comment_status\":\"closed\",\"ping_status\":\"closed\",\"post_password\":\"\",\"post_name\":\"bon-cadeau-seance-de-yoga-en-individuel-a-domicile\",\"to_ping\":\"\",\"pinged\":\"\",\"post_modified\":\"2026-04-09 15:06:29\",\"post_modified_gmt\":\"2026-04-09 13:06:29\",\"post_content_filtered\":\"\",\"post_parent\":0,\"guid\":\"https:\\\/\\\/www.sources-lac-annecy.com\\\/offres\\\/bon-cadeau-seance-de-yoga-en-individuel-a-domicile-2\\\/\",\"menu_order\":0,\"post_type\":\"articlesyatadata\",\"post_mime_type\":\"\",\"comment_count\":\"0\",\"filter\":\"raw\",\"permalink\":\"https:\\\/\\\/www.sources-lac-annecy.com\\\/en\\\/offres\\\/bon-cadeau-seance-de-yoga-en-individuel-a-domicile\\\/\"},{\"ID\":36048,\"post_author\":\"0\",\"post_date\":\"2026-04-16 03:30:32\",\"post_date_gmt\":\"2026-04-16 01:30:32\",\"post_content\":\"\",\"post_title\":\"Balade \\u00e0 v\\u00e9lo avec fabrication de g\\u00e9n\\u00e9pi\",\"post_excerpt\":\"\",\"post_status\":\"publish\",\"comment_status\":\"closed\",\"ping_status\":\"closed\",\"post_password\":\"\",\"post_name\":\"balade-a-velo-avec-fabrication-de-genepi\",\"to_ping\":\"\",\"pinged\":\"\",\"post_modified\":\"2026-04-16 03:30:32\",\"post_modified_gmt\":\"2026-04-16 01:30:32\",\"post_content_filtered\":\"\",\"post_parent\":0,\"guid\":\"https:\\\/\\\/www.sources-lac-annecy.com\\\/offres\\\/balade-a-velo-avec-fabrication-de-genepi\\\/\",\"menu_order\":0,\"post_type\":\"articlesyatadata\",\"post_mime_type\":\"\",\"comment_count\":\"0\",\"filter\":\"raw\",\"permalink\":\"https:\\\/\\\/www.sources-lac-annecy.com\\\/offres\\\/balade-a-velo-avec-fabrication-de-genepi\\\/\"},{\"ID\":35453,\"post_author\":\"0\",\"post_date\":\"2026-03-04 15:06:22\",\"post_date_gmt\":\"2026-03-04 14:06:22\",\"post_content\":\"\",\"post_title\":\"Masterclasse Pilates Flow\",\"post_excerpt\":\"\",\"post_status\":\"publish\",\"comment_status\":\"closed\",\"ping_status\":\"closed\",\"post_password\":\"\",\"post_name\":\"masterclasse-pilates-flow\",\"to_ping\":\"\",\"pinged\":\"\",\"post_modified\":\"2026-03-04 15:06:22\",\"post_modified_gmt\":\"2026-03-04 14:06:22\",\"post_content_filtered\":\"\",\"post_parent\":0,\"guid\":\"https:\\\/\\\/www.sources-lac-annecy.com\\\/offres\\\/masterclasse-pilates-flow\\\/\",\"menu_order\":0,\"post_type\":\"articlesyatadata\",\"post_mime_type\":\"\",\"comment_count\":\"0\",\"filter\":\"raw\",\"permalink\":\"https:\\\/\\\/www.sources-lac-annecy.com\\\/offres\\\/masterclasse-pilates-flow\\\/\"},{\"ID\":34991,\"post_author\":\"0\",\"post_date\":\"2026-03-24 15:06:22\",\"post_date_gmt\":\"2026-03-24 14:06:22\",\"post_content\":\"\",\"post_title\":\"Coaching Sportif Individuel en Ext\\u00e9rieur\",\"post_excerpt\":\"\",\"post_status\":\"publish\",\"comment_status\":\"closed\",\"ping_status\":\"closed\",\"post_password\":\"\",\"post_name\":\"coaching-sportif-individuel-en-exterieur\",\"to_ping\":\"\",\"pinged\":\"\",\"post_modified\":\"2026-03-24 15:06:22\",\"post_modified_gmt\":\"2026-03-24 14:06:22\",\"post_content_filtered\":\"\",\"post_parent\":0,\"guid\":\"https:\\\/\\\/www.sources-lac-annecy.com\\\/offres\\\/coaching-sportif-individuel-en-exterieur\\\/\",\"menu_order\":0,\"post_type\":\"articlesyatadata\",\"post_mime_type\":\"\",\"comment_count\":\"0\",\"filter\":\"raw\",\"permalink\":\"https:\\\/\\\/www.sources-lac-annecy.com\\\/offres\\\/coaching-sportif-individuel-en-exterieur\\\/\"},{\"ID\":32325,\"post_author\":\"0\",\"post_date\":\"2026-02-18 03:30:37\",\"post_date_gmt\":\"2026-02-18 02:30:37\",\"post_content\":\"\",\"post_title\":\"Vol sensation en parapente avec k2 parapente\",\"post_excerpt\":\"\",\"post_status\":\"publish\",\"comment_status\":\"closed\",\"ping_status\":\"closed\",\"post_password\":\"\",\"post_name\":\"vol-sensation-en-parapente-avec-k2-parapente\",\"to_ping\":\"\",\"pinged\":\"\",\"post_modified\":\"2026-02-18 03:30:37\",\"post_modified_gmt\":\"2026-02-18 02:30:37\",\"post_content_filtered\":\"\",\"post_parent\":0,\"guid\":\"https:\\\/\\\/www.sources-lac-annecy.com\\\/offres\\\/vol-sensation-en-parapente-avec-k2-parapente\\\/\",\"menu_order\":0,\"post_type\":\"articlesyatadata\",\"post_mime_type\":\"\",\"comment_count\":\"0\",\"filter\":\"raw\",\"permalink\":\"https:\\\/\\\/www.sources-lac-annecy.com\\\/offres\\\/vol-sensation-en-parapente-avec-k2-parapente\\\/\"},{\"ID\":34634,\"post_author\":\"0\",\"post_date\":\"2026-03-23 15:06:35\",\"post_date_gmt\":\"2026-03-23 14:06:35\",\"post_content\":\"\",\"post_title\":\"Bon cadeau parent\\\/enfant : atelier powertex\",\"post_excerpt\":\"\",\"post_status\":\"publish\",\"comment_status\":\"closed\",\"ping_status\":\"closed\",\"post_password\":\"\",\"post_name\":\"bon-cadeau-parent-enfant-atelier-powertex\",\"to_ping\":\"\",\"pinged\":\"\",\"post_modified\":\"2026-03-23 15:06:35\",\"post_modified_gmt\":\"2026-03-23 14:06:35\",\"post_content_filtered\":\"\",\"post_parent\":0,\"guid\":\"https:\\\/\\\/www.sources-lac-annecy.com\\\/offres\\\/bon-cadeau-parent-enfant-atelier-powertex\\\/\",\"menu_order\":0,\"post_type\":\"articlesyatadata\",\"post_mime_type\":\"\",\"comment_count\":\"0\",\"filter\":\"raw\",\"permalink\":\"https:\\\/\\\/www.sources-lac-annecy.com\\\/offres\\\/bon-cadeau-parent-enfant-atelier-powertex\\\/\"},{\"ID\":34465,\"post_author\":\"0\",\"post_date\":\"2026-03-12 15:06:25\",\"post_date_gmt\":\"2026-03-12 14:06:25\",\"post_content\":\"\",\"post_title\":\"Bon cadeau : Canyoning Sportif de Montmin par Mont\\u00e9 M\\u00e9dio\",\"post_excerpt\":\"\",\"post_status\":\"publish\",\"comment_status\":\"closed\",\"ping_status\":\"closed\",\"post_password\":\"\",\"post_name\":\"bon-cadeau-canyoning-sportif-de-montmin\",\"to_ping\":\"\",\"pinged\":\"\",\"post_modified\":\"2026-03-12 15:06:25\",\"post_modified_gmt\":\"2026-03-12 14:06:25\",\"post_content_filtered\":\"\",\"post_parent\":0,\"guid\":\"https:\\\/\\\/www.sources-lac-annecy.com\\\/offres\\\/bon-cadeau-canyoning-sportif-de-montmin\\\/\",\"menu_order\":0,\"post_type\":\"articlesyatadata\",\"post_mime_type\":\"\",\"comment_count\":\"0\",\"filter\":\"raw\",\"permalink\":\"https:\\\/\\\/www.sources-lac-annecy.com\\\/offres\\\/bon-cadeau-canyoning-sportif-de-montmin\\\/\"},{\"ID\":34624,\"post_author\":\"0\",\"post_date\":\"2026-03-07 15:06:43\",\"post_date_gmt\":\"2026-03-07 14:06:43\",\"post_content\":\"\",\"post_title\":\"Bon cadeau : bapt\\u00eame parapente d\\u00e9couverte\",\"post_excerpt\":\"\",\"post_status\":\"publish\",\"comment_status\":\"closed\",\"ping_status\":\"closed\",\"post_password\":\"\",\"post_name\":\"bon-cadeau-bapteme-parapente-decouverte\",\"to_ping\":\"\",\"pinged\":\"\",\"post_modified\":\"2026-03-07 15:06:43\",\"post_modified_gmt\":\"2026-03-07 14:06:43\",\"post_content_filtered\":\"\",\"post_parent\":0,\"guid\":\"https:\\\/\\\/www.sources-lac-annecy.com\\\/offres\\\/bon-cadeau-bapteme-parapente-decouverte\\\/\",\"menu_order\":0,\"post_type\":\"articlesyatadata\",\"post_mime_type\":\"\",\"comment_count\":\"0\",\"filter\":\"raw\",\"permalink\":\"https:\\\/\\\/www.sources-lac-annecy.com\\\/offres\\\/bon-cadeau-bapteme-parapente-decouverte\\\/\"},{\"ID\":33810,\"post_author\":\"0\",\"post_date\":\"2025-11-14 15:08:53\",\"post_date_gmt\":\"2025-11-14 14:08:53\",\"post_content\":\"\",\"post_title\":\"Chanson fran\\u00e7aise festive : Faut qu\\u0027\\u00e7a guinche\",\"post_excerpt\":\"\",\"post_status\":\"publish\",\"comment_status\":\"closed\",\"ping_status\":\"closed\",\"post_password\":\"\",\"post_name\":\"chanson-francaise-festive-faut-quca-guinche\",\"to_ping\":\"\",\"pinged\":\"\",\"post_modified\":\"2025-11-14 15:08:53\",\"post_modified_gmt\":\"2025-11-14 14:08:53\",\"post_content_filtered\":\"\",\"post_parent\":0,\"guid\":\"https:\\\/\\\/www.sources-lac-annecy.com\\\/offres\\\/chanson-francaise-festive-faut-quca-guinche-2\\\/\",\"menu_order\":0,\"post_type\":\"articlesyatadata\",\"post_mime_type\":\"\",\"comment_count\":\"0\",\"filter\":\"raw\",\"permalink\":\"https:\\\/\\\/www.sources-lac-annecy.com\\\/en\\\/offres\\\/chanson-francaise-festive-faut-quca-guinche\\\/\"},{\"ID\":29368,\"post_author\":\"0\",\"post_date\":\"2026-04-24 03:30:06\",\"post_date_gmt\":\"2026-04-24 01:30:06\",\"post_content\":\"\",\"post_title\":\"Murder Party \\u00e0 la ferme de Gy\",\"post_excerpt\":\"\",\"post_status\":\"publish\",\"comment_status\":\"closed\",\"ping_status\":\"closed\",\"post_password\":\"\",\"post_name\":\"murder-party-a-la-ferme-de-gy\",\"to_ping\":\"\",\"pinged\":\"\",\"post_modified\":\"2026-04-24 03:30:07\",\"post_modified_gmt\":\"2026-04-24 01:30:07\",\"post_content_filtered\":\"\",\"post_parent\":0,\"guid\":\"https:\\\/\\\/www.sources-lac-annecy.com\\\/offres\\\/murder-party-a-la-ferme-de-gy-2\\\/\",\"menu_order\":0,\"post_type\":\"articlesyatadata\",\"post_mime_type\":\"\",\"comment_count\":\"0\",\"filter\":\"raw\",\"permalink\":\"https:\\\/\\\/www.sources-lac-annecy.com\\\/en\\\/offres\\\/murder-party-a-la-ferme-de-gy\\\/\"},{\"ID\":34628,\"post_author\":\"0\",\"post_date\":\"2026-03-07 15:06:47\",\"post_date_gmt\":\"2026-03-07 14:06:47\",\"post_content\":\"\",\"post_title\":\"Bon cadeau : bapt\\u00eame parapente ascendance\",\"post_excerpt\":\"\",\"post_status\":\"publish\",\"comment_status\":\"closed\",\"ping_status\":\"closed\",\"post_password\":\"\",\"post_name\":\"bon-cadeau-bapteme-parapente-ascendance\",\"to_ping\":\"\",\"pinged\":\"\",\"post_modified\":\"2026-03-07 15:06:47\",\"post_modified_gmt\":\"2026-03-07 14:06:47\",\"post_content_filtered\":\"\",\"post_parent\":0,\"guid\":\"https:\\\/\\\/www.sources-lac-annecy.com\\\/offres\\\/bon-cadeau-bapteme-parapente-ascendance\\\/\",\"menu_order\":0,\"post_type\":\"articlesyatadata\",\"post_mime_type\":\"\",\"comment_count\":\"0\",\"filter\":\"raw\",\"permalink\":\"https:\\\/\\\/www.sources-lac-annecy.com\\\/offres\\\/bon-cadeau-bapteme-parapente-ascendance\\\/\"},{\"ID\":29534,\"post_author\":\"0\",\"post_date\":\"2026-03-22 15:06:31\",\"post_date_gmt\":\"2026-03-22 14:06:31\",\"post_content\":\"\",\"post_title\":\"Balade \\u00e0 cheval\",\"post_excerpt\":\"\",\"post_status\":\"publish\",\"comment_status\":\"closed\",\"ping_status\":\"closed\",\"post_password\":\"\",\"post_name\":\"balade-a-cheval\",\"to_ping\":\"\",\"pinged\":\"\",\"post_modified\":\"2026-03-22 15:06:32\",\"post_modified_gmt\":\"2026-03-22 14:06:32\",\"post_content_filtered\":\"\",\"post_parent\":0,\"guid\":\"https:\\\/\\\/www.sources-lac-annecy.com\\\/offres\\\/balade-a-cheval-2\\\/\",\"menu_order\":0,\"post_type\":\"articlesyatadata\",\"post_mime_type\":\"\",\"comment_count\":\"0\",\"filter\":\"raw\",\"permalink\":\"https:\\\/\\\/www.sources-lac-annecy.com\\\/en\\\/offres\\\/balade-a-cheval\\\/\"},{\"ID\":34456,\"post_author\":\"0\",\"post_date\":\"2026-03-25 15:07:07\",\"post_date_gmt\":\"2026-03-25 14:07:07\",\"post_content\":\"\",\"post_title\":\"Bon cadeau : Via ferrata et Tyroliennes par Mont\\u00e9 M\\u00e9dio\",\"post_excerpt\":\"\",\"post_status\":\"publish\",\"comment_status\":\"closed\",\"ping_status\":\"closed\",\"post_password\":\"\",\"post_name\":\"bon-cadeau-via-ferrata-et-tyroliennes\",\"to_ping\":\"\",\"pinged\":\"\",\"post_modified\":\"2026-03-25 15:07:07\",\"post_modified_gmt\":\"2026-03-25 14:07:07\",\"post_content_filtered\":\"\",\"post_parent\":0,\"guid\":\"https:\\\/\\\/www.sources-lac-annecy.com\\\/offres\\\/bon-cadeau-via-ferrata-et-tyroliennes\\\/\",\"menu_order\":0,\"post_type\":\"articlesyatadata\",\"post_mime_type\":\"\",\"comment_count\":\"0\",\"filter\":\"raw\",\"permalink\":\"https:\\\/\\\/www.sources-lac-annecy.com\\\/offres\\\/bon-cadeau-via-ferrata-et-tyroliennes\\\/\"},{\"ID\":32323,\"post_author\":\"0\",\"post_date\":\"2026-02-18 03:30:31\",\"post_date_gmt\":\"2026-02-18 02:30:31\",\"post_content\":\"\",\"post_title\":\"Prestige parapente - 1 heure avec k2 parapente\",\"post_excerpt\":\"\",\"post_status\":\"publish\",\"comment_status\":\"closed\",\"ping_status\":\"closed\",\"post_password\":\"\",\"post_name\":\"prestige-parapente-1-heure-avec-k2-parapente\",\"to_ping\":\"\",\"pinged\":\"\",\"post_modified\":\"2026-02-18 03:30:31\",\"post_modified_gmt\":\"2026-02-18 02:30:31\",\"post_content_filtered\":\"\",\"post_parent\":0,\"guid\":\"https:\\\/\\\/www.sources-lac-annecy.com\\\/offres\\\/prestige-parapente-1-heure-avec-k2-parapente\\\/\",\"menu_order\":0,\"post_type\":\"articlesyatadata\",\"post_mime_type\":\"\",\"comment_count\":\"0\",\"filter\":\"raw\",\"permalink\":\"https:\\\/\\\/www.sources-lac-annecy.com\\\/offres\\\/prestige-parapente-1-heure-avec-k2-parapente\\\/\"},{\"ID\":31933,\"post_author\":\"0\",\"post_date\":\"2026-03-26 15:06:20\",\"post_date_gmt\":\"2026-03-26 14:06:20\",\"post_content\":\"\",\"post_title\":\"Atelier Croch\\u0027Th\\u00e9\",\"post_excerpt\":\"\",\"post_status\":\"publish\",\"comment_status\":\"closed\",\"ping_status\":\"closed\",\"post_password\":\"\",\"post_name\":\"atelier-crochethe\",\"to_ping\":\"\",\"pinged\":\"\",\"post_modified\":\"2026-03-26 15:06:20\",\"post_modified_gmt\":\"2026-03-26 14:06:20\",\"post_content_filtered\":\"\",\"post_parent\":0,\"guid\":\"https:\\\/\\\/www.sources-lac-annecy.com\\\/offres\\\/atelier-crochethe-2\\\/\",\"menu_order\":0,\"post_type\":\"articlesyatadata\",\"post_mime_type\":\"\",\"comment_count\":\"0\",\"filter\":\"raw\",\"permalink\":\"https:\\\/\\\/www.sources-lac-annecy.com\\\/en\\\/offres\\\/atelier-crochethe\\\/\"},{\"ID\":29516,\"post_author\":\"0\",\"post_date\":\"2026-03-22 15:06:28\",\"post_date_gmt\":\"2026-03-22 14:06:28\",\"post_content\":\"\",\"post_title\":\"Construisons un h\\u00f4tel cinq \\u00e9toiles pour nos amis les insectes!\",\"post_excerpt\":\"\",\"post_status\":\"publish\",\"comment_status\":\"closed\",\"ping_status\":\"closed\",\"post_password\":\"\",\"post_name\":\"construisons-un-hotel-cinq-etoiles-pour-nos-amis-les-insectes\",\"to_ping\":\"\",\"pinged\":\"\",\"post_modified\":\"2026-03-22 15:06:28\",\"post_modified_gmt\":\"2026-03-22 14:06:28\",\"post_content_filtered\":\"\",\"post_parent\":0,\"guid\":\"https:\\\/\\\/www.sources-lac-annecy.com\\\/offres\\\/construisons-un-hotel-cinq-etoiles-pour-nos-amis-les-insectes-2\\\/\",\"menu_order\":0,\"post_type\":\"articlesyatadata\",\"post_mime_type\":\"\",\"comment_count\":\"0\",\"filter\":\"raw\",\"permalink\":\"https:\\\/\\\/www.sources-lac-annecy.com\\\/en\\\/offres\\\/construisons-un-hotel-cinq-etoiles-pour-nos-amis-les-insectes\\\/\"},{\"ID\":35395,\"post_author\":\"0\",\"post_date\":\"2026-03-25 15:06:21\",\"post_date_gmt\":\"2026-03-25 14:06:21\",\"post_content\":\"\",\"post_title\":\"Sortie : Canyoning Sportif de Montmin\",\"post_excerpt\":\"\",\"post_status\":\"publish\",\"comment_status\":\"closed\",\"ping_status\":\"closed\",\"post_password\":\"\",\"post_name\":\"sortie-canyoning-sportif-de-montmin\",\"to_ping\":\"\",\"pinged\":\"\",\"post_modified\":\"2026-03-25 15:06:21\",\"post_modified_gmt\":\"2026-03-25 14:06:21\",\"post_content_filtered\":\"\",\"post_parent\":0,\"guid\":\"https:\\\/\\\/www.sources-lac-annecy.com\\\/offres\\\/sortie-canyoning-sportif-de-montmin\\\/\",\"menu_order\":0,\"post_type\":\"articlesyatadata\",\"post_mime_type\":\"\",\"comment_count\":\"0\",\"filter\":\"raw\",\"permalink\":\"https:\\\/\\\/www.sources-lac-annecy.com\\\/offres\\\/sortie-canyoning-sportif-de-montmin\\\/\"},{\"ID\":35794,\"post_author\":\"0\",\"post_date\":\"2026-03-21 15:07:16\",\"post_date_gmt\":\"2026-03-21 14:07:16\",\"post_content\":\"\",\"post_title\":\"Balade guid\\u00e9e BungyPump dans la R\\u00e9serve Naturelle du Bout du Lac d\\u2019Annecy\",\"post_excerpt\":\"\",\"post_status\":\"publish\",\"comment_status\":\"closed\",\"ping_status\":\"closed\",\"post_password\":\"\",\"post_name\":\"balade-guidee-bungypump-dans-la-reserve-naturelle-du-bout-du-lac-dannecy\",\"to_ping\":\"\",\"pinged\":\"\",\"post_modified\":\"2026-03-21 15:07:16\",\"post_modified_gmt\":\"2026-03-21 14:07:16\",\"post_content_filtered\":\"\",\"post_parent\":0,\"guid\":\"https:\\\/\\\/www.sources-lac-annecy.com\\\/offres\\\/balade-guidee-bungypump-dans-la-reserve-naturelle-du-bout-du-lac-dannecy\\\/\",\"menu_order\":0,\"post_type\":\"articlesyatadata\",\"post_mime_type\":\"\",\"comment_count\":\"0\",\"filter\":\"raw\",\"permalink\":\"https:\\\/\\\/www.sources-lac-annecy.com\\\/offres\\\/balade-guidee-bungypump-dans-la-reserve-naturelle-du-bout-du-lac-dannecy\\\/\"},{\"ID\":35676,\"post_author\":\"0\",\"post_date\":\"2026-03-21 15:07:12\",\"post_date_gmt\":\"2026-03-21 14:07:12\",\"post_content\":\"\",\"post_title\":\"Greenfee 9 trous - Sp\\u00e9cial semaine\",\"post_excerpt\":\"\",\"post_status\":\"publish\",\"comment_status\":\"closed\",\"ping_status\":\"closed\",\"post_password\":\"\",\"post_name\":\"greenfee-9-trous-special-semaine\",\"to_ping\":\"\",\"pinged\":\"\",\"post_modified\":\"2026-03-21 15:07:12\",\"post_modified_gmt\":\"2026-03-21 14:07:12\",\"post_content_filtered\":\"\",\"post_parent\":0,\"guid\":\"https:\\\/\\\/www.sources-lac-annecy.com\\\/offres\\\/greenfee-9-trous-special-semaine\\\/\",\"menu_order\":0,\"post_type\":\"articlesyatadata\",\"post_mime_type\":\"\",\"comment_count\":\"0\",\"filter\":\"raw\",\"permalink\":\"https:\\\/\\\/www.sources-lac-annecy.com\\\/offres\\\/greenfee-9-trous-special-semaine\\\/\"},{\"ID\":35087,\"post_author\":\"0\",\"post_date\":\"2026-03-30 15:06:03\",\"post_date_gmt\":\"2026-03-30 13:06:03\",\"post_content\":\"\",\"post_title\":\"Cycle des ateliers \\u00abDanser avec les \\u00e9l\\u00e9ments de la Nature\\u00bb : Le FEU\",\"post_excerpt\":\"\",\"post_status\":\"publish\",\"comment_status\":\"closed\",\"ping_status\":\"closed\",\"post_password\":\"\",\"post_name\":\"cycle-des-ateliers-danser-avec-les-elements-de-la-nature-le-feu\",\"to_ping\":\"\",\"pinged\":\"\",\"post_modified\":\"2026-03-30 15:06:03\",\"post_modified_gmt\":\"2026-03-30 13:06:03\",\"post_content_filtered\":\"\",\"post_parent\":0,\"guid\":\"https:\\\/\\\/www.sources-lac-annecy.com\\\/offres\\\/cycle-des-ateliers-danser-avec-les-elements-de-la-nature-le-feu\\\/\",\"menu_order\":0,\"post_type\":\"articlesyatadata\",\"post_mime_type\":\"\",\"comment_count\":\"0\",\"filter\":\"raw\",\"permalink\":\"https:\\\/\\\/www.sources-lac-annecy.com\\\/offres\\\/cycle-des-ateliers-danser-avec-les-elements-de-la-nature-le-feu\\\/\"},{\"ID\":29628,\"post_author\":\"0\",\"post_date\":\"2026-03-22 15:06:33\",\"post_date_gmt\":\"2026-03-22 14:06:33\",\"post_content\":\"\",\"post_title\":\"Gift voucher: make your bracelet\",\"post_excerpt\":\"\",\"post_status\":\"publish\",\"comment_status\":\"closed\",\"ping_status\":\"closed\",\"post_password\":\"\",\"post_name\":\"gift-voucher-make-your-bracelet\",\"to_ping\":\"\",\"pinged\":\"\",\"post_modified\":\"2026-03-22 15:06:33\",\"post_modified_gmt\":\"2026-03-22 14:06:33\",\"post_content_filtered\":\"\",\"post_parent\":0,\"guid\":\"https:\\\/\\\/www.sources-lac-annecy.com\\\/offres\\\/gift-voucher-make-your-bracelet\\\/\",\"menu_order\":0,\"post_type\":\"articlesyatadata\",\"post_mime_type\":\"\",\"comment_count\":\"0\",\"filter\":\"raw\",\"permalink\":\"https:\\\/\\\/www.sources-lac-annecy.com\\\/en\\\/offres\\\/gift-voucher-make-your-bracelet\\\/\"},{\"ID\":29282,\"post_author\":\"0\",\"post_date\":\"2026-03-23 15:06:16\",\"post_date_gmt\":\"2026-03-23 14:06:16\",\"post_content\":\"\",\"post_title\":\"Pendulum jump\",\"post_excerpt\":\"\",\"post_status\":\"publish\",\"comment_status\":\"closed\",\"ping_status\":\"closed\",\"post_password\":\"\",\"post_name\":\"saut-pendulaire\",\"to_ping\":\"\",\"pinged\":\"\",\"post_modified\":\"2026-03-23 15:06:17\",\"post_modified_gmt\":\"2026-03-23 14:06:17\",\"post_content_filtered\":\"\",\"post_parent\":0,\"guid\":\"https:\\\/\\\/www.sources-lac-annecy.com\\\/offres\\\/saut-pendulaire-2\\\/\",\"menu_order\":0,\"post_type\":\"articlesyatadata\",\"post_mime_type\":\"\",\"comment_count\":\"0\",\"filter\":\"raw\",\"permalink\":\"https:\\\/\\\/www.sources-lac-annecy.com\\\/en\\\/offres\\\/saut-pendulaire\\\/\"},{\"ID\":35674,\"post_author\":\"0\",\"post_date\":\"2026-03-21 15:07:11\",\"post_date_gmt\":\"2026-03-21 14:07:11\",\"post_content\":\"\",\"post_title\":\"Greenfee 18 trous - Sp\\u00e9cial semaine\",\"post_excerpt\":\"\",\"post_status\":\"publish\",\"comment_status\":\"closed\",\"ping_status\":\"closed\",\"post_password\":\"\",\"post_name\":\"greenfee-18-trous-special-semaine\",\"to_ping\":\"\",\"pinged\":\"\",\"post_modified\":\"2026-03-21 15:07:11\",\"post_modified_gmt\":\"2026-03-21 14:07:11\",\"post_content_filtered\":\"\",\"post_parent\":0,\"guid\":\"https:\\\/\\\/www.sources-lac-annecy.com\\\/offres\\\/greenfee-18-trous-special-semaine\\\/\",\"menu_order\":0,\"post_type\":\"articlesyatadata\",\"post_mime_type\":\"\",\"comment_count\":\"0\",\"filter\":\"raw\",\"permalink\":\"https:\\\/\\\/www.sources-lac-annecy.com\\\/offres\\\/greenfee-18-trous-special-semaine\\\/\"},{\"ID\":34119,\"post_author\":\"0\",\"post_date\":\"2026-03-23 15:06:30\",\"post_date_gmt\":\"2026-03-23 14:06:30\",\"post_content\":\"\",\"post_title\":\"Bon cadeau : Atelier d\\u00e9couverte + kit de d\\u00e9marrage\",\"post_excerpt\":\"\",\"post_status\":\"publish\",\"comment_status\":\"closed\",\"ping_status\":\"closed\",\"post_password\":\"\",\"post_name\":\"bon-cadeau-atelier-decouverte-kit-de-demarrage\",\"to_ping\":\"\",\"pinged\":\"\",\"post_modified\":\"2026-03-23 15:06:31\",\"post_modified_gmt\":\"2026-03-23 14:06:31\",\"post_content_filtered\":\"\",\"post_parent\":0,\"guid\":\"https:\\\/\\\/www.sources-lac-annecy.com\\\/offres\\\/bon-cadeau-atelier-decouverte-kit-de-demarrage-2\\\/\",\"menu_order\":0,\"post_type\":\"articlesyatadata\",\"post_mime_type\":\"\",\"comment_count\":\"0\",\"filter\":\"raw\",\"permalink\":\"https:\\\/\\\/www.sources-lac-annecy.com\\\/en\\\/offres\\\/bon-cadeau-atelier-decouverte-kit-de-demarrage\\\/\"},{\"ID\":31075,\"post_author\":\"0\",\"post_date\":\"2026-03-22 15:06:35\",\"post_date_gmt\":\"2026-03-22 14:06:35\",\"post_content\":\"\",\"post_title\":\"Visite du mus\\u00e9e arch\\u00e9ologique de Viuz-Faverges\",\"post_excerpt\":\"\",\"post_status\":\"publish\",\"comment_status\":\"closed\",\"ping_status\":\"closed\",\"post_password\":\"\",\"post_name\":\"visite-du-musee-archeologique-de-viuz-faverges\",\"to_ping\":\"\",\"pinged\":\"\",\"post_modified\":\"2026-03-22 15:06:36\",\"post_modified_gmt\":\"2026-03-22 14:06:36\",\"post_content_filtered\":\"\",\"post_parent\":0,\"guid\":\"https:\\\/\\\/www.sources-lac-annecy.com\\\/offres\\\/visite-du-musee-archeologique-de-viuz-faverges-2\\\/\",\"menu_order\":0,\"post_type\":\"articlesyatadata\",\"post_mime_type\":\"\",\"comment_count\":\"0\",\"filter\":\"raw\",\"permalink\":\"https:\\\/\\\/www.sources-lac-annecy.com\\\/en\\\/offres\\\/visite-du-musee-archeologique-de-viuz-faverges\\\/\"}],\"fields\":{\"34539\":{\"presentation\":{\"descriptifCourt\":{\"libelleFr\":\"Prenez un grand bol d\\u2019air et offrez-vous un moment pour vous ! Entre lac et montagnes, cette activit\\u00e9 encadr\\u00e9e par des professionnels combine marche nordique et pause bien-\\u00eatre pour retrouver \\u00e9nergie, \\u00e9quilibre et s\\u00e9r\\u00e9nit\\u00e9 dans un cadre naturel apaisant.\",\"libelleEn\":\"Take a breath of fresh air and treat yourself to some me time! This activity combines Nordic walking with a wellness break to regain energy, balance and serenity in a peaceful natural setting between lake and mountains, with the help of skilled professionals.\"},\"descriptifDetaille\":{\"libelleFr\":\"Cette sortie vous propose environ 1h30 de marche nordique vivifiante pour activer le corps, combin\\u00e9e avec 45 minutes de relaxation (yoga, auto-massage, auto-r\\u00e9flexologie plantaire, \\u00e9tirements\\u2026). Un \\u00e9quilibre parfait entre mouvement et d\\u00e9tente, accessible \\u00e0 tous.\\r\\nNous terminerons la sortie en partageant un moment convivial autour d\\u2019une tisane d\\u00e9tox de la Bo\\u00eete \\u00e0 M\\u00e9lisse.\\r\\n\\r\\nLa marche nordique est un sport tr\\u00e8s complet, efficace et doux \\u00e0 la fois, bas\\u00e9 sur l\\u2019utilisation des b\\u00e2tons pour se propulser en avant, qui fait travailler 90% des muscles du corps. \\r\\nCe sport sant\\u00e9 a l\\u0027avantage de se pratiquer partout, toute l\\u2019ann\\u00e9e. Avec une technique simple et vite acquise, le plaisir de la pratique se ressent vite !\\r\\nChaque s\\u00e9ance se compose d\\u0027un temps d\\u0027\\u00e9chauffement, de pratique et d\\u0027apprentissage de la technique, de plaisir, de jeux, de petits exercices et d\\u0027\\u00e9tirements en fin de s\\u00e9ance. \\r\\nMadeleine Poradowski du Bureau des Guides d\\u0027Albertville et M\\u00e9laine Bourgeois, accompagnatrice en montagne, encadreront cette pratique tour \\u00e0 tour au fil des s\\u00e9ances. \\r\\n\\r\\nLe moment bien-\\u00eatre sera diff\\u00e9rent \\u00e0 chaque s\\u00e9ance pour vous apporter des bienfaits vari\\u00e9s et adapt\\u00e9s en fonction des saisons et de l\\u0027intervenant : \\r\\n- de la marche en conscience avec Marion Boucher, \\r\\n- du yoga dynamique et des respirations accompagn\\u00e9es d\\u0027une salutation au soleil, avec Ana\\u00efs Urbain,\\r\\n- de l\\u0027auto-massage avec Marc Laurent de la Roulotte du Masseur,\\r\\n- de l\\u0027auto-r\\u00e9flexologie plantaire pieds nus et de l\\u0027\\u00e9veil corporel par le Shuta\\u00efdo, avec Chryst\\u00e8le Le Guillou.\\r\\n\\r\\nLes diff\\u00e9rentes sorties auront toutes lieu en ext\\u00e9rieur et ne n\\u00e9cessitent aucun mat\\u00e9riel sp\\u00e9cifique.\\r\\n\\r\\nSamedi 28 mars de 9h30 \\u00e0 12h : \\u0022\\u00c9veil de la nature, renaissance\\u0022 : Marche nordique et salutation au soleil.\\r\\nRdv : Lathuile\\r\\n\\r\\nVendredi 17 avril de 14h \\u00e0 16h30 : \\u0022D\\u00e9lier le corps et les articulations apr\\u00e8s l\\u0027hiver\\u0022 : Marche nordique et auto-r\\u00e9flexologie plantaire.\\r\\nRdv : 22 route de Montmin (parking Vesonne)\\r\\n\\r\\nVendredi 22 mai de 9h30 \\u00e0 12h : \\u0022\\u00c9nergie du printemps et \\u00e9veil corporel\\u0022 : Marche nordique et Shuta\\u00efdo.\\r\\nRdv : parking du pyl\\u00f4ne - Marlens - Val de Chaise\\r\\n\\r\\nInformations pratiques : \\r\\nDur\\u00e9e : 2h30\\r\\nPublic : tout public \\u00e0 partir de 15 ans\\r\\nCes sorties sont accessibles \\u00e0 toute personne en bonne condition physique g\\u00e9n\\u00e9rale, sauf contre-indication m\\u00e9dicale. \\r\\n\\r\\nMat\\u00e9riel \\u00e0 pr\\u00e9voir : \\r\\n\\u2022\\tTenue de sport\\r\\n\\u2022\\tBaskets type trail running\\r\\n\\u2022\\tPetit sac \\u00e0 dos n\\u2019entravant pas les \\u00e9paules\\r\\n\\u2022\\tPetite gourde\\r\\n\\u2022\\tEn-cas\\r\\n\\u2022\\tLunettes de soleil\\r\\n\\u2022\\tK-way en cas de pluie\\r\\n\\u2022\\tGants fins, bonnet pour les sorties hivernales\\r\\n\\u2022\\tPull ou haut \\u00e0 manches longues suppl\\u00e9mentaire.\\r\\n\\r\\nConditions d\\u0027annulation et de remboursement : \\r\\nAnnulation possible jusqu\\u0027\\u00e0 15 jours avant la date pr\\u00e9vue de la sortie, aucune annulation possible pass\\u00e9e ce d\\u00e9lai.  \\r\\nLe remboursement de la commande se fait sous r\\u00e9serve de r\\u00e9ception du RIB et d\\u0027une pi\\u00e8ce d\\u0027identit\\u00e9 valide, sous un d\\u00e9lai de 30 jours minimum. \\r\\nNous ne proposons pas d\\u0027assurance annulation.\\r\\n\\r\\nEn cas d\\u2019annulation de la part du prestataire, pour des raisons m\\u00e9t\\u00e9orologiques, le report ou le remboursement seront propos\\u00e9s. Le remboursement sera effectu\\u00e9 \\u00e0 l\\u2019acqu\\u00e9reur initial dans un d\\u00e9lai minimum de 2 mois (d\\u00e9lais des remboursements via le Tr\\u00e9sor Public) sur pr\\u00e9sentation d\\u2019une pi\\u00e8ce d\\u2019identit\\u00e9 et d\\u2019un relev\\u00e9 d\\u2019identit\\u00e9 bancaire.\\r\\n\\r\\nRemarque : \\r\\nNos amis les animaux ne sont pas accept\\u00e9s sur cette sortie.\",\"libelleEn\":\"This outing offers an invigorating Nordic walking session - about 1h30 - to get your body moving, combined with 45 minutes dedicated to relaxation (yoga, self-massage, plantar self-reflexology, stretching...). The perfect balance between movement and peacefulness, accessible to all. \\r\\nWe will conclude the outing with a friendly moment tasting a detox herbal tea by La Bo\\u00eete \\u00e0 M\\u00e9lisse. \\r\\n\\r\\nNordic walking is a very complete sport, both efficient and soft, based on the use of poles to propel yourself forward, putting 90% of your body muscles to work. \\r\\nThis healthy discipline can be practiced anywhere, all year round. With a simple technique quickly acquired, you will feel the pleasure of practice in no time! \\r\\nEvey session is made of warm-ups, practice, learning, pleasure, games, small exercises and stretching at the end. \\r\\nMadeleine Poradowski from the Albertville Guides Office and M\\u00e9laine Bourgeois, independant mountain guide, will lead you in turns depending on the session. \\r\\n\\r\\nThe wellness moment will vary from one session to the next in order to bring you various benefits along the seasons offered by various practitioners\\\/instructors: \\r\\n- mindful walking with Marion Boucher, \\r\\n- dynamic yoga and breathing accompanied with a sun salute, with Ana\\u00efs Urbain,\\r\\n- self-massage with Marc Laurent from la Roulotte du Masseur,\\r\\n- barefeet plantar self-reflexology and body awakening through Shuta\\u00efdo, with Chryst\\u00e8le Le Guillou.\\r\\n\\r\\nThe various outings will all take place outdoors and require no specific equipment.\\r\\n\\r\\nThese outings are accessible to all generally healthy persons, in the absence of any medical objection. \\r\\n\\r\\nEquipment required: \\r\\n\\u2022\\tSports outfit\\r\\n\\u2022\\tTrail running type sports shoes\\r\\n\\u2022\\tSmall backpack leaving your shoulders unhindered\\r\\n\\u2022\\tSmall water bottle\\r\\n\\u2022\\tSnack\\r\\n\\u2022\\tSunglasses\\r\\n\\u2022\\tRaincoat in case of rain\\r\\n\\u2022\\tThin gloves, woolly hat for the winter outings\\r\\n\\u2022\\tAdditional sweater or long-sleeved top.\"}},\"prestations\":{\"animauxAcceptes\":\"NON_ACCEPTES\",\"animauxAcceptesSupplement\":\"NON_DISPONIBLE\",\"languesParlees\":[{\"elementReferenceType\":\"Langue\",\"id\":1197}],\"complementAccueil\":{\"libelleFr\":\"Ces sorties sont accessibles \\u00e0 toute personne en bonne condition physique g\\u00e9n\\u00e9rale, sauf contre-indication m\\u00e9dicale. \\r\\n\\r\\nMat\\u00e9riel \\u00e0 pr\\u00e9voir : \\r\\n\\u2022\\tTenue de sport\\r\\n\\u2022\\tBaskets type trail running\\r\\n\\u2022\\tPetit sac \\u00e0 dos n\\u2019entravant pas les \\u00e9paules\\r\\n\\u2022\\tPetite gourde\\r\\n\\u2022\\tEn-cas\\r\\n\\u2022\\tLunettes de soleil\\r\\n\\u2022\\tK-way en cas de pluie\\r\\n\\u2022\\tGants fins, bonnet pour les sorties hivernales\\r\\n\\u2022\\tPull ou haut \\u00e0 manches longues suppl\\u00e9mentaire.\",\"libelleEn\":\"These outings are accessible to all generally healthy persons, in the absence of any medical objection. \\r\\n\\r\\nEquipment required: \\r\\n\\u2022\\tSports outfit\\r\\n\\u2022\\tTrail running type sports shoes\\r\\n\\u2022\\tSmall backpack leaving your shoulders unhindered\\r\\n\\u2022\\tSmall water bottle\\r\\n\\u2022\\tSnack\\r\\n\\u2022\\tSunglasses\\r\\n\\u2022\\tRaincoat in case of rain\\r\\n\\u2022\\tThin gloves, woolly hat for the winter outings\\r\\n\\u2022\\tAdditional sweater or long-sleeved top.\"},\"surchargeTourismesAdaptes\":true,\"surchargeDescriptifHandicapMoteur\":true,\"surchargeDescriptifHandicapAuditif\":true,\"surchargeDescriptifHandicapVisuel\":true,\"surchargeDescriptifHandicapMental\":true,\"surchargeNombreFauteuilsRoulants\":true,\"nombrePersonnesMinimum\":6,\"tailleGroupeMax\":10,\"ageMin\":180,\"uniteAgeMin\":\"ANNEE\"},\"ouverture\":{\"periodeEnClair\":{\"libelleFr\":\"Samedi 28 mars 2026 de 9h30 \\u00e0 12h.\\n\\nVendredi 17 avril 2026 de 14h \\u00e0 16h30.\\n\\nVendredi 22 mai 2026 de 9h30 \\u00e0 12h.\\n\\nSous r\\u00e9serve de conditions m\\u00e9t\\u00e9o favorables.\",\"libelleEn\":\"Saturday 28 March 2026 between 9.30 am and 12 pm.\\n\\nFriday 17 April 2026 between 2 pm and 4.30 pm.\\n\\nFriday 22 May 2026 between 9.30 am and 12 pm.\\n\\nSubject to favorable weather.\",\"libelleEs\":\"S\\u00e1bado, 28 de marzo de 2026 de 9:30 a 12.\\n\\nViernes, 17 de abril de 2026 de 14 a 16:30.\\n\\nViernes, 22 de mayo de 2026 de 9:30 a 12.\\n\\nA reserva de buen tiempo.\",\"libelleIt\":\"Sabato 28 marzo 2026 dalle 9:30 alle 12.\\n\\nVenerd\\u00ec 17 aprile 2026 dalle 14 alle 16:30.\\n\\nVenerd\\u00ec 22 maggio 2026 dalle 9:30 alle 12.\\n\\nCon riserva di condizioni atmosferiche favorevoli.\",\"libelleDe\":\"Samstag, den 28. M\\u00e4rz 2026 von 9.30 Uhr bis 12 Uhr.\\n\\nFreitag, den 17. April 2026 von 14 Uhr bis 16.30 Uhr.\\n\\nFreitag, den 22. Mai 2026 von 9.30 Uhr bis 12 Uhr.\\n\\nNur bei g\\u00fcnstigen Wetterbedingungen.\",\"libelleNl\":\"Zaterdag 28 maart 2026 van 9.30 tot 12.00 u.\\n\\nVrijdag 17 april 2026 van 14.00 tot 16.30 u.\\n\\nVrijdag 22 mei 2026 van 9.30 tot 12.00 u.\\n\\nOnder voorbehoud, van de weersomstandigheden.\",\"libelleRu\":\"\\u0421\\u0443\\u0431\\u0431\\u043e\\u0442\\u0430 28 \\u043c\\u0430\\u0440\\u0442\\u0430 2026  \\u0441 9h30 \\u0434\\u043e 12h.\\n\\n\\u041f\\u044f\\u0442\\u043d\\u0438\\u0446\\u0430 17 \\u0430\\u043f\\u0440\\u0435\\u043b\\u044f 2026  \\u0441 14h \\u0434\\u043e 16h30.\\n\\n\\u041f\\u044f\\u0442\\u043d\\u0438\\u0446\\u0430 22 \\u043c\\u0430\\u044f 2026  \\u0441 9h30 \\u0434\\u043e 12h.\\n\\n\\u041f\\u0440\\u0438 \\u0431\\u043b\\u0430\\u0433\\u043e\\u043f\\u0440\\u0438\\u044f\\u0442\\u043d\\u044b\\u0445 \\u043f\\u043e\\u0433\\u043e\\u0434\\u043d\\u044b\\u0445 \\u0443\\u0441\\u043b\\u043e\\u0432\\u0438\\u044f\\u0445.\",\"libelleZh\":\"2026\\u5e743\\u670828\\u65e5, \\u661f\\u671f\\u516d   \\u5c0f\\u65f6\\u5c0f\\u65f6\\u5206\\u949f  \\u548c \\u5c0f\\u65f6\\u5c0f\\u65f6 \\u4e4b\\u95f4.\\n\\n2026\\u5e744\\u670817\\u65e5, \\u661f\\u671f\\u4e94   \\u5c0f\\u65f6\\u5c0f\\u65f6 \\u548c \\u5c0f\\u65f6\\u5c0f\\u65f6\\u5206\\u949f  \\u4e4b\\u95f4.\\n\\n2026\\u5e745\\u670822\\u65e5, \\u661f\\u671f\\u4e94   \\u5c0f\\u65f6\\u5c0f\\u65f6\\u5206\\u949f  \\u548c \\u5c0f\\u65f6\\u5c0f\\u65f6 \\u4e4b\\u95f4.\\n\\n\\u9700\\u5929\\u6c14\\u826f\\u597d.\",\"libellePtBR\":\"S\\u00e1bado 28 mar\\u00e7o 2026 de 9h30 a\\u00a0 12h.\\n\\nSexta-feira 17 abril 2026 de 14h a\\u00a0 16h30.\\n\\nSexta-feira 22 maio 2026 de 9h30 a\\u00a0 12h.\\n\\nSob reserva de condi\\u00e7\\u00f5es metereol\\u00f3gicas favor\\u00e1veis.\",\"libelleJa\":\"\\u571f\\u66dc\\u65e5 28 3\\u6708 2026 9.30 \\u5348\\u524d \\u3068 12 \\u5348\\u5f8c \\u306e\\u9593.\\n\\n\\u91d1\\u66dc\\u65e5 17 4\\u6708 2026 2 \\u5348\\u5f8c \\u3068 4.30 \\u5348\\u5f8c \\u306e\\u9593.\\n\\n\\u91d1\\u66dc\\u65e5 22 5\\u6708 2026 9.30 \\u5348\\u524d \\u3068 12 \\u5348\\u5f8c \\u306e\\u9593.\\n\\n\\u5929\\u5019\\u306b\\u5de6\\u53f3\\u3055\\u308c\\u307e\\u3059.\",\"libelleKo\":\"\\ud1a0\\uc694\\uc77c 28 3\\uc6d4 02026 9h30 \\uc5d0\\uc11c 12h \\uae4c\\uc9c0.\\n\\n\\uae08\\uc694\\uc77c 17 4\\uc6d4 02026 14h \\uc5d0\\uc11c 16h30 \\uae4c\\uc9c0.\\n\\n\\uae08\\uc694\\uc77c 22 5\\uc6d4 02026 9h30 \\uc5d0\\uc11c 12h \\uae4c\\uc9c0.\\n\\n\\uae30\\uc0c1 \\uc870\\uac74\\uc5d0 \\ub530\\ub77c \\ub2ec\\ub77c\\uc9c8 \\uc218 \\uc788\\uc2b5\\ub2c8\\ub2e4.\"},\"periodeEnClairGenerationMode\":\"AUTOMATIQUE\",\"indicationsPeriode\":[{\"elementReferenceType\":\"IndicationPeriode\",\"id\":435},{\"elementReferenceType\":\"IndicationPeriode\",\"id\":436}],\"periodesOuvertures\":[{\"identifiant\":38110765,\"dateDebut\":\"2025-12-26\",\"dateFin\":\"2025-12-26\",\"complementHoraire\":{},\"horaireOuverture\":\"15:00:00\",\"horaireFermeture\":\"17:30:00\",\"type\":\"OUVERTURE_TOUS_LES_JOURS\",\"tousLesAns\":false,\"identifiantTechnique\":39819513,\"horaires\":[{\"id\":4477654,\"type\":{\"elementReferenceType\":\"HoraireType\",\"id\":7487},\"timePeriods\":[{\"id\":4959053,\"closed\":false,\"weekdays\":[\"FRI\"],\"timeFrames\":[{\"id\":4912354,\"startTime\":\"15:00\",\"endTime\":\"17:30\"}]}]}]},{\"identifiant\":38156633,\"dateDebut\":\"2026-01-31\",\"dateFin\":\"2026-01-31\",\"complementHoraire\":{},\"horaireOuverture\":\"09:30:00\",\"horaireFermeture\":\"12:00:00\",\"type\":\"OUVERTURE_TOUS_LES_JOURS\",\"tousLesAns\":false,\"identifiantTechnique\":39819514,\"horaires\":[{\"id\":4477655,\"type\":{\"elementReferenceType\":\"HoraireType\",\"id\":7487},\"timePeriods\":[{\"id\":4959054,\"closed\":false,\"weekdays\":[\"SAT\"],\"timeFrames\":[{\"id\":4912355,\"startTime\":\"09:30\",\"endTime\":\"12:00\"}]}]}]},{\"identifiant\":38110783,\"dateDebut\":\"2026-02-27\",\"dateFin\":\"2026-02-27\",\"complementHoraire\":{},\"horaireOuverture\":\"14:00:00\",\"horaireFermeture\":\"16:30:00\",\"type\":\"OUVERTURE_TOUS_LES_JOURS\",\"tousLesAns\":false,\"identifiantTechnique\":39819515,\"horaires\":[{\"id\":4477656,\"type\":{\"elementReferenceType\":\"HoraireType\",\"id\":7487},\"timePeriods\":[{\"id\":4959055,\"closed\":false,\"weekdays\":[\"FRI\"],\"timeFrames\":[{\"id\":4912356,\"startTime\":\"14:00\",\"endTime\":\"16:30\"}]}]}]},{\"identifiant\":38110817,\"dateDebut\":\"2026-03-28\",\"dateFin\":\"2026-03-28\",\"complementHoraire\":{},\"horaireOuverture\":\"09:30:00\",\"horaireFermeture\":\"12:00:00\",\"type\":\"OUVERTURE_TOUS_LES_JOURS\",\"tousLesAns\":false,\"identifiantTechnique\":39819516,\"horaires\":[{\"id\":4477657,\"type\":{\"elementReferenceType\":\"HoraireType\",\"id\":7487},\"timePeriods\":[{\"id\":4959056,\"closed\":false,\"weekdays\":[\"SAT\"],\"timeFrames\":[{\"id\":4912357,\"startTime\":\"09:30\",\"endTime\":\"12:00\"}]}]}]},{\"identifiant\":38110878,\"dateDebut\":\"2026-04-17\",\"dateFin\":\"2026-04-17\",\"complementHoraire\":{},\"horaireOuverture\":\"14:00:00\",\"horaireFermeture\":\"16:30:00\",\"type\":\"OUVERTURE_TOUS_LES_JOURS\",\"tousLesAns\":false,\"identifiantTechnique\":39819517,\"horaires\":[{\"id\":4477658,\"type\":{\"elementReferenceType\":\"HoraireType\",\"id\":7487},\"timePeriods\":[{\"id\":4959057,\"closed\":false,\"weekdays\":[\"FRI\"],\"timeFrames\":[{\"id\":4912358,\"startTime\":\"14:00\",\"endTime\":\"16:30\"}]}]}]},{\"identifiant\":38110965,\"dateDebut\":\"2026-05-22\",\"dateFin\":\"2026-05-22\",\"complementHoraire\":{},\"horaireOuverture\":\"09:30:00\",\"horaireFermeture\":\"12:00:00\",\"type\":\"OUVERTURE_TOUS_LES_JOURS\",\"tousLesAns\":false,\"identifiantTechnique\":39819518,\"horaires\":[{\"id\":4477659,\"type\":{\"elementReferenceType\":\"HoraireType\",\"id\":7487},\"timePeriods\":[{\"id\":4959058,\"closed\":false,\"weekdays\":[\"FRI\"],\"timeFrames\":[{\"id\":4912359,\"startTime\":\"09:30\",\"endTime\":\"12:00\"}]}]}]}],\"ouverturesComplementaires\":[{\"elementReferenceType\":\"OuvertureComplementaire\",\"id\":4188}]},\"Latitude\":45.74642899999999912097337073646485805511474609375,\"Longitude\":6.2943990000000002993374437210150063037872314453125,\"COMMUNE\":\"Faverges-Seythenex\",\"codeUI\":\"CA-ADOC-133666-56967\",\"TypeActivite\":\"Activit\\u00e9s sportives\",\"critInternes\":[\"Place de march\\u00e9\",\"Bien-\\u00eatre\",\"Activit\\u00e9s sport nature\",\"offres_du_moment\"]},\"28790\":{\"presentation\":{\"descriptifCourt\":{\"libelleFr\":\"Situ\\u00e9 entre Albertville et Faverges, proche du col de Tami\\u00e9, \\u00e0 1000 m\\u00e8tres d\\u0027altitude, le parc aventure du Fort de Tami\\u00e9 sur une superficie de 8 hectares vous permettra de vivre des exp\\u00e9riences de pleine nature !\",\"libelleEn\":\"Located between Albertville and Faverges, close to col de Tami\\u00e9 pass at a 1000m of altitude, the adventure park of Tami\\u00e9 Fort with a 8 hectares surface area allows you to enjoy exepriences in the midst of nature!\"},\"descriptifDetaille\":{\"libelleFr\":\"Le parc aventure est un v\\u00e9ritable camp de base multi-activit\\u00e9s, compos\\u00e9 de 15 parcours \\u00e9quip\\u00e9s d\\u0027une ligne de vie continue et d\\u2019une tyrolienne de 300 m\\u00e8tres.\\r\\nLe parcours vous offrira une vue imprenable sur les vall\\u00e9es et massifs de montagne environnants.\\r\\nNouveaut\\u00e9 : Parcours des Petits Combattants (filets) - \\u00c0 partir de 3 ans\\r\\nPass violet :  Parcours Mousse, Baby Tyro - \\u00c0 partir de 0,70m \\\/ 3 \\u00e0 7 ans\\r\\nPass Vert : Parcours Baby Tyro, Matelot, Petite Tyro - \\u00c0 partir de 1,10m \\\/ 7 \\u00e0 10 ans\\r\\nPass Bleu : Parcours Petite Tyro, Caporal, Sergent, Major, Grande Tyro - \\u00c0 partir de 1,10m \\\/ 10 ans\\r\\nPass Rouge : Parcours Caporal, Sergent, Major, Capitaine, Cascade de Tyros, Tyro du fort - \\u00c0 partir de 1,30m \\\/ 12 ans\\r\\nPass Noir : Parcours Caporal, Sergent, Major, Capitaine, Mar\\u00e9chal, Colonel, Amiral - Via Ferrata, Cascade de Tyros, Tyro du fort - \\u00c0 partir de 1,50m \\\/ 14 ans\\r\\n\\r\\n\\r\\nLes autres activit\\u00e9s sur place : \\r\\nUn mini golf\\r\\nUne aire de jeux adapt\\u00e9e aux enfants d\\u00e8s 2 \\u00e0 3 ans proposant une vari\\u00e9t\\u00e9 d\\u2019animations ludiques : trampolines, structures gonflables, ch\\u00e2teaux en bois, bateaux \\u00e0 aubes\\u2026\\r\\nLes via ferrata incluses dans les pass rouge (Capitaine) et pass noir (Amiral). \\r\\nBalades \\u00e0 poney\\r\\nUn parcours panoramique adapt\\u00e9 \\u00e0 certains types de handicaps, pour permettre \\u00e0 un plus grand nombre de visiteurs de d\\u00e9couvrir les paysages alpins et le patrimoine du fort.\\r\\nUn Fort embl\\u00e9matique du XIX\\u1d49 si\\u00e8cle, o\\u00f9 patrimoine, panoramas et myst\\u00e8re se m\\u00ealent. \\r\\n\\r\\n\\r\\nVous pourrez faire une pause pique-nique dans l\\u2019enceinte du Fort, vous restaurer au snack et vous appr\\u00e9cierez certainement aussi les sp\\u00e9cialit\\u00e9s provenant de producteurs locaux en vente au magasin : glaces, confitures et miel, jus de fruits, vins et bi\\u00e8res, p\\u00e2tisseries\\u2026\",\"libelleEn\":\"The adventure park is a true multi-purpose base camp, consisting of 15 courses equipped with a continuous life line and a 300-metre zip line.\\r\\nThe course will offer you a breathtaking view of the surrounding valleys and mountain ranges.\\r\\nIt offers 7 formulas to satisfy young and old adventurers:\\r\\n- Child pass, from 3 to 7 years\\r\\n- Junior Pass, ages 7-14\\r\\n- Blue Pass, from 10 years\\r\\n- Tyrolean pass, from 1m30\\r\\n- Black Pass, from 1m30\\r\\n- Red pass, from 1m30\\r\\n- NEW: Silver Pass, from 1m50\\r\\n\\r\\nA playground can accommodate children accompanied by parents: trampolines, water pool with paddle boats, inflatable structure, construction games (Price per day).\\r\\nNEW: Strong wooden castle structure with COCO tyro.\\r\\nInterpretive tables and audioguided tours will give you the opportunity to discover the richness of the site\\u2019s historical and natural heritage, classified as Stones Forte of Savoy\\u00ae.\\r\\n\\r\\nYou can take a picnic break in the Fort, eat at the snack bar and you will certainly also appreciate the specialities from local producers on sale at the store: ice cream, jams and honey, fruit juices, wines and beers, pastries\\u2026\"},\"typologiesPromoSitra\":[{\"elementReferenceType\":\"TypologiePromoSitra\",\"id\":3844}]},\"prestations\":{\"services\":[{\"elementReferenceType\":\"PrestationService\",\"id\":687}],\"animauxAcceptes\":\"ACCEPTES\",\"animauxAcceptesSupplement\":\"SANS_SUPPLEMENT\",\"descriptifAnimauxAcceptes\":{\"libelleFr\":\"EN LAISSE UNIQUEMENT.\\r\\n\\r\\nINTERDICTION AUX ANIMAUX DE PENETRER DANS LE PARC DE JEUX.\",\"libelleEn\":\"Animals must be kept on leash and there are forbidden inside the game park.\"},\"languesParlees\":[{\"elementReferenceType\":\"Langue\",\"id\":1192},{\"elementReferenceType\":\"Langue\",\"id\":1197}],\"languesDocumentation\":[{\"elementReferenceType\":\"Langue\",\"id\":1192},{\"elementReferenceType\":\"Langue\",\"id\":1197}],\"complementAccueil\":{\"libelleFr\":\"A partir de 2 ans pour les jeux.\\r\\nBasket \\\/ chaussures ferm\\u00e9es obligatoires\\r\\nV\\u00eatements conseill\\u00e9s : pantacourt \\\/ pantalon , legging long\",\"libelleEn\":\"Sneakers or closed shoes obligatory\\r\\nRecommended clothing : trousers, long legging\"},\"surchargeTourismesAdaptes\":true,\"surchargeDescriptifHandicapMoteur\":true,\"surchargeDescriptifHandicapAuditif\":true,\"surchargeDescriptifHandicapVisuel\":true,\"surchargeDescriptifHandicapMental\":true,\"surchargeNombreFauteuilsRoulants\":true,\"typesClientele\":[{\"elementReferenceType\":\"TypeClientele\",\"id\":4547},{\"elementReferenceType\":\"TypeClientele\",\"id\":5696},{\"elementReferenceType\":\"TypeClientele\",\"id\":596},{\"elementReferenceType\":\"TypeClientele\",\"id\":3735},{\"elementReferenceType\":\"TypeClientele\",\"id\":558},{\"elementReferenceType\":\"TypeClientele\",\"id\":513},{\"elementReferenceType\":\"TypeClientele\",\"id\":563},{\"elementReferenceType\":\"TypeClientele\",\"id\":5416},{\"elementReferenceType\":\"TypeClientele\",\"id\":5695},{\"elementReferenceType\":\"TypeClientele\",\"id\":496},{\"elementReferenceType\":\"TypeClientele\",\"id\":594},{\"elementReferenceType\":\"TypeClientele\",\"id\":593},{\"elementReferenceType\":\"TypeClientele\",\"id\":597}],\"nombrePersonnesMinimum\":10,\"ageMin\":36,\"uniteAgeMin\":\"ANNEE\"},\"ouverture\":{\"periodeEnClair\":{\"libelleFr\":\"Du 04\\\/04 au 31\\\/05\\\/2026 de 13h \\u00e0 19h.\\nOuvert les mercredis, week-ends, jours f\\u00e9ri\\u00e9s et tous les jours pendant les vacances scolaires\\r\\nDernier d\\u00e9part \\u00e0 17h.\\n\\nDu 01\\\/06 au 05\\\/07\\\/2026 le mercredi et les week-ends de 10h \\u00e0 19h.\\nDernier d\\u00e9part \\u00e0 17h.\\r\\nDernier d\\u00e9part (parcours enfant et bambin) 17h30.\\n\\nDu 06\\\/07 au 30\\\/08\\\/2026 tous les jours de 10h \\u00e0 19h.\\nDernier d\\u00e9part \\u00e0 17h.\\r\\nDernier d\\u00e9part (parcours enfant et bambin) 17h30.\\n\\nDu 01\\\/09 au 31\\\/10\\\/2026 de 13h \\u00e0 18h.\\nOuvert les week-ends, jours f\\u00e9ri\\u00e9s et tous les jours pendant les vacances scolaires.\\r\\nDernier d\\u00e9part \\u00e0 17h.\\r\\nDernier d\\u00e9part (parcours enfant et bambin) 17h30\\r\\nOctobre : dernier d\\u00e9part \\u00e0 16h30.\\n\\nSous r\\u00e9serve de conditions m\\u00e9t\\u00e9o favorables.\",\"libelleEn\":\"From 04\\\/04 to 31\\\/05\\\/2026 between 1 pm and 7 pm.\\n\\nFrom 01\\\/06 to 05\\\/07\\\/2026 on Wednesday and weekends between 10 am and 7 pm.\\n\\nFrom 06\\\/07 to 30\\\/08\\\/2026 daily between 10 am and 7 pm.\\n\\nFrom 01\\\/09 to 31\\\/10\\\/2026 between 1 pm and 6 pm.\\n\\nSubject to favorable weather.\",\"libelleEs\":\"Del 04\\\/04 al 31\\\/05\\\/2026 de 13 a 19.\\n\\nDel 01\\\/06 al 05\\\/07\\\/2026 los mi\\u00e9rcoles y fines de semana de 10 a 19.\\n\\nDel 06\\\/07 al 30\\\/08\\\/2026 todos los dias de 10 a 19.\\n\\nDel 01\\\/09 al 31\\\/10\\\/2026 de 13 a 18.\\n\\nA reserva de buen tiempo.\",\"libelleIt\":\"Dal 04\\\/04 al 31\\\/05\\\/2026 dalle 13 alle 19.\\n\\nDal 01\\\/06 al 05\\\/07\\\/2026 il mercoled\\u00ec e fine settimana dalle 10 alle 19.\\n\\nDal 06\\\/07 al 30\\\/08\\\/2026 ogni giorno dalle 10 alle 19.\\n\\nDal 01\\\/09 al 31\\\/10\\\/2026 dalle 13 alle 18.\\n\\nCon riserva di condizioni atmosferiche favorevoli.\",\"libelleDe\":\"Vom 04\\\/04 bis 31\\\/05\\\/2026 von 13 Uhr bis 19 Uhr.\\n\\nVom 01\\\/06 bis 05\\\/07\\\/2026 jeden Mittwoch und les Wochenenden von 10 Uhr bis 19 Uhr.\\n\\nVom 06\\\/07 bis 30\\\/08\\\/2026 t\\u00e4glich von 10 Uhr bis 19 Uhr.\\n\\nVom 01\\\/09 bis 31\\\/10\\\/2026 von 13 Uhr bis 18 Uhr.\\n\\nNur bei g\\u00fcnstigen Wetterbedingungen.\",\"libelleNl\":\"Van 04\\\/04 tot en met 31\\\/05\\\/2026 van 13.00 tot 19.00 u.\\n\\nVan 01\\\/06 tot en met 05\\\/07\\\/2026 op woensdag en weekends van 10.00 tot 19.00 u.\\n\\nVan 06\\\/07 tot en met 30\\\/08\\\/2026 iedere dag van 10.00 tot 19.00 u.\\n\\nVan 01\\\/09 tot en met 31\\\/10\\\/2026 van 13.00 tot 18.00 u.\\n\\nOnder voorbehoud, van de weersomstandigheden.\",\"libelleRu\":\"\\u0421 04\\\/04 \\u0434\\u043e 31\\\/05\\\/2026 \\u0441 13h \\u0434\\u043e 19h.\\n\\n\\u0421 01\\\/06 \\u0434\\u043e 05\\\/07\\\/2026 \\u043d\\u0430 \\u0441\\u0440\\u0435\\u0434\\u0430 \\u0438 \\u0432\\u044b\\u0445\\u043e\\u0434\\u043d\\u044b\\u0435 \\u0441 10h \\u0434\\u043e 19h.\\n\\n\\u0421 06\\\/07 \\u0434\\u043e 30\\\/08\\\/2026 \\u0435\\u0436\\u0435\\u0434\\u043d\\u0435\\u0432\\u043d\\u043e \\u0441 10h \\u0434\\u043e 19h.\\n\\n\\u0421 01\\\/09 \\u0434\\u043e 31\\\/10\\\/2026 \\u0441 13h \\u0434\\u043e 18h.\\n\\n\\u041f\\u0440\\u0438 \\u0431\\u043b\\u0430\\u0433\\u043e\\u043f\\u0440\\u0438\\u044f\\u0442\\u043d\\u044b\\u0445 \\u043f\\u043e\\u0433\\u043e\\u0434\\u043d\\u044b\\u0445 \\u0443\\u0441\\u043b\\u043e\\u0432\\u0438\\u044f\\u0445.\",\"libelleZh\":\"\\u4ece 4\\u67084\\u65e5 \\u5230 2026\\u5e745\\u670831\\u65e5 \\u5c0f\\u65f6\\u5c0f\\u65f6 \\u548c \\u5c0f\\u65f6\\u5c0f\\u65f6 \\u4e4b\\u95f4.\\n\\n\\u4ece 6\\u67081\\u65e5 \\u5230 2026\\u5e747\\u67085\\u65e5 \\u4e0a \\u661f\\u671f\\u4e09 \\u548c \\u5468 \\u5c0f\\u65f6\\u5c0f\\u65f6 \\u548c \\u5c0f\\u65f6\\u5c0f\\u65f6 \\u4e4b\\u95f4.\\n\\n\\u4ece 7\\u67086\\u65e5 \\u5230 2026\\u5e748\\u670830\\u65e5 \\u65e5\\u5e38 \\u5c0f\\u65f6\\u5c0f\\u65f6 \\u548c \\u5c0f\\u65f6\\u5c0f\\u65f6 \\u4e4b\\u95f4.\\n\\n\\u4ece 9\\u67081\\u65e5 \\u5230 2026\\u5e7410\\u670831\\u65e5 \\u5c0f\\u65f6\\u5c0f\\u65f6 \\u548c \\u5c0f\\u65f6\\u5c0f\\u65f6 \\u4e4b\\u95f4.\\n\\n\\u9700\\u5929\\u6c14\\u826f\\u597d.\",\"libellePtBR\":\"De 04\\\/04 a 31\\\/05\\\/2026 de 13h a\\u00a0 19h.\\n\\nDe 01\\\/06 a 05\\\/07\\\/2026 na quarta-feira e finais de semana de 10h a\\u00a0 19h.\\n\\nDe 06\\\/07 a 30\\\/08\\\/2026 todos os dias de 10h a\\u00a0 19h.\\n\\nDe 01\\\/09 a 31\\\/10\\\/2026 de 13h a\\u00a0 18h.\\n\\nSob reserva de condi\\u00e7\\u00f5es metereol\\u00f3gicas favor\\u00e1veis.\",\"libelleJa\":\"04\\\/04 \\u304b\\u3089 31\\\/05\\\/2026 \\u307e\\u3067 1 \\u5348\\u5f8c \\u3068 7 \\u5348\\u5f8c \\u306e\\u9593.\\n\\n01\\\/06 \\u304b\\u3089 05\\\/07\\\/2026 \\u307e\\u3067 \\u6c34\\u66dc\\u65e5 \\u3068 \\u9031\\u672b \\u306b 10 \\u5348\\u524d \\u3068 7 \\u5348\\u5f8c \\u306e\\u9593.\\n\\n06\\\/07 \\u304b\\u3089 30\\\/08\\\/2026 \\u307e\\u3067 \\u6bce\\u65e5 10 \\u5348\\u524d \\u3068 7 \\u5348\\u5f8c \\u306e\\u9593.\\n\\n01\\\/09 \\u304b\\u3089 31\\\/10\\\/2026 \\u307e\\u3067 1 \\u5348\\u5f8c \\u3068 6 \\u5348\\u5f8c \\u306e\\u9593.\\n\\n\\u5929\\u5019\\u306b\\u5de6\\u53f3\\u3055\\u308c\\u307e\\u3059.\",\"libelleKo\":\"04\\\/04 \\uc77c\\ubd80\\ud130 31\\\/05\\\/2026 \\uc77c\\uae4c\\uc9c0 13h \\uc5d0\\uc11c 19h \\uae4c\\uc9c0.\\n\\n01\\\/06 \\uc77c\\ubd80\\ud130 05\\\/07\\\/2026 \\uc77c\\uae4c\\uc9c0 \\uc758 \\uc218\\uc694\\uc77c \\ubc0f \\uc8fc\\ub9d0 10h \\uc5d0\\uc11c 19h \\uae4c\\uc9c0.\\n\\n06\\\/07 \\uc77c\\ubd80\\ud130 30\\\/08\\\/2026 \\uc77c\\uae4c\\uc9c0 \\ub9e4\\uc77c 10h \\uc5d0\\uc11c 19h \\uae4c\\uc9c0.\\n\\n01\\\/09 \\uc77c\\ubd80\\ud130 31\\\/10\\\/2026 \\uc77c\\uae4c\\uc9c0 13h \\uc5d0\\uc11c 18h \\uae4c\\uc9c0.\\n\\n\\uae30\\uc0c1 \\uc870\\uac74\\uc5d0 \\ub530\\ub77c \\ub2ec\\ub77c\\uc9c8 \\uc218 \\uc788\\uc2b5\\ub2c8\\ub2e4.\"},\"periodeEnClairGenerationMode\":\"AUTOMATIQUE\",\"indicationsPeriode\":[{\"elementReferenceType\":\"IndicationPeriode\",\"id\":416},{\"elementReferenceType\":\"IndicationPeriode\",\"id\":418},{\"elementReferenceType\":\"IndicationPeriode\",\"id\":436}],\"periodesOuvertures\":[{\"identifiant\":39831364,\"dateDebut\":\"2026-04-04\",\"dateFin\":\"2026-05-31\",\"complementHoraire\":{\"libelleFr\":\"Ouvert les mercredis, week-ends, jours f\\u00e9ri\\u00e9s et tous les jours pendant les vacances scolaires\\r\\nDernier d\\u00e9part \\u00e0 17h\"},\"horaireOuverture\":\"13:00:00\",\"horaireFermeture\":\"19:00:00\",\"type\":\"OUVERTURE_TOUS_LES_JOURS\",\"tousLesAns\":false,\"identifiantTechnique\":39846086,\"horaires\":[{\"id\":4503577,\"type\":{\"elementReferenceType\":\"HoraireType\",\"id\":7487},\"timePeriods\":[{\"id\":4989270,\"closed\":false,\"timeFrames\":[{\"id\":4939211,\"startTime\":\"13:00\",\"endTime\":\"19:00\"}]}]}]},{\"identifiant\":39831405,\"dateDebut\":\"2026-06-01\",\"dateFin\":\"2026-07-05\",\"complementHoraire\":{\"libelleFr\":\"Dernier d\\u00e9part \\u00e0 17h.\\r\\nDernier d\\u00e9part (parcours enfant et bambin) 17h30\"},\"horaireOuverture\":\"10:00:00\",\"horaireFermeture\":\"19:00:00\",\"type\":\"OUVERTURE_SEMAINE\",\"tousLesAns\":false,\"ouverturesJournalieres\":[{\"jour\":\"MERCREDI\"},{\"jour\":\"SAMEDI\"},{\"jour\":\"DIMANCHE\"}],\"identifiantTechnique\":39846087,\"horaires\":[{\"id\":4503578,\"type\":{\"elementReferenceType\":\"HoraireType\",\"id\":7487},\"timePeriods\":[{\"id\":4989271,\"closed\":false,\"weekdays\":[\"SUN\",\"SAT\",\"WED\"],\"timeFrames\":[{\"id\":4939212,\"startTime\":\"10:00\",\"endTime\":\"19:00\"}]}]}]},{\"identifiant\":39831445,\"dateDebut\":\"2026-07-06\",\"dateFin\":\"2026-08-30\",\"complementHoraire\":{\"libelleFr\":\"Dernier d\\u00e9part \\u00e0 17h.\\r\\nDernier d\\u00e9part (parcours enfant et bambin) 17h30\"},\"horaireOuverture\":\"10:00:00\",\"horaireFermeture\":\"19:00:00\",\"type\":\"OUVERTURE_TOUS_LES_JOURS\",\"tousLesAns\":false,\"identifiantTechnique\":39846088,\"horaires\":[{\"id\":4503579,\"type\":{\"elementReferenceType\":\"HoraireType\",\"id\":7487},\"timePeriods\":[{\"id\":4989272,\"closed\":false,\"weekdays\":[\"SUN\",\"TUE\",\"MON\",\"FRI\",\"HOL\",\"SAT\",\"THU\",\"WED\"],\"timeFrames\":[{\"id\":4939213,\"startTime\":\"10:00\",\"endTime\":\"19:00\"}]}]}]},{\"identifiant\":39831493,\"dateDebut\":\"2026-09-01\",\"dateFin\":\"2026-10-31\",\"complementHoraire\":{\"libelleFr\":\"Ouvert les week-ends, jours f\\u00e9ri\\u00e9s et tous les jours pendant les vacances scolaires.\\r\\nDernier d\\u00e9part \\u00e0 17h.\\r\\nDernier d\\u00e9part (parcours enfant et bambin) 17h30\\r\\nOctobre : dernier d\\u00e9part \\u00e0 16h30\"},\"horaireOuverture\":\"13:00:00\",\"horaireFermeture\":\"18:00:00\",\"type\":\"OUVERTURE_TOUS_LES_JOURS\",\"tousLesAns\":false,\"identifiantTechnique\":39846089,\"horaires\":[{\"id\":4503580,\"type\":{\"elementReferenceType\":\"HoraireType\",\"id\":7487},\"timePeriods\":[{\"id\":4989273,\"closed\":false,\"timeFrames\":[{\"id\":4939214,\"startTime\":\"13:00\",\"endTime\":\"18:00\"}]}]}]}],\"ouverturesComplementaires\":[{\"elementReferenceType\":\"OuvertureComplementaire\",\"id\":4188}]},\"Latitude\":45.68092299999999994497557054273784160614013671875,\"Longitude\":6.340211000000000041154635255225002765655517578125,\"COMMUNE\":\"Mercury\",\"TypesClienteles\":[\"Holiday Camps Home\",\"Hen\\\/stag party group\",\"Home school groups\",\"For beginners \\\/ novice\",\"Walkers\\\/hikers\",\"Children\",\"Mountain bikers\",\"For athletes\",\"Birthday group\",\"Teenagers\",\"Specially for children\",\"Groups\",\"Welcome for business\\\/incentive groups\"],\"codeUI\":\"CA-ADOC-135554-60133\",\"TypeActivite\":\"Sporting activities\",\"critInternes\":[\"EXPORT WEB\",\"Partenaire\",\"option_aventure\",\"parcs_aventure\",\"Place de march\\u00e9\",\"Activit\\u00e9s sport nature\",\"Micro-aventure\",\"Partenaire_2026\"]},\"35205\":{\"presentation\":{\"descriptifCourt\":{\"libelleFr\":\"Profitez du pass Pr\\u00e9ludes de Gy et vivez 3 soir\\u00e9es d\\u2019exception : Brel en 1000 temps, Pierre Tourniaire et Les mots d\\u2019Oli. Trois univers, trois \\u00e9motions, \\u00e0 Gy, pour un moment culturel intense \\u00e0 prix avantageux.\"},\"descriptifDetaille\":{\"libelleFr\":\"Avec Les Pr\\u00e9ludes de Gy, la Ferme de Gy propose trois soir\\u00e9es intimistes o\\u00f9 musique et texte se rencontrent dans un cadre patrimonial d\\u2019exception, entre lac d\\u2019Annecy et Mont-Blanc. \\r\\nPens\\u00e9 comme un cycle sensible et accessible \\u00e0 tous, ce pass permet de vivre l\\u2019ensemble de la programmation et de d\\u00e9couvrir l\\u2019esprit du lieu \\u00e0 travers trois propositions artistiques compl\\u00e9mentaires.\\r\\nLa premi\\u00e8re soir\\u00e9e, \\u00ab Brel en 1000 temps \\u00bb, r\\u00e9unit le com\\u00e9dien Alain Carr\\u00e9 et l\\u2019accord\\u00e9oniste virtuose Dimitri Bouclier pour une relecture po\\u00e9tique de Jacques Brel, o\\u00f9 les textes prennent une dimension nouvelle, port\\u00e9s par la voix et la musique.\\r\\nLa deuxi\\u00e8me soir\\u00e9e accueille Pierre Tourniaire en r\\u00e9cital, entour\\u00e9 d\\u2019un piano d\\u00e9licat (Paul Ketterer) et d\\u2019une contrebasse chaleureuse (Claude Millet). Dans l\\u2019atmosph\\u00e8re feutr\\u00e9e de la Ferme de Gy, la voix se d\\u00e9ploie avec sobri\\u00e9t\\u00e9 et \\u00e9motion.\\r\\nEnfin, \\u00ab Les mots d\\u2019Oli \\u00bb cl\\u00f4t le cycle avec un spectacle m\\u00ealant po\\u00e9sie et musique, o\\u00f9 les textes d\\u2019Olivier Dodane prennent vie gr\\u00e2ce aux com\\u00e9diennes, Am\\u00e9lie Adam et C\\u00e9cile Montillet, et au piano de Paul Ketterer.\\r\\nChaque soir\\u00e9e se prolonge par une rencontre avec les artistes autour d\\u2019un verre.\\r\\nUn pass pour traverser ces trois parenth\\u00e8ses musicales et po\\u00e9tiques, dans l\\u2019\\u00e9coute et la proximit\\u00e9.\"}},\"prestations\":{\"animauxAcceptes\":\"NON_ACCEPTES\",\"animauxAcceptesSupplement\":\"NON_DISPONIBLE\",\"languesParlees\":[{\"elementReferenceType\":\"Langue\",\"id\":1197}],\"surchargeTourismesAdaptes\":true,\"surchargeDescriptifHandicapMoteur\":true,\"surchargeDescriptifHandicapAuditif\":true,\"surchargeDescriptifHandicapVisuel\":true,\"surchargeDescriptifHandicapMental\":true,\"surchargeNombreFauteuilsRoulants\":true,\"tailleGroupeMax\":100},\"ouverture\":{\"periodeEnClair\":{\"libelleFr\":\"Vendredi 13 mars 2026 de 20h \\u00e0 21h30.\\nSpectacle : Brel en 1000 temps.\\n\\nVendredi 27 mars 2026 de 20h \\u00e0 21h30.\\nSpectacle : Pierre Tourniaire et Paul Ketterer.\\n\\nJeudi 30 avril 2026 de 20h \\u00e0 21h30.\\nSpectacle : Les mots d\\u0027Oli.\",\"libelleEn\":\"Friday 13 March 2026 between 8 pm and 9.30 pm.\\n\\nFriday 27 March 2026 between 8 pm and 9.30 pm.\\n\\nThursday 30 April 2026 between 8 pm and 9.30 pm.\",\"libelleEs\":\"Viernes, 13 de marzo de 2026 de 20 a 21:30.\\n\\nViernes, 27 de marzo de 2026 de 20 a 21:30.\\n\\nJueves, 30 de abril de 2026 de 20 a 21:30.\",\"libelleIt\":\"Venerd\\u00ec 13 marzo 2026 dalle 20 alle 21:30.\\n\\nVenerd\\u00ec 27 marzo 2026 dalle 20 alle 21:30.\\n\\nGioved\\u00ec 30 aprile 2026 dalle 20 alle 21:30.\",\"libelleDe\":\"Freitag, den 13. M\\u00e4rz 2026 von 20 Uhr bis 21.30 Uhr.\\n\\nFreitag, den 27. M\\u00e4rz 2026 von 20 Uhr bis 21.30 Uhr.\\n\\nDonnerstag, den 30. April 2026 von 20 Uhr bis 21.30 Uhr.\",\"libelleNl\":\"Vrijdag 13 maart 2026 van 20.00 tot 21.30 u.\\n\\nVrijdag 27 maart 2026 van 20.00 tot 21.30 u.\\n\\nDonderdag 30 april 2026 van 20.00 tot 21.30 u.\",\"libelleRu\":\"\\u041f\\u044f\\u0442\\u043d\\u0438\\u0446\\u0430 13 \\u043c\\u0430\\u0440\\u0442\\u0430 2026  \\u0441 20h \\u0434\\u043e 21h30.\\n\\n\\u041f\\u044f\\u0442\\u043d\\u0438\\u0446\\u0430 27 \\u043c\\u0430\\u0440\\u0442\\u0430 2026  \\u0441 20h \\u0434\\u043e 21h30.\\n\\n\\u0427\\u0435\\u0442\\u0432\\u0435\\u0440\\u0433 30 \\u0430\\u043f\\u0440\\u0435\\u043b\\u044f 2026  \\u0441 20h \\u0434\\u043e 21h30.\",\"libelleZh\":\"2026\\u5e743\\u670813\\u65e5, \\u661f\\u671f\\u4e94   \\u5c0f\\u65f6\\u5c0f\\u65f6 \\u548c \\u5c0f\\u65f6\\u5c0f\\u65f6\\u5206\\u949f  \\u4e4b\\u95f4.\\n\\n2026\\u5e743\\u670827\\u65e5, \\u661f\\u671f\\u4e94   \\u5c0f\\u65f6\\u5c0f\\u65f6 \\u548c \\u5c0f\\u65f6\\u5c0f\\u65f6\\u5206\\u949f  \\u4e4b\\u95f4.\\n\\n2026\\u5e744\\u670830\\u65e5, \\u661f\\u671f\\u56db   \\u5c0f\\u65f6\\u5c0f\\u65f6 \\u548c \\u5c0f\\u65f6\\u5c0f\\u65f6\\u5206\\u949f  \\u4e4b\\u95f4.\",\"libellePtBR\":\"Sexta-feira 13 mar\\u00e7o 2026 de 20h a\\u00a0 21h30.\\n\\nSexta-feira 27 mar\\u00e7o 2026 de 20h a\\u00a0 21h30.\\n\\nQuinta-feira 30 abril 2026 de 20h a\\u00a0 21h30.\",\"libelleJa\":\"\\u91d1\\u66dc\\u65e5 13 3\\u6708 2026 8 \\u5348\\u5f8c \\u3068 9.30 \\u5348\\u5f8c \\u306e\\u9593.\\n\\n\\u91d1\\u66dc\\u65e5 27 3\\u6708 2026 8 \\u5348\\u5f8c \\u3068 9.30 \\u5348\\u5f8c \\u306e\\u9593.\\n\\n\\u6728\\u66dc\\u65e5 30 4\\u6708 2026 8 \\u5348\\u5f8c \\u3068 9.30 \\u5348\\u5f8c \\u306e\\u9593.\",\"libelleKo\":\"\\uae08\\uc694\\uc77c 13 3\\uc6d4 02026 20h \\uc5d0\\uc11c 21h30 \\uae4c\\uc9c0.\\n\\n\\uae08\\uc694\\uc77c 27 3\\uc6d4 02026 20h \\uc5d0\\uc11c 21h30 \\uae4c\\uc9c0.\\n\\n\\ubaa9\\uc694\\uc77c 30 4\\uc6d4 02026 20h \\uc5d0\\uc11c 21h30 \\uae4c\\uc9c0.\"},\"periodeEnClairGenerationMode\":\"AUTOMATIQUE\",\"indicationsPeriode\":[{\"elementReferenceType\":\"IndicationPeriode\",\"id\":435},{\"elementReferenceType\":\"IndicationPeriode\",\"id\":436}],\"periodesOuvertures\":[{\"identifiant\":39370213,\"dateDebut\":\"2026-03-13\",\"dateFin\":\"2026-03-13\",\"complementHoraire\":{\"libelleFr\":\"Spectacle : Brel en 1000 temps\"},\"horaireOuverture\":\"20:00:00\",\"horaireFermeture\":\"21:30:00\",\"type\":\"OUVERTURE_TOUS_LES_JOURS\",\"tousLesAns\":false,\"identifiantTechnique\":39707325,\"horaires\":[{\"id\":4370928,\"type\":{\"elementReferenceType\":\"HoraireType\",\"id\":7487},\"timePeriods\":[{\"id\":4835437,\"closed\":false,\"weekdays\":[\"FRI\"],\"timeFrames\":[{\"id\":4801471,\"startTime\":\"20:00\",\"endTime\":\"21:30\"}]}]}]},{\"identifiant\":39370252,\"dateDebut\":\"2026-03-27\",\"dateFin\":\"2026-03-27\",\"complementHoraire\":{\"libelleFr\":\"Spectacle : Pierre Tourniaire et Paul Ketterer\"},\"horaireOuverture\":\"20:00:00\",\"horaireFermeture\":\"21:30:00\",\"type\":\"OUVERTURE_TOUS_LES_JOURS\",\"tousLesAns\":false,\"identifiantTechnique\":39707326,\"horaires\":[{\"id\":4370929,\"type\":{\"elementReferenceType\":\"HoraireType\",\"id\":7487},\"timePeriods\":[{\"id\":4835438,\"closed\":false,\"weekdays\":[\"FRI\"],\"timeFrames\":[{\"id\":4801472,\"startTime\":\"20:00\",\"endTime\":\"21:30\"}]}]}]},{\"identifiant\":39370197,\"dateDebut\":\"2026-04-30\",\"dateFin\":\"2026-04-30\",\"complementHoraire\":{\"libelleFr\":\"Spectacle : Les mots d\\u0027Oli\"},\"horaireOuverture\":\"20:00:00\",\"horaireFermeture\":\"21:30:00\",\"type\":\"OUVERTURE_TOUS_LES_JOURS\",\"tousLesAns\":false,\"identifiantTechnique\":39707327,\"horaires\":[{\"id\":4370930,\"type\":{\"elementReferenceType\":\"HoraireType\",\"id\":7487},\"timePeriods\":[{\"id\":4835439,\"closed\":false,\"weekdays\":[\"THU\"],\"timeFrames\":[{\"id\":4801473,\"startTime\":\"20:00\",\"endTime\":\"21:30\"}]}]}]}],\"dureeSeance\":90},\"Latitude\":45.75094299999999947203832562081515789031982421875,\"Longitude\":6.247673999999999949750417727045714855194091796875,\"COMMUNE\":\"Giez\",\"codeUI\":\"CA-ADOC-135286-59348\",\"critInternes\":[\"Place de march\\u00e9\",\"Billeterie\",\"offres_du_moment\"]},\"35194\":{\"presentation\":{\"descriptifCourt\":{\"libelleFr\":\"Les mots d\\u2019Oli est un spectacle po\\u00e9tique et vibrant o\\u00f9 les textes sensibles d\\u2019Olivier Dodane rencontrent la musique de Paul Ketterer. Port\\u00e9 par Am\\u00e9lie Adam et C\\u00e9cile Montillet, le verbe devient souffle et \\u00e9motion.\"},\"descriptifDetaille\":{\"libelleFr\":\"Les mots d\\u2019Oli est un spectacle d\\u00e9licat et profond\\u00e9ment vibrant, o\\u00f9 la po\\u00e9sie devient souffle, pr\\u00e9sence et mati\\u00e8re vivante. Les textes sensibles et inspir\\u00e9s d\\u2019Olivier Dodane se d\\u00e9ploient dans un \\u00e9crin musical compos\\u00e9 par Paul Ketterer, cr\\u00e9ant une atmosph\\u00e8re sonore qui invite \\u00e0 l\\u2019\\u00e9coute et \\u00e0 l\\u2019\\u00e9motion.\\r\\n\\r\\nSur sc\\u00e8ne, Am\\u00e9lie Adam et C\\u00e9cile Montillet incarnent les mots avec justesse et intensit\\u00e9. Leur pr\\u00e9sence habit\\u00e9e donne corps au verbe, oscillant entre douceur et puissance, laissant affleurer les \\u00e9motions les plus subtiles comme les plus profondes.\\r\\n\\r\\nLa musique et la po\\u00e9sie s\\u2019entrelacent avec finesse, sans jamais se contraindre, pour offrir au spectateur un v\\u00e9ritable voyage int\\u00e9rieur. Chaque texte r\\u00e9sonne, port\\u00e9 par une musicalit\\u00e9 qui en amplifie la port\\u00e9e sensible.\\r\\n\\r\\nLes mots d\\u2019Oli est une parenth\\u00e8se po\\u00e9tique \\u00e0 vivre pleinement, un moment rare o\\u00f9 le verbe et la musique se rencontrent pour toucher l\\u2019\\u00e2me et laisser une empreinte durable.\"}},\"prestations\":{\"animauxAcceptes\":\"NON_ACCEPTES\",\"animauxAcceptesSupplement\":\"NON_DISPONIBLE\",\"languesParlees\":[{\"elementReferenceType\":\"Langue\",\"id\":1197}],\"surchargeTourismesAdaptes\":true,\"surchargeDescriptifHandicapMoteur\":true,\"surchargeDescriptifHandicapAuditif\":true,\"surchargeDescriptifHandicapVisuel\":true,\"surchargeDescriptifHandicapMental\":true,\"surchargeNombreFauteuilsRoulants\":true},\"ouverture\":{\"periodeEnClair\":{\"libelleFr\":\"Jeudi 30 avril 2026 de 20h \\u00e0 21h30.\",\"libelleEn\":\"Thursday 30 April 2026 between 8 pm and 9.30 pm.\",\"libelleEs\":\"Jueves, 30 de abril de 2026 de 20 a 21:30.\",\"libelleIt\":\"Gioved\\u00ec 30 aprile 2026 dalle 20 alle 21:30.\",\"libelleDe\":\"Donnerstag, den 30. April 2026 von 20 Uhr bis 21.30 Uhr.\",\"libelleNl\":\"Donderdag 30 april 2026 van 20.00 tot 21.30 u.\",\"libelleRu\":\"\\u0427\\u0435\\u0442\\u0432\\u0435\\u0440\\u0433 30 \\u0430\\u043f\\u0440\\u0435\\u043b\\u044f 2026  \\u0441 20h \\u0434\\u043e 21h30.\",\"libelleZh\":\"2026\\u5e744\\u670830\\u65e5, \\u661f\\u671f\\u56db   \\u5c0f\\u65f6\\u5c0f\\u65f6 \\u548c \\u5c0f\\u65f6\\u5c0f\\u65f6\\u5206\\u949f  \\u4e4b\\u95f4.\",\"libellePtBR\":\"Quinta-feira 30 abril 2026 de 20h a\\u00a0 21h30.\",\"libelleJa\":\"\\u6728\\u66dc\\u65e5 30 4\\u6708 2026 8 \\u5348\\u5f8c \\u3068 9.30 \\u5348\\u5f8c \\u306e\\u9593.\",\"libelleKo\":\"\\ubaa9\\uc694\\uc77c 30 4\\uc6d4 02026 20h \\uc5d0\\uc11c 21h30 \\uae4c\\uc9c0.\"},\"periodeEnClairGenerationMode\":\"AUTOMATIQUE\",\"indicationsPeriode\":[{\"elementReferenceType\":\"IndicationPeriode\",\"id\":436}],\"periodesOuvertures\":[{\"identifiant\":39324118,\"dateDebut\":\"2026-04-30\",\"dateFin\":\"2026-04-30\",\"horaireOuverture\":\"20:00:00\",\"horaireFermeture\":\"21:30:00\",\"type\":\"OUVERTURE_TOUS_LES_JOURS\",\"tousLesAns\":false,\"identifiantTechnique\":39369833,\"horaires\":[{\"id\":4044243,\"type\":{\"elementReferenceType\":\"HoraireType\",\"id\":7487},\"timePeriods\":[{\"id\":4456131,\"closed\":false,\"timeFrames\":[{\"id\":4458766,\"startTime\":\"20:00\",\"endTime\":\"21:30\"}]}]}]}],\"dureeSeance\":90},\"Latitude\":45.75094299999999947203832562081515789031982421875,\"Longitude\":6.247673999999999949750417727045714855194091796875,\"COMMUNE\":\"Giez\",\"codeUI\":\"CA-ADOC-135286-59366\",\"critInternes\":[\"Place de march\\u00e9\",\"Billeterie\",\"offres_du_moment\"]},\"35616\":{\"presentation\":{\"descriptifCourt\":{\"libelleFr\":\"Entre amis, en famille ou lors d\\u2019une sortie scolaire, profitez d\\u2019un parcours ludique qui mettra \\u00e0 l\\u2019\\u00e9preuve votre adresse et votre sens de la strat\\u00e9gie. Le mini-golf est l\\u2019activit\\u00e9 id\\u00e9ale pour partager un moment convivial.\"},\"descriptifDetaille\":{\"libelleFr\":\"En arrivant sur place, on vous remet un club adapt\\u00e9 \\u00e0 votre taille, une balle color\\u00e9e et une fiche de score pour noter vos points. Apr\\u00e8s quelques explications rapides des r\\u00e8gles, vous partez sur le parcours et avancez piste apr\\u00e8s piste, chacun votre tour.\\r\\n\\r\\nLe but ? Faire entrer la balle dans le trou en un minimum de coups, tout en \\u00e9vitant les obstacles amusants et les d\\u00e9nivel\\u00e9s du parcours. Chaque joueur compte ses points, et c\\u2019est souvent l\\u2019occasion de petites rivalit\\u00e9s amicales et de grands \\u00e9clats de rire.\\r\\n\\r\\nLa partie dure en moyenne entre 45 minutes et 1h30 selon le nombre de participants et le rythme du jeu. \\u00c0 la fin du parcours, on fait les comptes et on d\\u00e9signe le grand gagnant\\u2026 mais le vrai plaisir reste de partager un moment convivial dans un cadre naturel exceptionnel, au c\\u0153ur du Fort de Tami\\u00e9.\"}},\"prestations\":{\"animauxAcceptes\":\"NON_ACCEPTES\",\"animauxAcceptesSupplement\":\"NON_DISPONIBLE\",\"languesParlees\":[{\"elementReferenceType\":\"Langue\",\"id\":1192},{\"elementReferenceType\":\"Langue\",\"id\":1197}],\"surchargeTourismesAdaptes\":true,\"surchargeDescriptifHandicapMoteur\":true,\"surchargeDescriptifHandicapAuditif\":true,\"surchargeDescriptifHandicapVisuel\":true,\"surchargeDescriptifHandicapMental\":true,\"surchargeNombreFauteuilsRoulants\":true},\"ouverture\":{\"periodeEnClair\":{\"libelleFr\":\"Du 01\\\/04 au 31\\\/10\\\/2026.\\nD\\u0027avril \\u00e0 mai de 13h \\u00e0 19h  : mercredi\\\/week-end\\\/vacances scolaires\\\/ jours f\\u00e9ri\\u00e9s\\r\\nJuin de 10h \\u00e0 19h : mercredi\\\/week-end\\\/vacances scolaires\\\/ jours f\\u00e9ri\\u00e9s\\r\\nJuillet\\\/ao\\u00fbt de 10h \\u00e0 19h : tous les jours\\r\\nSeptembre de 10h \\u00e0 19h : mercredi\\\/week-end\\r\\nOctobre de 13h \\u00e0 18h : week-end\\\/vacances scolaires.\",\"libelleEn\":\"From 01\\\/04 to 31\\\/10\\\/2026.\",\"libelleEs\":\"Del 01\\\/04 al 31\\\/10\\\/2026.\",\"libelleIt\":\"Dal 01\\\/04 al 31\\\/10\\\/2026.\",\"libelleDe\":\"Vom 01\\\/04 bis 31\\\/10\\\/2026.\",\"libelleNl\":\"Van 01\\\/04 tot en met 31\\\/10\\\/2026.\",\"libelleRu\":\"\\u0421 01\\\/04 \\u0434\\u043e 31\\\/10\\\/2026.\",\"libelleZh\":\"\\u4ece 4\\u67081\\u65e5 \\u5230 2026\\u5e7410\\u670831\\u65e5.\",\"libellePtBR\":\"De 01\\\/04 a 31\\\/10\\\/2026.\",\"libelleJa\":\"01\\\/04 \\u304b\\u3089 31\\\/10\\\/2026 \\u307e\\u3067.\",\"libelleKo\":\"01\\\/04 \\uc77c\\ubd80\\ud130 31\\\/10\\\/2026 \\uc77c\\uae4c\\uc9c0.\"},\"periodeEnClairGenerationMode\":\"AUTOMATIQUE\",\"indicationsPeriode\":[{\"elementReferenceType\":\"IndicationPeriode\",\"id\":416},{\"elementReferenceType\":\"IndicationPeriode\",\"id\":418},{\"elementReferenceType\":\"IndicationPeriode\",\"id\":436}],\"periodesOuvertures\":[{\"identifiant\":39478375,\"dateDebut\":\"2026-04-01\",\"dateFin\":\"2026-10-31\",\"complementHoraire\":{\"libelleFr\":\"D\\u0027avril \\u00e0 mai de 13h \\u00e0 19h  : mercredi\\\/week-end\\\/vacances scolaires\\\/ jours f\\u00e9ri\\u00e9s\\r\\nJuin de 10h \\u00e0 19h : mercredi\\\/week-end\\\/vacances scolaires\\\/ jours f\\u00e9ri\\u00e9s\\r\\nJuillet\\\/ao\\u00fbt de 10h \\u00e0 19h : tous les jours\\r\\nSeptembre de 10h \\u00e0 19h : mercredi\\\/week-end\\r\\nOctobre de 13h \\u00e0 18h : week-end\\\/vacances scolaires\"},\"type\":\"OUVERTURE_TOUS_LES_JOURS\",\"tousLesAns\":false,\"identifiantTechnique\":39831646,\"horaires\":[{\"id\":4489395,\"type\":{\"elementReferenceType\":\"HoraireType\",\"id\":7487},\"timePeriods\":[{\"id\":4972770,\"closed\":false}]}]}],\"dureeSeance\":90},\"Latitude\":45.676793000000003530658432282507419586181640625,\"Longitude\":6.3247289999999996013002601102925837039947509765625,\"COMMUNE\":\"Mercury\",\"codeUI\":\"CA-ADOC-135554-59699\",\"TypeActivite\":\"Activit\\u00e9s sportives\",\"critInternes\":[\"Place de march\\u00e9\",\"Activit\\u00e9s sport nature\"]},\"29238\":{\"presentation\":{\"descriptifCourt\":{\"libelleFr\":\"Embarquez \\u00e0 bord de l\\u0027Esp\\u00e9rance III, bateau \\u00e0 voiles latines pour naviguer sur le lac d\\u0027Annecy puis explorer la R\\u00e9serve Naturelle du Bout-du-Lac.\\r\\n1h30 de navigation et 1h30 de visite de la R\\u00e9serve Naturelle du Bout-du-Lac.\",\"libelleEn\":\"Board the lateen coaster l\\u0027Esp\\u00e9rance III to sail on lake Annecy and then, explore the Bout du lac Nature Reserve by foot. \\r\\n1h30 sailing and 1h30 guided visit of the Nature Reserve.\"},\"descriptifDetaille\":{\"libelleFr\":\"Accompagn\\u00e9 d\\u0027un animateur nature du Conservatoire d\\u0027Espaces Naturels, partez \\u00e0 la d\\u00e9couverte de la r\\u00e9serve naturelle du Bout du Lac \\u00e0 Doussard et laissez-vous guider \\u00e0 travers les roseli\\u00e8res. Une occasion r\\u00eav\\u00e9e d\\u0027en savoir plus sur \\u00e0 la flore et la faune sauvage peuplant ce milieu naturel. \\r\\n\\r\\nApr\\u00e8s 1h30 de balade, l\\u0027\\u00e9quipage vous fera embarquer pour une exp\\u00e9rience lacustre hors du temps, toujours avec les commentaires de votre guide nature qui se fera un plaisir de vous parler des esp\\u00e8ces v\\u00e9g\\u00e9tales et sauvages environnantes ainsi que des curiosit\\u00e9s diverses du lac.\\r\\n\\r\\nA pr\\u00e9voir : chaussures de marche, eau, cr\\u00e8me solaire, chapeau. Les poussettes sont interdites \\u00e0 bord.\",\"libelleEn\":\"Accompanied with a nature guide from the Conservatoire d\\u0027Espaces Naturels, go for a discovery of Bout du lac Nature Reserve in Doussard and let them take you through the reedbeds. The perfect opportunity to learn more about the wild fauna and flora inhabiting this natural environment. \\r\\n\\r\\nAfter a 1h30 guided stroll, the crew will let you board l\\u0027Esp\\u00e9rance III for a timeless experience on the lake, still with the comments of your nature guide who will take great pleasure in telling you about the wild species of the surroundings and the many curiosities of the lake.\"}},\"prestations\":{\"equipements\":[{\"elementReferenceType\":\"PrestationEquipement\",\"id\":6061},{\"elementReferenceType\":\"PrestationEquipement\",\"id\":1321},{\"elementReferenceType\":\"PrestationEquipement\",\"id\":1100}],\"animauxAcceptes\":\"NON_ACCEPTES\",\"animauxAcceptesSupplement\":\"NON_DISPONIBLE\",\"languesParlees\":[{\"elementReferenceType\":\"Langue\",\"id\":1197}],\"tourismesAdaptes\":[{\"elementReferenceType\":\"TourismeAdapte\",\"id\":3653}],\"surchargeTourismesAdaptes\":true,\"surchargeDescriptifHandicapMoteur\":true,\"surchargeDescriptifHandicapAuditif\":true,\"surchargeDescriptifHandicapVisuel\":true,\"surchargeDescriptifHandicapMental\":true,\"nombrePersonnesEnFauteuilRoulantAccueilliesSimultanement\":2,\"surchargeNombreFauteuilsRoulants\":true,\"tailleGroupeMax\":30,\"ageMin\":48,\"uniteAgeMin\":\"ANNEE\"},\"ouverture\":{\"periodeEnClair\":{\"libelleFr\":\"Jeudi 9 juillet 2026 de 9h \\u00e0 12h.\\n\\nJeudi 16 juillet 2026 de 9h \\u00e0 12h.\\n\\nJeudi 23 juillet 2026 de 9h \\u00e0 12h.\\n\\nJeudi 30 juillet 2026 de 9h \\u00e0 12h.\\n\\nJeudi 6 ao\\u00fbt 2026 de 9h \\u00e0 12h.\\n\\nJeudi 13 ao\\u00fbt 2026 de 9h \\u00e0 12h.\\n\\nJeudi 20 ao\\u00fbt 2026 de 9h \\u00e0 12h.\",\"libelleEn\":\"Thursday 9 July 2026 between 9 am and 12 pm.\\n\\nThursday 16 July 2026 between 9 am and 12 pm.\\n\\nThursday 23 July 2026 between 9 am and 12 pm.\\n\\nThursday 30 July 2026 between 9 am and 12 pm.\\n\\nThursday 6 August 2026 between 9 am and 12 pm.\\n\\nThursday 13 August 2026 between 9 am and 12 pm.\\n\\nThursday 20 August 2026 between 9 am and 12 pm.\",\"libelleEs\":\"Jueves, 9 de julio de 2026 de 9 a 12.\\n\\nJueves, 16 de julio de 2026 de 9 a 12.\\n\\nJueves, 23 de julio de 2026 de 9 a 12.\\n\\nJueves, 30 de julio de 2026 de 9 a 12.\\n\\nJueves, 6 de agosto de 2026 de 9 a 12.\\n\\nJueves, 13 de agosto de 2026 de 9 a 12.\\n\\nJueves, 20 de agosto de 2026 de 9 a 12.\",\"libelleIt\":\"Gioved\\u00ec 9 luglio 2026 dalle 9 alle 12.\\n\\nGioved\\u00ec 16 luglio 2026 dalle 9 alle 12.\\n\\nGioved\\u00ec 23 luglio 2026 dalle 9 alle 12.\\n\\nGioved\\u00ec 30 luglio 2026 dalle 9 alle 12.\\n\\nGioved\\u00ec 6 agosto 2026 dalle 9 alle 12.\\n\\nGioved\\u00ec 13 agosto 2026 dalle 9 alle 12.\\n\\nGioved\\u00ec 20 agosto 2026 dalle 9 alle 12.\",\"libelleDe\":\"Donnerstag, den 9. Juli 2026 von 9 Uhr bis 12 Uhr.\\n\\nDonnerstag, den 16. Juli 2026 von 9 Uhr bis 12 Uhr.\\n\\nDonnerstag, den 23. Juli 2026 von 9 Uhr bis 12 Uhr.\\n\\nDonnerstag, den 30. Juli 2026 von 9 Uhr bis 12 Uhr.\\n\\nDonnerstag, den 6. August 2026 von 9 Uhr bis 12 Uhr.\\n\\nDonnerstag, den 13. August 2026 von 9 Uhr bis 12 Uhr.\\n\\nDonnerstag, den 20. August 2026 von 9 Uhr bis 12 Uhr.\",\"libelleNl\":\"Donderdag 9 juli 2026 van 9.00 tot 12.00 u.\\n\\nDonderdag 16 juli 2026 van 9.00 tot 12.00 u.\\n\\nDonderdag 23 juli 2026 van 9.00 tot 12.00 u.\\n\\nDonderdag 30 juli 2026 van 9.00 tot 12.00 u.\\n\\nDonderdag 6 augustus 2026 van 9.00 tot 12.00 u.\\n\\nDonderdag 13 augustus 2026 van 9.00 tot 12.00 u.\\n\\nDonderdag 20 augustus 2026 van 9.00 tot 12.00 u.\",\"libelleRu\":\"\\u0427\\u0435\\u0442\\u0432\\u0435\\u0440\\u0433 9 \\u0438\\u044e\\u043b\\u044f 2026  \\u0441 9h \\u0434\\u043e 12h.\\n\\n\\u0427\\u0435\\u0442\\u0432\\u0435\\u0440\\u0433 16 \\u0438\\u044e\\u043b\\u044f 2026  \\u0441 9h \\u0434\\u043e 12h.\\n\\n\\u0427\\u0435\\u0442\\u0432\\u0435\\u0440\\u0433 23 \\u0438\\u044e\\u043b\\u044f 2026  \\u0441 9h \\u0434\\u043e 12h.\\n\\n\\u0427\\u0435\\u0442\\u0432\\u0435\\u0440\\u0433 30 \\u0438\\u044e\\u043b\\u044f 2026  \\u0441 9h \\u0434\\u043e 12h.\\n\\n\\u0427\\u0435\\u0442\\u0432\\u0435\\u0440\\u0433 6 \\u0430\\u0432\\u0433\\u0443\\u0441\\u0442\\u0430 2026  \\u0441 9h \\u0434\\u043e 12h.\\n\\n\\u0427\\u0435\\u0442\\u0432\\u0435\\u0440\\u0433 13 \\u0430\\u0432\\u0433\\u0443\\u0441\\u0442\\u0430 2026  \\u0441 9h \\u0434\\u043e 12h.\\n\\n\\u0427\\u0435\\u0442\\u0432\\u0435\\u0440\\u0433 20 \\u0430\\u0432\\u0433\\u0443\\u0441\\u0442\\u0430 2026  \\u0441 9h \\u0434\\u043e 12h.\",\"libelleZh\":\"2026\\u5e747\\u67089\\u65e5, \\u661f\\u671f\\u56db   \\u5c0f\\u65f6\\u5c0f\\u65f6 \\u548c \\u5c0f\\u65f6\\u5c0f\\u65f6 \\u4e4b\\u95f4.\\n\\n2026\\u5e747\\u670816\\u65e5, \\u661f\\u671f\\u56db   \\u5c0f\\u65f6\\u5c0f\\u65f6 \\u548c \\u5c0f\\u65f6\\u5c0f\\u65f6 \\u4e4b\\u95f4.\\n\\n2026\\u5e747\\u670823\\u65e5, \\u661f\\u671f\\u56db   \\u5c0f\\u65f6\\u5c0f\\u65f6 \\u548c \\u5c0f\\u65f6\\u5c0f\\u65f6 \\u4e4b\\u95f4.\\n\\n2026\\u5e747\\u670830\\u65e5, \\u661f\\u671f\\u56db   \\u5c0f\\u65f6\\u5c0f\\u65f6 \\u548c \\u5c0f\\u65f6\\u5c0f\\u65f6 \\u4e4b\\u95f4.\\n\\n2026\\u5e748\\u67086\\u65e5, \\u661f\\u671f\\u56db   \\u5c0f\\u65f6\\u5c0f\\u65f6 \\u548c \\u5c0f\\u65f6\\u5c0f\\u65f6 \\u4e4b\\u95f4.\\n\\n2026\\u5e748\\u670813\\u65e5, \\u661f\\u671f\\u56db   \\u5c0f\\u65f6\\u5c0f\\u65f6 \\u548c \\u5c0f\\u65f6\\u5c0f\\u65f6 \\u4e4b\\u95f4.\\n\\n2026\\u5e748\\u670820\\u65e5, \\u661f\\u671f\\u56db   \\u5c0f\\u65f6\\u5c0f\\u65f6 \\u548c \\u5c0f\\u65f6\\u5c0f\\u65f6 \\u4e4b\\u95f4.\",\"libellePtBR\":\"Quinta-feira 9 julho 2026 de 9h a\\u00a0 12h.\\n\\nQuinta-feira 16 julho 2026 de 9h a\\u00a0 12h.\\n\\nQuinta-feira 23 julho 2026 de 9h a\\u00a0 12h.\\n\\nQuinta-feira 30 julho 2026 de 9h a\\u00a0 12h.\\n\\nQuinta-feira 6 agosto 2026 de 9h a\\u00a0 12h.\\n\\nQuinta-feira 13 agosto 2026 de 9h a\\u00a0 12h.\\n\\nQuinta-feira 20 agosto 2026 de 9h a\\u00a0 12h.\",\"libelleJa\":\"\\u6728\\u66dc\\u65e5 9 7\\u6708 2026 9 \\u5348\\u524d \\u3068 12 \\u5348\\u5f8c \\u306e\\u9593.\\n\\n\\u6728\\u66dc\\u65e5 16 7\\u6708 2026 9 \\u5348\\u524d \\u3068 12 \\u5348\\u5f8c \\u306e\\u9593.\\n\\n\\u6728\\u66dc\\u65e5 23 7\\u6708 2026 9 \\u5348\\u524d \\u3068 12 \\u5348\\u5f8c \\u306e\\u9593.\\n\\n\\u6728\\u66dc\\u65e5 30 7\\u6708 2026 9 \\u5348\\u524d \\u3068 12 \\u5348\\u5f8c \\u306e\\u9593.\\n\\n\\u6728\\u66dc\\u65e5 6 8\\u6708 2026 9 \\u5348\\u524d \\u3068 12 \\u5348\\u5f8c \\u306e\\u9593.\\n\\n\\u6728\\u66dc\\u65e5 13 8\\u6708 2026 9 \\u5348\\u524d \\u3068 12 \\u5348\\u5f8c \\u306e\\u9593.\\n\\n\\u6728\\u66dc\\u65e5 20 8\\u6708 2026 9 \\u5348\\u524d \\u3068 12 \\u5348\\u5f8c \\u306e\\u9593.\",\"libelleKo\":\"\\ubaa9\\uc694\\uc77c 9 7\\uc6d4 02026 9h \\uc5d0\\uc11c 12h \\uae4c\\uc9c0.\\n\\n\\ubaa9\\uc694\\uc77c 16 7\\uc6d4 02026 9h \\uc5d0\\uc11c 12h \\uae4c\\uc9c0.\\n\\n\\ubaa9\\uc694\\uc77c 23 7\\uc6d4 02026 9h \\uc5d0\\uc11c 12h \\uae4c\\uc9c0.\\n\\n\\ubaa9\\uc694\\uc77c 30 7\\uc6d4 02026 9h \\uc5d0\\uc11c 12h \\uae4c\\uc9c0.\\n\\n\\ubaa9\\uc694\\uc77c 6 8\\uc6d4 02026 9h \\uc5d0\\uc11c 12h \\uae4c\\uc9c0.\\n\\n\\ubaa9\\uc694\\uc77c 13 8\\uc6d4 02026 9h \\uc5d0\\uc11c 12h \\uae4c\\uc9c0.\\n\\n\\ubaa9\\uc694\\uc77c 20 8\\uc6d4 02026 9h \\uc5d0\\uc11c 12h \\uae4c\\uc9c0.\"},\"periodeEnClairGenerationMode\":\"AUTOMATIQUE\",\"indicationsPeriode\":[{\"elementReferenceType\":\"IndicationPeriode\",\"id\":418}],\"periodesOuvertures\":[{\"identifiant\":35868481,\"dateDebut\":\"2026-07-09\",\"dateFin\":\"2026-07-09\",\"complementHoraire\":{},\"horaireOuverture\":\"09:00:00\",\"horaireFermeture\":\"12:00:00\",\"type\":\"OUVERTURE_TOUS_LES_JOURS\",\"tousLesAns\":false,\"identifiantTechnique\":39845100,\"horaires\":[{\"id\":4502620,\"type\":{\"elementReferenceType\":\"HoraireType\",\"id\":7487},\"timePeriods\":[{\"id\":4988174,\"closed\":false,\"weekdays\":[\"THU\"],\"timeFrames\":[{\"id\":4938201,\"startTime\":\"09:00\",\"endTime\":\"12:00\"}]}]}]},{\"identifiant\":39828827,\"dateDebut\":\"2026-07-16\",\"dateFin\":\"2026-07-16\",\"horaireOuverture\":\"09:00:00\",\"horaireFermeture\":\"12:00:00\",\"type\":\"OUVERTURE_TOUS_LES_JOURS\",\"tousLesAns\":false,\"identifiantTechnique\":39845101,\"horaires\":[{\"id\":4502621,\"type\":{\"elementReferenceType\":\"HoraireType\",\"id\":7487},\"timePeriods\":[{\"id\":4988175,\"closed\":false,\"weekdays\":[\"THU\"],\"timeFrames\":[{\"id\":4938202,\"startTime\":\"09:00\",\"endTime\":\"12:00\"}]}]}]},{\"identifiant\":39829034,\"dateDebut\":\"2026-07-23\",\"dateFin\":\"2026-07-23\",\"horaireOuverture\":\"09:00:00\",\"horaireFermeture\":\"12:00:00\",\"type\":\"OUVERTURE_TOUS_LES_JOURS\",\"tousLesAns\":false,\"identifiantTechnique\":39845102,\"horaires\":[{\"id\":4502622,\"type\":{\"elementReferenceType\":\"HoraireType\",\"id\":7487},\"timePeriods\":[{\"id\":4988176,\"closed\":false,\"weekdays\":[\"THU\"],\"timeFrames\":[{\"id\":4938203,\"startTime\":\"09:00\",\"endTime\":\"12:00\"}]}]}]},{\"identifiant\":39829050,\"dateDebut\":\"2026-07-30\",\"dateFin\":\"2026-07-30\",\"horaireOuverture\":\"09:00:00\",\"horaireFermeture\":\"12:00:00\",\"type\":\"OUVERTURE_TOUS_LES_JOURS\",\"tousLesAns\":false,\"identifiantTechnique\":39845103,\"horaires\":[{\"id\":4502623,\"type\":{\"elementReferenceType\":\"HoraireType\",\"id\":7487},\"timePeriods\":[{\"id\":4988177,\"closed\":false,\"weekdays\":[\"THU\"],\"timeFrames\":[{\"id\":4938204,\"startTime\":\"09:00\",\"endTime\":\"12:00\"}]}]}]},{\"identifiant\":39829062,\"dateDebut\":\"2026-08-06\",\"dateFin\":\"2026-08-06\",\"horaireOuverture\":\"09:00:00\",\"horaireFermeture\":\"12:00:00\",\"type\":\"OUVERTURE_TOUS_LES_JOURS\",\"tousLesAns\":false,\"identifiantTechnique\":39845104,\"horaires\":[{\"id\":4502624,\"type\":{\"elementReferenceType\":\"HoraireType\",\"id\":7487},\"timePeriods\":[{\"id\":4988178,\"closed\":false,\"weekdays\":[\"THU\"],\"timeFrames\":[{\"id\":4938205,\"startTime\":\"09:00\",\"endTime\":\"12:00\"}]}]}]},{\"identifiant\":39829289,\"dateDebut\":\"2026-08-13\",\"dateFin\":\"2026-08-13\",\"horaireOuverture\":\"09:00:00\",\"horaireFermeture\":\"12:00:00\",\"type\":\"OUVERTURE_TOUS_LES_JOURS\",\"tousLesAns\":false,\"identifiantTechnique\":39845105,\"horaires\":[{\"id\":4502625,\"type\":{\"elementReferenceType\":\"HoraireType\",\"id\":7487},\"timePeriods\":[{\"id\":4988179,\"closed\":false,\"weekdays\":[\"THU\"],\"timeFrames\":[{\"id\":4938206,\"startTime\":\"09:00\",\"endTime\":\"12:00\"}]}]}]},{\"identifiant\":39829310,\"dateDebut\":\"2026-08-20\",\"dateFin\":\"2026-08-20\",\"horaireOuverture\":\"09:00:00\",\"horaireFermeture\":\"12:00:00\",\"type\":\"OUVERTURE_TOUS_LES_JOURS\",\"tousLesAns\":false,\"identifiantTechnique\":39845106,\"horaires\":[{\"id\":4502626,\"type\":{\"elementReferenceType\":\"HoraireType\",\"id\":7487},\"timePeriods\":[{\"id\":4988180,\"closed\":false,\"weekdays\":[\"THU\"],\"timeFrames\":[{\"id\":4938207,\"startTime\":\"09:00\",\"endTime\":\"12:00\"}]}]}]}],\"dureeSeance\":180},\"Latitude\":45.7909599999999983310772222466766834259033203125,\"Longitude\":6.21655099999999993798383002285845577716827392578125,\"COMMUNE\":\"Doussard\",\"codeUI\":\"CA-ADOC-130001-59758\",\"TypeActivite\":\"Cultural activities\",\"critInternes\":[\"Place de march\\u00e9\",\"Billeterie\"]},\"35771\":{\"presentation\":{\"descriptifCourt\":{\"libelleFr\":\"S\\u00e9ances d\\u20191h \\u00e0 Plage de Doussard, au c\\u0153ur d\\u2019un cadre naturel pr\\u00e9serv\\u00e9 entre lac et montagnes. En petit groupe, renforcez votre corps en douceur dans une ambiance conviviale et profitez d\\u2019un vrai moment de bien-\\u00eatre en pleine nature.\"},\"descriptifDetaille\":{\"libelleFr\":\"Mais c\\u2019est quoi le BungyPump ?\\r\\n\\r\\nDot\\u00e9s d\\u2019un syst\\u00e8me de r\\u00e9sistance int\\u00e9gr\\u00e9e allant de 4 \\u00e0 10 kg, les b\\u00e2tons dynamiques BungyPump transforment chaque mouvement en exercice de renforcement musculaire actif.\\r\\n\\r\\nCette r\\u00e9sistance permet de solliciter intens\\u00e9ment les muscles profonds et de renforcer l\\u2019ensemble du corps tout en am\\u00e9liorant la posture et le gainage.\\r\\n\\r\\nLe haut du corps est particuli\\u00e8rement activ\\u00e9, avec un travail efficace des bras, du dos, de la sangle abdominale et des muscles posturaux profonds. \\r\\n\\r\\nLes exercices propos\\u00e9s permettent \\u00e9galement un renforcement complet du bas du corps, notamment fessiers, cuisses et muscles profonds responsables de l\\u2019\\u00e9quilibre.\\r\\n\\r\\nCe travail combin\\u00e9 am\\u00e9liore le gainage, la posture et la stabilit\\u00e9, tout en contribuant \\u00e0 tonifier la silhouette de mani\\u00e8re globale et durable.\\r\\n\\r\\nAvec Peps &#038; Smile, d\\u00e9couvrez une fa\\u00e7on diff\\u00e9rente de faire du fitness en plein air \\u00e0 Doussard : plus compl\\u00e8te, plus ludique et accessible \\u00e0 tous.\\r\\n\\r\\nINFOS PRATIQUES \\r\\n\\r\\n- Jour : les lundis \\u00e0 18h et les jeudis \\u00e0 9h\\r\\n\\r\\n- Public : adultes\\r\\n\\r\\n- Dur\\u00e9e : 1h\\r\\n\\r\\n- Niveau : accessible \\u00e0 tous\\r\\n\\r\\n- Groupe : de 3 \\u00e0 12 personnes maximum\\r\\n\\r\\n- Mat\\u00e9riel fourni : pr\\u00eat des b\\u00e2tons BungyPump et d\\u2019\\u00e9lastiques de renforcement musculaire\\r\\n\\r\\n- Lieu de rendez-vous : devant l\\u2019embarcad\\u00e8re de la plage de Doussard\\r\\n\\r\\n- Stationnement : parking \\u00e0 proximit\\u00e9\\r\\n\\r\\n- Accessible en v\\u00e9lo et bus (ligne n\\u00b0Y51 depuis la gare routi\\u00e8re d\\u2019Annecy)\\r\\n\\r\\nEQUIPEMENT CONSEILLE\\r\\n\\r\\n- Basket de sport\\r\\n\\r\\n- Tenue de sport adapt\\u00e9e \\u00e0 la m\\u00e9t\\u00e9o\\r\\n\\r\\n- Gourde d\\u0027eau\\r\\n\\r\\nInformations com\"}},\"prestations\":{\"animauxAcceptes\":\"NON_ACCEPTES\",\"animauxAcceptesSupplement\":\"NON_DISPONIBLE\",\"languesParlees\":[{\"elementReferenceType\":\"Langue\",\"id\":1192},{\"elementReferenceType\":\"Langue\",\"id\":1197}],\"complementAccueil\":{},\"surchargeTourismesAdaptes\":true,\"surchargeDescriptifHandicapMoteur\":true,\"surchargeDescriptifHandicapAuditif\":true,\"surchargeDescriptifHandicapVisuel\":true,\"surchargeDescriptifHandicapMental\":true,\"surchargeNombreFauteuilsRoulants\":true,\"nombrePersonnesMinimum\":3,\"tailleGroupeMax\":12,\"ageMin\":180,\"uniteAgeMin\":\"ANNEE\"},\"ouverture\":{\"periodeEnClair\":{\"libelleFr\":\"Toute l\\u0027ann\\u00e9e le lundi de 18h \\u00e0 19h. Le jeudi de 9h \\u00e0 10h.\",\"libelleEn\":\"All year round on Monday between 6 pm and 7 pm. On Thursday between 9 am and 10 am.\",\"libelleEs\":\"Todo el a\\u00f1o los lunes de 18 a 19. Los jueves de 9 a 10.\",\"libelleIt\":\"Tutto l\\u0027anno il luned\\u00ec dalle 18 alle 19. Il gioved\\u00ec dalle 9 alle 10.\",\"libelleDe\":\"Ganzj\\u00e4hrig jeden Montag von 18 Uhr bis 19 Uhr. Jeden Donnerstag von 9 Uhr bis 10 Uhr.\",\"libelleNl\":\"Het hele jaar op maandag van 18.00 tot 19.00 u. Op donderdag van 9.00 tot 10.00 u.\",\"libelleRu\":\"\\u0412 \\u0442\\u0435\\u0447\\u0435\\u043d\\u0438\\u0435 \\u0432\\u0441\\u0435\\u0433\\u043e \\u0433\\u043e\\u0434\\u0430 \\u043d\\u0430 \\u043f\\u043e\\u043d\\u0435\\u0434\\u0435\\u043b\\u044c\\u043d\\u0438\\u043a \\u0441 18h \\u0434\\u043e 19h. \\u041d\\u0430 \\u0447\\u0435\\u0442\\u0432\\u0435\\u0440\\u0433 \\u0441 9h \\u0434\\u043e 10h.\",\"libelleZh\":\"\\u5168\\u5e74 \\u4e0a \\u661f\\u671f\\u4e00 \\u5c0f\\u65f6\\u5c0f\\u65f6 \\u548c \\u5c0f\\u65f6\\u5c0f\\u65f6 \\u4e4b\\u95f4. \\u4e0a \\u661f\\u671f\\u56db \\u5c0f\\u65f6\\u5c0f\\u65f6 \\u548c \\u5c0f\\u65f6\\u5c0f\\u65f6 \\u4e4b\\u95f4.\",\"libellePtBR\":\"Todo o ano na segunda-feira de 18h a\\u00a0 19h. Na quinta-feira de 9h a\\u00a0 10h.\",\"libelleJa\":\"\\u30aa\\u30fc\\u30eb\\u30b7\\u30fc\\u30ba\\u30f3 \\u6708\\u66dc\\u65e5 \\u306b 6 \\u5348\\u5f8c \\u3068 7 \\u5348\\u5f8c \\u306e\\u9593. \\u6728\\u66dc\\u65e5 \\u306b 9 \\u5348\\u524d \\u3068 10 \\u5348\\u524d \\u306e\\u9593.\",\"libelleKo\":\"\\uc77c \\ub144 \\ub0b4\\ub0b4 \\uc758 \\uc6d4\\uc694\\uc77c 18h \\uc5d0\\uc11c 19h \\uae4c\\uc9c0. \\uc758 \\ubaa9\\uc694\\uc77c 9h \\uc5d0\\uc11c 10h \\uae4c\\uc9c0.\"},\"periodeEnClairGenerationMode\":\"AUTOMATIQUE\",\"indicationsPeriode\":[{\"elementReferenceType\":\"IndicationPeriode\",\"id\":416},{\"elementReferenceType\":\"IndicationPeriode\",\"id\":418},{\"elementReferenceType\":\"IndicationPeriode\",\"id\":435},{\"elementReferenceType\":\"IndicationPeriode\",\"id\":436}],\"periodesOuvertures\":[{\"identifiant\":39911084,\"dateDebut\":\"2026-01-01\",\"dateFin\":\"2026-12-31\",\"complementHoraire\":{},\"type\":\"OUVERTURE_SEMAINE\",\"tousLesAns\":true,\"ouverturesJournalieres\":[{\"jour\":\"LUNDI\"},{\"jour\":\"JEUDI\"}],\"identifiantTechnique\":39911084,\"horaires\":[{\"id\":4565436,\"type\":{\"elementReferenceType\":\"HoraireType\",\"id\":7487},\"timePeriods\":[{\"id\":5061758,\"closed\":false,\"weekdays\":[\"THU\"],\"timeFrames\":[{\"id\":5004323,\"startTime\":\"09:00\",\"endTime\":\"10:00\"}]},{\"id\":5061630,\"closed\":false,\"weekdays\":[\"MON\"],\"timeFrames\":[{\"id\":5004322,\"startTime\":\"18:00\",\"endTime\":\"19:00\"}]}]}]}],\"ouvertTouteLAnnee\":\"OUVERT_TOUTE_L_ANNEE\"},\"Latitude\":45.791550999999998339262674562633037567138671875,\"Longitude\":6.216635000000000133013600134290754795074462890625,\"COMMUNE\":\"Doussard\",\"codeUI\":\"CA-ADOC-135225-60228\",\"TypeActivite\":\"Activit\\u00e9s sportives\",\"critInternes\":[\"Place de march\\u00e9\",\"Bien-\\u00eatre\",\"Activit\\u00e9s sport nature\",\"offres_du_moment\",\"Partenaire_2026\"]},\"35678\":{\"presentation\":{\"descriptifCourt\":{\"libelleFr\":\"Notre parcours est un v\\u00e9ritable enchantement, alliant harmonieusement nature et technique. Peu importe, d\\u00e9butant ou joueur exp\\u00e9riment\\u00e9, tu te laisseras emporter par la magie du jeu en explorant les fairways et en bravant les d\\u00e9fis des obstacles d\\u2019eau.\",\"libelleEn\":\"Our course is a true delight, blending nature and technique in perfect harmony. Whether you are a beginner or an experienced player, you will be carried away by the magic of the game as you explore the fairways and take on the challenges of the water hazards.\"},\"descriptifDetaille\":{\"libelleFr\":\"L\\u2019amusement est au rendez-vous ! En haute saison, c\\u2019est la f\\u00eate au Golf des Alpes m\\u00ealant passion et convivialit\\u00e9. Chaque semaine est rythm\\u00e9e par des stages et des comp\\u00e9titions de classement, cr\\u00e9ant une ambiance vivante et anim\\u00e9e.\\r\\nRejoins nous d\\u00e8s maintenant pour profiter de moments golfiques uniques, m\\u00ealant plaisir, convivialit\\u00e9 et d\\u00e9couvertes. Les Castors t\\u2019attendent avec impatience !\"}},\"prestations\":{\"equipements\":[{\"elementReferenceType\":\"PrestationEquipement\",\"id\":972},{\"elementReferenceType\":\"PrestationEquipement\",\"id\":984},{\"elementReferenceType\":\"PrestationEquipement\",\"id\":5592}],\"services\":[{\"elementReferenceType\":\"PrestationService\",\"id\":995}],\"animauxAcceptes\":\"NON_ACCEPTES\",\"animauxAcceptesSupplement\":\"NON_DISPONIBLE\",\"languesParlees\":[{\"elementReferenceType\":\"Langue\",\"id\":1192},{\"elementReferenceType\":\"Langue\",\"id\":1197}],\"tourismesAdaptes\":[{\"elementReferenceType\":\"TourismeAdapte\",\"id\":3651}],\"surchargeTourismesAdaptes\":true,\"surchargeDescriptifHandicapMoteur\":true,\"surchargeDescriptifHandicapAuditif\":true,\"surchargeDescriptifHandicapVisuel\":true,\"surchargeDescriptifHandicapMental\":true,\"surchargeNombreFauteuilsRoulants\":true,\"typesClientele\":[{\"elementReferenceType\":\"TypeClientele\",\"id\":3735}]},\"ouverture\":{\"periodeEnClair\":{\"libelleFr\":\"Du 01\\\/01 au 31\\\/12\\\/2026 les jours f\\u00e9ri\\u00e9s et les week-ends de 9h \\u00e0 18h.\\n\\nSous r\\u00e9serve de conditions m\\u00e9t\\u00e9o favorables. Annul\\u00e9 en cas de mauvais temps.\",\"libelleEn\":\"From 01\\\/01 to 31\\\/12\\\/2026 on bank holidays and weekends between 9 am and 6 pm.\\n\\nSubject to favorable weather. Cancelled in case of bad weather.\",\"libelleEs\":\"Del 01\\\/01 al 31\\\/12\\\/2026 los festivos y fines de semana de 9 a 18.\\n\\nA reserva de buen tiempo. Cancelado en caso de mal tiempo.\",\"libelleIt\":\"Dal 01\\\/01 al 31\\\/12\\\/2026 les festivi e fine settimana dalle 9 alle 18.\\n\\nCon riserva di condizioni atmosferiche favorevoli. Annulato in caso di maltempo.\",\"libelleDe\":\"Vom 01\\\/01 bis 31\\\/12\\\/2026 die feiertagen und les Wochenenden von 9 Uhr bis 18 Uhr.\\n\\nNur bei g\\u00fcnstigen Wetterbedingungen. Storniert bei Schlechtwetter.\",\"libelleNl\":\"Van 01\\\/01 tot en met 31\\\/12\\\/2026 de feestdagen en weekends van 9.00 tot 18.00 u.\\n\\nOnder voorbehoud, van de weersomstandigheden. Afgelast in geval van slechte weersomstandigheden.\",\"libelleRu\":\"\\u0421 01\\\/01 \\u0434\\u043e 31\\\/12\\\/2026 \\u0441\\u0430\\u0439\\u0442 \\u043f\\u0440\\u0430\\u0437\\u0434\\u043d\\u0438\\u0447\\u043d\\u044b\\u0435 \\u0434\\u043d\\u0438 \\u0438 \\u0432\\u044b\\u0445\\u043e\\u0434\\u043d\\u044b\\u0435 \\u0441 9h \\u0434\\u043e 18h.\\n\\n\\u041f\\u0440\\u0438 \\u0431\\u043b\\u0430\\u0433\\u043e\\u043f\\u0440\\u0438\\u044f\\u0442\\u043d\\u044b\\u0445 \\u043f\\u043e\\u0433\\u043e\\u0434\\u043d\\u044b\\u0445 \\u0443\\u0441\\u043b\\u043e\\u0432\\u0438\\u044f\\u0445. \\u0410\\u043d\\u043d\\u0443\\u043b\\u0438\\u0440\\u0443\\u0435\\u0442\\u0441\\u044f \\u043f\\u0440\\u0438 \\u043f\\u043b\\u043e\\u0445\\u043e\\u0439 \\u043f\\u043e\\u0433\\u043e\\u0434\\u0435.\",\"libelleZh\":\"\\u4ece 1\\u67081\\u65e5 \\u5230 2026\\u5e7412\\u670831\\u65e5 les \\u94f6\\u884c\\u5047\\u65e5 \\u548c \\u5468 \\u5c0f\\u65f6\\u5c0f\\u65f6 \\u548c \\u5c0f\\u65f6\\u5c0f\\u65f6 \\u4e4b\\u95f4.\\n\\n\\u9700\\u5929\\u6c14\\u826f\\u597d. \\u6076\\u52a3\\u5929\\u6c14\\u65f6\\u53d6\\u6d88.\",\"libellePtBR\":\"De 01\\\/01 a 31\\\/12\\\/2026 em feriados e finais de semana de 9h a\\u00a0 18h.\\n\\nSob reserva de condi\\u00e7\\u00f5es metereol\\u00f3gicas favor\\u00e1veis. Cancelado em caso de mau tempo.\",\"libelleJa\":\"01\\\/01 \\u304b\\u3089 31\\\/12\\\/2026 \\u307e\\u3067 \\u516c\\u4f11\\u65e5 \\u30b6 \\u3068 \\u9031\\u672b 9 \\u5348\\u524d \\u3068 6 \\u5348\\u5f8c \\u306e\\u9593.\\n\\n\\u5929\\u5019\\u306b\\u5de6\\u53f3\\u3055\\u308c\\u307e\\u3059. \\u60aa\\u5929\\u5019\\u306e\\u5834\\u5408\\u306f\\u4e2d\\u6b62.\",\"libelleKo\":\"01\\\/01 \\uc77c\\ubd80\\ud130 31\\\/12\\\/2026 \\uc77c\\uae4c\\uc9c0 \\uc758 \\uacf5\\ud734\\uc77c \\uadf8\\ub9ac\\uace0 \\uc8fc\\ub9d0 9h \\uc5d0\\uc11c 18h \\uae4c\\uc9c0.\\n\\n\\uae30\\uc0c1 \\uc870\\uac74\\uc5d0 \\ub530\\ub77c \\ub2ec\\ub77c\\uc9c8 \\uc218 \\uc788\\uc2b5\\ub2c8\\ub2e4. \\uc545\\ucc9c\\ud6c4 \\uc2dc \\ucde8\\uc18c\\ub428.\"},\"periodeEnClairGenerationMode\":\"AUTOMATIQUE\",\"indicationsPeriode\":[{\"elementReferenceType\":\"IndicationPeriode\",\"id\":416},{\"elementReferenceType\":\"IndicationPeriode\",\"id\":418},{\"elementReferenceType\":\"IndicationPeriode\",\"id\":435},{\"elementReferenceType\":\"IndicationPeriode\",\"id\":436}],\"periodesOuvertures\":[{\"identifiant\":39846031,\"dateDebut\":\"2026-01-01\",\"dateFin\":\"2026-12-31\",\"horaireOuverture\":\"09:00:00\",\"horaireFermeture\":\"18:00:00\",\"type\":\"OUVERTURE_SEMAINE\",\"tousLesAns\":false,\"ouverturesJournalieres\":[{\"jour\":\"SAMEDI\"},{\"jour\":\"DIMANCHE\"}],\"identifiantTechnique\":39846031,\"horaires\":[{\"id\":4503522,\"type\":{\"elementReferenceType\":\"HoraireType\",\"id\":7487},\"timePeriods\":[{\"id\":4989208,\"closed\":false,\"weekdays\":[\"HOL\",\"SAT\",\"SUN\"],\"timeFrames\":[{\"id\":4939153,\"startTime\":\"09:00\",\"endTime\":\"18:00\"}]}]}]}],\"ouverturesComplementaires\":[{\"elementReferenceType\":\"OuvertureComplementaire\",\"id\":4188},{\"elementReferenceType\":\"OuvertureComplementaire\",\"id\":4190}],\"dureeSeance\":120},\"Latitude\":45.7522129999999975780156091786921024322509765625,\"Longitude\":6.2491839999999996280166669748723506927490234375,\"COMMUNE\":\"Giez\",\"TypesClienteles\":[\"Adapt\\u00e9 aux d\\u00e9butants\"],\"codeUI\":\"CA-ADOC-135565-59925\",\"TypeActivite\":\"Activit\\u00e9s sportives\",\"critInternes\":[\"Place de march\\u00e9\",\"Activit\\u00e9s sport nature\"]},\"32978\":{\"presentation\":{\"descriptifCourt\":{\"libelleFr\":\"\\ufeff\\ufeffEnvie de vivre une premi\\u00e8re aventure en canyoning avec vos enfants ? Le Mini Canyon de Seythenex, nich\\u00e9 dans les petites gorges au pied du massif des Bauges, est le parcours famille par excellence !\\u200bIci, pas de grosses cascades ni de sensations extr\\u00eames\"},\"descriptifDetaille\":{\"libelleFr\":\"Ici, pas de grosses cascades ni de sensations extr\\u00eames : on vient pour jouer dans l\\u2019eau, glisser sur les toboggans naturels, sauter dans des vasques peu profondes (toujours facultatives), et marcher dans la rivi\\u00e8re, le tout dans un environnement frais et paisible.\\r\\n\\r\\nCe canyon est accessible d\\u00e8s 5 ans, pour les enfants d\\u00e9brouillards, avec une bonne motricit\\u00e9 et \\u00e0 l\\u2019aise dans l\\u2019eau. Ils doivent obligatoirement \\u00eatre accompagn\\u00e9s d\\u2019adultes (au moins 1 adulte pour 3 enfants), pour garantir un encadrement optimal et une ambiance familiale.\\r\\n\\r\\nC\\u2019est une aventure tout en douceur, parfaite pour :\\r\\n- d\\u00e9couvrir le canyoning sans stress,\\r\\n- apprendre \\u00e0 \\u00e9voluer en milieu aquatique naturel,\\r\\n- partager un moment de complicit\\u00e9 en famille,\\r\\n- et se rafra\\u00eechir l\\u2019\\u00e9t\\u00e9 dans un coin secret et pr\\u00e9serv\\u00e9.\\r\\n\\r\\nR\\u00e9my, votre guide dipl\\u00f4m\\u00e9 d\\u2019\\u00c9tat, prend le temps avec chaque enfant, adapte le rythme et transforme chaque obstacle en jeu. Ici, aucune pression, juste du fun, de l\\u2019eau, et de la d\\u00e9couverte.\\r\\n\\r\\nLe Mini Canyon de Seythenex est souvent le premier canyon de toute une vie\\u2026 et il reste grav\\u00e9 longtemps dans les souvenirs !\"},\"typologiesPromoSitra\":[{\"elementReferenceType\":\"TypologiePromoSitra\",\"id\":1670},{\"elementReferenceType\":\"TypologiePromoSitra\",\"id\":4639}]},\"prestations\":{\"animauxAcceptes\":\"NON_DISPONIBLE\",\"animauxAcceptesSupplement\":\"NON_DISPONIBLE\",\"languesParlees\":[{\"elementReferenceType\":\"Langue\",\"id\":1192},{\"elementReferenceType\":\"Langue\",\"id\":1197}],\"surchargeTourismesAdaptes\":true,\"surchargeDescriptifHandicapMoteur\":true,\"surchargeDescriptifHandicapAuditif\":true,\"surchargeDescriptifHandicapVisuel\":true,\"surchargeDescriptifHandicapMental\":true,\"surchargeNombreFauteuilsRoulants\":true,\"ageMin\":60,\"uniteAgeMin\":\"ANNEE\"},\"ouverture\":{\"periodeEnClair\":{\"libelleFr\":\"Du 01\\\/06 au 30\\\/09 tous les jours de 8h \\u00e0 20h.\\nLe reste de l\\u0027ann\\u00e9e sur r\\u00e9servation.\",\"libelleEn\":\"From 01\\\/06 to 30\\\/09 daily between 8 am and 8 pm.\",\"libelleEs\":\"Del 01\\\/06 al 30\\\/09 todos los dias de 8 a 20.\",\"libelleIt\":\"Dal 01\\\/06 al 30\\\/09 ogni giorno dalle 8 alle 20.\",\"libelleDe\":\"Vom 01\\\/06 bis 30\\\/09 t\\u00e4glich von 8 Uhr bis 20 Uhr.\",\"libelleNl\":\"Van 01\\\/06 tot en met 30\\\/09 iedere dag van 8.00 tot 20.00 u.\",\"libelleRu\":\"\\u0421 01\\\/06 \\u0434\\u043e 30\\\/09 \\u0435\\u0436\\u0435\\u0434\\u043d\\u0435\\u0432\\u043d\\u043e \\u0441 8h \\u0434\\u043e 20h.\",\"libelleZh\":\"\\u4ece 6\\u67081\\u65e5 \\u5230 9\\u670830\\u65e5 \\u65e5\\u5e38 \\u5c0f\\u65f6\\u5c0f\\u65f6 \\u548c \\u5c0f\\u65f6\\u5c0f\\u65f6 \\u4e4b\\u95f4.\",\"libellePtBR\":\"De 01\\\/06 a 30\\\/09 todos os dias de 8h a\\u00a0 20h.\",\"libelleJa\":\"01\\\/06 \\u304b\\u3089 30\\\/09 \\u307e\\u3067 \\u6bce\\u65e5 8 \\u5348\\u524d \\u3068 8 \\u5348\\u5f8c \\u306e\\u9593.\",\"libelleKo\":\"01\\\/06 \\uc77c\\ubd80\\ud130 30\\\/09 \\uc77c\\uae4c\\uc9c0 \\ub9e4\\uc77c 8h \\uc5d0\\uc11c 20h \\uae4c\\uc9c0.\"},\"periodeEnClairGenerationMode\":\"AUTOMATIQUE\",\"indicationsPeriode\":[{\"elementReferenceType\":\"IndicationPeriode\",\"id\":416},{\"elementReferenceType\":\"IndicationPeriode\",\"id\":418},{\"elementReferenceType\":\"IndicationPeriode\",\"id\":436}],\"periodesOuvertures\":[{\"identifiant\":36188574,\"dateDebut\":\"2025-06-01\",\"dateFin\":\"2025-09-30\",\"complementHoraire\":{\"libelleFr\":\"Le reste de l\\u0027ann\\u00e9e sur r\\u00e9servation.\"},\"horaireOuverture\":\"08:00:00\",\"horaireFermeture\":\"20:00:00\",\"type\":\"OUVERTURE_TOUS_LES_JOURS\",\"tousLesAns\":true,\"identifiantTechnique\":39795566,\"horaires\":[{\"id\":4455056,\"type\":{\"elementReferenceType\":\"HoraireType\",\"id\":7487},\"timePeriods\":[{\"id\":4933036,\"closed\":false,\"weekdays\":[\"SUN\",\"FRI\",\"MON\",\"TUE\",\"HOL\",\"SAT\",\"THU\",\"WED\"],\"timeFrames\":[{\"id\":4889034,\"startTime\":\"08:00\",\"endTime\":\"20:00\"}]}]}]}],\"dureeSeance\":120},\"Latitude\":45.732404000000002497472451068460941314697265625,\"Longitude\":6.2988260000000000360387275577522814273834228515625,\"COMMUNE\":\"Faverges-Seythenex\",\"codeUI\":\"CA-ADOC-134062-52906\",\"TypeActivite\":\"Sporting activities\",\"critInternes\":[\"Place de march\\u00e9\",\"Activit\\u00e9s sport nature\"]},\"34626\":{\"presentation\":{\"descriptifCourt\":{\"libelleFr\":\"Offrez un instant d\\u2019exception avec le bon cadeau Parapente Prestige : un vol long, riche en sensations et panoramas grandioses. Accompagn\\u00e9 d\\u2019un pilote expert, le b\\u00e9n\\u00e9ficiaire vit une exp\\u00e9rience a\\u00e9rienne unique, \\u00e9l\\u00e9gante et m\\u00e9morable, \\u00e0 savourer pleinement\"},\"descriptifDetaille\":{}},\"prestations\":{\"equipements\":[{\"elementReferenceType\":\"PrestationEquipement\",\"id\":741}],\"animauxAcceptes\":\"NON_ACCEPTES\",\"animauxAcceptesSupplement\":\"NON_DISPONIBLE\",\"languesParlees\":[{\"elementReferenceType\":\"Langue\",\"id\":1192},{\"elementReferenceType\":\"Langue\",\"id\":1197}],\"languesDocumentation\":[{\"elementReferenceType\":\"Langue\",\"id\":1197}],\"complementAccueil\":{\"libelleFr\":\"Age minimum pour les stages : 12 ans.\"},\"surchargeTourismesAdaptes\":true,\"surchargeDescriptifHandicapMoteur\":true,\"surchargeDescriptifHandicapAuditif\":true,\"surchargeDescriptifHandicapVisuel\":true,\"surchargeDescriptifHandicapMental\":true,\"surchargeNombreFauteuilsRoulants\":true,\"tailleGroupeMin\":5},\"ouverture\":{\"periodeEnClair\":{\"libelleFr\":\"Du 01\\\/04 au 31\\\/10 tous les jours.\",\"libelleEn\":\"From 01\\\/04 to 31\\\/10 daily.\",\"libelleEs\":\"Del 01\\\/04 al 31\\\/10 todos los dias.\",\"libelleIt\":\"Dal 01\\\/04 al 31\\\/10 ogni giorno.\",\"libelleDe\":\"Vom 01\\\/04 bis 31\\\/10 t\\u00e4glich.\",\"libelleNl\":\"Van 01\\\/04 tot en met 31\\\/10 iedere dag.\",\"libelleRu\":\"\\u0421 01\\\/04 \\u0434\\u043e 31\\\/10 \\u0435\\u0436\\u0435\\u0434\\u043d\\u0435\\u0432\\u043d\\u043e.\",\"libelleZh\":\"\\u4ece 4\\u67081\\u65e5 \\u5230 10\\u670831\\u65e5 \\u65e5\\u5e38.\",\"libellePtBR\":\"De 01\\\/04 a 31\\\/10 todos os dias.\",\"libelleJa\":\"01\\\/04 \\u304b\\u3089 31\\\/10 \\u307e\\u3067 \\u6bce\\u65e5.\",\"libelleKo\":\"01\\\/04 \\uc77c\\ubd80\\ud130 31\\\/10 \\uc77c\\uae4c\\uc9c0 \\ub9e4\\uc77c.\"},\"periodeEnClairGenerationMode\":\"AUTOMATIQUE\",\"indicationsPeriode\":[{\"elementReferenceType\":\"IndicationPeriode\",\"id\":416},{\"elementReferenceType\":\"IndicationPeriode\",\"id\":418},{\"elementReferenceType\":\"IndicationPeriode\",\"id\":436}],\"periodesOuvertures\":[{\"identifiant\":38337079,\"dateDebut\":\"2024-04-01\",\"dateFin\":\"2024-10-31\",\"type\":\"OUVERTURE_TOUS_LES_JOURS\",\"tousLesAns\":true,\"identifiantTechnique\":38337079,\"horaires\":[{\"id\":3046809,\"type\":{\"elementReferenceType\":\"HoraireType\",\"id\":7487},\"timePeriods\":[{\"id\":3301188,\"closed\":false,\"weekdays\":[\"SAT\",\"WED\",\"THU\",\"SUN\",\"MON\",\"TUE\",\"FRI\"],\"timeFrames\":[{\"id\":3369679}]}]}]}]},\"Latitude\":45.8486630000000019435901776887476444244384765625,\"Longitude\":6.21278400000000008418510333285667002201080322265625,\"COMMUNE\":\"Talloires-Montmin\",\"codeUI\":\"CA-ADOC-111168-16280\",\"TypeActivite\":\"Activit\\u00e9s sportives\",\"critInternes\":[\"Place de march\\u00e9\",\"bons_cadeaux\"]},\"35672\":{\"presentation\":{\"descriptifCourt\":{\"libelleFr\":\"Face au Mont-Blanc et au lac d\\u2019Annecy, ce parcours 18 trous offre un cadre alpin exceptionnel. Greens g\\u00e9n\\u00e9reux, trac\\u00e9 harmonieux et panoramas spectaculaires : une exp\\u00e9rience golfique inoubliable au c\\u0153ur des Alpes et une activit\\u00e9 id\\u00e9ale pour le week-end.\",\"libelleEn\":\"Facing Mont Blanc and Lake Annecy, this 18-hole course offers an exceptional Alpine setting. Generous greens, a harmonious layout and spectacular panoramas create an unforgettable golfing experience in the heart of the Alps\\u2014an ideal activity for a weekend getaway.\"},\"descriptifDetaille\":{\"libelleFr\":\"Le trac\\u00e9, harmonieusement int\\u00e9gr\\u00e9 dans la nature alpine, s\\u00e9duit autant par la qualit\\u00e9 de son environnement que par son design. Ses greens g\\u00e9n\\u00e9reux et son parcours fluide promettent des moments de jeu agr\\u00e9ables, accessibles et m\\u00e9morables pour tous les golfeurs.\\r\\n\\r\\nEntre paysages grandioses et plaisir du jeu, ce parcours invite \\u00e0 vivre une parenth\\u00e8se sportive et contemplative dans un cadre naturel d\\u2019exception.\"}},\"prestations\":{\"equipements\":[{\"elementReferenceType\":\"PrestationEquipement\",\"id\":5592},{\"elementReferenceType\":\"PrestationEquipement\",\"id\":972},{\"elementReferenceType\":\"PrestationEquipement\",\"id\":984}],\"services\":[{\"elementReferenceType\":\"PrestationService\",\"id\":995}],\"animauxAcceptes\":\"NON_ACCEPTES\",\"animauxAcceptesSupplement\":\"NON_DISPONIBLE\",\"languesParlees\":[{\"elementReferenceType\":\"Langue\",\"id\":1192},{\"elementReferenceType\":\"Langue\",\"id\":1197}],\"tourismesAdaptes\":[{\"elementReferenceType\":\"TourismeAdapte\",\"id\":3651}],\"surchargeTourismesAdaptes\":true,\"surchargeDescriptifHandicapMoteur\":true,\"surchargeDescriptifHandicapAuditif\":true,\"surchargeDescriptifHandicapVisuel\":true,\"surchargeDescriptifHandicapMental\":true,\"surchargeNombreFauteuilsRoulants\":true,\"typesClientele\":[{\"elementReferenceType\":\"TypeClientele\",\"id\":3736}]},\"ouverture\":{\"periodeEnClair\":{\"libelleFr\":\"Du 01\\\/01 au 31\\\/12\\\/2026 les jours f\\u00e9ri\\u00e9s et les week-ends de 9h \\u00e0 18h.\\n\\nSous r\\u00e9serve de conditions m\\u00e9t\\u00e9o favorables.\",\"libelleEn\":\"From 01\\\/01 to 31\\\/12\\\/2026 on bank holidays and weekends between 9 am and 6 pm.\\n\\nSubject to favorable weather.\",\"libelleEs\":\"Del 01\\\/01 al 31\\\/12\\\/2026 los festivos y fines de semana de 9 a 18.\\n\\nA reserva de buen tiempo.\",\"libelleIt\":\"Dal 01\\\/01 al 31\\\/12\\\/2026 les festivi e fine settimana dalle 9 alle 18.\\n\\nCon riserva di condizioni atmosferiche favorevoli.\",\"libelleDe\":\"Vom 01\\\/01 bis 31\\\/12\\\/2026 die feiertagen und les Wochenenden von 9 Uhr bis 18 Uhr.\\n\\nNur bei g\\u00fcnstigen Wetterbedingungen.\",\"libelleNl\":\"Van 01\\\/01 tot en met 31\\\/12\\\/2026 de feestdagen en weekends van 9.00 tot 18.00 u.\\n\\nOnder voorbehoud, van de weersomstandigheden.\",\"libelleRu\":\"\\u0421 01\\\/01 \\u0434\\u043e 31\\\/12\\\/2026 \\u0441\\u0430\\u0439\\u0442 \\u043f\\u0440\\u0430\\u0437\\u0434\\u043d\\u0438\\u0447\\u043d\\u044b\\u0435 \\u0434\\u043d\\u0438 \\u0438 \\u0432\\u044b\\u0445\\u043e\\u0434\\u043d\\u044b\\u0435 \\u0441 9h \\u0434\\u043e 18h.\\n\\n\\u041f\\u0440\\u0438 \\u0431\\u043b\\u0430\\u0433\\u043e\\u043f\\u0440\\u0438\\u044f\\u0442\\u043d\\u044b\\u0445 \\u043f\\u043e\\u0433\\u043e\\u0434\\u043d\\u044b\\u0445 \\u0443\\u0441\\u043b\\u043e\\u0432\\u0438\\u044f\\u0445.\",\"libelleZh\":\"\\u4ece 1\\u67081\\u65e5 \\u5230 2026\\u5e7412\\u670831\\u65e5 les \\u94f6\\u884c\\u5047\\u65e5 \\u548c \\u5468 \\u5c0f\\u65f6\\u5c0f\\u65f6 \\u548c \\u5c0f\\u65f6\\u5c0f\\u65f6 \\u4e4b\\u95f4.\\n\\n\\u9700\\u5929\\u6c14\\u826f\\u597d.\",\"libellePtBR\":\"De 01\\\/01 a 31\\\/12\\\/2026 em feriados e finais de semana de 9h a\\u00a0 18h.\\n\\nSob reserva de condi\\u00e7\\u00f5es metereol\\u00f3gicas favor\\u00e1veis.\",\"libelleJa\":\"01\\\/01 \\u304b\\u3089 31\\\/12\\\/2026 \\u307e\\u3067 \\u516c\\u4f11\\u65e5 \\u30b6 \\u3068 \\u9031\\u672b 9 \\u5348\\u524d \\u3068 6 \\u5348\\u5f8c \\u306e\\u9593.\\n\\n\\u5929\\u5019\\u306b\\u5de6\\u53f3\\u3055\\u308c\\u307e\\u3059.\",\"libelleKo\":\"01\\\/01 \\uc77c\\ubd80\\ud130 31\\\/12\\\/2026 \\uc77c\\uae4c\\uc9c0 \\uc758 \\uacf5\\ud734\\uc77c \\uadf8\\ub9ac\\uace0 \\uc8fc\\ub9d0 9h \\uc5d0\\uc11c 18h \\uae4c\\uc9c0.\\n\\n\\uae30\\uc0c1 \\uc870\\uac74\\uc5d0 \\ub530\\ub77c \\ub2ec\\ub77c\\uc9c8 \\uc218 \\uc788\\uc2b5\\ub2c8\\ub2e4.\"},\"periodeEnClairGenerationMode\":\"AUTOMATIQUE\",\"indicationsPeriode\":[{\"elementReferenceType\":\"IndicationPeriode\",\"id\":416},{\"elementReferenceType\":\"IndicationPeriode\",\"id\":418},{\"elementReferenceType\":\"IndicationPeriode\",\"id\":435},{\"elementReferenceType\":\"IndicationPeriode\",\"id\":436}],\"periodesOuvertures\":[{\"identifiant\":39845608,\"dateDebut\":\"2026-01-01\",\"dateFin\":\"2026-12-31\",\"horaireOuverture\":\"09:00:00\",\"horaireFermeture\":\"18:00:00\",\"type\":\"OUVERTURE_SEMAINE\",\"tousLesAns\":false,\"ouverturesJournalieres\":[{\"jour\":\"SAMEDI\"},{\"jour\":\"DIMANCHE\"}],\"identifiantTechnique\":39845608,\"horaires\":[{\"id\":4503117,\"type\":{\"elementReferenceType\":\"HoraireType\",\"id\":7487},\"timePeriods\":[{\"id\":4988727,\"closed\":false,\"weekdays\":[\"HOL\",\"SAT\",\"SUN\"],\"timeFrames\":[{\"id\":4938752,\"startTime\":\"09:00\",\"endTime\":\"18:00\"}]}]}]}],\"ouverturesComplementaires\":[{\"elementReferenceType\":\"OuvertureComplementaire\",\"id\":4188}],\"dureeSeance\":240},\"Latitude\":45.7522129999999975780156091786921024322509765625,\"Longitude\":6.2491839999999996280166669748723506927490234375,\"COMMUNE\":\"Giez\",\"TypesClienteles\":[\"R\\u00e9serv\\u00e9 aux experts\\\/confirm\\u00e9s\"],\"codeUI\":\"CA-ADOC-135565-59934\",\"TypeActivite\":\"Activit\\u00e9s sportives\",\"critInternes\":[\"Place de march\\u00e9\",\"Activit\\u00e9s sport nature\"]},\"34668\":{\"presentation\":{\"descriptifCourt\":{\"libelleFr\":\"Le vol \\u00e0 bord de la montgolfi\\u00e8re dure 1 heure mais l\\u2019aventure se d\\u00e9roule sur 3 \\u00e0 4 heures au lever du soleil, incluant les transferts, pr\\u00e9paratifs, pliage et un moment convivial avant le retour. Place pour 1 personne dans une nacelle de 4 maximum.\"},\"descriptifDetaille\":{\"libelleFr\":\"Petits et grands peuvent vivre cette exp\\u00e9rience unique. N\\u00e9anmoins, il ne faut pas pr\\u00e9senter de probl\\u00e8me de mobilit\\u00e9 et avoir une taille de 1m30 minimum.\\r\\nLes sites d\\u0027envol sont situ\\u00e9s \\u00e0 proximit\\u00e9 imm\\u00e9diate du lac d\\u0027Annecy afin de l\\u0027admirer au plus pr\\u00e8s ou de le survoler.\"}},\"prestations\":{\"animauxAcceptes\":\"NON_DISPONIBLE\",\"animauxAcceptesSupplement\":\"NON_DISPONIBLE\",\"languesParlees\":[{\"elementReferenceType\":\"Langue\",\"id\":1192,\"libelleFr\":\"Anglais\",\"libelleEn\":\"English\",\"ordre\":2},{\"elementReferenceType\":\"Langue\",\"id\":1197,\"libelleFr\":\"Fran\\u00e7ais\",\"libelleEn\":\"French\",\"ordre\":14}],\"languesDocumentation\":[{\"elementReferenceType\":\"Langue\",\"id\":1192,\"libelleFr\":\"Anglais\",\"libelleEn\":\"English\",\"ordre\":2},{\"elementReferenceType\":\"Langue\",\"id\":1197,\"libelleFr\":\"Fran\\u00e7ais\",\"libelleEn\":\"French\",\"ordre\":14}],\"complementAccueil\":{\"libelleFr\":\"Taille minimum requise : 1m30.\"},\"surchargeTourismesAdaptes\":true,\"surchargeDescriptifHandicapMoteur\":true,\"surchargeDescriptifHandicapAuditif\":true,\"surchargeDescriptifHandicapVisuel\":true,\"surchargeDescriptifHandicapMental\":true,\"surchargeNombreFauteuilsRoulants\":true,\"tailleGroupeMax\":4},\"ouverture\":{\"periodeEnClair\":{\"libelleFr\":\"Toute l\\u0027ann\\u00e9e tous les jours.\",\"libelleEn\":\"All year round daily.\"},\"periodeEnClairGenerationMode\":\"AUTOMATIQUE\",\"indicationsPeriode\":[{\"elementReferenceType\":\"IndicationPeriode\",\"id\":416,\"libelleFr\":\"Automne\",\"libelleEn\":\"Autumn\",\"ordre\":4,\"description\":\"Permet de trouver des objets en fonction de la saison automnale - 21 septembre au 20 d\\u00e9cembre\",\"familleCritere\":{\"elementReferenceType\":\"FamilleCritere\",\"id\":114,\"libelleFr\":\"P\\u00e9riode\",\"libelleEn\":\"Period\",\"ordre\":118}},{\"elementReferenceType\":\"IndicationPeriode\",\"id\":418,\"libelleFr\":\"Et\\u00e9\",\"libelleEn\":\"Summer\",\"ordre\":3,\"description\":\"Permet de trouver des objets en fonction de la saison estivale - 21 juin au 20 septembre\",\"familleCritere\":{\"elementReferenceType\":\"FamilleCritere\",\"id\":114,\"libelleFr\":\"P\\u00e9riode\",\"libelleEn\":\"Period\",\"ordre\":118}},{\"elementReferenceType\":\"IndicationPeriode\",\"id\":435,\"libelleFr\":\"Hiver\",\"libelleEn\":\"Winter\",\"ordre\":5,\"description\":\"Permet de trouver des objets en fonction de la saison hivernale - 21 d\\u00e9cembre au 20 mars\",\"familleCritere\":{\"elementReferenceType\":\"FamilleCritere\",\"id\":114,\"libelleFr\":\"P\\u00e9riode\",\"libelleEn\":\"Period\",\"ordre\":118}},{\"elementReferenceType\":\"IndicationPeriode\",\"id\":436,\"libelleFr\":\"Printemps\",\"libelleEn\":\"Spring\",\"ordre\":2,\"description\":\"Permet de trouver des objets en fonction de la saison printani\\u00e8re - 21 mars au 20 juin\",\"familleCritere\":{\"elementReferenceType\":\"FamilleCritere\",\"id\":114,\"libelleFr\":\"P\\u00e9riode\",\"libelleEn\":\"Period\",\"ordre\":118}}],\"periodesOuvertures\":[{\"identifiant\":38356899,\"dateDebut\":\"2023-01-01\",\"dateFin\":\"2023-12-31\",\"type\":\"OUVERTURE_TOUS_LES_JOURS\",\"tousLesAns\":true,\"identifiantTechnique\":39255000,\"horaires\":[{\"id\":3932531,\"type\":{\"elementReferenceType\":\"HoraireType\",\"id\":7487,\"libelleFr\":\"Ouverture\",\"libelleEn\":\"Opening hours\",\"ordre\":16,\"description\":\"Horaires d\\u0027ouverture\",\"externalType\":\"opening\",\"startTimeVisibility\":true,\"endTimeVisibility\":true,\"recurrenceVisibility\":false},\"timePeriods\":[{\"id\":4326402,\"closed\":false,\"weekdays\":[\"TUE\",\"THU\",\"FRI\",\"SAT\",\"MON\",\"WED\",\"SUN\"],\"timeFrames\":[{\"id\":4339109}]}]}]}],\"ouvertTouteLAnnee\":\"OUVERT_TOUTE_L_ANNEE\",\"dureeSeance\":240},\"Latitude\":45.780923000000001366061042062938213348388671875,\"Longitude\":6.22196100000000029695002012886106967926025390625,\"COMMUNE\":\"Doussard\",\"codeUI\":\"CA-ADOC-134781-57924\",\"TypeActivite\":\"Activit\\u00e9s sportives\",\"critInternes\":[\"Place de march\\u00e9\",\"Activit\\u00e9s sport nature\"]},\"34117\":{\"presentation\":{\"descriptifCourt\":{\"libelleFr\":\"Offrez une exp\\u00e9rience cr\\u00e9ative ! Un bon cadeau pour un stage d\\u00e9couverte tricot ou crochet : 4 ateliers de 2h30 pour apprendre les bases tout en r\\u00e9alisant un projet simple. Kit de d\\u00e9marrage inclus, id\\u00e9al pour d\\u00e9butants curieux et motiv\\u00e9s.\"}},\"prestations\":{\"animauxAcceptes\":\"NON_DISPONIBLE\",\"animauxAcceptesSupplement\":\"NON_DISPONIBLE\",\"languesParlees\":[{\"elementReferenceType\":\"Langue\",\"id\":1197}],\"surchargeTourismesAdaptes\":true,\"surchargeDescriptifHandicapMoteur\":true,\"surchargeDescriptifHandicapAuditif\":true,\"surchargeDescriptifHandicapVisuel\":true,\"surchargeDescriptifHandicapMental\":true,\"surchargeNombreFauteuilsRoulants\":true},\"ouverture\":{\"periodeEnClair\":{\"libelleFr\":\"Toute l\\u0027ann\\u00e9e le mardi, mercredi, jeudi, vendredi et samedi de 9h \\u00e0 12h30 et de 14h30 \\u00e0 18h.\",\"libelleEn\":\"All year round on Tuesday, Wednesday, Thursday, Friday and Saturday between 9 am and 12.30 pm and between 2.30 pm and 6 pm.\",\"libelleEs\":\"Todo el a\\u00f1o los martes, mi\\u00e9rcoles, jueves, viernes y s\\u00e1bado de 9 a 12:30 y de 14:30 a 18.\",\"libelleIt\":\"Tutto l\\u0027anno il marted\\u00ec, mercoled\\u00ec, gioved\\u00ec, venerd\\u00ec e sabato dalle 9 alle 12:30 e dalle 14:30 alle 18.\",\"libelleDe\":\"Ganzj\\u00e4hrig jeden Dienstag, Mittwoch, Donnerstag, Freitag und Samstag von 9 Uhr bis 12.30 Uhr und von 14.30 Uhr bis 18 Uhr.\",\"libelleNl\":\"Het hele jaar op dinsdag, woensdag, donderdag, vrijdag en zaterdag van 9.00 tot 12.30 u en van 14.30 tot 18.00 u.\",\"libelleRu\":\"\\u0412 \\u0442\\u0435\\u0447\\u0435\\u043d\\u0438\\u0435 \\u0432\\u0441\\u0435\\u0433\\u043e \\u0433\\u043e\\u0434\\u0430 \\u043d\\u0430 \\u0432\\u0442\\u043e\\u0440\\u043d\\u0438\\u043a, \\u0441\\u0440\\u0435\\u0434\\u0430, \\u0447\\u0435\\u0442\\u0432\\u0435\\u0440\\u0433, \\u043f\\u044f\\u0442\\u043d\\u0438\\u0446\\u0430 \\u0438 \\u0441\\u0443\\u0431\\u0431\\u043e\\u0442\\u0430 \\u0441 9h \\u0434\\u043e 12h30 \\u0438 \\u0441 14h30 \\u0434\\u043e 18h.\",\"libelleZh\":\"\\u5168\\u5e74 \\u4e0a \\u661f\\u671f\\u4e8c, \\u661f\\u671f\\u4e09, \\u661f\\u671f\\u56db, \\u661f\\u671f\\u4e94 \\u548c \\u661f\\u671f\\u516d \\u5c0f\\u65f6\\u5c0f\\u65f6 \\u548c \\u5c0f\\u65f6\\u5c0f\\u65f6\\u5206\\u949f  \\u4e4b\\u95f4 \\u548c \\u5c0f\\u65f6\\u5c0f\\u65f6\\u5206\\u949f  \\u548c \\u5c0f\\u65f6\\u5c0f\\u65f6 \\u4e4b\\u95f4.\",\"libellePtBR\":\"Todo o ano na ter\\u00e7a-feira, quarta-feira, quinta-feira, sexta-feira e s\\u00e1bado de 9h a\\u00a0 12h30 e de 14h30 a\\u00a0 18h.\",\"libelleJa\":\"\\u30aa\\u30fc\\u30eb\\u30b7\\u30fc\\u30ba\\u30f3 \\u706b\\u66dc\\u65e5, \\u6c34\\u66dc\\u65e5, \\u6728\\u66dc\\u65e5, \\u91d1\\u66dc\\u65e5 \\u3068 \\u571f\\u66dc\\u65e5 \\u306b 9 \\u5348\\u524d \\u3068 12.30 \\u5348\\u5f8c \\u306e\\u9593 \\u3068 2.30 \\u5348\\u5f8c \\u3068 6 \\u5348\\u5f8c \\u306e\\u9593.\",\"libelleKo\":\"\\uc77c \\ub144 \\ub0b4\\ub0b4 \\uc758 \\ud654\\uc694\\uc77c, \\uc218\\uc694\\uc77c, \\ubaa9\\uc694\\uc77c, \\uae08\\uc694\\uc77c \\ubc0f \\ud1a0\\uc694\\uc77c 9h \\uc5d0\\uc11c 12h30 \\uae4c\\uc9c0 \\uadf8\\ub9ac\\uace0 14h30 \\uc5d0\\uc11c 18h \\uae4c\\uc9c0.\"},\"periodeEnClairGenerationMode\":\"AUTOMATIQUE\",\"indicationsPeriode\":[{\"elementReferenceType\":\"IndicationPeriode\",\"id\":416},{\"elementReferenceType\":\"IndicationPeriode\",\"id\":418},{\"elementReferenceType\":\"IndicationPeriode\",\"id\":435},{\"elementReferenceType\":\"IndicationPeriode\",\"id\":436}],\"periodesOuvertures\":[{\"identifiant\":37337194,\"dateDebut\":\"2025-01-01\",\"dateFin\":\"2025-12-31\",\"type\":\"OUVERTURE_SAUF\",\"tousLesAns\":true,\"ouverturesJournalieres\":[{\"jour\":\"DIMANCHE\"},{\"jour\":\"LUNDI\"}],\"identifiantTechnique\":37337194,\"horaires\":[{\"id\":2075969,\"type\":{\"elementReferenceType\":\"HoraireType\",\"id\":7487},\"timePeriods\":[{\"id\":2201856,\"closed\":false,\"weekdays\":[\"WED\",\"SAT\",\"THU\",\"TUE\",\"FRI\"],\"timeFrames\":[{\"id\":2277523,\"startTime\":\"09:00\",\"endTime\":\"12:30\"},{\"id\":2277524,\"startTime\":\"14:30\",\"endTime\":\"18:00\"}]}]}]}],\"ouvertTouteLAnnee\":\"OUVERT_TOUTE_L_ANNEE\"},\"COMMUNE\":\"Faverges-Seythenex\",\"codeUI\":\"CA-ADOC-133571-51409\",\"TypeActivite\":\"Cultural activities\",\"critInternes\":[\"Place de march\\u00e9\",\"bons_cadeaux\"]},\"29096\":{\"presentation\":{\"descriptifCourt\":{\"libelleFr\":\"Alexandre, votre guide propose cette randonn\\u00e9e accompagn\\u00e9e pour arpenter une cr\\u00eate sans difficult\\u00e9 et de pouvoir s\\u0027\\u00e9merveiller devant la vue d\\u00e9gag\\u00e9e sur le lac d\\u0027Annecy et le Massif des Bornes.\"},\"descriptifDetaille\":{\"libelleFr\":\"Vous allez aimer :\\r\\nLe plaisir d\\u2019aller randonner \\u00e0 la montagne en bus de ville, le hameau des Maisons dans le vallon d\\u2019Entrevernes, la vue d\\u00e9gag\\u00e9e sur le Lac d\\u2019Annecy et le massif des Bornes, arpenter une cr\\u00eate spectaculaire.\\r\\nTemps de marche : 3 h\\r\\nD\\u00e9nivel\\u00e9e : +325 m -325 m\\r\\nAltitude maximale : 765 m\"}},\"prestations\":{\"animauxAcceptes\":\"NON_DISPONIBLE\",\"animauxAcceptesSupplement\":\"NON_DISPONIBLE\",\"languesParlees\":[{\"elementReferenceType\":\"Langue\",\"id\":1192},{\"elementReferenceType\":\"Langue\",\"id\":1197}],\"surchargeTourismesAdaptes\":true,\"surchargeDescriptifHandicapMoteur\":true,\"surchargeDescriptifHandicapAuditif\":true,\"surchargeDescriptifHandicapVisuel\":true,\"surchargeDescriptifHandicapMental\":true,\"surchargeNombreFauteuilsRoulants\":true,\"typesClientele\":[{\"elementReferenceType\":\"TypeClientele\",\"id\":588}],\"nombrePersonnesMinimum\":10,\"tailleGroupeMax\":4,\"ageMin\":96,\"uniteAgeMin\":\"ANNEE\"},\"ouverture\":{\"periodeEnClair\":{\"libelleFr\":\"Du 01\\\/01 au 31\\\/12 tous les jours de 9h \\u00e0 12h.\\nOu 13h \\u00e0 16h.\",\"libelleEn\":\"From 01\\\/01 to 31\\\/12 daily between 9 am and 12 pm.\",\"libelleEs\":\"Del 01\\\/01 al 31\\\/12 todos los dias de 9 a 12.\",\"libelleIt\":\"Dal 01\\\/01 al 31\\\/12 ogni giorno dalle 9 alle 12.\",\"libelleDe\":\"Vom 01\\\/01 bis 31\\\/12 t\\u00e4glich von 9 Uhr bis 12 Uhr.\",\"libelleNl\":\"Van 01\\\/01 tot en met 31\\\/12 iedere dag van 9.00 tot 12.00 u.\",\"libelleRu\":\"\\u0421 01\\\/01 \\u0434\\u043e 31\\\/12 \\u0435\\u0436\\u0435\\u0434\\u043d\\u0435\\u0432\\u043d\\u043e \\u0441 9h \\u0434\\u043e 12h.\",\"libelleZh\":\"\\u4ece 1\\u67081\\u65e5 \\u5230 12\\u670831\\u65e5 \\u65e5\\u5e38 \\u5c0f\\u65f6\\u5c0f\\u65f6 \\u548c \\u5c0f\\u65f6\\u5c0f\\u65f6 \\u4e4b\\u95f4.\",\"libellePtBR\":\"De 01\\\/01 a 31\\\/12 todos os dias de 9h a\\u00a0 12h.\",\"libelleJa\":\"01\\\/01 \\u304b\\u3089 31\\\/12 \\u307e\\u3067 \\u6bce\\u65e5 9 \\u5348\\u524d \\u3068 12 \\u5348\\u5f8c \\u306e\\u9593.\",\"libelleKo\":\"01\\\/01 \\uc77c\\ubd80\\ud130 31\\\/12 \\uc77c\\uae4c\\uc9c0 \\ub9e4\\uc77c 9h \\uc5d0\\uc11c 12h \\uae4c\\uc9c0.\"},\"periodeEnClairGenerationMode\":\"AUTOMATIQUE\",\"indicationsPeriode\":[{\"elementReferenceType\":\"IndicationPeriode\",\"id\":416},{\"elementReferenceType\":\"IndicationPeriode\",\"id\":418},{\"elementReferenceType\":\"IndicationPeriode\",\"id\":435},{\"elementReferenceType\":\"IndicationPeriode\",\"id\":436}],\"periodesOuvertures\":[{\"identifiant\":24107962,\"dateDebut\":\"2024-01-01\",\"dateFin\":\"2024-12-31\",\"complementHoraire\":{\"libelleFr\":\"Ou 13h \\u00e0 16h.\"},\"horaireOuverture\":\"09:00:00\",\"horaireFermeture\":\"12:00:00\",\"type\":\"OUVERTURE_TOUS_LES_JOURS\",\"tousLesAns\":true,\"identifiantTechnique\":36823316,\"horaires\":[{\"id\":1610877,\"type\":{\"elementReferenceType\":\"HoraireType\",\"id\":7487},\"timePeriods\":[{\"id\":1697567,\"closed\":false,\"weekdays\":[\"WED\",\"MON\",\"TUE\",\"SUN\",\"THU\",\"FRI\",\"SAT\"],\"timeFrames\":[{\"id\":1769752,\"startTime\":\"09:00\",\"endTime\":\"12:00\"}]}]}]}],\"dureeSeance\":180},\"Latitude\":45.81850800000000134559741127304732799530029296875,\"Longitude\":6.19665399999999966240693538566119968891143798828125,\"COMMUNE\":\"Entrevernes\",\"TypesClienteles\":[\"Level bue - Medium\"],\"codeUI\":\"CA-ADOC-132416-46297\",\"TypeActivite\":\"Sporting activities\",\"critInternes\":[\"Place de march\\u00e9\",\"Activit\\u00e9s sport nature\"]},\"28997\":{\"presentation\":{\"descriptifCourt\":{\"libelleFr\":\"Partir rencontrer la for\\u00eat (et ses habitants) avec Fr\\u00e9d\\u00e9ric, guide, \\u00ab \\u00e9ducateur environnement \\u00bb de profession, c\\u2019est observer, rechercher, comparer, apprendre et surtout s\\u2019amuser.  Au travers d\\u2019ateliers simples et ludiques !\",\"libelleEn\":\"Discover the enchanted environment that is a forest in the winter with this fun activity about nature by Fr\\u00e9d\\u00e9ric! With your family, you will become experts in local fauna and flora and share a great time...\"},\"descriptifDetaille\":{},\"descriptifsThematises\":[{\"theme\":{\"elementReferenceType\":\"DescriptifTheme\",\"id\":5417},\"description\":{\"libelleFr\":\"D\\u00e9couvrons un lieu attrayant, sympathique, avec des sons, des odeurs agr\\u00e9ables. Une for\\u00eat par exemple ; au printemps, la nature se r\\u00e9veille ; Prenons le temps, de marcher en regardant autour de nous ; en bas, en haut\\u2026Arr\\u00eatons-nous souvent, baissons-nous. Touchons, sentons, observons\\u2026respirons ; seules nos empreintes seront le t\\u00e9moin de notre passage.\"}},{\"theme\":{\"elementReferenceType\":\"DescriptifTheme\",\"id\":6136},\"description\":{\"libelleFr\":\"Toujours avec l\\u2019envie de faire d\\u00e9couvrir la nature de fa\\u00e7on ludique, avec des outils p\\u00e9dagogiques adapt\\u00e9s et vari\\u00e9s, mes animations d\\u00e9veloppent le contact avec le terrain, et le plaisir d\\u2019apprendre. Tels que les rallyes nature, plongez dans la vie de la for\\u00eat \\u2026.  Milles d\\u00e9couvertes vous attendent dans un esprit ludique et p\\u00e9dagogique !\"}}],\"typologiesPromoSitra\":[{\"elementReferenceType\":\"TypologiePromoSitra\",\"id\":1593},{\"elementReferenceType\":\"TypologiePromoSitra\",\"id\":1676},{\"elementReferenceType\":\"TypologiePromoSitra\",\"id\":6449},{\"elementReferenceType\":\"TypologiePromoSitra\",\"id\":6453},{\"elementReferenceType\":\"TypologiePromoSitra\",\"id\":6455}]},\"prestations\":{\"animauxAcceptes\":\"NON_DISPONIBLE\",\"animauxAcceptesSupplement\":\"NON_DISPONIBLE\",\"languesParlees\":[{\"elementReferenceType\":\"Langue\",\"id\":1197}],\"complementAccueil\":{\"libelleFr\":\"Sur r\\u00e9servation.\",\"libelleEn\":\"By reservation.\"},\"surchargeTourismesAdaptes\":true,\"surchargeDescriptifHandicapMoteur\":true,\"surchargeDescriptifHandicapAuditif\":true,\"surchargeDescriptifHandicapVisuel\":true,\"surchargeDescriptifHandicapMental\":true,\"surchargeNombreFauteuilsRoulants\":true,\"typesClientele\":[{\"elementReferenceType\":\"TypeClientele\",\"id\":513}],\"nombrePersonnesMinimum\":6,\"ageMin\":48,\"uniteAgeMin\":\"ANNEE\"},\"ouverture\":{\"periodeEnClair\":{\"libelleFr\":\"Du 07\\\/07 au 25\\\/08\\\/2026 le mardi de 14h \\u00e0 18h30.\\n\\nA la demande.\",\"libelleEn\":\"From 07\\\/07 to 25\\\/08\\\/2026 on Tuesday between 2 pm and 6.30 pm.\\n\\nOn demand.\",\"libelleEs\":\"Del 07\\\/07 al 25\\\/08\\\/2026 los martes de 14 a 18:30.\\n\\nBajo petici\\u00f3n.\",\"libelleIt\":\"Dal 07\\\/07 al 25\\\/08\\\/2026 il marted\\u00ec dalle 14 alle 18:30.\\n\\nSu richiesta.\",\"libelleDe\":\"Vom 07\\\/07 bis 25\\\/08\\\/2026 jeden Dienstag von 14 Uhr bis 18.30 Uhr.\\n\\nAuf Anfrage.\",\"libelleNl\":\"Van 07\\\/07 tot en met 25\\\/08\\\/2026 op dinsdag van 14.00 tot 18.30 u.\\n\\nOp aanvraag.\",\"libelleRu\":\"\\u0421 07\\\/07 \\u0434\\u043e 25\\\/08\\\/2026 \\u043d\\u0430 \\u0432\\u0442\\u043e\\u0440\\u043d\\u0438\\u043a \\u0441 14h \\u0434\\u043e 18h30.\\n\\n\\u041f\\u043e \\u0442\\u0440\\u0435\\u0431\\u043e\\u0432\\u0430\\u043d\\u0438\\u044e.\",\"libelleZh\":\"\\u4ece 7\\u67087\\u65e5 \\u5230 2026\\u5e748\\u670825\\u65e5 \\u4e0a \\u661f\\u671f\\u4e8c \\u5c0f\\u65f6\\u5c0f\\u65f6 \\u548c \\u5c0f\\u65f6\\u5c0f\\u65f6\\u5206\\u949f  \\u4e4b\\u95f4.\\n\\n\\u9700\\u6c42.\",\"libellePtBR\":\"De 07\\\/07 a 25\\\/08\\\/2026 na ter\\u00e7a-feira de 14h a\\u00a0 18h30.\\n\\nSob demanda.\",\"libelleJa\":\"07\\\/07 \\u304b\\u3089 25\\\/08\\\/2026 \\u307e\\u3067 \\u706b\\u66dc\\u65e5 \\u306b 2 \\u5348\\u5f8c \\u3068 6.30 \\u5348\\u5f8c \\u306e\\u9593.\\n\\n\\u8981\\u30ea\\u30af\\u30a8\\u30b9\\u30c8.\",\"libelleKo\":\"07\\\/07 \\uc77c\\ubd80\\ud130 25\\\/08\\\/2026 \\uc77c\\uae4c\\uc9c0 \\uc758 \\ud654\\uc694\\uc77c 14h \\uc5d0\\uc11c 18h30 \\uae4c\\uc9c0.\\n\\n\\uc694\\uccad \\uc2dc.\"},\"periodeEnClairGenerationMode\":\"AUTOMATIQUE\",\"indicationsPeriode\":[{\"elementReferenceType\":\"IndicationPeriode\",\"id\":418}],\"periodesOuvertures\":[{\"identifiant\":20069982,\"dateDebut\":\"2026-07-07\",\"dateFin\":\"2026-08-25\",\"horaireOuverture\":\"14:00:00\",\"horaireFermeture\":\"18:30:00\",\"type\":\"OUVERTURE_SEMAINE\",\"tousLesAns\":false,\"ouverturesJournalieres\":[{\"jour\":\"MARDI\"}],\"identifiantTechnique\":39797846,\"horaires\":[{\"id\":4457326,\"type\":{\"elementReferenceType\":\"HoraireType\",\"id\":7487},\"timePeriods\":[{\"id\":4935616,\"closed\":false,\"weekdays\":[\"TUE\"],\"timeFrames\":[{\"id\":4891354,\"startTime\":\"14:00\",\"endTime\":\"18:30\"}]}]}]}],\"ouverturesComplementaires\":[{\"elementReferenceType\":\"OuvertureComplementaire\",\"id\":4192}]},\"Latitude\":45.74036799999999658439264749176800251007080078125,\"Longitude\":6.29057900000000014273382475948892533779144287109375,\"COMMUNE\":\"Faverges-Seythenex\",\"TypesClienteles\":[\"Sp\\u00e9cial famille avec enfants\"],\"codeUI\":\"CA-ADOC-132607-47578\",\"TypeActivite\":\"Activit\\u00e9s culturelles\",\"critInternes\":[\"Pr\\u00e9s\\u00e9lection - Partir Ici\",\"Place de march\\u00e9\",\"Atelier savoir-faire et terroir\",\"Activit\\u00e9s sport nature\"]},\"29098\":{\"presentation\":{\"descriptifCourt\":{\"libelleFr\":\"Alexandre, votre guide propose cette randonn\\u00e9e accompagn\\u00e9e pour parcourir les alpages, contemplez la flore alpine sur un sommet sauvage peu fr\\u00e9quent\\u00e9 du lac d\\u0027Annecy.\"},\"descriptifDetaille\":{\"libelleFr\":\"6h de marche \\\/ D\\u00e9nivel\\u00e9 : +1000 m -1000 m \\\/ Altitude maximale : 2032 m\\r\\nAu d\\u00e9part de Plan Montmin - au lieu-dit le Journal Rapille - notre randonn\\u00e9e emprunte une route foresti\\u00e8re jusqu\\u2019\\u00e0 l\\u2019alpage du Mont. Ce hameau regroupant quelques maisons traditionnelles est situ\\u00e9 \\u00e0 une altitude modeste - environ 1130 m -. Ils servent aux \\u00e9leveurs de \\u201cpetite montagne\\u201d : cette d\\u00e9nomination renvoie \\u00e0 une pratique s\\u00e9culaire de la mise en estive des b\\u00eates \\u00e0 la belle saison, qui consiste \\u00e0 les monter en altitude par paliers en suivant le d\\u00e9neigement printanier. Plus tard dans la saison, les b\\u00eates sont emmen\\u00e9es \\u00e0 la \\u201cgrande montagne\\u201d c\\u2019est-\\u00e0-dire \\u00e0 une altitude avoisinant les 1800 m voire 2000 m. Cela permet \\u00e9galement de valoriser une plus grande quantit\\u00e9 d\\u2019herbe et de fleurs de montagne, dont la qualit\\u00e9 fourrag\\u00e8re est optimale seulement quelques semaines apr\\u00e8s la pousse.\\r\\n\\r\\nNous suivons \\u00e0 pr\\u00e9sent un sentier bien trac\\u00e9 en direction de l\\u2019Arpettaz, vaste clairi\\u00e8re d\\u2019o\\u00f9 la vue porte sur la Dentd e Cons et la Belle Etoile, ultime contreforts septentrionaux du massif des Bauges. Nous contournons la Pointe de Chauriande, sortons bient\\u00f4t de la for\\u00eat et atteignons les chalets d\\u2019Arclosan. La flore alpine est vari\\u00e9e et tr\\u00e8s color\\u00e9e dans ces alpages.\\r\\n\\r\\nDe l\\u00e0, une mont\\u00e9e soutenue conduit \\u00e0 une cr\\u00eate herbeuse puis au Cr\\u00eat des Mouches - 2032 m d\\u2019altitude -. Le pique-nique est amplement m\\u00e9rit\\u00e9 ! Le panorama est superbe avec le bastion de la Tournette, le Lac d\\u2019Annecy dans sa longueur, la Cha\\u00eene des Aravis avec le Mont Charvin tout proche, ainsi que le massif du Beaufortain avec notamment la Roche Pourrie et le Mont Mirantin, sans oublier le Mont Blanc !\\r\\n\\r\\nLa descente s\\u2019effectue sur une croupe en herbe au Sud Est jusqu\\u2019aux chalets d\\u2019Arclosan o\\u00f9 nous retrouvons l\\u2019itin\\u00e9raire de mont\\u00e9e, qui conduit \\u00e0 Plan Montmin.\"}},\"prestations\":{\"animauxAcceptes\":\"NON_DISPONIBLE\",\"animauxAcceptesSupplement\":\"NON_DISPONIBLE\",\"languesParlees\":[{\"elementReferenceType\":\"Langue\",\"id\":1192},{\"elementReferenceType\":\"Langue\",\"id\":1197}],\"surchargeTourismesAdaptes\":true,\"surchargeDescriptifHandicapMoteur\":true,\"surchargeDescriptifHandicapAuditif\":true,\"surchargeDescriptifHandicapVisuel\":true,\"surchargeDescriptifHandicapMental\":true,\"surchargeNombreFauteuilsRoulants\":true,\"typesClientele\":[{\"elementReferenceType\":\"TypeClientele\",\"id\":589}],\"nombrePersonnesMinimum\":3,\"tailleGroupeMax\":10,\"ageMin\":144,\"uniteAgeMin\":\"ANNEE\"},\"ouverture\":{\"periodeEnClair\":{},\"periodeEnClairGenerationMode\":\"AUTOMATIQUE\",\"indicationsPeriode\":[{\"elementReferenceType\":\"IndicationPeriode\",\"id\":416},{\"elementReferenceType\":\"IndicationPeriode\",\"id\":418},{\"elementReferenceType\":\"IndicationPeriode\",\"id\":436}],\"periodesOuvertures\":[{\"identifiant\":24108033,\"dateDebut\":\"2025-05-15\",\"dateFin\":\"2025-10-15\",\"complementHoraire\":{\"libelleFr\":\"Sur r\\u00e9servation.\"},\"horaireOuverture\":\"09:00:00\",\"horaireFermeture\":\"16:00:00\",\"type\":\"OUVERTURE_TOUS_LES_JOURS\",\"tousLesAns\":false,\"identifiantTechnique\":38110627,\"horaires\":[{\"id\":2822511,\"type\":{\"elementReferenceType\":\"HoraireType\",\"id\":7487},\"timePeriods\":[{\"id\":3047440,\"closed\":false,\"weekdays\":[\"WED\",\"MON\",\"TUE\",\"SUN\",\"THU\",\"FRI\",\"SAT\"],\"timeFrames\":[{\"id\":3117676,\"startTime\":\"09:00\",\"endTime\":\"16:00\"}]}]}]}],\"dureeSeance\":360},\"Latitude\":45.78636800000000306454239762388169765472412109375,\"Longitude\":6.2658670000000000754880602471530437469482421875,\"COMMUNE\":\"Faverges-Seythenex\",\"TypesClienteles\":[\"Level red \\u2013 hard\"],\"codeUI\":\"CA-ADOC-132416-46300\",\"TypeActivite\":\"Sporting activities\",\"critInternes\":[\"Place de march\\u00e9\",\"Activit\\u00e9s sport nature\"]},\"32981\":{\"presentation\":{\"descriptifCourt\":{\"libelleFr\":\"Faites plaisir avec un bon cadeau canyoning d\\u2019une valeur de 55 \\u20ac ! Ce bon permet de vivre une sortie canyoning d\\u00e9couverte, accessible aux d\\u00e9butants comme aux plus curieux.\"},\"descriptifDetaille\":{\"libelleFr\":\"Encadr\\u00e9 par un guide dipl\\u00f4m\\u00e9 d\\u2019\\u00c9tat, le b\\u00e9n\\u00e9ficiaire profite d\\u2019un parcours adapt\\u00e9 \\u00e0 son niveau, au c\\u0153ur des plus beaux canyons de la r\\u00e9gion d\\u2019Annecy.\\r\\n\\r\\nSauts, toboggans naturels, rappels, vasques cristallines\\u2026 tout est r\\u00e9uni pour une aventure inoubliable, en toute s\\u00e9curit\\u00e9.\\r\\n\\r\\nCe bon est valable 1 an, sur r\\u00e9servation, d\\u00e8s 8 ans (enfant accompagn\\u00e9).\\r\\n\\r\\nId\\u00e9al pour un cadeau d\\u2019anniversaire, de No\\u00ebl, ou juste pour faire plaisir avec une exp\\u00e9rience nature et pleine de sensations !\\r\\n\\r\\nPossibilit\\u00e9 de compl\\u00e9ter la valeur du bon pour une autre formule ou de l\\u2019offrir \\u00e0 plusieurs.\\r\\n\\r\\nProduits \\u00e9ligibles\\r\\n- Aquarando du Ch\\u00e9ran\\r\\n- Canyoning Famille Angon bas\\r\\n- Mini canyoning\"},\"typologiesPromoSitra\":[{\"elementReferenceType\":\"TypologiePromoSitra\",\"id\":1670},{\"elementReferenceType\":\"TypologiePromoSitra\",\"id\":4639}]},\"prestations\":{\"animauxAcceptes\":\"NON_DISPONIBLE\",\"animauxAcceptesSupplement\":\"NON_DISPONIBLE\",\"languesParlees\":[{\"elementReferenceType\":\"Langue\",\"id\":1192},{\"elementReferenceType\":\"Langue\",\"id\":1197}],\"surchargeTourismesAdaptes\":true,\"surchargeDescriptifHandicapMoteur\":true,\"surchargeDescriptifHandicapAuditif\":true,\"surchargeDescriptifHandicapVisuel\":true,\"surchargeDescriptifHandicapMental\":true,\"surchargeNombreFauteuilsRoulants\":true,\"ageMin\":60,\"uniteAgeMin\":\"ANNEE\"},\"ouverture\":{\"periodeEnClair\":{\"libelleFr\":\"Du 01\\\/06 au 30\\\/09 tous les jours de 8h \\u00e0 20h.\\nLe reste de l\\u0027ann\\u00e9e sur r\\u00e9servation.\",\"libelleEn\":\"From 01\\\/06 to 30\\\/09 daily between 8 am and 8 pm.\",\"libelleEs\":\"Del 01\\\/06 al 30\\\/09 todos los dias de 8 a 20.\",\"libelleIt\":\"Dal 01\\\/06 al 30\\\/09 ogni giorno dalle 8 alle 20.\",\"libelleDe\":\"Vom 01\\\/06 bis 30\\\/09 t\\u00e4glich von 8 Uhr bis 20 Uhr.\",\"libelleNl\":\"Van 01\\\/06 tot en met 30\\\/09 iedere dag van 8.00 tot 20.00 u.\",\"libelleRu\":\"\\u0421 01\\\/06 \\u0434\\u043e 30\\\/09 \\u0435\\u0436\\u0435\\u0434\\u043d\\u0435\\u0432\\u043d\\u043e \\u0441 8h \\u0434\\u043e 20h.\",\"libelleZh\":\"\\u4ece 6\\u67081\\u65e5 \\u5230 9\\u670830\\u65e5 \\u65e5\\u5e38 \\u5c0f\\u65f6\\u5c0f\\u65f6 \\u548c \\u5c0f\\u65f6\\u5c0f\\u65f6 \\u4e4b\\u95f4.\",\"libellePtBR\":\"De 01\\\/06 a 30\\\/09 todos os dias de 8h a\\u00a0 20h.\",\"libelleJa\":\"01\\\/06 \\u304b\\u3089 30\\\/09 \\u307e\\u3067 \\u6bce\\u65e5 8 \\u5348\\u524d \\u3068 8 \\u5348\\u5f8c \\u306e\\u9593.\",\"libelleKo\":\"01\\\/06 \\uc77c\\ubd80\\ud130 30\\\/09 \\uc77c\\uae4c\\uc9c0 \\ub9e4\\uc77c 8h \\uc5d0\\uc11c 20h \\uae4c\\uc9c0.\"},\"periodeEnClairGenerationMode\":\"AUTOMATIQUE\",\"indicationsPeriode\":[{\"elementReferenceType\":\"IndicationPeriode\",\"id\":416},{\"elementReferenceType\":\"IndicationPeriode\",\"id\":418},{\"elementReferenceType\":\"IndicationPeriode\",\"id\":436}],\"periodesOuvertures\":[{\"identifiant\":36189533,\"dateDebut\":\"2025-06-01\",\"dateFin\":\"2025-09-30\",\"complementHoraire\":{\"libelleFr\":\"Le reste de l\\u0027ann\\u00e9e sur r\\u00e9servation.\"},\"horaireOuverture\":\"08:00:00\",\"horaireFermeture\":\"20:00:00\",\"type\":\"OUVERTURE_TOUS_LES_JOURS\",\"tousLesAns\":true,\"identifiantTechnique\":39796121,\"horaires\":[{\"id\":4455599,\"type\":{\"elementReferenceType\":\"HoraireType\",\"id\":7487},\"timePeriods\":[{\"id\":4933662,\"closed\":false,\"weekdays\":[\"SUN\",\"FRI\",\"MON\",\"TUE\",\"HOL\",\"SAT\",\"THU\",\"WED\"],\"timeFrames\":[{\"id\":4889575,\"startTime\":\"08:00\",\"endTime\":\"20:00\"}]}]}]}]},\"Latitude\":45.7372950000000031423041946254670619964599609375,\"Longitude\":6.28677400000000030644287107861600816249847412109375,\"COMMUNE\":\"Faverges-Seythenex\",\"codeUI\":\"CA-ADOC-134062-52909\",\"TypeActivite\":\"Sporting activities\",\"critInternes\":[\"Place de march\\u00e9\",\"Activit\\u00e9s sport nature\",\"bons_cadeaux\"]},\"32482\":{\"presentation\":{\"descriptifCourt\":{\"libelleFr\":\"Vivez l\\u2019adr\\u00e9naline ultime avec un saut pendulaire en tandem au c\\u0153ur du massif des Bauges ! Sensations fortes garanties dans un d\\u00e9cor naturel grandiose. Osez l\\u2019exp\\u00e9rience et partagez l\\u2019\\u00e9motion d\\u2019un saut inoubliable !\"},\"descriptifDetaille\":{\"libelleFr\":\"Plongez dans une aventure hors du commun, entre ciel et montagne ! Accroch\\u00e9s en tandem, vous vous \\u00e9lancerez dans le vide pour vivre un balancement grandiose au-dessus des paysages sauvages du massif des Bauges. Chaque seconde de votre chute sera une explosion d\\u0027\\u00e9motions : l\\u0027excitation, la libert\\u00e9, la joie pure.\\r\\n\\r\\nEncadr\\u00e9s par une \\u00e9quipe de professionnels passionn\\u00e9s, vous serez \\u00e9quip\\u00e9s en toute s\\u00e9curit\\u00e9 pour profiter pleinement de cette exp\\u00e9rience inoubliable. Accessible d\\u00e8s 14 ans, le saut pendulaire en tandem est id\\u00e9al \\u00e0 partager entre amis, en famille ou en couple.\\r\\n\\r\\nOffrez-vous une parenth\\u00e8se unique, un moment suspendu hors du temps, o\\u00f9 la nature et l\\u0027adr\\u00e9naline ne font plus qu\\u0027un.\\r\\nPr\\u00eats \\u00e0 relever le d\\u00e9fi ? Le massif des Bauges n\\u2019attend plus que vous !\"}},\"prestations\":{\"animauxAcceptes\":\"NON_DISPONIBLE\",\"animauxAcceptesSupplement\":\"NON_DISPONIBLE\",\"languesParlees\":[{\"elementReferenceType\":\"Langue\",\"id\":1197}],\"surchargeTourismesAdaptes\":true,\"surchargeDescriptifHandicapMoteur\":true,\"surchargeDescriptifHandicapAuditif\":true,\"surchargeDescriptifHandicapVisuel\":true,\"surchargeDescriptifHandicapMental\":true,\"surchargeNombreFauteuilsRoulants\":true,\"ageMin\":120,\"uniteAgeMin\":\"ANNEE\"},\"ouverture\":{\"periodeEnClair\":{\"libelleFr\":\"Du 12\\\/04 au 25\\\/10\\\/2026 tous les jours de 9h \\u00e0 19h.\",\"libelleEn\":\"From 12\\\/04 to 25\\\/10\\\/2026 daily between 9 am and 7 pm.\",\"libelleEs\":\"Del 12\\\/04 al 25\\\/10\\\/2026 todos los dias de 9 a 19.\",\"libelleIt\":\"Dal 12\\\/04 al 25\\\/10\\\/2026 ogni giorno dalle 9 alle 19.\",\"libelleDe\":\"Vom 12\\\/04 bis 25\\\/10\\\/2026 t\\u00e4glich von 9 Uhr bis 19 Uhr.\",\"libelleNl\":\"Van 12\\\/04 tot en met 25\\\/10\\\/2026 iedere dag van 9.00 tot 19.00 u.\",\"libelleRu\":\"\\u0421 12\\\/04 \\u0434\\u043e 25\\\/10\\\/2026 \\u0435\\u0436\\u0435\\u0434\\u043d\\u0435\\u0432\\u043d\\u043e \\u0441 9h \\u0434\\u043e 19h.\",\"libelleZh\":\"\\u4ece 4\\u670812\\u65e5 \\u5230 2026\\u5e7410\\u670825\\u65e5 \\u65e5\\u5e38 \\u5c0f\\u65f6\\u5c0f\\u65f6 \\u548c \\u5c0f\\u65f6\\u5c0f\\u65f6 \\u4e4b\\u95f4.\",\"libellePtBR\":\"De 12\\\/04 a 25\\\/10\\\/2026 todos os dias de 9h a\\u00a0 19h.\",\"libelleJa\":\"12\\\/04 \\u304b\\u3089 25\\\/10\\\/2026 \\u307e\\u3067 \\u6bce\\u65e5 9 \\u5348\\u524d \\u3068 7 \\u5348\\u5f8c \\u306e\\u9593.\",\"libelleKo\":\"12\\\/04 \\uc77c\\ubd80\\ud130 25\\\/10\\\/2026 \\uc77c\\uae4c\\uc9c0 \\ub9e4\\uc77c 9h \\uc5d0\\uc11c 19h \\uae4c\\uc9c0.\"},\"periodeEnClairGenerationMode\":\"AUTOMATIQUE\",\"indicationsPeriode\":[{\"elementReferenceType\":\"IndicationPeriode\",\"id\":416},{\"elementReferenceType\":\"IndicationPeriode\",\"id\":418},{\"elementReferenceType\":\"IndicationPeriode\",\"id\":436}],\"periodesOuvertures\":[{\"identifiant\":35499159,\"dateDebut\":\"2026-04-12\",\"dateFin\":\"2026-10-25\",\"horaireOuverture\":\"09:00:00\",\"horaireFermeture\":\"19:00:00\",\"type\":\"OUVERTURE_TOUS_LES_JOURS\",\"tousLesAns\":false,\"identifiantTechnique\":37981319,\"horaires\":[{\"id\":2694613,\"type\":{\"elementReferenceType\":\"HoraireType\",\"id\":7487},\"timePeriods\":[{\"id\":2902105,\"closed\":false,\"weekdays\":[\"SUN\",\"MON\",\"SAT\",\"THU\",\"TUE\",\"FRI\",\"WED\"],\"timeFrames\":[{\"id\":2975042,\"startTime\":\"09:00\",\"endTime\":\"19:00\"}]}]}]}]},\"Latitude\":45.72429799999999744386514066718518733978271484375,\"Longitude\":6.3045390000000001151647666119970381259918212890625,\"COMMUNE\":\"Faverges-Seythenex\",\"codeUI\":\"CA-ADOC-129615-49056\",\"TypeActivite\":\"Sporting activities\",\"critInternes\":[\"Place de march\\u00e9\",\"Activit\\u00e9s sport nature\",\"Micro-aventure\",\"bons_cadeaux\"]},\"35680\":{\"presentation\":{\"descriptifCourt\":{\"libelleFr\":\"Chasse aux tr\\u00e9sors naturels : bourgeons, traces, premiers indices\\u2026 Ouvrez l\\u2019\\u0153il ! Lors de cet atelier, vous apprendrez \\u00e0 explorer, d\\u00e9couvrir, jouer et cr\\u00e9er une empreinte d\\u0027animal.\"},\"descriptifDetaille\":{\"libelleFr\":\"Un atelier nature pour \\u00e9veiller la curiosit\\u00e9 des petits explorateurs et de leurs (grands) parents, \\u00e0 travers des activit\\u00e9s cr\\u00e9atives, sensorielles et ludiques. Chaque s\\u00e9ance propose un th\\u00e8me diff\\u00e9rent (ex : petites b\\u00eates, le h\\u00e9risson, l\\u2019hirondelle, petits jardiniers, les fossiles, f\\u00e9es &#038; lutins, fabrique ton cerf-volant\\u2026), pour d\\u00e9couvrir la biodiversit\\u00e9 tout en partageant un moment complice et cr\\u00e9atif.\"}},\"prestations\":{\"animauxAcceptes\":\"NON_ACCEPTES\",\"animauxAcceptesSupplement\":\"NON_DISPONIBLE\",\"languesParlees\":[{\"elementReferenceType\":\"Langue\",\"id\":1197}],\"tourismesAdaptes\":[{\"elementReferenceType\":\"TourismeAdapte\",\"id\":3651}],\"surchargeTourismesAdaptes\":true,\"surchargeDescriptifHandicapMoteur\":true,\"surchargeDescriptifHandicapAuditif\":true,\"surchargeDescriptifHandicapVisuel\":true,\"surchargeDescriptifHandicapMental\":true,\"surchargeNombreFauteuilsRoulants\":true,\"ageMin\":36,\"ageMax\":96,\"uniteAgeMin\":\"ANNEE\",\"uniteAgeMax\":\"ANNEE\"},\"ouverture\":{\"periodeEnClair\":{\"libelleFr\":\"Mercredi 18 mars 2026 de 14h30 \\u00e0 16h.\",\"libelleEn\":\"Wednesday 18 March 2026 between 2.30 pm and 4 pm.\",\"libelleEs\":\"Mi\\u00e9rcoles, 18 de marzo de 2026 de 14:30 a 16.\",\"libelleIt\":\"Mercoled\\u00ec 18 marzo 2026 dalle 14:30 alle 16.\",\"libelleDe\":\"Mittwoch, den 18. M\\u00e4rz 2026 von 14.30 Uhr bis 16 Uhr.\",\"libelleNl\":\"Woensdag 18 maart 2026 van 14.30 tot 16.00 u.\",\"libelleRu\":\"\\u0421\\u0440\\u0435\\u0434\\u0430 18 \\u043c\\u0430\\u0440\\u0442\\u0430 2026  \\u0441 14h30 \\u0434\\u043e 16h.\",\"libelleZh\":\"2026\\u5e743\\u670818\\u65e5, \\u661f\\u671f\\u4e09   \\u5c0f\\u65f6\\u5c0f\\u65f6\\u5206\\u949f  \\u548c \\u5c0f\\u65f6\\u5c0f\\u65f6 \\u4e4b\\u95f4.\",\"libellePtBR\":\"Quarta-feira 18 mar\\u00e7o 2026 de 14h30 a\\u00a0 16h.\",\"libelleJa\":\"\\u6c34\\u66dc\\u65e5 18 3\\u6708 2026 2.30 \\u5348\\u5f8c \\u3068 4 \\u5348\\u5f8c \\u306e\\u9593.\",\"libelleKo\":\"\\uc218\\uc694\\uc77c 18 3\\uc6d4 02026 14h30 \\uc5d0\\uc11c 16h \\uae4c\\uc9c0.\"},\"periodeEnClairGenerationMode\":\"AUTOMATIQUE\",\"indicationsPeriode\":[{\"elementReferenceType\":\"IndicationPeriode\",\"id\":435}],\"periodesOuvertures\":[{\"identifiant\":39846320,\"dateDebut\":\"2026-03-18\",\"dateFin\":\"2026-03-18\",\"horaireOuverture\":\"14:30:00\",\"horaireFermeture\":\"16:00:00\",\"type\":\"OUVERTURE_TOUS_LES_JOURS\",\"tousLesAns\":false,\"identifiantTechnique\":39846320,\"horaires\":[{\"id\":4503811,\"type\":{\"elementReferenceType\":\"HoraireType\",\"id\":7487},\"timePeriods\":[{\"id\":4989601,\"closed\":false,\"weekdays\":[\"WED\"],\"timeFrames\":[{\"id\":4939522,\"startTime\":\"14:30\",\"endTime\":\"16:00\"}]}]}]}],\"dureeSeance\":90},\"Latitude\":45.76028999999999768988345749676227569580078125,\"Longitude\":6.2213300000000000267164068645797669887542724609375,\"COMMUNE\":\"Faverges-Seythenex\",\"codeUI\":\"CA-ADOC-132592-59811\",\"TypeActivite\":\"Activit\\u00e9s culturelles\",\"critInternes\":[\"Place de march\\u00e9\",\"Atelier savoir-faire et terroir\",\"offres_du_moment\"]},\"31646\":{\"presentation\":{\"descriptifCourt\":{\"libelleFr\":\"Ce vol s\\u0027adresse aux gourmands, ce qui en veulent plus, de la randonn\\u00e9e a\\u00e9rienne pour sauter d\\u0027un massif \\u00e0 l\\u0027autre, quitter les bords du lac pour rentrer dans le massif de Bornes, ou les Aravis, les Bauges...\"},\"descriptifDetaille\":{\"libelleFr\":\"Les thermiques plus puissants dans la seconde partie de journ\\u00e9e, nous permettent de prendre de l\\u0027altitude et d\\u0027envisager des plus grandes transitions ! Vous resterez alors en l\\u0027air assez de temps pour une balade a\\u00e9rienne inoubliable avec vue sur la r\\u00e9gion d\\u0027Annecy.\"}},\"prestations\":{\"animauxAcceptes\":\"NON_DISPONIBLE\",\"animauxAcceptesSupplement\":\"NON_DISPONIBLE\",\"languesParlees\":[{\"elementReferenceType\":\"Langue\",\"id\":1192},{\"elementReferenceType\":\"Langue\",\"id\":1197}],\"complementAccueil\":{\"libelleFr\":\"+50kg\"},\"surchargeTourismesAdaptes\":true,\"surchargeDescriptifHandicapMoteur\":true,\"surchargeDescriptifHandicapAuditif\":true,\"surchargeDescriptifHandicapVisuel\":true,\"surchargeDescriptifHandicapMental\":true,\"surchargeNombreFauteuilsRoulants\":true,\"ageMin\":180,\"uniteAgeMin\":\"ANNEE\",\"uniteAgeMax\":\"ANNEE\"},\"ouverture\":{\"periodeEnClair\":{\"libelleFr\":\"Du 01\\\/01 au 31\\\/12, tous les jours.\",\"libelleEn\":\"From 01\\\/01 to 31\\\/12, daily.\",\"libelleEs\":\"Del 01\\\/01 al 31\\\/12, todos los dias.\",\"libelleIt\":\"Dal 01\\\/01 al 31\\\/12, ogni giorno.\",\"libelleDe\":\"Vom 01\\\/01 bis 31\\\/12, t\\u00e4glich.\",\"libelleNl\":\"Van 01\\\/01 tot en met 31\\\/12, iedere dag.\",\"libelleRu\":\"\\u0421 01\\\/01 \\u0434\\u043e 31\\\/12, \\u0435\\u0436\\u0435\\u0434\\u043d\\u0435\\u0432\\u043d\\u043e.\",\"libelleZh\":\"\\u4ece 1\\u67081\\u65e5 \\u5230 12\\u670831\\u65e5, \\u65e5\\u5e38.\",\"libellePtBR\":\"De 01\\\/01 a 31\\\/12, todos os dias.\",\"libelleJa\":\"01\\\/01 \\u304b\\u3089 31\\\/12 \\u307e\\u3067, \\u6bce\\u65e5.\",\"libelleKo\":\"01\\\/01 \\uc77c\\ubd80\\ud130 31\\\/12 \\uc77c\\uae4c\\uc9c0, \\ub9e4\\uc77c.\"},\"periodeEnClairGenerationMode\":\"AUTOMATIQUE\",\"indicationsPeriode\":[{\"elementReferenceType\":\"IndicationPeriode\",\"id\":416},{\"elementReferenceType\":\"IndicationPeriode\",\"id\":418},{\"elementReferenceType\":\"IndicationPeriode\",\"id\":435},{\"elementReferenceType\":\"IndicationPeriode\",\"id\":436}],\"periodesOuvertures\":[{\"identifiant\":34758797,\"dateDebut\":\"2025-01-01\",\"dateFin\":\"2025-12-31\",\"type\":\"OUVERTURE_TOUS_LES_JOURS\",\"tousLesAns\":true,\"identifiantTechnique\":34758797,\"horaires\":[{\"id\":262237,\"type\":{\"elementReferenceType\":\"HoraireType\",\"id\":7487},\"timePeriods\":[{\"id\":275957,\"closed\":false,\"weekdays\":[\"WED\",\"SAT\",\"SUN\",\"THU\",\"MON\",\"TUE\",\"FRI\"],\"timeFrames\":[{\"id\":293960}]}]}]}],\"dureeSeance\":75},\"Latitude\":45.84850200000000342015482601709663867950439453125,\"Longitude\":6.2122960000000002622755346237681806087493896484375,\"COMMUNE\":\"Doussard\",\"codeUI\":\"CA-ADOC-111168-19461\",\"TypeActivite\":\"Sporting activities\",\"critInternes\":[\"Place de march\\u00e9\",\"Activit\\u00e9s sport nature\"]},\"29488\":{\"presentation\":{\"descriptifCourt\":{\"libelleFr\":\"Un cours d\\u2019escalade pour apprendre \\u00e0 grimper en falaise en toute s\\u00e9curit\\u00e9. Encadr\\u00e9 par un moniteur d\\u2019escalade sur le site naturel d\\u2019Angon \\u00e0 seulement 30 minutes d\\u2019Annecy.\"},\"descriptifDetaille\":{\"libelleFr\":\"C\\u2019est sur la falaise d\\u2019Angon que nos moniteurs vous apprendront \\u00e0 faire vos premiers pas sur le rocher. Haute d\\u2019une dizaine de m\\u00e8tres, cette falaise est id\\u00e9ale pour d\\u00e9buter l\\u2019escalade.\\r\\nEncadr\\u00e9 et bien \\u00e9quip\\u00e9, vous pourrez grimper des voies accessibles et \\u00e0 la fois apprendre les techniques d\\u2019assurage!\\r\\nCe cours s\\u2019adresse autant aux enfants qu\\u2019aux adultes! Il est m\\u00eame possible de le faire en famille\\u2026\"}},\"prestations\":{\"animauxAcceptes\":\"NON_ACCEPTES\",\"animauxAcceptesSupplement\":\"NON_DISPONIBLE\",\"languesParlees\":[{\"elementReferenceType\":\"Langue\",\"id\":1197}],\"surchargeTourismesAdaptes\":true,\"surchargeDescriptifHandicapMoteur\":true,\"surchargeDescriptifHandicapAuditif\":true,\"surchargeDescriptifHandicapVisuel\":true,\"surchargeDescriptifHandicapMental\":true,\"surchargeNombreFauteuilsRoulants\":true,\"typesClientele\":[{\"elementReferenceType\":\"TypeClientele\",\"id\":3735}],\"tailleGroupeMax\":10,\"ageMin\":60,\"uniteAgeMin\":\"ANNEE\"},\"ouverture\":{\"periodeEnClair\":{\"libelleFr\":\"Toute l\\u0027ann\\u00e9e tous les jours.\\nSur r\\u00e9servation.\",\"libelleEn\":\"All year round daily.\",\"libelleEs\":\"Todo el a\\u00f1o todos los dias.\",\"libelleIt\":\"Tutto l\\u0027anno ogni giorno.\",\"libelleDe\":\"Ganzj\\u00e4hrig t\\u00e4glich.\",\"libelleNl\":\"Het hele jaar iedere dag.\",\"libelleRu\":\"\\u0412 \\u0442\\u0435\\u0447\\u0435\\u043d\\u0438\\u0435 \\u0432\\u0441\\u0435\\u0433\\u043e \\u0433\\u043e\\u0434\\u0430 \\u0435\\u0436\\u0435\\u0434\\u043d\\u0435\\u0432\\u043d\\u043e.\",\"libelleZh\":\"\\u5168\\u5e74 \\u65e5\\u5e38.\",\"libellePtBR\":\"Todo o ano todos os dias.\",\"libelleJa\":\"\\u30aa\\u30fc\\u30eb\\u30b7\\u30fc\\u30ba\\u30f3 \\u6bce\\u65e5.\",\"libelleKo\":\"\\uc77c \\ub144 \\ub0b4\\ub0b4 \\ub9e4\\uc77c.\"},\"periodeEnClairGenerationMode\":\"AUTOMATIQUE\",\"indicationsPeriode\":[{\"elementReferenceType\":\"IndicationPeriode\",\"id\":416},{\"elementReferenceType\":\"IndicationPeriode\",\"id\":418},{\"elementReferenceType\":\"IndicationPeriode\",\"id\":435},{\"elementReferenceType\":\"IndicationPeriode\",\"id\":436}],\"periodesOuvertures\":[{\"identifiant\":32822460,\"dateDebut\":\"2024-01-01\",\"dateFin\":\"2024-12-31\",\"complementHoraire\":{\"libelleFr\":\"Sur r\\u00e9servation.\"},\"type\":\"OUVERTURE_TOUS_LES_JOURS\",\"tousLesAns\":true,\"identifiantTechnique\":39795697,\"horaires\":[{\"id\":4455187,\"type\":{\"elementReferenceType\":\"HoraireType\",\"id\":7487},\"timePeriods\":[{\"id\":4933170,\"closed\":false,\"weekdays\":[\"WED\",\"SAT\",\"SUN\",\"THU\",\"MON\",\"TUE\",\"FRI\"],\"timeFrames\":[{\"id\":4889153}]}]}]}],\"ouvertTouteLAnnee\":\"OUVERT_TOUTE_L_ANNEE\",\"dureeSeance\":180},\"Latitude\":45.79806700000000319050741381943225860595703125,\"Longitude\":6.2316810000000000258069121628068387508392333984375,\"COMMUNE\":\"Doussard\",\"TypesClienteles\":[\"For beginners \\\/ novice\"],\"codeUI\":\"CA-ADOC-110648-15234\",\"TypeActivite\":\"Sporting activities\",\"critInternes\":[\"Place de march\\u00e9\",\"Activit\\u00e9s sport nature\"]},\"34603\":{\"presentation\":{\"descriptifCourt\":{\"libelleFr\":\"Offrez une parenth\\u00e8se magique : un vol en montgolfi\\u00e8re au-dessus du lac d\\u2019Annecy. Panorama grandiose, \\u00e9motion pure et souvenir inoubliable. Une id\\u00e9e cadeau id\\u00e9ale pour vivre l\\u2019exception en toute l\\u00e9g\\u00e8ret\\u00e9.\",\"libelleEn\":\"Offer a magical escape: a hot-air balloon flight over Lake Annecy. Majestic panoramas, pure emotion, and unforgettable memories. The perfect gift idea for experiencing something truly exceptional with effortless lightness.\"},\"descriptifDetaille\":{\"libelleFr\":\"Au lever du jour, la nacelle s\\u2019\\u00e9l\\u00e8ve en douceur pour r\\u00e9v\\u00e9ler un panorama spectaculaire entre eaux turquoise et sommets alpins. Ce moment suspendu offre une \\u00e9motion rare, faite de s\\u00e9r\\u00e9nit\\u00e9, de beaut\\u00e9 et de libert\\u00e9. Une exp\\u00e9rience inoubliable \\u00e0 partager ou \\u00e0 offrir, parfaite pour c\\u00e9l\\u00e9brer une occasion sp\\u00e9ciale et cr\\u00e9er des souvenirs lumineux.\",\"libelleEn\":\"At daybreak, the basket rises gently, revealing a spectacular panorama of turquoise waters and Alpine peaks. This suspended moment offers a rare emotion, filled with serenity, beauty, and freedom. An unforgettable experience to share or to offer, perfect for celebrating a special occasion and creating radiant memories.\"}},\"prestations\":{\"animauxAcceptes\":\"NON_DISPONIBLE\",\"animauxAcceptesSupplement\":\"NON_DISPONIBLE\",\"languesParlees\":[{\"elementReferenceType\":\"Langue\",\"id\":1192,\"libelleFr\":\"Anglais\",\"libelleEn\":\"English\",\"ordre\":2},{\"elementReferenceType\":\"Langue\",\"id\":1197,\"libelleFr\":\"Fran\\u00e7ais\",\"libelleEn\":\"French\",\"ordre\":14}],\"languesDocumentation\":[{\"elementReferenceType\":\"Langue\",\"id\":1192,\"libelleFr\":\"Anglais\",\"libelleEn\":\"English\",\"ordre\":2},{\"elementReferenceType\":\"Langue\",\"id\":1197,\"libelleFr\":\"Fran\\u00e7ais\",\"libelleEn\":\"French\",\"ordre\":14}],\"complementAccueil\":{\"libelleFr\":\"Taille minimum requise : 1m30.\",\"libelleEn\":\"Minimum required height: 1.30 m.\"},\"surchargeTourismesAdaptes\":true,\"surchargeDescriptifHandicapMoteur\":true,\"surchargeDescriptifHandicapAuditif\":true,\"surchargeDescriptifHandicapVisuel\":true,\"surchargeDescriptifHandicapMental\":true,\"surchargeNombreFauteuilsRoulants\":true},\"ouverture\":{\"periodeEnClair\":{\"libelleFr\":\"Toute l\\u0027ann\\u00e9e tous les jours.\",\"libelleEn\":\"All year round daily.\"},\"periodeEnClairGenerationMode\":\"AUTOMATIQUE\",\"indicationsPeriode\":[{\"elementReferenceType\":\"IndicationPeriode\",\"id\":416,\"libelleFr\":\"Automne\",\"libelleEn\":\"Autumn\",\"ordre\":4,\"description\":\"Permet de trouver des objets en fonction de la saison automnale - 21 septembre au 20 d\\u00e9cembre\",\"familleCritere\":{\"elementReferenceType\":\"FamilleCritere\",\"id\":114,\"libelleFr\":\"P\\u00e9riode\",\"libelleEn\":\"Period\",\"ordre\":118}},{\"elementReferenceType\":\"IndicationPeriode\",\"id\":418,\"libelleFr\":\"Et\\u00e9\",\"libelleEn\":\"Summer\",\"ordre\":3,\"description\":\"Permet de trouver des objets en fonction de la saison estivale - 21 juin au 20 septembre\",\"familleCritere\":{\"elementReferenceType\":\"FamilleCritere\",\"id\":114,\"libelleFr\":\"P\\u00e9riode\",\"libelleEn\":\"Period\",\"ordre\":118}},{\"elementReferenceType\":\"IndicationPeriode\",\"id\":435,\"libelleFr\":\"Hiver\",\"libelleEn\":\"Winter\",\"ordre\":5,\"description\":\"Permet de trouver des objets en fonction de la saison hivernale - 21 d\\u00e9cembre au 20 mars\",\"familleCritere\":{\"elementReferenceType\":\"FamilleCritere\",\"id\":114,\"libelleFr\":\"P\\u00e9riode\",\"libelleEn\":\"Period\",\"ordre\":118}},{\"elementReferenceType\":\"IndicationPeriode\",\"id\":436,\"libelleFr\":\"Printemps\",\"libelleEn\":\"Spring\",\"ordre\":2,\"description\":\"Permet de trouver des objets en fonction de la saison printani\\u00e8re - 21 mars au 20 juin\",\"familleCritere\":{\"elementReferenceType\":\"FamilleCritere\",\"id\":114,\"libelleFr\":\"P\\u00e9riode\",\"libelleEn\":\"Period\",\"ordre\":118}}],\"periodesOuvertures\":[{\"identifiant\":38320622,\"dateDebut\":\"2023-01-01\",\"dateFin\":\"2023-12-31\",\"type\":\"OUVERTURE_TOUS_LES_JOURS\",\"tousLesAns\":true,\"identifiantTechnique\":39254903,\"horaires\":[{\"id\":3932436,\"type\":{\"elementReferenceType\":\"HoraireType\",\"id\":7487,\"libelleFr\":\"Ouverture\",\"libelleEn\":\"Opening hours\",\"ordre\":16,\"description\":\"Horaires d\\u0027ouverture\",\"externalType\":\"opening\",\"startTimeVisibility\":true,\"endTimeVisibility\":true,\"recurrenceVisibility\":false},\"timePeriods\":[{\"id\":4326293,\"closed\":false,\"weekdays\":[\"SUN\",\"MON\",\"FRI\",\"TUE\",\"WED\",\"SAT\",\"THU\"],\"timeFrames\":[{\"id\":4339021}]}]}]}],\"ouvertTouteLAnnee\":\"OUVERT_TOUTE_L_ANNEE\"},\"Latitude\":45.780923000000001366061042062938213348388671875,\"Longitude\":6.22196100000000029695002012886106967926025390625,\"COMMUNE\":\"Doussard\",\"codeUI\":\"CA-ADOC-134781-57928\",\"TypeActivite\":\"Activit\\u00e9s sportives\",\"critInternes\":[\"Place de march\\u00e9\",\"bons_cadeaux\"]},\"35746\":{\"presentation\":{\"descriptifCourt\":{\"libelleFr\":\"A la fois dynamique, ludique et conviviale, cette sortie vous invite \\u00e0 d\\u00e9couvrir les Sources du lac d\\u2019Annecy autrement, dans un cadre naturel exceptionnel.  Guid\\u00e9(e) par une coach sportive, vous alternez marche avec b\\u00e2tons dynamiques et exercices simples.\",\"libelleEn\":\"Both dynamic, fun, and friendly, this outing invites you to discover the sources of Lake Annecy in a different way, within an exceptional natural setting. Guided by a sports coach, you alternate between dynamic pole walking and simple exercises.\"},\"descriptifDetaille\":{\"libelleFr\":\"Au d\\u00e9part du Parking des Combes, au-dessus de Marlens, je vous accompagne sur de beaux sentiers forestiers en direction du Roc de Nantbellet, un belv\\u00e9d\\u00e8re naturel offrant de magnifiques points de vue sur les montagnes alentours et la vall\\u00e9e des Sources du Lac d\\u0027Annecy.\\r\\n\\r\\nLa sortie se termine par un moment gourmand et convivial, autour d\\u2019une p\\u00e2tisserie maison, pour prolonger le plaisir du partage.\\r\\n\\r\\nBUNGYPUMP, DES B\\u00c2TONS PAS COMME LES AUTRES !!\\r\\n\\r\\nD\\u2019origine su\\u00e9doise, les b\\u00e2tons BungyPump sont \\u00e9quip\\u00e9s d\\u2019un syst\\u00e8me de r\\u00e9sistance qui :\\r\\n\\r\\n- am\\u00e9liore la posture et l\\u2019\\u00e9quilibre\\r\\n\\r\\n- sollicite bras, dos et ceinture abdominale\\r\\n\\r\\n- transforme la marche en activit\\u00e9 compl\\u00e8te et douce pour les articulations.\\r\\n\\r\\nLes b\\u00e2tons sont fournis pour toute la dur\\u00e9e de la sortie.\\r\\n\\r\\nINFOS PRATIQUES\\r\\n\\r\\n- Public : adultes et jeunes \\u00e0 partir de 15 ans , enfants d\\u00e8s 8 ans accompagn\\u00e9s d\\u0027un adulte (les plus jeunes peuvent participer sans b\\u00e2ton; animaux non admis)\\r\\n\\r\\n- Dur\\u00e9e : 2h30\\r\\n\\r\\n- Distance: 6,5 km\\r\\n\\r\\n- D\\u00e9nivel\\u00e9 : +180 m\\r\\n\\r\\n- Niveau: facile, accessible \\u00e0 toute personne en bonne forme physique\\r\\n\\r\\n- Groupe : de 3 \\u00e0 12 personnes maximum\\r\\n\\r\\n- Mat\\u00e9riel fourni: pr\\u00eat de b\\u00e2tons BungyPump inclus\\r\\n\\r\\n- Stationnement : parking gratuit\\r\\n\\r\\nEQUIPEMENT CONSEILLE\\r\\n\\r\\n- basket type trail ou chaussures de randonn\\u00e9e\\r\\n\\r\\n- tenue de sport adapt\\u00e9e \\u00e0 la m\\u00e9t\\u00e9o\\r\\n\\r\\n- petit sac \\u00e0 dos ou sac banane\\r\\n\\r\\n- gourde d\\u0027eau et en-cas\\r\\n\\r\\n- veste imperm\\u00e9able\\r\\n\\r\\n- casquette, lunettes et cr\\u00e8me solaire aux beaux jours\"}},\"prestations\":{\"equipements\":[{\"elementReferenceType\":\"PrestationEquipement\",\"id\":5592},{\"elementReferenceType\":\"PrestationEquipement\",\"id\":972}],\"animauxAcceptes\":\"NON_ACCEPTES\",\"animauxAcceptesSupplement\":\"NON_DISPONIBLE\",\"languesParlees\":[{\"elementReferenceType\":\"Langue\",\"id\":1192},{\"elementReferenceType\":\"Langue\",\"id\":1197}],\"complementAccueil\":{\"libelleFr\":\"EQUIPEMENT CONSEILLE\\r\\n\\r\\n- basket type trail ou chaussures de randonn\\u00e9e\\r\\n\\r\\n- tenue de sport adapt\\u00e9e \\u00e0 la m\\u00e9t\\u00e9o\\r\\n\\r\\n- petit sac \\u00e0 dos ou sac banane\\r\\n\\r\\n- gourde d\\u0027eau et en-cas\\r\\n\\r\\n- veste imperm\\u00e9able\\r\\n\\r\\n- gants fins et bonnet en hiver\\r\\n\\r\\n- casquette, lunettes et cr\\u00e8me solaire aux beaux jours\"},\"tourismesAdaptes\":[{\"elementReferenceType\":\"TourismeAdapte\",\"id\":3651}],\"surchargeTourismesAdaptes\":true,\"surchargeDescriptifHandicapMoteur\":true,\"surchargeDescriptifHandicapAuditif\":true,\"surchargeDescriptifHandicapVisuel\":true,\"surchargeDescriptifHandicapMental\":true,\"surchargeNombreFauteuilsRoulants\":true,\"nombrePersonnesMinimum\":3,\"tailleGroupeMax\":12,\"ageMin\":180,\"uniteAgeMin\":\"ANNEE\"},\"ouverture\":{\"periodeEnClair\":{\"libelleFr\":\"Toute l\\u0027ann\\u00e9e tous les jours.\\nD\\u00e9part \\u00e0 9h\\r\\nD\\u00e9part \\u00e0 13h30.\",\"libelleEn\":\"All year round daily.\",\"libelleEs\":\"Todo el a\\u00f1o todos los dias.\",\"libelleIt\":\"Tutto l\\u0027anno ogni giorno.\",\"libelleDe\":\"Ganzj\\u00e4hrig t\\u00e4glich.\",\"libelleNl\":\"Het hele jaar iedere dag.\",\"libelleRu\":\"\\u0412 \\u0442\\u0435\\u0447\\u0435\\u043d\\u0438\\u0435 \\u0432\\u0441\\u0435\\u0433\\u043e \\u0433\\u043e\\u0434\\u0430 \\u0435\\u0436\\u0435\\u0434\\u043d\\u0435\\u0432\\u043d\\u043e.\",\"libelleZh\":\"\\u5168\\u5e74 \\u65e5\\u5e38.\",\"libellePtBR\":\"Todo o ano todos os dias.\",\"libelleJa\":\"\\u30aa\\u30fc\\u30eb\\u30b7\\u30fc\\u30ba\\u30f3 \\u6bce\\u65e5.\",\"libelleKo\":\"\\uc77c \\ub144 \\ub0b4\\ub0b4 \\ub9e4\\uc77c.\"},\"periodeEnClairGenerationMode\":\"AUTOMATIQUE\",\"indicationsPeriode\":[{\"elementReferenceType\":\"IndicationPeriode\",\"id\":416},{\"elementReferenceType\":\"IndicationPeriode\",\"id\":418},{\"elementReferenceType\":\"IndicationPeriode\",\"id\":435},{\"elementReferenceType\":\"IndicationPeriode\",\"id\":436}],\"periodesOuvertures\":[{\"identifiant\":39910954,\"dateDebut\":\"2026-01-01\",\"dateFin\":\"2026-12-31\",\"complementHoraire\":{\"libelleFr\":\"D\\u00e9part \\u00e0 9h\\r\\nD\\u00e9part \\u00e0 13h30\"},\"type\":\"OUVERTURE_TOUS_LES_JOURS\",\"tousLesAns\":true,\"identifiantTechnique\":39910954,\"horaires\":[{\"id\":4565312,\"type\":{\"elementReferenceType\":\"HoraireType\",\"id\":7487},\"timePeriods\":[{\"id\":5061496,\"closed\":false,\"weekdays\":[\"WED\",\"MON\",\"TUE\",\"SUN\",\"THU\",\"FRI\",\"SAT\"]}]}]}],\"ouvertTouteLAnnee\":\"OUVERT_TOUTE_L_ANNEE\"},\"Latitude\":45.7772819999999995843609212897717952728271484375,\"Longitude\":6.33941300000000040881786844693124294281005859375,\"COMMUNE\":\"Val de Chaise\",\"codeUI\":\"CA-ADOC-135225-60271\",\"TypeActivite\":\"Activit\\u00e9s sportives\",\"critInternes\":[\"Place de march\\u00e9\",\"Bien-\\u00eatre\",\"Activit\\u00e9s sport nature\",\"offres_du_moment\",\"Partenaire_2026\"]},\"29581\":{\"presentation\":{\"descriptifCourt\":{\"libelleFr\":\"D\\u00e9fiez les lois de l\\u0027apesanteur, avec cette Via-Ferrata, exclusive, nomm\\u00e9 \\u00ab Roc &#038; Rol\\u2019s \\u00bb. Un rendez-vous incontournable pour tous les visiteurs de la r\\u00e9gion d\\u2019Annecy qui aiment le sport \\u00e0 sensations.\",\"libelleEn\":\"In the mountain above Lake Annecy, give our extra long version of via ferrata a try and enjoy! Zip line, ladders, wire bridge and abseil.\"},\"descriptifDetaille\":{\"libelleFr\":\"Un programme vari\\u00e9 et ludique de 3 heures, adaptable selon vos motivations, acro-rando, tyroliennes, pont de singe, escalade, descente en rappel.\\r\\n\\r\\nPour finir sur un panorama exceptionnel \\u00e0 plus de 1000m au dessus du Lac d\\u0027Annecy, qui pourrait \\u00eatre votre plus beau selfie. \\r\\n\\r\\nDepuis 1996, nous vous accueillons \\u00e0 notre base, \\u00e0 pied d\\u0027oeuvre. La plus grande exigence d\\u0027encadrement vous est r\\u00e9serv\\u00e9e. Notre \\u00e9quipe de guides (dipl\\u00f4m\\u00e9s d\\u0027Etat) vous fait partager, en petit groupe, ce moment d\\u0027action dans la bonne humeur.\\r\\nLe prix inclut logistique, \\u00e9quipement et encadrement.\",\"libelleEn\":\"Since 1996, we\\u0027ve been taking you to the most beautiful canyons around the region of Annecy from our nearby base. Our state-certified guides are very experienced and share a nice, enjoyable action-packed time with small groups. \\r\\n\\r\\nOur prices include logistics, equipment and guidance.\"},\"descriptifsThematises\":[{\"theme\":{\"elementReferenceType\":\"DescriptifTheme\",\"id\":5154},\"description\":{}}],\"typologiesPromoSitra\":[{\"elementReferenceType\":\"TypologiePromoSitra\",\"id\":1676}],\"bonsPlans\":{}},\"prestations\":{\"animauxAcceptes\":\"NON_ACCEPTES\",\"animauxAcceptesSupplement\":\"NON_DISPONIBLE\",\"descriptifAnimauxAcceptes\":{\"libelleFr\":\"Animaux accept\\u00e9s au camp de base.\",\"libelleEn\":\"Animals allowed at the base.\"},\"languesParlees\":[{\"elementReferenceType\":\"Langue\",\"id\":1192},{\"elementReferenceType\":\"Langue\",\"id\":1197}],\"languesDocumentation\":[{\"elementReferenceType\":\"Langue\",\"id\":1192},{\"elementReferenceType\":\"Langue\",\"id\":1197}],\"complementAccueil\":{\"libelleFr\":\"Kit via ferrata compris dans le prix : Harnais, longe de via ferrata et casque. Equipement v\\u00e9rifi\\u00e9 apr\\u00e8s chaque usage.\",\"libelleEn\":\"Via ferrata kit included: harness, descender and helmet.\\r\\nWe check the equipment after every use.\"},\"surchargeTourismesAdaptes\":true,\"surchargeDescriptifHandicapMoteur\":true,\"surchargeDescriptifHandicapAuditif\":true,\"surchargeDescriptifHandicapVisuel\":true,\"surchargeDescriptifHandicapMental\":true,\"surchargeNombreFauteuilsRoulants\":true,\"typesClientele\":[{\"elementReferenceType\":\"TypeClientele\",\"id\":596},{\"elementReferenceType\":\"TypeClientele\",\"id\":3735},{\"elementReferenceType\":\"TypeClientele\",\"id\":593},{\"elementReferenceType\":\"TypeClientele\",\"id\":597},{\"elementReferenceType\":\"TypeClientele\",\"id\":4551}],\"tailleGroupeMin\":6,\"ageMin\":144,\"uniteAgeMin\":\"ANNEE\"},\"ouverture\":{\"periodeEnClair\":{\"libelleFr\":\"Du 12\\\/04 au 25\\\/10 tous les jours.\\nHors p\\u00e9riode d\\u0027enneigement.\\n\\nSous r\\u00e9serve de conditions m\\u00e9t\\u00e9o favorables.\",\"libelleEn\":\"From 12\\\/04 to 25\\\/10 daily.\\nOutside snow season.\\n\\nSubject to favorable weather.\",\"libelleEs\":\"Del 12\\\/04 al 25\\\/10 todos los dias.\\n\\nA reserva de buen tiempo.\",\"libelleIt\":\"Dal 12\\\/04 al 25\\\/10 ogni giorno.\\n\\nCon riserva di condizioni atmosferiche favorevoli.\",\"libelleDe\":\"Vom 12\\\/04 bis 25\\\/10 t\\u00e4glich.\\n\\nNur bei g\\u00fcnstigen Wetterbedingungen.\",\"libelleNl\":\"Van 12\\\/04 tot en met 25\\\/10 iedere dag.\\n\\nOnder voorbehoud, van de weersomstandigheden.\",\"libelleRu\":\"\\u0421 12\\\/04 \\u0434\\u043e 25\\\/10 \\u0435\\u0436\\u0435\\u0434\\u043d\\u0435\\u0432\\u043d\\u043e.\\n\\n\\u041f\\u0440\\u0438 \\u0431\\u043b\\u0430\\u0433\\u043e\\u043f\\u0440\\u0438\\u044f\\u0442\\u043d\\u044b\\u0445 \\u043f\\u043e\\u0433\\u043e\\u0434\\u043d\\u044b\\u0445 \\u0443\\u0441\\u043b\\u043e\\u0432\\u0438\\u044f\\u0445.\",\"libelleZh\":\"\\u4ece 4\\u670812\\u65e5 \\u5230 10\\u670825\\u65e5 \\u65e5\\u5e38.\\n\\n\\u9700\\u5929\\u6c14\\u826f\\u597d.\",\"libellePtBR\":\"De 12\\\/04 a 25\\\/10 todos os dias.\\n\\nSob reserva de condi\\u00e7\\u00f5es metereol\\u00f3gicas favor\\u00e1veis.\",\"libelleJa\":\"12\\\/04 \\u304b\\u3089 25\\\/10 \\u307e\\u3067 \\u6bce\\u65e5.\\n\\n\\u5929\\u5019\\u306b\\u5de6\\u53f3\\u3055\\u308c\\u307e\\u3059.\",\"libelleKo\":\"12\\\/04 \\uc77c\\ubd80\\ud130 25\\\/10 \\uc77c\\uae4c\\uc9c0 \\ub9e4\\uc77c.\\n\\n\\uae30\\uc0c1 \\uc870\\uac74\\uc5d0 \\ub530\\ub77c \\ub2ec\\ub77c\\uc9c8 \\uc218 \\uc788\\uc2b5\\ub2c8\\ub2e4.\"},\"periodeEnClairGenerationMode\":\"AUTOMATIQUE\",\"indicationsPeriode\":[{\"elementReferenceType\":\"IndicationPeriode\",\"id\":416},{\"elementReferenceType\":\"IndicationPeriode\",\"id\":418},{\"elementReferenceType\":\"IndicationPeriode\",\"id\":436}],\"periodesOuvertures\":[{\"identifiant\":11775778,\"dateDebut\":\"2025-04-12\",\"dateFin\":\"2025-10-25\",\"complementHoraire\":{\"libelleFr\":\"Hors p\\u00e9riode d\\u0027enneigement.\",\"libelleEn\":\"Outside snow season.\"},\"type\":\"OUVERTURE_TOUS_LES_JOURS\",\"tousLesAns\":true,\"identifiantTechnique\":39795605,\"horaires\":[{\"id\":4455095,\"type\":{\"elementReferenceType\":\"HoraireType\",\"id\":7487},\"timePeriods\":[{\"id\":4933077,\"closed\":false,\"weekdays\":[\"SUN\",\"FRI\",\"MON\",\"TUE\",\"SAT\",\"THU\",\"WED\"],\"timeFrames\":[{\"id\":4889071}]}]}]}],\"ouverturesComplementaires\":[{\"elementReferenceType\":\"OuvertureComplementaire\",\"id\":4188}],\"dureeSeance\":180},\"Latitude\":45.8235039999999997917257132939994335174560546875,\"Longitude\":6.2634150000000001767830326571129262447357177734375,\"COMMUNE\":\"Talloires-Montmin\",\"TypesClienteles\":[\"Accueil de groupes scolaires\",\"Adapt\\u00e9 aux d\\u00e9butants\",\"Accueil groupes\",\"Accueil groupes affaire\\\/incentive\",\"Enseignement sup\\u00e9rieur\"],\"codeUI\":\"CA-ADOC-129615-52361\",\"TypeActivite\":\"Activit\\u00e9s sportives\",\"critInternes\":[\"Place de march\\u00e9\",\"Activit\\u00e9s sport nature\",\"bons_cadeaux\"]},\"32419\":{\"presentation\":{\"descriptifCourt\":{\"libelleFr\":\"Rejoins l\\u2019atelier Croch\\u2019Amigurumi chez Alth\\u00e9a Cr\\u00e9a chaque mercredi apr\\u00e8s-midi pour d\\u00e9couvrir l\\u2019univers magique du crochet et cr\\u00e9er toi-m\\u00eame des mini animaux, des personnages rigolos ou m\\u00eame des monstres tout doux !\"},\"descriptifDetaille\":{\"libelleFr\":\"Que tu sois d\\u00e9butant(e) ou d\\u00e9j\\u00e0 un(e) pro du fil, cet atelier est fait pour toi !\\r\\nTu apprendras \\u00e0 manier ton crochet comme une baguette magique et \\u00e0 donner vie \\u00e0 des amigurumis trop mignons.\\r\\nTu repartiras avec ta propre cr\\u00e9ation \\u00e0 chaque s\\u00e9ance !\\r\\nChez Alth\\u00e9a Cr\\u00e9a \\u2013 Un lieu plein de couleurs, d\\u2019id\\u00e9es, et surtout de bonne humeur !\\r\\nAmbiance conviviale, mat\\u00e9riel fourni, et des surprises \\u00e0 chaque coin de table !\"}},\"prestations\":{\"animauxAcceptes\":\"NON_DISPONIBLE\",\"animauxAcceptesSupplement\":\"NON_DISPONIBLE\",\"languesParlees\":[{\"elementReferenceType\":\"Langue\",\"id\":1197}],\"surchargeTourismesAdaptes\":true,\"surchargeDescriptifHandicapMoteur\":true,\"surchargeDescriptifHandicapAuditif\":true,\"surchargeDescriptifHandicapVisuel\":true,\"surchargeDescriptifHandicapMental\":true,\"surchargeNombreFauteuilsRoulants\":true,\"tailleGroupeMax\":4,\"ageMin\":120,\"uniteAgeMin\":\"ANNEE\"},\"ouverture\":{\"periodeEnClair\":{\"libelleFr\":\"Du 01\\\/01 au 31\\\/12\\\/2025, tous les mercredis de 15h \\u00e0 17h.\",\"libelleEn\":\"From 01\\\/01 to 31\\\/12\\\/2025, every Wednesday between 3 pm and 5 pm.\",\"libelleEs\":\"Del 01\\\/01 al 31\\\/12\\\/2025, todos los mi\\u00e9rcoles de 15 a 17.\",\"libelleIt\":\"Dal 01\\\/01 al 31\\\/12\\\/2025, tutti i mercoled\\u00ec dalle 15 alle 17.\",\"libelleDe\":\"Vom 01\\\/01 bis 31\\\/12\\\/2025, jeden Mittwoch von 15 Uhr bis 17 Uhr.\",\"libelleNl\":\"Van 01\\\/01 tot en met 31\\\/12\\\/2025, elke woensdag van 15.00 tot 17.00 u.\",\"libelleRu\":\"\\u0421 01\\\/01 \\u0434\\u043e 31\\\/12\\\/2025, \\u043a\\u0430\\u0436\\u0434\\u044b\\u0439 \\u0441\\u0440\\u0435\\u0434\\u044b \\u0441 15h \\u0434\\u043e 17h.\",\"libelleZh\":\"\\u4ece 1\\u67081\\u65e5 \\u5230 2025\\u5e7412\\u670831\\u65e5, \\u6bcf\\u661f\\u671f\\u4e09 \\u5c0f\\u65f6\\u5c0f\\u65f6 \\u548c \\u5c0f\\u65f6\\u5c0f\\u65f6 \\u4e4b\\u95f4.\",\"libellePtBR\":\"De 01\\\/01 a 31\\\/12\\\/2025, todas as quartas-feiras de 15h a\\u00a0 17h.\",\"libelleJa\":\"01\\\/01 \\u304b\\u3089 31\\\/12\\\/2025 \\u307e\\u3067, \\u6bce\\u6c34\\u66dc\\u65e5 3 \\u5348\\u5f8c \\u3068 5 \\u5348\\u5f8c \\u306e\\u9593.\",\"libelleKo\":\"01\\\/01 \\uc77c\\ubd80\\ud130 31\\\/12\\\/2025 \\uc77c\\uae4c\\uc9c0, \\ubaa8\\ub450 \\uc218\\uc694\\uc77c 15h \\uc5d0\\uc11c 17h \\uae4c\\uc9c0.\"},\"periodeEnClairGenerationMode\":\"AUTOMATIQUE\",\"indicationsPeriode\":[{\"elementReferenceType\":\"IndicationPeriode\",\"id\":416},{\"elementReferenceType\":\"IndicationPeriode\",\"id\":418},{\"elementReferenceType\":\"IndicationPeriode\",\"id\":435},{\"elementReferenceType\":\"IndicationPeriode\",\"id\":436}],\"periodesOuvertures\":[{\"identifiant\":35392997,\"dateDebut\":\"2025-01-01\",\"dateFin\":\"2025-12-31\",\"horaireOuverture\":\"15:00:00\",\"horaireFermeture\":\"17:00:00\",\"type\":\"OUVERTURE_SEMAINE\",\"tousLesAns\":false,\"ouverturesJournalieres\":[{\"jour\":\"MERCREDI\"}],\"identifiantTechnique\":35488119,\"horaires\":[{\"id\":304030,\"type\":{\"elementReferenceType\":\"HoraireType\",\"id\":7487},\"timePeriods\":[{\"id\":319994,\"closed\":false,\"weekdays\":[\"WED\"],\"timeFrames\":[{\"id\":340720,\"startTime\":\"15:00\",\"endTime\":\"17:00\"}]}]}]}],\"dureeSeance\":120},\"Latitude\":45.7465380000000010340954759158194065093994140625,\"Longitude\":6.29388500000000039591441236552782356739044189453125,\"COMMUNE\":\"Faverges-Seythenex\",\"codeUI\":\"CA-ADOC-133571-52359\",\"TypeActivite\":\"Cultural activities\",\"critInternes\":[\"Atelier savoir-faire et terroir\"]},\"29630\":{\"presentation\":{\"descriptifCourt\":{\"libelleFr\":\"Participez \\u00e0 un atelier complice d\\u2019une heure, con\\u00e7u pour les duos parent\\\/enfant ! Apprenez ensemble \\u00e0 cr\\u00e9er de magnifiques bracelets en pierres de lithoth\\u00e9rapie tout en partageant un moment ludique et enrichissant.\"},\"descriptifDetaille\":{\"libelleFr\":\"Guid\\u00e9s par Virginie, notre experte passionn\\u00e9e en lithoth\\u00e9rapie, vous d\\u00e9couvrirez comment chaque pierre poss\\u00e8de des propri\\u00e9t\\u00e9s uniques et des bienfaits sp\\u00e9ciaux. Virginie vous expliquera de mani\\u00e8re simple et amusante comment choisir les pierres qui r\\u00e9sonnent le mieux avec vos besoins et vos envies : pour apporter de l\\u2019\\u00e9nergie, de la s\\u00e9r\\u00e9nit\\u00e9 ou renforcer la confiance.\\r\\n\\r\\nR\\u00e9alisez ensemble des bracelets personnalis\\u00e9s, cr\\u00e9\\u00e9s de vos propres mains et charg\\u00e9s de bonnes ondes. C\\u2019est l\\u2019occasion id\\u00e9ale de partager une exp\\u00e9rience unique et de repartir avec des souvenirs pr\\u00e9cieux.\"}},\"prestations\":{\"animauxAcceptes\":\"NON_DISPONIBLE\",\"animauxAcceptesSupplement\":\"NON_DISPONIBLE\",\"languesParlees\":[{\"elementReferenceType\":\"Langue\",\"id\":1197}],\"surchargeTourismesAdaptes\":true,\"surchargeDescriptifHandicapMoteur\":true,\"surchargeDescriptifHandicapAuditif\":true,\"surchargeDescriptifHandicapVisuel\":true,\"surchargeDescriptifHandicapMental\":true,\"surchargeNombreFauteuilsRoulants\":true},\"ouverture\":{\"periodeEnClair\":{\"libelleFr\":\"Du 01\\\/01 au 31\\\/12.\",\"libelleEn\":\"From 01\\\/01 to 31\\\/12.\",\"libelleEs\":\"Del 01\\\/01 al 31\\\/12.\",\"libelleIt\":\"Dal 01\\\/01 al 31\\\/12.\",\"libelleDe\":\"Vom 01\\\/01 bis 31\\\/12.\",\"libelleNl\":\"Van 01\\\/01 tot en met 31\\\/12.\",\"libelleRu\":\"\\u0421 01\\\/01 \\u0434\\u043e 31\\\/12.\",\"libelleZh\":\"\\u4ece 1\\u67081\\u65e5 \\u5230 12\\u670831\\u65e5.\",\"libellePtBR\":\"De 01\\\/01 a 31\\\/12.\",\"libelleJa\":\"01\\\/01 \\u304b\\u3089 31\\\/12 \\u307e\\u3067.\",\"libelleKo\":\"01\\\/01 \\uc77c\\ubd80\\ud130 31\\\/12 \\uc77c\\uae4c\\uc9c0.\"},\"periodeEnClairGenerationMode\":\"AUTOMATIQUE\",\"indicationsPeriode\":[{\"elementReferenceType\":\"IndicationPeriode\",\"id\":416},{\"elementReferenceType\":\"IndicationPeriode\",\"id\":418},{\"elementReferenceType\":\"IndicationPeriode\",\"id\":435},{\"elementReferenceType\":\"IndicationPeriode\",\"id\":436}],\"periodesOuvertures\":[{\"identifiant\":33252558,\"dateDebut\":\"2024-01-01\",\"dateFin\":\"2024-12-31\",\"type\":\"OUVERTURE_TOUS_LES_JOURS\",\"tousLesAns\":true,\"identifiantTechnique\":33456926,\"horaires\":[{\"id\":237686,\"type\":{\"elementReferenceType\":\"HoraireType\",\"id\":7487},\"timePeriods\":[{\"id\":250084,\"closed\":false,\"weekdays\":[\"WED\",\"SAT\",\"SUN\",\"THU\",\"MON\",\"TUE\",\"FRI\"],\"timeFrames\":[{\"id\":266386}]}]}]}]},\"Latitude\":45.73739900000000346835804521106183528900146484375,\"Longitude\":6.3087140000000001549551598145626485347747802734375,\"COMMUNE\":\"Faverges-Seythenex\",\"codeUI\":\"CA-ADOC-132441-48457\",\"critInternes\":[\"Place de march\\u00e9\",\"Atelier savoir-faire et terroir\",\"bons_cadeaux\"]},\"34636\":{\"presentation\":{\"descriptifCourt\":{\"libelleFr\":\"R\\u00e9servez votre atelier Powertex de 2 heures pour cr\\u00e9er des pi\\u00e8ces uniques. L\\u0027atelier de sculpture \\u0022Les curiosit\\u00e9s d\\u0027Isa\\u0022 est l\\u0027endroit o\\u00f9 Isabelle vous invite \\u00e0 explorer son univers cr\\u00e9atif.\"},\"descriptifDetaille\":{\"libelleFr\":\"Vous y d\\u00e9couvrirez ses sculptures r\\u00e9alis\\u00e9es avec du Powertex, un solidifiant \\u00e9cologique, ainsi que des mat\\u00e9riaux recycl\\u00e9s comme des draps, des tee-shirts et du papier. Les \\u00e9tapes de cr\\u00e9ation :- Conception de la structure- Modelage- S\\u00e9chage pendant 24h- Application de la patine. Le Powertex r\\u00e9siste aux intemp\\u00e9ries, ce qui permet une installation en ext\\u00e9rieur.\"}},\"prestations\":{\"animauxAcceptes\":\"NON_DISPONIBLE\",\"animauxAcceptesSupplement\":\"NON_DISPONIBLE\",\"languesParlees\":[{\"elementReferenceType\":\"Langue\",\"id\":1197}],\"surchargeTourismesAdaptes\":true,\"surchargeDescriptifHandicapMoteur\":true,\"surchargeDescriptifHandicapAuditif\":true,\"surchargeDescriptifHandicapVisuel\":true,\"surchargeDescriptifHandicapMental\":true,\"surchargeNombreFauteuilsRoulants\":true,\"ageMin\":120,\"uniteAgeMin\":\"ANNEE\"},\"ouverture\":{\"periodeEnClair\":{\"libelleFr\":\"Du 01\\\/01 au 31\\\/12 tous les jours.\\nSur r\\u00e9servation.\",\"libelleEn\":\"From 01\\\/01 to 31\\\/12 daily.\\nBy reservation.\",\"libelleEs\":\"Del 01\\\/01 al 31\\\/12 todos los dias.\",\"libelleIt\":\"Dal 01\\\/01 al 31\\\/12 ogni giorno.\",\"libelleDe\":\"Vom 01\\\/01 bis 31\\\/12 t\\u00e4glich.\",\"libelleNl\":\"Van 01\\\/01 tot en met 31\\\/12 iedere dag.\",\"libelleRu\":\"\\u0421 01\\\/01 \\u0434\\u043e 31\\\/12 \\u0435\\u0436\\u0435\\u0434\\u043d\\u0435\\u0432\\u043d\\u043e.\",\"libelleZh\":\"\\u4ece 1\\u67081\\u65e5 \\u5230 12\\u670831\\u65e5 \\u65e5\\u5e38.\",\"libellePtBR\":\"De 01\\\/01 a 31\\\/12 todos os dias.\",\"libelleJa\":\"01\\\/01 \\u304b\\u3089 31\\\/12 \\u307e\\u3067 \\u6bce\\u65e5.\",\"libelleKo\":\"01\\\/01 \\uc77c\\ubd80\\ud130 31\\\/12 \\uc77c\\uae4c\\uc9c0 \\ub9e4\\uc77c.\"},\"periodeEnClairGenerationMode\":\"AUTOMATIQUE\",\"indicationsPeriode\":[{\"elementReferenceType\":\"IndicationPeriode\",\"id\":416},{\"elementReferenceType\":\"IndicationPeriode\",\"id\":418},{\"elementReferenceType\":\"IndicationPeriode\",\"id\":435},{\"elementReferenceType\":\"IndicationPeriode\",\"id\":436}],\"periodesOuvertures\":[{\"identifiant\":38344459,\"dateDebut\":\"2024-01-01\",\"dateFin\":\"2024-12-31\",\"complementHoraire\":{\"libelleFr\":\"Sur r\\u00e9servation.\",\"libelleEn\":\"By reservation.\"},\"type\":\"OUVERTURE_TOUS_LES_JOURS\",\"tousLesAns\":true,\"identifiantTechnique\":38344459,\"horaires\":[{\"id\":3054267,\"type\":{\"elementReferenceType\":\"HoraireType\",\"id\":7487},\"timePeriods\":[{\"id\":3309849,\"closed\":false,\"weekdays\":[\"WED\",\"SAT\",\"SUN\",\"THU\",\"MON\",\"TUE\",\"FRI\"],\"timeFrames\":[{\"id\":3378030}]}]}]}],\"dureeSeance\":120},\"Latitude\":45.75402299999999655710780643858015537261962890625,\"Longitude\":6.34251699999999996038013705401681363582611083984375,\"COMMUNE\":\"Val de Chaise\",\"codeUI\":\"CA-ADOC-132595-57989\",\"TypeActivite\":\"Activit\\u00e9s culturelles\",\"critInternes\":[\"Place de march\\u00e9\",\"bons_cadeaux\"]},\"29532\":{\"presentation\":{\"descriptifCourt\":{\"libelleFr\":\"Offrez \\u00e0 votre enfant une balade \\u00e0 poney de 30 minutes, d\\u00e8s 3 ans, au choix entre une aventure au bord de la rivi\\u00e8re ou une d\\u00e9couverte du village. Un moment magique pour les petits cavaliers en herbe !\",\"libelleEn\":\"Give your child a 30-minute pony ride, starting from 3 years old, with a choice between an adventure along the river or a village tour. A magical moment for little riders!\"},\"descriptifDetaille\":{\"libelleFr\":\"Tenue adapt\\u00e9e et chaussures ferm\\u00e9es obligatoires\"}},\"prestations\":{\"animauxAcceptes\":\"NON_DISPONIBLE\",\"animauxAcceptesSupplement\":\"NON_DISPONIBLE\",\"languesParlees\":[{\"elementReferenceType\":\"Langue\",\"id\":1197}],\"surchargeTourismesAdaptes\":true,\"surchargeDescriptifHandicapMoteur\":true,\"surchargeDescriptifHandicapAuditif\":true,\"surchargeDescriptifHandicapVisuel\":true,\"surchargeDescriptifHandicapMental\":true,\"surchargeNombreFauteuilsRoulants\":true,\"typesClientele\":[{\"elementReferenceType\":\"TypeClientele\",\"id\":3735}],\"ageMin\":36,\"uniteAgeMin\":\"ANNEE\"},\"ouverture\":{\"periodeEnClair\":{\"libelleFr\":\"Toute l\\u0027ann\\u00e9e tous les jours.\\nSur r\\u00e9servation.\",\"libelleEn\":\"All year round daily.\",\"libelleEs\":\"Todo el a\\u00f1o todos los dias.\",\"libelleIt\":\"Tutto l\\u0027anno ogni giorno.\",\"libelleDe\":\"Ganzj\\u00e4hrig t\\u00e4glich.\",\"libelleNl\":\"Het hele jaar iedere dag.\",\"libelleRu\":\"\\u0412 \\u0442\\u0435\\u0447\\u0435\\u043d\\u0438\\u0435 \\u0432\\u0441\\u0435\\u0433\\u043e \\u0433\\u043e\\u0434\\u0430 \\u0435\\u0436\\u0435\\u0434\\u043d\\u0435\\u0432\\u043d\\u043e.\",\"libelleZh\":\"\\u5168\\u5e74 \\u65e5\\u5e38.\",\"libellePtBR\":\"Todo o ano todos os dias.\",\"libelleJa\":\"\\u30aa\\u30fc\\u30eb\\u30b7\\u30fc\\u30ba\\u30f3 \\u6bce\\u65e5.\",\"libelleKo\":\"\\uc77c \\ub144 \\ub0b4\\ub0b4 \\ub9e4\\uc77c.\"},\"periodeEnClairGenerationMode\":\"AUTOMATIQUE\",\"indicationsPeriode\":[{\"elementReferenceType\":\"IndicationPeriode\",\"id\":416},{\"elementReferenceType\":\"IndicationPeriode\",\"id\":418},{\"elementReferenceType\":\"IndicationPeriode\",\"id\":435},{\"elementReferenceType\":\"IndicationPeriode\",\"id\":436}],\"periodesOuvertures\":[{\"identifiant\":33096109,\"dateDebut\":\"2024-01-01\",\"dateFin\":\"2024-12-31\",\"complementHoraire\":{\"libelleFr\":\"Sur r\\u00e9servation.\"},\"type\":\"OUVERTURE_TOUS_LES_JOURS\",\"tousLesAns\":true,\"identifiantTechnique\":36822493,\"horaires\":[{\"id\":1610052,\"type\":{\"elementReferenceType\":\"HoraireType\",\"id\":7487},\"timePeriods\":[{\"id\":1696693,\"closed\":false,\"weekdays\":[\"WED\",\"SAT\",\"SUN\",\"THU\",\"MON\",\"TUE\",\"FRI\"],\"timeFrames\":[{\"id\":1768845}]}]}]}],\"ouvertTouteLAnnee\":\"OUVERT_TOUTE_L_ANNEE\",\"dureeSeance\":30},\"Latitude\":45.74576499999999867895894567482173442840576171875,\"Longitude\":6.224579999999999557758201262913644313812255859375,\"COMMUNE\":\"Chevaline\",\"TypesClienteles\":[\"For beginners \\\/ novice\"],\"codeUI\":\"CA-ADOC-132746-48295\",\"TypeActivite\":\"Sporting activities\",\"critInternes\":[\"Place de march\\u00e9\",\"Activit\\u00e9s sport nature\",\"bons_cadeaux\"]},\"30015\":{\"presentation\":{\"descriptifCourt\":{\"libelleFr\":\"D\\u00e9voilez les secrets du mus\\u00e9e arch\\u00e9ologique de Viuz-Faverges et de la crypte arch\\u00e9ologique voisine lors de cette visite accompagn\\u00e9e d\\u0027un guide passionn\\u00e9 et passionnant.\",\"libelleEn\":\"Uncover the secrets of the Viuz-Faverges archaeological museum and the archaeological crypt next door during this visit led by a passionate and fascinating guide.\"}},\"prestations\":{\"animauxAcceptes\":\"NON_DISPONIBLE\",\"animauxAcceptesSupplement\":\"NON_DISPONIBLE\",\"languesParlees\":[{\"elementReferenceType\":\"Langue\",\"id\":1197}],\"surchargeTourismesAdaptes\":true,\"surchargeDescriptifHandicapMoteur\":true,\"surchargeDescriptifHandicapAuditif\":true,\"surchargeDescriptifHandicapVisuel\":true,\"surchargeDescriptifHandicapMental\":true,\"surchargeNombreFauteuilsRoulants\":true},\"ouverture\":{\"periodeEnClair\":{\"libelleFr\":\"Du 02\\\/07 au 26\\\/08, tous les mardis \\u00e0 17h.\",\"libelleEn\":\"From 02\\\/07 to 26\\\/08, every Tuesday at 5 pm.\",\"libelleEs\":\"Del 02\\\/07 al 26\\\/08, todos los martes a 17.\",\"libelleIt\":\"Dal 02\\\/07 al 26\\\/08, tutti i marted\\u00ec alle 17.\",\"libelleDe\":\"Vom 02\\\/07 bis 26\\\/08, jeden Dienstag um 17 Uhr.\",\"libelleNl\":\"Van 02\\\/07 tot en met 26\\\/08, elke dinsdag om 17.00 u.\",\"libelleRu\":\"\\u0421 02\\\/07 \\u0434\\u043e 26\\\/08, \\u043a\\u0430\\u0436\\u0434\\u044b\\u0439 \\u0432\\u0442\\u043e\\u0440\\u043d\\u0438\\u043a\\u0438 \\u0434\\u043e 17h.\",\"libelleZh\":\"\\u4ece 7\\u67082\\u65e5 \\u5230 8\\u670826\\u65e5, \\u6bcf\\u661f\\u671f\\u4e8c \\u5728 \\u5c0f\\u65f6\\u5c0f\\u65f6.\",\"libellePtBR\":\"De 02\\\/07 a 26\\\/08, todas as ter\\u00e7as-feiras para\\u00a0 17h.\",\"libelleJa\":\"02\\\/07 \\u304b\\u3089 26\\\/08 \\u307e\\u3067, \\u6bce\\u706b\\u66dc\\u65e5 5 \\u5348\\u5f8c \\u306b.\",\"libelleKo\":\"02\\\/07 \\uc77c\\ubd80\\ud130 26\\\/08 \\uc77c\\uae4c\\uc9c0, \\ubaa8\\ub450 \\ud654\\uc694\\uc77c 17h \\ub85c.\"},\"periodeEnClairGenerationMode\":\"AUTOMATIQUE\",\"indicationsPeriode\":[{\"elementReferenceType\":\"IndicationPeriode\",\"id\":418}],\"periodesOuvertures\":[{\"identifiant\":27159157,\"dateDebut\":\"2024-07-02\",\"dateFin\":\"2024-08-26\",\"horaireOuverture\":\"17:00:00\",\"type\":\"OUVERTURE_SEMAINE\",\"tousLesAns\":true,\"ouverturesJournalieres\":[{\"jour\":\"MARDI\"}],\"identifiantTechnique\":33493754,\"horaires\":[{\"id\":320932,\"type\":{\"elementReferenceType\":\"HoraireType\",\"id\":7487},\"timePeriods\":[{\"id\":337773,\"closed\":false,\"weekdays\":[\"TUE\"],\"timeFrames\":[{\"id\":359657,\"startTime\":\"17:00\"}]}]}]}]},\"Latitude\":45.754244999999997389750205911695957183837890625,\"Longitude\":6.2921189999999995734469848684966564178466796875,\"COMMUNE\":\"Faverges-Seythenex\",\"codeUI\":\"CA-ADOC-133299-48758\",\"critInternes\":[\"Place de march\\u00e9\",\"Billeterie\"]},\"35642\":{\"presentation\":{\"descriptifCourt\":{\"libelleFr\":\"Non, vous n\\u0027allez pas rencontrer de vampires ni de monstres tapis dans le noir, mais  vous pourrez profiter du chant des grillons et de beaux couchers de soleil sur le lac.\"},\"descriptifDetaille\":{\"libelleFr\":\"La tomb\\u00e9e de la nuit au Bout du Lac, c\\u0027est aussi le moment favori du castor, mais l\\u00e0, on ne vous promet rien ! En tout cas, vous verrez la r\\u00e9serve naturelle comme vous ne l\\u0027avez jamais vue.\\r\\nA pr\\u00e9voir : chaussures de marche et v\\u00eatements adapt\\u00e9s \\u00e0 la m\\u00e9t\\u00e9o\"}},\"prestations\":{\"equipements\":[{\"elementReferenceType\":\"PrestationEquipement\",\"id\":5592},{\"elementReferenceType\":\"PrestationEquipement\",\"id\":972}],\"animauxAcceptes\":\"NON_ACCEPTES\",\"animauxAcceptesSupplement\":\"NON_DISPONIBLE\",\"languesParlees\":[{\"elementReferenceType\":\"Langue\",\"id\":1197}],\"tourismesAdaptes\":[{\"elementReferenceType\":\"TourismeAdapte\",\"id\":3653},{\"elementReferenceType\":\"TourismeAdapte\",\"id\":3655}],\"surchargeTourismesAdaptes\":true,\"surchargeDescriptifHandicapMoteur\":true,\"surchargeDescriptifHandicapAuditif\":true,\"surchargeDescriptifHandicapVisuel\":true,\"surchargeDescriptifHandicapMental\":true,\"surchargeNombreFauteuilsRoulants\":true,\"tailleGroupeMax\":30,\"ageMin\":72,\"uniteAgeMin\":\"ANNEE\"},\"ouverture\":{\"periodeEnClair\":{\"libelleFr\":\"Lundi 13 juillet 2026 de 19h \\u00e0 21h.\\n\\nLundi 27 juillet 2026 de 19h \\u00e0 21h.\\n\\nLundi 10 ao\\u00fbt 2026 de 19h \\u00e0 21h.\",\"libelleEn\":\"Monday 13 July 2026 between 7 pm and 9 pm.\\n\\nMonday 27 July 2026 between 7 pm and 9 pm.\\n\\nMonday 10 August 2026 between 7 pm and 9 pm.\",\"libelleEs\":\"Lunes, 13 de julio de 2026 de 19 a 21.\\n\\nLunes, 27 de julio de 2026 de 19 a 21.\\n\\nLunes, 10 de agosto de 2026 de 19 a 21.\",\"libelleIt\":\"Luned\\u00ec 13 luglio 2026 dalle 19 alle 21.\\n\\nLuned\\u00ec 27 luglio 2026 dalle 19 alle 21.\\n\\nLuned\\u00ec 10 agosto 2026 dalle 19 alle 21.\",\"libelleDe\":\"Montag, den 13. Juli 2026 von 19 Uhr bis 21 Uhr.\\n\\nMontag, den 27. Juli 2026 von 19 Uhr bis 21 Uhr.\\n\\nMontag, den 10. August 2026 von 19 Uhr bis 21 Uhr.\",\"libelleNl\":\"Maandag 13 juli 2026 van 19.00 tot 21.00 u.\\n\\nMaandag 27 juli 2026 van 19.00 tot 21.00 u.\\n\\nMaandag 10 augustus 2026 van 19.00 tot 21.00 u.\",\"libelleRu\":\"\\u041f\\u043e\\u043d\\u0435\\u0434\\u0435\\u043b\\u044c\\u043d\\u0438\\u043a 13 \\u0438\\u044e\\u043b\\u044f 2026  \\u0441 19h \\u0434\\u043e 21h.\\n\\n\\u041f\\u043e\\u043d\\u0435\\u0434\\u0435\\u043b\\u044c\\u043d\\u0438\\u043a 27 \\u0438\\u044e\\u043b\\u044f 2026  \\u0441 19h \\u0434\\u043e 21h.\\n\\n\\u041f\\u043e\\u043d\\u0435\\u0434\\u0435\\u043b\\u044c\\u043d\\u0438\\u043a 10 \\u0430\\u0432\\u0433\\u0443\\u0441\\u0442\\u0430 2026  \\u0441 19h \\u0434\\u043e 21h.\",\"libelleZh\":\"2026\\u5e747\\u670813\\u65e5, \\u661f\\u671f\\u4e00   \\u5c0f\\u65f6\\u5c0f\\u65f6 \\u548c \\u5c0f\\u65f6\\u5c0f\\u65f6 \\u4e4b\\u95f4.\\n\\n2026\\u5e747\\u670827\\u65e5, \\u661f\\u671f\\u4e00   \\u5c0f\\u65f6\\u5c0f\\u65f6 \\u548c \\u5c0f\\u65f6\\u5c0f\\u65f6 \\u4e4b\\u95f4.\\n\\n2026\\u5e748\\u670810\\u65e5, \\u661f\\u671f\\u4e00   \\u5c0f\\u65f6\\u5c0f\\u65f6 \\u548c \\u5c0f\\u65f6\\u5c0f\\u65f6 \\u4e4b\\u95f4.\",\"libellePtBR\":\"Segunda-feira 13 julho 2026 de 19h a\\u00a0 21h.\\n\\nSegunda-feira 27 julho 2026 de 19h a\\u00a0 21h.\\n\\nSegunda-feira 10 agosto 2026 de 19h a\\u00a0 21h.\",\"libelleJa\":\"\\u6708\\u66dc\\u65e5 13 7\\u6708 2026 7 \\u5348\\u5f8c \\u3068 9 \\u5348\\u5f8c \\u306e\\u9593.\\n\\n\\u6708\\u66dc\\u65e5 27 7\\u6708 2026 7 \\u5348\\u5f8c \\u3068 9 \\u5348\\u5f8c \\u306e\\u9593.\\n\\n\\u6708\\u66dc\\u65e5 10 8\\u6708 2026 7 \\u5348\\u5f8c \\u3068 9 \\u5348\\u5f8c \\u306e\\u9593.\",\"libelleKo\":\"\\uc6d4\\uc694\\uc77c 13 7\\uc6d4 02026 19h \\uc5d0\\uc11c 21h \\uae4c\\uc9c0.\\n\\n\\uc6d4\\uc694\\uc77c 27 7\\uc6d4 02026 19h \\uc5d0\\uc11c 21h \\uae4c\\uc9c0.\\n\\n\\uc6d4\\uc694\\uc77c 10 8\\uc6d4 02026 19h \\uc5d0\\uc11c 21h \\uae4c\\uc9c0.\"},\"periodeEnClairGenerationMode\":\"AUTOMATIQUE\",\"indicationsPeriode\":[{\"elementReferenceType\":\"IndicationPeriode\",\"id\":418}],\"periodesOuvertures\":[{\"identifiant\":39821250,\"dateDebut\":\"2026-07-13\",\"dateFin\":\"2026-07-13\",\"horaireOuverture\":\"19:00:00\",\"horaireFermeture\":\"21:00:00\",\"type\":\"OUVERTURE_TOUS_LES_JOURS\",\"tousLesAns\":false,\"identifiantTechnique\":39888305,\"horaires\":[{\"id\":4543526,\"type\":{\"elementReferenceType\":\"HoraireType\",\"id\":7487},\"timePeriods\":[{\"id\":5036128,\"closed\":false,\"weekdays\":[\"MON\"],\"timeFrames\":[{\"id\":4980641,\"startTime\":\"19:00\",\"endTime\":\"21:00\"}]}]}]},{\"identifiant\":39821361,\"dateDebut\":\"2026-07-27\",\"dateFin\":\"2026-07-27\",\"horaireOuverture\":\"19:00:00\",\"horaireFermeture\":\"21:00:00\",\"type\":\"OUVERTURE_TOUS_LES_JOURS\",\"tousLesAns\":false,\"identifiantTechnique\":39888306,\"horaires\":[{\"id\":4543527,\"type\":{\"elementReferenceType\":\"HoraireType\",\"id\":7487},\"timePeriods\":[{\"id\":5036129,\"closed\":false,\"weekdays\":[\"MON\"],\"timeFrames\":[{\"id\":4980642,\"startTime\":\"19:00\",\"endTime\":\"21:00\"}]}]}]},{\"identifiant\":39821377,\"dateDebut\":\"2026-08-10\",\"dateFin\":\"2026-08-10\",\"horaireOuverture\":\"19:00:00\",\"horaireFermeture\":\"21:00:00\",\"type\":\"OUVERTURE_TOUS_LES_JOURS\",\"tousLesAns\":false,\"identifiantTechnique\":39888307,\"horaires\":[{\"id\":4543528,\"type\":{\"elementReferenceType\":\"HoraireType\",\"id\":7487},\"timePeriods\":[{\"id\":5036130,\"closed\":false,\"weekdays\":[\"MON\"],\"timeFrames\":[{\"id\":4980643,\"startTime\":\"19:00\",\"endTime\":\"21:00\"}]}]}]}],\"dureeSeance\":120},\"Latitude\":45.78542499999999648707671440206468105316162109375,\"Longitude\":6.2264759999999998996145222918130457401275634765625,\"COMMUNE\":\"Doussard\",\"codeUI\":\"CA-ADOC-130001-61055\",\"TypeActivite\":\"Activit\\u00e9s culturelles\",\"critInternes\":[\"Place de march\\u00e9\",\"Activit\\u00e9s sport nature\"]},\"29552\":{\"presentation\":{\"descriptifCourt\":{\"libelleFr\":\"Participez \\u00e0 l\\u0027atelier \\u0022Fabrique ta table basse\\u0022 avec une \\u00e9b\\u00e9niste pro chez LA BOIS\\u0027CYCLERIE \\u00e0 Faverges. Initiez-vous \\u00e0 la menuiserie avec du bois de r\\u00e9emploi, en 2h30. Repartez avec votre cr\\u00e9ation unique et fi\\u00e8r.e de vous !\",\"libelleEn\":\"Join the \\u0022Build Your Coffee Table\\u0022 workshop with a professional cabinetmaker at LA BOIS\\u0027CYCLERIE in Faverges. Learn woodworking with reclaimed wood in 2.5 hours. Leave with your unique creation and a sense of pride!\"},\"descriptifDetaille\":{\"libelleFr\":\"Cet atelier de 2h30 est une initiation parfaite \\u00e0 l\\u0027art de l\\u0027\\u00e9b\\u00e9nisterie et de la menuiserie. En utilisant du bois de r\\u00e9emploi, vous apprendrez \\u00e0 s\\u00e9lectionner et \\u00e0 pr\\u00e9parer les mat\\u00e9riaux, ainsi qu\\u0027\\u00e0 manier une gamme d\\u0027outils adapt\\u00e9s \\u00e0 votre niveau.\\r\\n\\r\\n\\u00c9tape par \\u00e9tape, vous cr\\u00e9erez une table basse unique et sur-mesure tout en acqu\\u00e9rant des comp\\u00e9tences pratiques et des connaissances sur les pratiques durables du travail du bois. C\\u2019est une exp\\u00e9rience enrichissante et ludique, que vous soyez d\\u00e9butant ou que vous ayez d\\u00e9j\\u00e0 quelques notions en menuiserie.\\r\\n\\r\\nD\\u00e9couvrez, fabriquez, repartez avec votre cr\\u00e9ation et la fiert\\u00e9 de l\\u0027avoir fait vous-m\\u00eame !\"}},\"prestations\":{\"animauxAcceptes\":\"NON_ACCEPTES\",\"animauxAcceptesSupplement\":\"NON_DISPONIBLE\",\"languesParlees\":[{\"elementReferenceType\":\"Langue\",\"id\":1192},{\"elementReferenceType\":\"Langue\",\"id\":1194},{\"elementReferenceType\":\"Langue\",\"id\":1197}],\"surchargeTourismesAdaptes\":true,\"surchargeDescriptifHandicapMoteur\":true,\"surchargeDescriptifHandicapAuditif\":true,\"surchargeDescriptifHandicapVisuel\":true,\"surchargeDescriptifHandicapMental\":true,\"surchargeNombreFauteuilsRoulants\":true,\"nombrePersonnesMinimum\":1,\"tailleGroupeMax\":4,\"ageMin\":180,\"uniteAgeMin\":\"ANNEE\"},\"ouverture\":{\"periodeEnClair\":{\"libelleFr\":\"Du 06\\\/01 au 14\\\/12\\\/2026 le lundi de 14h \\u00e0 16h.\\nSauf durant le mois d\\u0027ao\\u00fbt.\",\"libelleEn\":\"From 06\\\/01 to 14\\\/12\\\/2026 on Monday between 2 pm and 4 pm.\",\"libelleEs\":\"Del 06\\\/01 al 14\\\/12\\\/2026 los lunes de 14 a 16.\",\"libelleIt\":\"Dal 06\\\/01 al 14\\\/12\\\/2026 il luned\\u00ec dalle 14 alle 16.\",\"libelleDe\":\"Vom 06\\\/01 bis 14\\\/12\\\/2026 jeden Montag von 14 Uhr bis 16 Uhr.\",\"libelleNl\":\"Van 06\\\/01 tot en met 14\\\/12\\\/2026 op maandag van 14.00 tot 16.00 u.\",\"libelleRu\":\"\\u0421 06\\\/01 \\u0434\\u043e 14\\\/12\\\/2026 \\u043d\\u0430 \\u043f\\u043e\\u043d\\u0435\\u0434\\u0435\\u043b\\u044c\\u043d\\u0438\\u043a \\u0441 14h \\u0434\\u043e 16h.\",\"libelleZh\":\"\\u4ece 1\\u67086\\u65e5 \\u5230 2026\\u5e7412\\u670814\\u65e5 \\u4e0a \\u661f\\u671f\\u4e00 \\u5c0f\\u65f6\\u5c0f\\u65f6 \\u548c \\u5c0f\\u65f6\\u5c0f\\u65f6 \\u4e4b\\u95f4.\",\"libellePtBR\":\"De 06\\\/01 a 14\\\/12\\\/2026 na segunda-feira de 14h a\\u00a0 16h.\",\"libelleJa\":\"06\\\/01 \\u304b\\u3089 14\\\/12\\\/2026 \\u307e\\u3067 \\u6708\\u66dc\\u65e5 \\u306b 2 \\u5348\\u5f8c \\u3068 4 \\u5348\\u5f8c \\u306e\\u9593.\",\"libelleKo\":\"06\\\/01 \\uc77c\\ubd80\\ud130 14\\\/12\\\/2026 \\uc77c\\uae4c\\uc9c0 \\uc758 \\uc6d4\\uc694\\uc77c 14h \\uc5d0\\uc11c 16h \\uae4c\\uc9c0.\"},\"periodeEnClairGenerationMode\":\"AUTOMATIQUE\",\"indicationsPeriode\":[{\"elementReferenceType\":\"IndicationPeriode\",\"id\":416},{\"elementReferenceType\":\"IndicationPeriode\",\"id\":418},{\"elementReferenceType\":\"IndicationPeriode\",\"id\":435},{\"elementReferenceType\":\"IndicationPeriode\",\"id\":436}],\"periodesOuvertures\":[{\"identifiant\":36821571,\"dateDebut\":\"2026-01-06\",\"dateFin\":\"2026-12-14\",\"complementHoraire\":{\"libelleFr\":\"Sauf durant le mois d\\u0027ao\\u00fbt.\"},\"horaireOuverture\":\"14:00:00\",\"horaireFermeture\":\"16:00:00\",\"type\":\"OUVERTURE_SEMAINE\",\"tousLesAns\":false,\"ouverturesJournalieres\":[{\"jour\":\"LUNDI\"}],\"identifiantTechnique\":39798741,\"horaires\":[{\"id\":4458192,\"type\":{\"elementReferenceType\":\"HoraireType\",\"id\":7487},\"timePeriods\":[{\"id\":4936553,\"closed\":false,\"weekdays\":[\"MON\"],\"timeFrames\":[{\"id\":4892252,\"startTime\":\"14:00\",\"endTime\":\"16:00\"}]}]}]}],\"dureeSeance\":120},\"Latitude\":45.74119300000000265526978182606399059295654296875,\"Longitude\":6.29894900000000035333869163878262042999267578125,\"COMMUNE\":\"Faverges-Seythenex\",\"codeUI\":\"CA-ADOC-132547-48341\",\"TypeActivite\":\"Cultural activities\",\"critInternes\":[\"Place de march\\u00e9\",\"Atelier savoir-faire et terroir\"]},\"32319\":{\"presentation\":{\"descriptifCourt\":{\"libelleFr\":\"Quelques foul\\u00e9es pour d\\u00e9coller\\u2026 et c\\u2019est parti pour un vol magnifique.\\r\\nUn panorama hors du commun s\\u2019offre \\u00e0 vous ! Le lac d\\u2019Annecy, entour\\u00e9 par la cha\\u00eene des Aravis et le massif des Bauges !!!\",\"libelleEn\":\"A short trot to take off... and off you go for a wonderful flight. An exceptional panorama lies before you! Lake Annecy surrounded with the Aravis and Bauges mountain ranges!\"},\"descriptifDetaille\":{\"libelleFr\":\"Prenez de la hauteur avec ce vol ascendance.\",\"libelleEn\":\"Fly even higher with this updraft flight.\"}},\"prestations\":{\"animauxAcceptes\":\"NON_ACCEPTES\",\"animauxAcceptesSupplement\":\"NON_DISPONIBLE\",\"languesParlees\":[{\"elementReferenceType\":\"Langue\",\"id\":1192},{\"elementReferenceType\":\"Langue\",\"id\":1197}],\"languesDocumentation\":[{\"elementReferenceType\":\"Langue\",\"id\":1197}],\"surchargeTourismesAdaptes\":true,\"surchargeDescriptifHandicapMoteur\":true,\"surchargeDescriptifHandicapAuditif\":true,\"surchargeDescriptifHandicapVisuel\":true,\"surchargeDescriptifHandicapMental\":true,\"surchargeNombreFauteuilsRoulants\":true,\"typesClientele\":[{\"elementReferenceType\":\"TypeClientele\",\"id\":3735}],\"ageMin\":144,\"uniteAgeMin\":\"ANNEE\"},\"ouverture\":{\"periodeEnClair\":{\"libelleFr\":\"Du 16\\\/04 au 30\\\/10, tous les jours de 9h \\u00e0 19h.\\nBasse saison : 10:00 \\u00e0 18:00.\",\"libelleEn\":\"From 16\\\/04 to 30\\\/10, daily between 9 am and 7 pm.\",\"libelleEs\":\"Del 16\\\/04 al 30\\\/10, todos los dias de 9 a 19.\",\"libelleIt\":\"Dal 16\\\/04 al 30\\\/10, ogni giorno dalle 9 alle 19.\",\"libelleDe\":\"Vom 16\\\/04 bis 30\\\/10, t\\u00e4glich von 9 Uhr bis 19 Uhr.\",\"libelleNl\":\"Van 16\\\/04 tot en met 30\\\/10, iedere dag van 9.00 tot 19.00 u.\",\"libelleRu\":\"\\u0421 16\\\/04 \\u0434\\u043e 30\\\/10, \\u0435\\u0436\\u0435\\u0434\\u043d\\u0435\\u0432\\u043d\\u043e \\u0441 9h \\u0434\\u043e 19h.\",\"libelleZh\":\"\\u4ece 4\\u670816\\u65e5 \\u5230 10\\u670830\\u65e5, \\u65e5\\u5e38 \\u5c0f\\u65f6\\u5c0f\\u65f6 \\u548c \\u5c0f\\u65f6\\u5c0f\\u65f6 \\u4e4b\\u95f4.\",\"libellePtBR\":\"De 16\\\/04 a 30\\\/10, todos os dias de 9h a\\u00a0 19h.\",\"libelleJa\":\"16\\\/04 \\u304b\\u3089 30\\\/10 \\u307e\\u3067, \\u6bce\\u65e5 9 \\u5348\\u524d \\u3068 7 \\u5348\\u5f8c \\u306e\\u9593.\",\"libelleKo\":\"16\\\/04 \\uc77c\\ubd80\\ud130 30\\\/10 \\uc77c\\uae4c\\uc9c0, \\ub9e4\\uc77c 9h \\uc5d0\\uc11c 19h \\uae4c\\uc9c0.\"},\"periodeEnClairGenerationMode\":\"AUTOMATIQUE\",\"indicationsPeriode\":[{\"elementReferenceType\":\"IndicationPeriode\",\"id\":416},{\"elementReferenceType\":\"IndicationPeriode\",\"id\":418},{\"elementReferenceType\":\"IndicationPeriode\",\"id\":436}],\"periodesOuvertures\":[{\"identifiant\":13731796,\"dateDebut\":\"2022-04-16\",\"dateFin\":\"2022-10-30\",\"complementHoraire\":{\"libelleFr\":\"Basse saison : 10:00 \\u00e0 18:00\"},\"horaireOuverture\":\"09:00:00\",\"horaireFermeture\":\"19:00:00\",\"type\":\"OUVERTURE_TOUS_LES_JOURS\",\"tousLesAns\":true,\"identifiantTechnique\":35321997,\"horaires\":[{\"id\":485998,\"type\":{\"elementReferenceType\":\"HoraireType\",\"id\":7487},\"timePeriods\":[{\"id\":511518,\"closed\":false,\"weekdays\":[\"SAT\",\"SUN\",\"MON\",\"TUE\",\"THU\",\"FRI\",\"WED\"],\"timeFrames\":[{\"id\":544965,\"startTime\":\"09:00\",\"endTime\":\"19:00\"}]}]}]}],\"dureeSeance\":25},\"Latitude\":45.783828999999997222403180785477161407470703125,\"Longitude\":6.22580299999999997595523382187820971012115478515625,\"COMMUNE\":\"Doussard\",\"TypesClienteles\":[\"Adapt\\u00e9 aux d\\u00e9butants\"],\"codeUI\":\"CA-ADOC-114542-17333\",\"TypeActivite\":\"Activit\\u00e9s sportives\",\"critInternes\":[\"Activit\\u00e9s sport nature\"]},\"33769\":{\"presentation\":{\"descriptifCourt\":{\"libelleFr\":\"Personne n\\u2019aime voir un oiseau enferm\\u00e9, mais est-il si simple d\\u2019ouvrir sa cage ?\\u00c0 travers cette question pourtant simple, Eva Rami, laur\\u00e9ate du Moli\\u00e8re 2024, s\\u2019int\\u00e9resse aux relations complexes, et parfois toxiques, qui peuvent se mettre en place en amour\"},\"descriptifDetaille\":{\"libelleFr\":\"Dans ce troisi\\u00e8me seule-en-sc\\u00e8ne, l\\u2019autrice et com\\u00e9dienne incarne une multitude de personnages, \\u00e0 la mani\\u00e8re d\\u2019un ch\\u0153ur qui interagit avec l\\u2019h\\u00e9ro\\u00efne, et qui va l\\u2019aider, avec humour et tendresse, \\u00e0 sortir du silence qui la paralyse.\"}},\"prestations\":{\"animauxAcceptes\":\"NON_DISPONIBLE\",\"animauxAcceptesSupplement\":\"NON_DISPONIBLE\",\"languesParlees\":[{\"elementReferenceType\":\"Langue\",\"id\":1197}],\"surchargeTourismesAdaptes\":true,\"surchargeDescriptifHandicapMoteur\":true,\"surchargeDescriptifHandicapAuditif\":true,\"surchargeDescriptifHandicapVisuel\":true,\"surchargeDescriptifHandicapMental\":true,\"surchargeNombreFauteuilsRoulants\":true},\"ouverture\":{\"periodeEnClair\":{\"libelleFr\":\"Vendredi 6 novembre 2026 de 20h30 \\u00e0 22h.\",\"libelleEn\":\"Friday 6 November 2026 between 8.30 pm and 10 pm.\",\"libelleEs\":\"Viernes, 6 de noviembre de 2026 de 20:30 a 22.\",\"libelleIt\":\"Venerd\\u00ec 6 novembre 2026 dalle 20:30 alle 22.\",\"libelleDe\":\"Freitag, den 6. November 2026 von 20.30 Uhr bis 22 Uhr.\",\"libelleNl\":\"Vrijdag 6 november 2026 van 20.30 tot 22.00 u.\",\"libelleRu\":\"\\u041f\\u044f\\u0442\\u043d\\u0438\\u0446\\u0430 6 \\u043d\\u043e\\u044f\\u0431\\u0440\\u044f 2026  \\u0441 20h30 \\u0434\\u043e 22h.\",\"libelleZh\":\"2026\\u5e7411\\u67086\\u65e5, \\u661f\\u671f\\u4e94   \\u5c0f\\u65f6\\u5c0f\\u65f6\\u5206\\u949f  \\u548c \\u5c0f\\u65f6\\u5c0f\\u65f6 \\u4e4b\\u95f4.\",\"libellePtBR\":\"Sexta-feira 6 novembro 2026 de 20h30 a\\u00a0 22h.\",\"libelleJa\":\"\\u91d1\\u66dc\\u65e5 6 11\\u6708 2026 8.30 \\u5348\\u5f8c \\u3068 10 \\u5348\\u5f8c \\u306e\\u9593.\",\"libelleKo\":\"\\uae08\\uc694\\uc77c 6 11\\uc6d4 02026 20h30 \\uc5d0\\uc11c 22h \\uae4c\\uc9c0.\"},\"periodeEnClairGenerationMode\":\"AUTOMATIQUE\",\"indicationsPeriode\":[{\"elementReferenceType\":\"IndicationPeriode\",\"id\":416}],\"periodesOuvertures\":[{\"identifiant\":36997138,\"dateDebut\":\"2026-11-06\",\"dateFin\":\"2026-11-06\",\"horaireOuverture\":\"20:30:00\",\"horaireFermeture\":\"22:00:00\",\"type\":\"OUVERTURE_TOUS_LES_JOURS\",\"tousLesAns\":false,\"identifiantTechnique\":39259332,\"horaires\":[{\"id\":3936843,\"type\":{\"elementReferenceType\":\"HoraireType\",\"id\":7487},\"timePeriods\":[{\"id\":4331472,\"closed\":false,\"timeFrames\":[{\"id\":4343943,\"startTime\":\"20:30\",\"endTime\":\"22:00\"}]}]}]}],\"dureeSeance\":90},\"Latitude\":45.74797199999999719466359238140285015106201171875,\"Longitude\":6.297850000000000392219590139575302600860595703125,\"COMMUNE\":\"Faverges-Seythenex\",\"codeUI\":\"CA-ADOC-133098-56077\",\"critInternes\":[\"Place de march\\u00e9\",\"Billeterie\"]},\"35089\":{\"presentation\":{\"descriptifCourt\":{\"libelleFr\":\"Nous prendrons le temps de nous connecter aux \\u00e9nergies printani\\u00e8res afin de r\\u00e9veiller les forces vitales de nos corps engourdies durant l\\u2019hiver.\"},\"descriptifDetaille\":{\"libelleFr\":\"Profitons de cette pr\\u00e9cieuse p\\u00e9riode pour renouer avec la Terre, sur le point d\\u2019\\u00e9clore de nouveau, et avec le Soleil qui vient r\\u00e9chauffer nos c\\u0153urs. Le printemps nous offre une occasion privil\\u00e9gi\\u00e9e de puiser dans nos ressources int\\u00e9rieures afin de concr\\u00e9tiser nos projets, nourrir nos aspirations et donner vie \\u00e0 nos r\\u00eaves !\"}},\"prestations\":{\"animauxAcceptes\":\"NON_ACCEPTES\",\"animauxAcceptesSupplement\":\"NON_DISPONIBLE\",\"languesParlees\":[{\"elementReferenceType\":\"Langue\",\"id\":1192},{\"elementReferenceType\":\"Langue\",\"id\":1197},{\"elementReferenceType\":\"Langue\",\"id\":1205}],\"surchargeTourismesAdaptes\":true,\"surchargeDescriptifHandicapMoteur\":true,\"surchargeDescriptifHandicapAuditif\":true,\"surchargeDescriptifHandicapVisuel\":true,\"surchargeDescriptifHandicapMental\":true,\"surchargeNombreFauteuilsRoulants\":true,\"tailleGroupeMax\":10,\"ageMin\":192,\"uniteAgeMin\":\"ANNEE\"},\"ouverture\":{\"periodeEnClair\":{},\"periodeEnClairGenerationMode\":\"AUTOMATIQUE\",\"indicationsPeriode\":[{\"elementReferenceType\":\"IndicationPeriode\",\"id\":436}],\"periodesOuvertures\":[{\"identifiant\":39112079,\"dateDebut\":\"2026-03-22\",\"dateFin\":\"2026-03-22\",\"horaireOuverture\":\"10:00:00\",\"horaireFermeture\":\"12:30:00\",\"type\":\"OUVERTURE_TOUS_LES_JOURS\",\"tousLesAns\":false,\"identifiantTechnique\":39112079,\"horaires\":[{\"id\":3796916,\"type\":{\"elementReferenceType\":\"HoraireType\",\"id\":7487},\"timePeriods\":[{\"id\":4165563,\"closed\":false,\"timeFrames\":[{\"id\":4189241,\"startTime\":\"10:00\",\"endTime\":\"12:30\"}]}]}]}],\"dureeSeance\":150},\"Latitude\":45.77647900000000191766957868821918964385986328125,\"Longitude\":6.22004499999999982406961862579919397830963134765625,\"COMMUNE\":\"Doussard\",\"codeUI\":\"CA-ADOC-134646-58957\",\"TypeActivite\":\"Activit\\u00e9s sportives\",\"critInternes\":[\"Place de march\\u00e9\",\"Bien-\\u00eatre\"]},\"29765\":{\"presentation\":{\"descriptifCourt\":{\"libelleFr\":\"Un cadeau naturel et apaisant : fabriquez votre propre tisane \\u00e0 \\u0022La Bo\\u00eete \\u00e0 M\\u00e9lisse\\u0022. Offrez \\u00e0 vos proches une exp\\u00e9rience sensorielle unique avec ce bon cadeau pour un atelier o\\u00f9 ils cr\\u00e9ent leur propre boisson saine, r\\u00e9confortante et 100% naturelle !\",\"libelleEn\":\"A natural soothing gift: make your own herb tea at \\u0022La Bo\\u00eete \\u00e0 M\\u00e9lisse\\u0022. Treat your relatives to a unique sensory experience with this workshop to make their own healthy, comforting and 100% natural beverage!\"},\"descriptifDetaille\":{\"libelleFr\":\"Au programme :  explorez le monde des plantes aromatiques et m\\u00e9dicinales. Cr\\u00e9ez une tisane personnalis\\u00e9e en s\\u00e9lectionnant les meilleures herbes selon vos go\\u00fbts et besoins (d\\u00e9tente, digestion, \\u00e9nergie\\u2026). Repartez avec votre m\\u00e9lange unique \\u00e0 savourer chez vous !\",\"libelleEn\":\"On your schedule: explore the world of aromatic and medicinal plants. Make a customised herb tea by selecting the best herbs according to your tastes and needs (relaxation, digestion, energy...). Go home with your unique blend to enjoy at home!\"}},\"prestations\":{\"animauxAcceptes\":\"NON_DISPONIBLE\",\"animauxAcceptesSupplement\":\"NON_DISPONIBLE\",\"languesParlees\":[{\"elementReferenceType\":\"Langue\",\"id\":1197}],\"surchargeTourismesAdaptes\":true,\"surchargeDescriptifHandicapMoteur\":true,\"surchargeDescriptifHandicapAuditif\":true,\"surchargeDescriptifHandicapVisuel\":true,\"surchargeDescriptifHandicapMental\":true,\"surchargeNombreFauteuilsRoulants\":true,\"nombrePersonnesMinimum\":2,\"tailleGroupeMax\":6},\"ouverture\":{\"periodeEnClair\":{\"libelleFr\":\"Toute l\\u0027ann\\u00e9e le jeudi.\\n10h et 14h\\r\\nAtelier de 2 heures.\",\"libelleEn\":\"All year round on Thursday.\",\"libelleEs\":\"Todo el a\\u00f1o los jueves.\",\"libelleIt\":\"Tutto l\\u0027anno il gioved\\u00ec.\",\"libelleDe\":\"Ganzj\\u00e4hrig jeden Donnerstag.\",\"libelleNl\":\"Het hele jaar op donderdag.\",\"libelleRu\":\"\\u0412 \\u0442\\u0435\\u0447\\u0435\\u043d\\u0438\\u0435 \\u0432\\u0441\\u0435\\u0433\\u043e \\u0433\\u043e\\u0434\\u0430 \\u043d\\u0430 \\u0447\\u0435\\u0442\\u0432\\u0435\\u0440\\u0433.\",\"libelleZh\":\"\\u5168\\u5e74 \\u4e0a \\u661f\\u671f\\u56db.\",\"libellePtBR\":\"Todo o ano na quinta-feira.\",\"libelleJa\":\"\\u30aa\\u30fc\\u30eb\\u30b7\\u30fc\\u30ba\\u30f3 \\u6728\\u66dc\\u65e5 \\u306b.\",\"libelleKo\":\"\\uc77c \\ub144 \\ub0b4\\ub0b4 \\uc758 \\ubaa9\\uc694\\uc77c.\"},\"periodeEnClairGenerationMode\":\"AUTOMATIQUE\",\"indicationsPeriode\":[{\"elementReferenceType\":\"IndicationPeriode\",\"id\":416},{\"elementReferenceType\":\"IndicationPeriode\",\"id\":418},{\"elementReferenceType\":\"IndicationPeriode\",\"id\":435},{\"elementReferenceType\":\"IndicationPeriode\",\"id\":436}],\"periodesOuvertures\":[{\"identifiant\":32712456,\"dateDebut\":\"2024-01-01\",\"dateFin\":\"2025-12-31\",\"complementHoraire\":{\"libelleFr\":\"10h et 14h\\r\\nAtelier de 2 heures.\"},\"type\":\"OUVERTURE_SEMAINE\",\"tousLesAns\":true,\"ouverturesJournalieres\":[{\"jour\":\"JEUDI\"}],\"identifiantTechnique\":36822489,\"horaires\":[{\"id\":1610048,\"type\":{\"elementReferenceType\":\"HoraireType\",\"id\":7487},\"timePeriods\":[{\"id\":1696689,\"closed\":false,\"weekdays\":[\"THU\"],\"timeFrames\":[{\"id\":1768841}]}]}]}],\"ouvertTouteLAnnee\":\"OUVERT_TOUTE_L_ANNEE\",\"dureeSeance\":120},\"Latitude\":45.74651800000000179124981514178216457366943359375,\"Longitude\":6.29389299999999973778130879509262740612030029296875,\"COMMUNE\":\"Faverges-Seythenex\",\"codeUI\":\"CA-ADOC-132625-47615\",\"TypeActivite\":\"Cultural activities\",\"critInternes\":[\"Place de march\\u00e9\",\"Atelier savoir-faire et terroir\",\"Bien-\\u00eatre\",\"bons_cadeaux\"]},\"35093\":{\"presentation\":{\"descriptifCourt\":{\"libelleFr\":\"Chaque jour la vie nous offre une possibilit\\u00e9 de grandir. A nous de faire le choix : d\\u2019accepter cette invitation ou bien de rester dans sa zone de confort et de ne rien faire.\"},\"descriptifDetaille\":{\"libelleFr\":\"Comment j\\u2019accueille l\\u2019invitation de la vie \\u00e0 grandir ? Comment je prends l\\u2019appui ? Quelle est ma strat\\u00e9gie, ma fa\\u00e7on d\\u2019\\u00eatre ? Une dimension po\\u00e9tique et m\\u00e9taphorique de cet atelier sera une v\\u00e9ritable voie d\\u2019acc\\u00e8s \\u00e0 Soi. L\\u2019exploration corporelle libre va vous amener \\u00e0 percevoir la r\\u00e9alit\\u00e9 diff\\u00e9remment. La danse intuitive vous offrira une espace de transition et des passages du conscient \\u00e0 l\\u2019inconscient.\"}},\"prestations\":{\"animauxAcceptes\":\"NON_ACCEPTES\",\"animauxAcceptesSupplement\":\"NON_DISPONIBLE\",\"languesParlees\":[{\"elementReferenceType\":\"Langue\",\"id\":1192},{\"elementReferenceType\":\"Langue\",\"id\":1197},{\"elementReferenceType\":\"Langue\",\"id\":1205}],\"surchargeTourismesAdaptes\":true,\"surchargeDescriptifHandicapMoteur\":true,\"surchargeDescriptifHandicapAuditif\":true,\"surchargeDescriptifHandicapVisuel\":true,\"surchargeDescriptifHandicapMental\":true,\"surchargeNombreFauteuilsRoulants\":true,\"tailleGroupeMax\":10,\"ageMin\":192,\"uniteAgeMin\":\"ANNEE\"},\"ouverture\":{\"periodeEnClair\":{},\"periodeEnClairGenerationMode\":\"AUTOMATIQUE\",\"indicationsPeriode\":[{\"elementReferenceType\":\"IndicationPeriode\",\"id\":436}],\"periodesOuvertures\":[{\"identifiant\":39112174,\"dateDebut\":\"2026-04-12\",\"dateFin\":\"2026-04-12\",\"horaireOuverture\":\"10:00:00\",\"horaireFermeture\":\"12:30:00\",\"type\":\"OUVERTURE_TOUS_LES_JOURS\",\"tousLesAns\":false,\"identifiantTechnique\":39112174,\"horaires\":[{\"id\":3797001,\"type\":{\"elementReferenceType\":\"HoraireType\",\"id\":7487},\"timePeriods\":[{\"id\":4165661,\"closed\":false,\"timeFrames\":[{\"id\":4189331,\"startTime\":\"10:00\",\"endTime\":\"12:30\"}]}]}]}],\"dureeSeance\":150},\"Latitude\":45.77647900000000191766957868821918964385986328125,\"Longitude\":6.22004499999999982406961862579919397830963134765625,\"COMMUNE\":\"Doussard\",\"codeUI\":\"CA-ADOC-134646-58957\",\"TypeActivite\":\"Activit\\u00e9s sportives\",\"critInternes\":[\"Place de march\\u00e9\",\"Bien-\\u00eatre\"]},\"31644\":{\"presentation\":{\"descriptifCourt\":{\"libelleFr\":\"Offrez-leur des \\u00e9toiles plein les yeux !!! Ce vol du matin tout doux est parfait pour les poids plume ! C\\u0027est le vol id\\u00e9al pour les enfants, quelle belle exp\\u00e9rience pour eux de d\\u00e9couvrir cette sensation de voler.\"},\"descriptifDetaille\":{\"libelleFr\":\"Le vol \\u0022Loupiot\\u0022 est un bapt\\u00eame sp\\u00e9cifique pour enfants. Il se r\\u00e9alise dans la douceur du matin, quand les thermiques ne sont pas encore install\\u00e9s et que les vents sont encore endormis...\\r\\nUne jolie balade a\\u00e9rienne, pour d\\u00e9couvrir les premi\\u00e8res sensations de vol, en toute s\\u00e9curit\\u00e9.D\\u0027une dur\\u00e9e de 10 \\u00e0 15 min.Il s\\u0027effectue tous les jours \\u00e0 partir de 9h; \\u00e0 partir de 5 ans, et jusqu\\u0027\\u00e0 11 ans (ce qui importe surtout c\\u0027est que l\\u0027enfant soit volontaire pour faire cette activit\\u00e9).Les photos et vid\\u00e9os du vol vous sont offertes dans cette formule.\"}},\"prestations\":{\"animauxAcceptes\":\"NON_DISPONIBLE\",\"animauxAcceptesSupplement\":\"NON_DISPONIBLE\",\"languesParlees\":[{\"elementReferenceType\":\"Langue\",\"id\":1192},{\"elementReferenceType\":\"Langue\",\"id\":1197}],\"surchargeTourismesAdaptes\":true,\"surchargeDescriptifHandicapMoteur\":true,\"surchargeDescriptifHandicapAuditif\":true,\"surchargeDescriptifHandicapVisuel\":true,\"surchargeDescriptifHandicapMental\":true,\"surchargeNombreFauteuilsRoulants\":true,\"ageMin\":60,\"ageMax\":132,\"uniteAgeMin\":\"ANNEE\",\"uniteAgeMax\":\"ANNEE\"},\"ouverture\":{\"periodeEnClair\":{\"libelleFr\":\"Du 01\\\/01 au 31\\\/12, tous les jours.\",\"libelleEn\":\"From 01\\\/01 to 31\\\/12, daily.\",\"libelleEs\":\"Del 01\\\/01 al 31\\\/12, todos los dias.\",\"libelleIt\":\"Dal 01\\\/01 al 31\\\/12, ogni giorno.\",\"libelleDe\":\"Vom 01\\\/01 bis 31\\\/12, t\\u00e4glich.\",\"libelleNl\":\"Van 01\\\/01 tot en met 31\\\/12, iedere dag.\",\"libelleRu\":\"\\u0421 01\\\/01 \\u0434\\u043e 31\\\/12, \\u0435\\u0436\\u0435\\u0434\\u043d\\u0435\\u0432\\u043d\\u043e.\",\"libelleZh\":\"\\u4ece 1\\u67081\\u65e5 \\u5230 12\\u670831\\u65e5, \\u65e5\\u5e38.\",\"libellePtBR\":\"De 01\\\/01 a 31\\\/12, todos os dias.\",\"libelleJa\":\"01\\\/01 \\u304b\\u3089 31\\\/12 \\u307e\\u3067, \\u6bce\\u65e5.\",\"libelleKo\":\"01\\\/01 \\uc77c\\ubd80\\ud130 31\\\/12 \\uc77c\\uae4c\\uc9c0, \\ub9e4\\uc77c.\"},\"periodeEnClairGenerationMode\":\"AUTOMATIQUE\",\"indicationsPeriode\":[{\"elementReferenceType\":\"IndicationPeriode\",\"id\":416},{\"elementReferenceType\":\"IndicationPeriode\",\"id\":418},{\"elementReferenceType\":\"IndicationPeriode\",\"id\":435},{\"elementReferenceType\":\"IndicationPeriode\",\"id\":436}],\"periodesOuvertures\":[{\"identifiant\":34757919,\"dateDebut\":\"2025-01-01\",\"dateFin\":\"2025-12-31\",\"type\":\"OUVERTURE_TOUS_LES_JOURS\",\"tousLesAns\":true,\"identifiantTechnique\":34757919,\"horaires\":[{\"id\":393642,\"type\":{\"elementReferenceType\":\"HoraireType\",\"id\":7487},\"timePeriods\":[{\"id\":414312,\"closed\":false,\"weekdays\":[\"WED\",\"SAT\",\"SUN\",\"THU\",\"MON\",\"TUE\",\"FRI\"],\"timeFrames\":[{\"id\":441159}]}]}]}],\"dureeSeance\":15},\"Latitude\":45.84850200000000342015482601709663867950439453125,\"Longitude\":6.2122960000000002622755346237681806087493896484375,\"COMMUNE\":\"Doussard\",\"codeUI\":\"CA-ADOC-111168-15926\",\"TypeActivite\":\"Sporting activities\",\"critInternes\":[\"Place de march\\u00e9\",\"Activit\\u00e9s sport nature\"]},\"32321\":{\"presentation\":{\"descriptifCourt\":{\"libelleFr\":\"40 minutes de vol en biplace, sous vos pieds le magnifique lac d\\u0027Annecy, \\u00e0 port\\u00e9e de main la cha\\u00eene des Aravis.\",\"libelleEn\":\"A 40 minutes flight in a two-seater, with beautiful lake Annecy beneath your feet and the Aravis mountain range at your fingertips.\"}},\"prestations\":{\"animauxAcceptes\":\"NON_ACCEPTES\",\"animauxAcceptesSupplement\":\"NON_DISPONIBLE\",\"languesParlees\":[{\"elementReferenceType\":\"Langue\",\"id\":1192},{\"elementReferenceType\":\"Langue\",\"id\":1197}],\"languesDocumentation\":[{\"elementReferenceType\":\"Langue\",\"id\":1197}],\"surchargeTourismesAdaptes\":true,\"surchargeDescriptifHandicapMoteur\":true,\"surchargeDescriptifHandicapAuditif\":true,\"surchargeDescriptifHandicapVisuel\":true,\"surchargeDescriptifHandicapMental\":true,\"surchargeNombreFauteuilsRoulants\":true,\"ageMin\":144,\"uniteAgeMin\":\"ANNEE\"},\"ouverture\":{\"periodeEnClair\":{\"libelleFr\":\"Du 16\\\/04 au 30\\\/10, tous les jours de 9h \\u00e0 19h.\\nBasse saison : 10:00 \\u00e0 18:00.\",\"libelleEn\":\"From 16\\\/04 to 30\\\/10, daily between 9 am and 7 pm.\",\"libelleEs\":\"Del 16\\\/04 al 30\\\/10, todos los dias de 9 a 19.\",\"libelleIt\":\"Dal 16\\\/04 al 30\\\/10, ogni giorno dalle 9 alle 19.\",\"libelleDe\":\"Vom 16\\\/04 bis 30\\\/10, t\\u00e4glich von 9 Uhr bis 19 Uhr.\",\"libelleNl\":\"Van 16\\\/04 tot en met 30\\\/10, iedere dag van 9.00 tot 19.00 u.\",\"libelleRu\":\"\\u0421 16\\\/04 \\u0434\\u043e 30\\\/10, \\u0435\\u0436\\u0435\\u0434\\u043d\\u0435\\u0432\\u043d\\u043e \\u0441 9h \\u0434\\u043e 19h.\",\"libelleZh\":\"\\u4ece 4\\u670816\\u65e5 \\u5230 10\\u670830\\u65e5, \\u65e5\\u5e38 \\u5c0f\\u65f6\\u5c0f\\u65f6 \\u548c \\u5c0f\\u65f6\\u5c0f\\u65f6 \\u4e4b\\u95f4.\",\"libellePtBR\":\"De 16\\\/04 a 30\\\/10, todos os dias de 9h a\\u00a0 19h.\",\"libelleJa\":\"16\\\/04 \\u304b\\u3089 30\\\/10 \\u307e\\u3067, \\u6bce\\u65e5 9 \\u5348\\u524d \\u3068 7 \\u5348\\u5f8c \\u306e\\u9593.\",\"libelleKo\":\"16\\\/04 \\uc77c\\ubd80\\ud130 30\\\/10 \\uc77c\\uae4c\\uc9c0, \\ub9e4\\uc77c 9h \\uc5d0\\uc11c 19h \\uae4c\\uc9c0.\"},\"periodeEnClairGenerationMode\":\"AUTOMATIQUE\",\"indicationsPeriode\":[{\"elementReferenceType\":\"IndicationPeriode\",\"id\":416},{\"elementReferenceType\":\"IndicationPeriode\",\"id\":418},{\"elementReferenceType\":\"IndicationPeriode\",\"id\":436}],\"periodesOuvertures\":[{\"identifiant\":13732164,\"dateDebut\":\"2022-04-16\",\"dateFin\":\"2022-10-30\",\"complementHoraire\":{\"libelleFr\":\"Basse saison : 10:00 \\u00e0 18:00\"},\"horaireOuverture\":\"09:00:00\",\"horaireFermeture\":\"19:00:00\",\"type\":\"OUVERTURE_TOUS_LES_JOURS\",\"tousLesAns\":true,\"identifiantTechnique\":35321832,\"horaires\":[{\"id\":283397,\"type\":{\"elementReferenceType\":\"HoraireType\",\"id\":7487},\"timePeriods\":[{\"id\":298249,\"closed\":false,\"weekdays\":[\"SAT\",\"SUN\",\"MON\",\"TUE\",\"THU\",\"FRI\",\"WED\"],\"timeFrames\":[{\"id\":317655,\"startTime\":\"09:00\",\"endTime\":\"19:00\"}]}]}]}],\"dureeSeance\":40},\"Latitude\":45.783828999999997222403180785477161407470703125,\"Longitude\":6.22580299999999997595523382187820971012115478515625,\"COMMUNE\":\"Doussard\",\"codeUI\":\"CA-ADOC-114542-17335\",\"TypeActivite\":\"Activit\\u00e9s sportives\",\"critInternes\":[\"Activit\\u00e9s sport nature\"]},\"35187\":{\"presentation\":{\"descriptifCourt\":{\"libelleFr\":\"En vacances ou toute l\\u2019ann\\u00e9e, profitez du yoga en vid\\u00e9o quand vous le souhaitez. Une pause bien-\\u00eatre accessible \\u00e0 tous, pour se d\\u00e9tendre, bouger en douceur et garder une routine \\u00e0 son rythme, o\\u00f9 que vous soyez.\"},\"descriptifDetaille\":{\"libelleFr\":\"5 formules sont propos\\u00e9es : \\r\\nPack Yoga Pr\\u00e9natal\\r\\nPack Yoga Postnatal\\r\\nPack Yoga Hatha\\r\\nPack Yoga P\\u00e9rinatalit\\u00e9\\r\\nPack p\\u00e9rinatalit\\u00e9 + Hatha\"}},\"prestations\":{\"animauxAcceptes\":\"NON_DISPONIBLE\",\"animauxAcceptesSupplement\":\"NON_DISPONIBLE\",\"languesParlees\":[{\"elementReferenceType\":\"Langue\",\"id\":1197}],\"surchargeTourismesAdaptes\":true,\"surchargeDescriptifHandicapMoteur\":true,\"surchargeDescriptifHandicapAuditif\":true,\"surchargeDescriptifHandicapVisuel\":true,\"surchargeDescriptifHandicapMental\":true,\"surchargeNombreFauteuilsRoulants\":true,\"ageMin\":216,\"uniteAgeMin\":\"ANNEE\"},\"ouverture\":{\"periodeEnClair\":{\"libelleFr\":\"Toute l\\u0027ann\\u00e9e tous les jours.\",\"libelleEn\":\"All year round daily.\",\"libelleEs\":\"Todo el a\\u00f1o todos los dias.\",\"libelleIt\":\"Tutto l\\u0027anno ogni giorno.\",\"libelleDe\":\"Ganzj\\u00e4hrig t\\u00e4glich.\",\"libelleNl\":\"Het hele jaar iedere dag.\",\"libelleRu\":\"\\u0412 \\u0442\\u0435\\u0447\\u0435\\u043d\\u0438\\u0435 \\u0432\\u0441\\u0435\\u0433\\u043e \\u0433\\u043e\\u0434\\u0430 \\u0435\\u0436\\u0435\\u0434\\u043d\\u0435\\u0432\\u043d\\u043e.\",\"libelleZh\":\"\\u5168\\u5e74 \\u65e5\\u5e38.\",\"libellePtBR\":\"Todo o ano todos os dias.\",\"libelleJa\":\"\\u30aa\\u30fc\\u30eb\\u30b7\\u30fc\\u30ba\\u30f3 \\u6bce\\u65e5.\",\"libelleKo\":\"\\uc77c \\ub144 \\ub0b4\\ub0b4 \\ub9e4\\uc77c.\"},\"periodeEnClairGenerationMode\":\"AUTOMATIQUE\",\"indicationsPeriode\":[{\"elementReferenceType\":\"IndicationPeriode\",\"id\":416},{\"elementReferenceType\":\"IndicationPeriode\",\"id\":418},{\"elementReferenceType\":\"IndicationPeriode\",\"id\":435},{\"elementReferenceType\":\"IndicationPeriode\",\"id\":436}],\"periodesOuvertures\":[{\"identifiant\":39322904,\"dateDebut\":\"2024-01-01\",\"dateFin\":\"2024-12-31\",\"type\":\"OUVERTURE_TOUS_LES_JOURS\",\"tousLesAns\":true,\"identifiantTechnique\":39322904,\"horaires\":[{\"id\":3999864,\"type\":{\"elementReferenceType\":\"HoraireType\",\"id\":7487},\"timePeriods\":[{\"id\":4404215,\"closed\":false,\"weekdays\":[\"THU\",\"WED\",\"TUE\",\"MON\",\"SUN\",\"FRI\",\"SAT\"],\"timeFrames\":[{\"id\":4410537}]}]}]}],\"ouvertTouteLAnnee\":\"OUVERT_TOUTE_L_ANNEE\",\"dureeSeance\":75},\"Latitude\":45.76697800000000171394276549108326435089111328125,\"Longitude\":6.2165569999999998884732121950946748256683349609375,\"COMMUNE\":\"Chevaline\",\"codeUI\":\"CA-ADOC-133378-59125\",\"TypeActivite\":\"Sporting activities\",\"critInternes\":[\"Place de march\\u00e9\",\"Bien-\\u00eatre\"]},\"29424\":{\"presentation\":{\"descriptifCourt\":{\"libelleFr\":\"Plongez dans l\\u0027univers cr\\u00e9atif de la lithoth\\u00e9rapie lors d\\u0027un atelier d\\u0027une heure d\\u00e9di\\u00e9 \\u00e0 la confection de bracelets en pierres de lithoth\\u00e9rapie. Accompagn\\u00e9 par Virginie, d\\u00e9couvrez les secrets et bienfaits des pierres et r\\u00e9alisez votre bijou personnalis\\u00e9.\",\"libelleEn\":\"Immerse yourself into the creative universe of lithotherapy with a one-hour workshop dedicated to making bracelets with healing gems. Guided by Virginie, find out the secrets and benefits of gems and make your own customised jewel.\"},\"descriptifDetaille\":{\"libelleFr\":\"Ce bon cadeau comprend :\\r\\n\\r\\nUne session d\\u00271h avec Virginie, experte en lithoth\\u00e9rapie et cr\\u00e9ation de bijoux.\\r\\nTout le mat\\u00e9riel n\\u00e9cessaire pour confectionner un bracelet unique en pierres naturelles.\\r\\nDes conseils personnalis\\u00e9s sur les vertus des pierres et leurs associations.\\r\\n\\r\\nId\\u00e9al pour un cadeau original et plein de sens, ce bon est parfait pour tous les amateurs de bien-\\u00eatre et de cr\\u00e9ations artisanales.\",\"libelleEn\":\"This voucher includes:\\r\\n\\r\\nA one-hour session with Virginie, expert at lithotherapy and jewel-making. \\r\\nAll the equipment necessary to make a unique bracelet with natural stones. \\r\\nPersonalised advice on the stones\\u0027 virtues and combos.\\r\\n\\r\\nA perfect meaningful and original gift, this voucher is made for all the wellness and artisanal creation amateurs.\"}},\"prestations\":{\"animauxAcceptes\":\"NON_DISPONIBLE\",\"animauxAcceptesSupplement\":\"NON_DISPONIBLE\",\"languesParlees\":[{\"elementReferenceType\":\"Langue\",\"id\":1197}],\"surchargeTourismesAdaptes\":true,\"surchargeDescriptifHandicapMoteur\":true,\"surchargeDescriptifHandicapAuditif\":true,\"surchargeDescriptifHandicapVisuel\":true,\"surchargeDescriptifHandicapMental\":true,\"surchargeNombreFauteuilsRoulants\":true},\"ouverture\":{\"periodeEnClair\":{\"libelleFr\":\"Du 01\\\/01 au 31\\\/12.\",\"libelleEn\":\"From 01\\\/01 to 31\\\/12.\",\"libelleEs\":\"Del 01\\\/01 al 31\\\/12.\",\"libelleIt\":\"Dal 01\\\/01 al 31\\\/12.\",\"libelleDe\":\"Vom 01\\\/01 bis 31\\\/12.\",\"libelleNl\":\"Van 01\\\/01 tot en met 31\\\/12.\",\"libelleRu\":\"\\u0421 01\\\/01 \\u0434\\u043e 31\\\/12.\",\"libelleZh\":\"\\u4ece 1\\u67081\\u65e5 \\u5230 12\\u670831\\u65e5.\",\"libellePtBR\":\"De 01\\\/01 a 31\\\/12.\",\"libelleJa\":\"01\\\/01 \\u304b\\u3089 31\\\/12 \\u307e\\u3067.\",\"libelleKo\":\"01\\\/01 \\uc77c\\ubd80\\ud130 31\\\/12 \\uc77c\\uae4c\\uc9c0.\"},\"periodeEnClairGenerationMode\":\"AUTOMATIQUE\",\"indicationsPeriode\":[{\"elementReferenceType\":\"IndicationPeriode\",\"id\":416},{\"elementReferenceType\":\"IndicationPeriode\",\"id\":418},{\"elementReferenceType\":\"IndicationPeriode\",\"id\":435},{\"elementReferenceType\":\"IndicationPeriode\",\"id\":436}],\"periodesOuvertures\":[{\"identifiant\":32328527,\"dateDebut\":\"2024-01-01\",\"dateFin\":\"2024-12-31\",\"type\":\"OUVERTURE_TOUS_LES_JOURS\",\"tousLesAns\":true,\"identifiantTechnique\":33697302,\"horaires\":[{\"id\":780561,\"type\":{\"elementReferenceType\":\"HoraireType\",\"id\":7487},\"timePeriods\":[{\"id\":821790,\"closed\":false,\"weekdays\":[\"WED\",\"SAT\",\"SUN\",\"THU\",\"MON\",\"TUE\",\"FRI\"],\"timeFrames\":[{\"id\":876012}]}]}]}]},\"Latitude\":45.73739900000000346835804521106183528900146484375,\"Longitude\":6.3087140000000001549551598145626485347747802734375,\"COMMUNE\":\"Faverges-Seythenex\",\"codeUI\":\"CA-ADOC-132441-46668\",\"critInternes\":[\"Place de march\\u00e9\",\"Atelier savoir-faire et terroir\",\"bons_cadeaux\"]},\"29696\":{\"presentation\":{\"descriptifCourt\":{\"libelleFr\":\"Vous cherchez un cadeau original et personnalis\\u00e9 ? Offrez un bon cadeau pour un atelier de fabrication de baume \\u00e0 l\\u00e8vres 100% naturel ! \\u00c0 offrir ou \\u00e0 s\\u2019offrir, ce bon cadeau promet un moment unique et une belle d\\u00e9couverte de la cosm\\u00e9tique naturelle.\",\"libelleEn\":\"Looking for an original customised gift? Give a voucher for a workshop to make a 100% natural lip balm! This voucher is the promise of a unique discovery of natural cosmetics to treat yourself or someone else.\"},\"descriptifDetaille\":{\"libelleFr\":\"Lors de cet atelier ludique, la personne de votre choix pourra :  d\\u00e9couvrir les secrets des ingr\\u00e9dients naturels, fabriquer un baume \\u00e0 l\\u00e8vres hydratant, doux et respectueux de l\\u0027environnement.\",\"libelleEn\":\"During this fun workshop, the person of your choice will have the chance to: discover the secrets of natural ingredients and make a soft, moisturising and eco-friendly lip balm.\"}},\"prestations\":{\"animauxAcceptes\":\"NON_DISPONIBLE\",\"animauxAcceptesSupplement\":\"NON_DISPONIBLE\",\"languesParlees\":[{\"elementReferenceType\":\"Langue\",\"id\":1197}],\"surchargeTourismesAdaptes\":true,\"surchargeDescriptifHandicapMoteur\":true,\"surchargeDescriptifHandicapAuditif\":true,\"surchargeDescriptifHandicapVisuel\":true,\"surchargeDescriptifHandicapMental\":true,\"surchargeNombreFauteuilsRoulants\":true,\"nombrePersonnesMinimum\":2,\"tailleGroupeMax\":6},\"ouverture\":{\"periodeEnClair\":{\"libelleFr\":\"Toute l\\u0027ann\\u00e9e le lundi.\\n10h et 14h\\r\\nAtelier de 2 heures.\",\"libelleEn\":\"All year round on Monday.\",\"libelleEs\":\"Todo el a\\u00f1o los lunes.\",\"libelleIt\":\"Tutto l\\u0027anno il luned\\u00ec.\",\"libelleDe\":\"Ganzj\\u00e4hrig jeden Montag.\",\"libelleNl\":\"Het hele jaar op maandag.\",\"libelleRu\":\"\\u0412 \\u0442\\u0435\\u0447\\u0435\\u043d\\u0438\\u0435 \\u0432\\u0441\\u0435\\u0433\\u043e \\u0433\\u043e\\u0434\\u0430 \\u043d\\u0430 \\u043f\\u043e\\u043d\\u0435\\u0434\\u0435\\u043b\\u044c\\u043d\\u0438\\u043a.\",\"libelleZh\":\"\\u5168\\u5e74 \\u4e0a \\u661f\\u671f\\u4e00.\",\"libellePtBR\":\"Todo o ano na segunda-feira.\",\"libelleJa\":\"\\u30aa\\u30fc\\u30eb\\u30b7\\u30fc\\u30ba\\u30f3 \\u6708\\u66dc\\u65e5 \\u306b.\",\"libelleKo\":\"\\uc77c \\ub144 \\ub0b4\\ub0b4 \\uc758 \\uc6d4\\uc694\\uc77c.\"},\"periodeEnClairGenerationMode\":\"AUTOMATIQUE\",\"indicationsPeriode\":[{\"elementReferenceType\":\"IndicationPeriode\",\"id\":416},{\"elementReferenceType\":\"IndicationPeriode\",\"id\":418},{\"elementReferenceType\":\"IndicationPeriode\",\"id\":435},{\"elementReferenceType\":\"IndicationPeriode\",\"id\":436}],\"periodesOuvertures\":[{\"identifiant\":32712445,\"dateDebut\":\"2024-01-01\",\"dateFin\":\"2025-12-31\",\"complementHoraire\":{\"libelleFr\":\"10h et 14h\\r\\nAtelier de 2 heures.\"},\"type\":\"OUVERTURE_SEMAINE\",\"tousLesAns\":true,\"ouverturesJournalieres\":[{\"jour\":\"LUNDI\"}],\"identifiantTechnique\":36822486,\"horaires\":[{\"id\":1610045,\"type\":{\"elementReferenceType\":\"HoraireType\",\"id\":7487},\"timePeriods\":[{\"id\":1696684,\"closed\":false,\"weekdays\":[\"MON\"],\"timeFrames\":[{\"id\":1768836}]}]}]}],\"ouvertTouteLAnnee\":\"OUVERT_TOUTE_L_ANNEE\",\"dureeSeance\":120},\"Latitude\":45.74651800000000179124981514178216457366943359375,\"Longitude\":6.29389299999999973778130879509262740612030029296875,\"COMMUNE\":\"Faverges-Seythenex\",\"codeUI\":\"CA-ADOC-132625-47619\",\"TypeActivite\":\"Cultural activities\",\"critInternes\":[\"Place de march\\u00e9\",\"Atelier savoir-faire et terroir\",\"Bien-\\u00eatre\",\"bons_cadeaux\"]},\"30366\":{\"presentation\":{\"descriptifCourt\":{\"libelleFr\":\"Offrez-vous 5 s\\u00e9ances de yoga pr\\u00e9 et postnatal \\u00e0 Giez.\\r\\nCours collectifs hebdomadaires pour futures mamans et jeunes mamans (b\\u00e9b\\u00e9s bienvenus en postnatal).\"},\"descriptifDetaille\":{}},\"prestations\":{\"animauxAcceptes\":\"NON_DISPONIBLE\",\"animauxAcceptesSupplement\":\"NON_DISPONIBLE\",\"languesParlees\":[{\"elementReferenceType\":\"Langue\",\"id\":1197}],\"surchargeTourismesAdaptes\":true,\"surchargeDescriptifHandicapMoteur\":true,\"surchargeDescriptifHandicapAuditif\":true,\"surchargeDescriptifHandicapVisuel\":true,\"surchargeDescriptifHandicapMental\":true,\"surchargeNombreFauteuilsRoulants\":true},\"ouverture\":{\"periodeEnClair\":{\"libelleFr\":\"Toute l\\u0027ann\\u00e9e tous les jours.\",\"libelleEn\":\"All year round daily.\",\"libelleEs\":\"Todo el a\\u00f1o todos los dias.\",\"libelleIt\":\"Tutto l\\u0027anno ogni giorno.\",\"libelleDe\":\"Ganzj\\u00e4hrig t\\u00e4glich.\",\"libelleNl\":\"Het hele jaar iedere dag.\",\"libelleRu\":\"\\u0412 \\u0442\\u0435\\u0447\\u0435\\u043d\\u0438\\u0435 \\u0432\\u0441\\u0435\\u0433\\u043e \\u0433\\u043e\\u0434\\u0430 \\u0435\\u0436\\u0435\\u0434\\u043d\\u0435\\u0432\\u043d\\u043e.\",\"libelleZh\":\"\\u5168\\u5e74 \\u65e5\\u5e38.\",\"libellePtBR\":\"Todo o ano todos os dias.\",\"libelleJa\":\"\\u30aa\\u30fc\\u30eb\\u30b7\\u30fc\\u30ba\\u30f3 \\u6bce\\u65e5.\",\"libelleKo\":\"\\uc77c \\ub144 \\ub0b4\\ub0b4 \\ub9e4\\uc77c.\"},\"periodeEnClairGenerationMode\":\"AUTOMATIQUE\",\"indicationsPeriode\":[{\"elementReferenceType\":\"IndicationPeriode\",\"id\":416},{\"elementReferenceType\":\"IndicationPeriode\",\"id\":418},{\"elementReferenceType\":\"IndicationPeriode\",\"id\":435},{\"elementReferenceType\":\"IndicationPeriode\",\"id\":436}],\"periodesOuvertures\":[{\"identifiant\":33781642,\"dateDebut\":\"2024-01-01\",\"dateFin\":\"2024-12-31\",\"type\":\"OUVERTURE_TOUS_LES_JOURS\",\"tousLesAns\":true,\"identifiantTechnique\":36822484,\"horaires\":[{\"id\":1610043,\"type\":{\"elementReferenceType\":\"HoraireType\",\"id\":7487},\"timePeriods\":[{\"id\":1696682,\"closed\":false,\"weekdays\":[\"WED\",\"SAT\",\"SUN\",\"FRI\",\"MON\",\"THU\",\"TUE\"],\"timeFrames\":[{\"id\":1768834}]}]}]}],\"ouvertTouteLAnnee\":\"OUVERT_TOUTE_L_ANNEE\",\"dureeSeance\":75},\"Latitude\":45.76012200000000262889443547464907169342041015625,\"Longitude\":6.2588290000000004198454917059279978275299072265625,\"COMMUNE\":\"Chevaline\",\"codeUI\":\"CA-ADOC-133378-49262\",\"TypeActivite\":\"Sporting activities\",\"critInternes\":[\"Partenaire\",\"Place de march\\u00e9\",\"Bien-\\u00eatre\",\"bons_cadeaux\"]},\"35651\":{\"presentation\":{\"descriptifCourt\":{\"libelleFr\":\"Embarquez \\u00e0 bord d\\u0027un kayak pour aider les gardes de la r\\u00e9serve naturelle \\u00e0 nettoyer les roseli\\u00e8res du Bout du Lac d\\u0027Annecy ! Pour cette sortie il faut que les participants sachent nager.\"},\"descriptifDetaille\":{\"libelleFr\":\"A pr\\u00e9voir : v\\u00eatements pouvant \\u00eatre mouill\\u00e9s. Kayaks fournis par le Club nautique.\"}},\"prestations\":{\"equipements\":[{\"elementReferenceType\":\"PrestationEquipement\",\"id\":5592},{\"elementReferenceType\":\"PrestationEquipement\",\"id\":972}],\"animauxAcceptes\":\"NON_ACCEPTES\",\"animauxAcceptesSupplement\":\"NON_DISPONIBLE\",\"languesParlees\":[{\"elementReferenceType\":\"Langue\",\"id\":1197}],\"surchargeTourismesAdaptes\":true,\"surchargeDescriptifHandicapMoteur\":true,\"surchargeDescriptifHandicapAuditif\":true,\"surchargeDescriptifHandicapVisuel\":true,\"surchargeDescriptifHandicapMental\":true,\"surchargeNombreFauteuilsRoulants\":true,\"tailleGroupeMax\":20,\"ageMin\":144,\"uniteAgeMin\":\"ANNEE\"},\"ouverture\":{\"periodeEnClair\":{\"libelleFr\":\"Mardi 18 ao\\u00fbt 2026 de 9h \\u00e0 12h.\",\"libelleEn\":\"Tuesday 18 August 2026 between 9 am and 12 pm.\",\"libelleEs\":\"Martes, 18 de agosto de 2026 de 9 a 12.\",\"libelleIt\":\"Marted\\u00ec 18 agosto 2026 dalle 9 alle 12.\",\"libelleDe\":\"Dienstag, den 18. August 2026 von 9 Uhr bis 12 Uhr.\",\"libelleNl\":\"Dinsdag 18 augustus 2026 van 9.00 tot 12.00 u.\",\"libelleRu\":\"\\u0412\\u0442\\u043e\\u0440\\u043d\\u0438\\u043a 18 \\u0430\\u0432\\u0433\\u0443\\u0441\\u0442\\u0430 2026  \\u0441 9h \\u0434\\u043e 12h.\",\"libelleZh\":\"2026\\u5e748\\u670818\\u65e5, \\u661f\\u671f\\u4e8c   \\u5c0f\\u65f6\\u5c0f\\u65f6 \\u548c \\u5c0f\\u65f6\\u5c0f\\u65f6 \\u4e4b\\u95f4.\",\"libellePtBR\":\"Ter\\u00e7a-feira 18 agosto 2026 de 9h a\\u00a0 12h.\",\"libelleJa\":\"\\u706b\\u66dc\\u65e5 18 8\\u6708 2026 9 \\u5348\\u524d \\u3068 12 \\u5348\\u5f8c \\u306e\\u9593.\",\"libelleKo\":\"\\ud654\\uc694\\uc77c 18 8\\uc6d4 02026 9h \\uc5d0\\uc11c 12h \\uae4c\\uc9c0.\"},\"periodeEnClairGenerationMode\":\"AUTOMATIQUE\",\"indicationsPeriode\":[{\"elementReferenceType\":\"IndicationPeriode\",\"id\":418}],\"periodesOuvertures\":[{\"identifiant\":39828689,\"dateDebut\":\"2026-08-18\",\"dateFin\":\"2026-08-18\",\"horaireOuverture\":\"09:00:00\",\"horaireFermeture\":\"12:00:00\",\"type\":\"OUVERTURE_TOUS_LES_JOURS\",\"tousLesAns\":false,\"identifiantTechnique\":39888372,\"horaires\":[{\"id\":4543595,\"type\":{\"elementReferenceType\":\"HoraireType\",\"id\":7487},\"timePeriods\":[{\"id\":5036217,\"closed\":false,\"timeFrames\":[{\"id\":4980724,\"startTime\":\"09:00\",\"endTime\":\"12:00\"}]}]}]}],\"dureeSeance\":180},\"Latitude\":45.78542499999999648707671440206468105316162109375,\"Longitude\":6.2264759999999998996145222918130457401275634765625,\"COMMUNE\":\"Doussard\",\"codeUI\":\"CA-ADOC-130001-61083\",\"TypeActivite\":\"Activit\\u00e9s culturelles\",\"critInternes\":[\"Place de march\\u00e9\",\"Activit\\u00e9s sport nature\"]},\"36046\":{\"presentation\":{\"descriptifCourt\":{\"libelleFr\":\"Dans un espace bienveillant, sans regards critiques, Anastassia vous guidera en douceur vers le mouvement libre et intuitif. Venez d\\u00e9couvrir une pratique qui ressource et procure la d\\u00e9tente et le bien-\\u00eatre.\"},\"descriptifDetaille\":{\"libelleFr\":\"Loin des cours de danse traditionnels, cette pratique est accessible \\u00e0 tous. Elle permet la lib\\u00e9ration des tensions et des blocages inscrits dans la m\\u00e9moire corporelle, vous aide \\u00e0 l\\u00e2cher la charge mentale, retrouver \\u00e9quilibre et activer l\\u2019\\u00e9nergie cr\\u00e9ative. En \\u00e9coutant l\\u0027intelligence de votre corps, vous retrouvez l\\u0027ancrage, valorisez vos ressources int\\u00e9rieures et initiez le processus de transformation positive dans votre vie.\"}},\"prestations\":{\"animauxAcceptes\":\"NON_ACCEPTES\",\"animauxAcceptesSupplement\":\"NON_DISPONIBLE\",\"languesParlees\":[{\"elementReferenceType\":\"Langue\",\"id\":1192},{\"elementReferenceType\":\"Langue\",\"id\":1197},{\"elementReferenceType\":\"Langue\",\"id\":1205}],\"surchargeTourismesAdaptes\":true,\"surchargeDescriptifHandicapMoteur\":true,\"surchargeDescriptifHandicapAuditif\":true,\"surchargeDescriptifHandicapVisuel\":true,\"surchargeDescriptifHandicapMental\":true,\"surchargeNombreFauteuilsRoulants\":true,\"tailleGroupeMax\":10,\"ageMin\":192,\"uniteAgeMin\":\"ANNEE\"},\"ouverture\":{\"periodeEnClair\":{\"libelleFr\":\"Vendredi 24 avril 2026 de 10h45 \\u00e0 12h.\\n\\nVendredi 1er mai 2026 de 10h45 \\u00e0 12h.\\n\\nVendredi 8 mai 2026 de 10h45 \\u00e0 12h.\\n\\nVendredi 15 mai 2026 de 10h45 \\u00e0 12h.\\n\\nVendredi 22 mai 2026 de 10h45 \\u00e0 12h.\\n\\nVendredi 29 mai 2026 de 10h45 \\u00e0 12h.\\n\\nVendredi 5 juin 2026 de 10h45 \\u00e0 12h.\\n\\nVendredi 12 juin 2026 de 10h45 \\u00e0 12h.\\n\\nVendredi 19 juin 2026 de 10h45 \\u00e0 12h.\\n\\nVendredi 26 juin 2026 de 10h45 \\u00e0 12h.\\n\\nVendredi 3 juillet 2026 de 10h45 \\u00e0 12h.\",\"libelleEn\":\"Friday 24 April 2026 between 10.45 am and 12 pm.\\n\\nFriday 1st of May 2026 between 10.45 am and 12 pm.\\n\\nFriday 8 May 2026 between 10.45 am and 12 pm.\\n\\nFriday 15 May 2026 between 10.45 am and 12 pm.\\n\\nFriday 22 May 2026 between 10.45 am and 12 pm.\\n\\nFriday 29 May 2026 between 10.45 am and 12 pm.\\n\\nFriday 5 June 2026 between 10.45 am and 12 pm.\\n\\nFriday 12 June 2026 between 10.45 am and 12 pm.\\n\\nFriday 19 June 2026 between 10.45 am and 12 pm.\\n\\nFriday 26 June 2026 between 10.45 am and 12 pm.\\n\\nFriday 3 July 2026 between 10.45 am and 12 pm.\",\"libelleEs\":\"Viernes, 24 de abril de 2026 de 10:45 a 12.\\n\\nViernes, 1 de mayo de 2026 de 10:45 a 12.\\n\\nViernes, 8 de mayo de 2026 de 10:45 a 12.\\n\\nViernes, 15 de mayo de 2026 de 10:45 a 12.\\n\\nViernes, 22 de mayo de 2026 de 10:45 a 12.\\n\\nViernes, 29 de mayo de 2026 de 10:45 a 12.\\n\\nViernes, 5 de junio de 2026 de 10:45 a 12.\\n\\nViernes, 12 de junio de 2026 de 10:45 a 12.\\n\\nViernes, 19 de junio de 2026 de 10:45 a 12.\\n\\nViernes, 26 de junio de 2026 de 10:45 a 12.\\n\\nViernes, 3 de julio de 2026 de 10:45 a 12.\",\"libelleIt\":\"Venerd\\u00ec 24 aprile 2026 dalle 10:45 alle 12.\\n\\nVenerd\\u00ec 1\\u00b0 maggio 2026 dalle 10:45 alle 12.\\n\\nVenerd\\u00ec 8 maggio 2026 dalle 10:45 alle 12.\\n\\nVenerd\\u00ec 15 maggio 2026 dalle 10:45 alle 12.\\n\\nVenerd\\u00ec 22 maggio 2026 dalle 10:45 alle 12.\\n\\nVenerd\\u00ec 29 maggio 2026 dalle 10:45 alle 12.\\n\\nVenerd\\u00ec 5 giugno 2026 dalle 10:45 alle 12.\\n\\nVenerd\\u00ec 12 giugno 2026 dalle 10:45 alle 12.\\n\\nVenerd\\u00ec 19 giugno 2026 dalle 10:45 alle 12.\\n\\nVenerd\\u00ec 26 giugno 2026 dalle 10:45 alle 12.\\n\\nVenerd\\u00ec 3 luglio 2026 dalle 10:45 alle 12.\",\"libelleDe\":\"Freitag, den 24. April 2026 von 10.45 Uhr bis 12 Uhr.\\n\\nFreitag, den 1. Mai 2026 von 10.45 Uhr bis 12 Uhr.\\n\\nFreitag, den 8. Mai 2026 von 10.45 Uhr bis 12 Uhr.\\n\\nFreitag, den 15. Mai 2026 von 10.45 Uhr bis 12 Uhr.\\n\\nFreitag, den 22. Mai 2026 von 10.45 Uhr bis 12 Uhr.\\n\\nFreitag, den 29. Mai 2026 von 10.45 Uhr bis 12 Uhr.\\n\\nFreitag, den 5. Juni 2026 von 10.45 Uhr bis 12 Uhr.\\n\\nFreitag, den 12. Juni 2026 von 10.45 Uhr bis 12 Uhr.\\n\\nFreitag, den 19. Juni 2026 von 10.45 Uhr bis 12 Uhr.\\n\\nFreitag, den 26. Juni 2026 von 10.45 Uhr bis 12 Uhr.\\n\\nFreitag, den 3. Juli 2026 von 10.45 Uhr bis 12 Uhr.\",\"libelleNl\":\"Vrijdag 24 april 2026 van 10.45 tot 12.00 u.\\n\\nVrijdag 1 mei 2026 van 10.45 tot 12.00 u.\\n\\nVrijdag 8 mei 2026 van 10.45 tot 12.00 u.\\n\\nVrijdag 15 mei 2026 van 10.45 tot 12.00 u.\\n\\nVrijdag 22 mei 2026 van 10.45 tot 12.00 u.\\n\\nVrijdag 29 mei 2026 van 10.45 tot 12.00 u.\\n\\nVrijdag 5 juni 2026 van 10.45 tot 12.00 u.\\n\\nVrijdag 12 juni 2026 van 10.45 tot 12.00 u.\\n\\nVrijdag 19 juni 2026 van 10.45 tot 12.00 u.\\n\\nVrijdag 26 juni 2026 van 10.45 tot 12.00 u.\\n\\nVrijdag 3 juli 2026 van 10.45 tot 12.00 u.\",\"libelleRu\":\"\\u041f\\u044f\\u0442\\u043d\\u0438\\u0446\\u0430 24 \\u0430\\u043f\\u0440\\u0435\\u043b\\u044f 2026  \\u0441 10h45 \\u0434\\u043e 12h.\\n\\n\\u041f\\u044f\\u0442\\u043d\\u0438\\u0446\\u0430 1-\\u0439 \\u043c\\u0430\\u044f 2026 \\u0441 10h45 \\u0434\\u043e 12h.\\n\\n\\u041f\\u044f\\u0442\\u043d\\u0438\\u0446\\u0430 8 \\u043c\\u0430\\u044f 2026  \\u0441 10h45 \\u0434\\u043e 12h.\\n\\n\\u041f\\u044f\\u0442\\u043d\\u0438\\u0446\\u0430 15 \\u043c\\u0430\\u044f 2026  \\u0441 10h45 \\u0434\\u043e 12h.\\n\\n\\u041f\\u044f\\u0442\\u043d\\u0438\\u0446\\u0430 22 \\u043c\\u0430\\u044f 2026  \\u0441 10h45 \\u0434\\u043e 12h.\\n\\n\\u041f\\u044f\\u0442\\u043d\\u0438\\u0446\\u0430 29 \\u043c\\u0430\\u044f 2026  \\u0441 10h45 \\u0434\\u043e 12h.\\n\\n\\u041f\\u044f\\u0442\\u043d\\u0438\\u0446\\u0430 5 \\u0438\\u044e\\u043d\\u044f 2026  \\u0441 10h45 \\u0434\\u043e 12h.\\n\\n\\u041f\\u044f\\u0442\\u043d\\u0438\\u0446\\u0430 12 \\u0438\\u044e\\u043d\\u044f 2026  \\u0441 10h45 \\u0434\\u043e 12h.\\n\\n\\u041f\\u044f\\u0442\\u043d\\u0438\\u0446\\u0430 19 \\u0438\\u044e\\u043d\\u044f 2026  \\u0441 10h45 \\u0434\\u043e 12h.\\n\\n\\u041f\\u044f\\u0442\\u043d\\u0438\\u0446\\u0430 26 \\u0438\\u044e\\u043d\\u044f 2026  \\u0441 10h45 \\u0434\\u043e 12h.\\n\\n\\u041f\\u044f\\u0442\\u043d\\u0438\\u0446\\u0430 3 \\u0438\\u044e\\u043b\\u044f 2026  \\u0441 10h45 \\u0434\\u043e 12h.\",\"libelleZh\":\"2026\\u5e744\\u670824\\u65e5, \\u661f\\u671f\\u4e94   \\u5c0f\\u65f6\\u5c0f\\u65f6\\u5206\\u949f  \\u548c \\u5c0f\\u65f6\\u5c0f\\u65f6 \\u4e4b\\u95f4.\\n\\n2026\\u5e745\\u67081\\u65e5, \\u661f\\u671f\\u4e94 \\u5c0f\\u65f6\\u5c0f\\u65f6\\u5206\\u949f  \\u548c \\u5c0f\\u65f6\\u5c0f\\u65f6 \\u4e4b\\u95f4.\\n\\n2026\\u5e745\\u67088\\u65e5, \\u661f\\u671f\\u4e94   \\u5c0f\\u65f6\\u5c0f\\u65f6\\u5206\\u949f  \\u548c \\u5c0f\\u65f6\\u5c0f\\u65f6 \\u4e4b\\u95f4.\\n\\n2026\\u5e745\\u670815\\u65e5, \\u661f\\u671f\\u4e94   \\u5c0f\\u65f6\\u5c0f\\u65f6\\u5206\\u949f  \\u548c \\u5c0f\\u65f6\\u5c0f\\u65f6 \\u4e4b\\u95f4.\\n\\n2026\\u5e745\\u670822\\u65e5, \\u661f\\u671f\\u4e94   \\u5c0f\\u65f6\\u5c0f\\u65f6\\u5206\\u949f  \\u548c \\u5c0f\\u65f6\\u5c0f\\u65f6 \\u4e4b\\u95f4.\\n\\n2026\\u5e745\\u670829\\u65e5, \\u661f\\u671f\\u4e94   \\u5c0f\\u65f6\\u5c0f\\u65f6\\u5206\\u949f  \\u548c \\u5c0f\\u65f6\\u5c0f\\u65f6 \\u4e4b\\u95f4.\\n\\n2026\\u5e746\\u67085\\u65e5, \\u661f\\u671f\\u4e94   \\u5c0f\\u65f6\\u5c0f\\u65f6\\u5206\\u949f  \\u548c \\u5c0f\\u65f6\\u5c0f\\u65f6 \\u4e4b\\u95f4.\\n\\n2026\\u5e746\\u670812\\u65e5, \\u661f\\u671f\\u4e94   \\u5c0f\\u65f6\\u5c0f\\u65f6\\u5206\\u949f  \\u548c \\u5c0f\\u65f6\\u5c0f\\u65f6 \\u4e4b\\u95f4.\\n\\n2026\\u5e746\\u670819\\u65e5, \\u661f\\u671f\\u4e94   \\u5c0f\\u65f6\\u5c0f\\u65f6\\u5206\\u949f  \\u548c \\u5c0f\\u65f6\\u5c0f\\u65f6 \\u4e4b\\u95f4.\\n\\n2026\\u5e746\\u670826\\u65e5, \\u661f\\u671f\\u4e94   \\u5c0f\\u65f6\\u5c0f\\u65f6\\u5206\\u949f  \\u548c \\u5c0f\\u65f6\\u5c0f\\u65f6 \\u4e4b\\u95f4.\\n\\n2026\\u5e747\\u67083\\u65e5, \\u661f\\u671f\\u4e94   \\u5c0f\\u65f6\\u5c0f\\u65f6\\u5206\\u949f  \\u548c \\u5c0f\\u65f6\\u5c0f\\u65f6 \\u4e4b\\u95f4.\",\"libellePtBR\":\"Sexta-feira 24 abril 2026 de 10h45 a\\u00a0 12h.\\n\\nSexta-feira 1\\u00ba maio 2026 de 10h45 a\\u00a0 12h.\\n\\nSexta-feira 8 maio 2026 de 10h45 a\\u00a0 12h.\\n\\nSexta-feira 15 maio 2026 de 10h45 a\\u00a0 12h.\\n\\nSexta-feira 22 maio 2026 de 10h45 a\\u00a0 12h.\\n\\nSexta-feira 29 maio 2026 de 10h45 a\\u00a0 12h.\\n\\nSexta-feira 5 junho 2026 de 10h45 a\\u00a0 12h.\\n\\nSexta-feira 12 junho 2026 de 10h45 a\\u00a0 12h.\\n\\nSexta-feira 19 junho 2026 de 10h45 a\\u00a0 12h.\\n\\nSexta-feira 26 junho 2026 de 10h45 a\\u00a0 12h.\\n\\nSexta-feira 3 julho 2026 de 10h45 a\\u00a0 12h.\",\"libelleJa\":\"\\u91d1\\u66dc\\u65e5 24 4\\u6708 2026 10.45 \\u5348\\u524d \\u3068 12 \\u5348\\u5f8c \\u306e\\u9593.\\n\\n\\u91d1\\u66dc\\u65e5 1st of 5\\u6708 2026 10.45 \\u5348\\u524d \\u3068 12 \\u5348\\u5f8c \\u306e\\u9593.\\n\\n\\u91d1\\u66dc\\u65e5 8 5\\u6708 2026 10.45 \\u5348\\u524d \\u3068 12 \\u5348\\u5f8c \\u306e\\u9593.\\n\\n\\u91d1\\u66dc\\u65e5 15 5\\u6708 2026 10.45 \\u5348\\u524d \\u3068 12 \\u5348\\u5f8c \\u306e\\u9593.\\n\\n\\u91d1\\u66dc\\u65e5 22 5\\u6708 2026 10.45 \\u5348\\u524d \\u3068 12 \\u5348\\u5f8c \\u306e\\u9593.\\n\\n\\u91d1\\u66dc\\u65e5 29 5\\u6708 2026 10.45 \\u5348\\u524d \\u3068 12 \\u5348\\u5f8c \\u306e\\u9593.\\n\\n\\u91d1\\u66dc\\u65e5 5 6\\u6708 2026 10.45 \\u5348\\u524d \\u3068 12 \\u5348\\u5f8c \\u306e\\u9593.\\n\\n\\u91d1\\u66dc\\u65e5 12 6\\u6708 2026 10.45 \\u5348\\u524d \\u3068 12 \\u5348\\u5f8c \\u306e\\u9593.\\n\\n\\u91d1\\u66dc\\u65e5 19 6\\u6708 2026 10.45 \\u5348\\u524d \\u3068 12 \\u5348\\u5f8c \\u306e\\u9593.\\n\\n\\u91d1\\u66dc\\u65e5 26 6\\u6708 2026 10.45 \\u5348\\u524d \\u3068 12 \\u5348\\u5f8c \\u306e\\u9593.\\n\\n\\u91d1\\u66dc\\u65e5 3 7\\u6708 2026 10.45 \\u5348\\u524d \\u3068 12 \\u5348\\u5f8c \\u306e\\u9593.\",\"libelleKo\":\"\\uae08\\uc694\\uc77c 24 4\\uc6d4 02026 10h45 \\uc5d0\\uc11c 12h \\uae4c\\uc9c0.\\n\\n\\uae08\\uc694\\uc77c 1st 5\\uc6d4 02026 10h45 \\uc5d0\\uc11c 12h \\uae4c\\uc9c0.\\n\\n\\uae08\\uc694\\uc77c 8 5\\uc6d4 02026 10h45 \\uc5d0\\uc11c 12h \\uae4c\\uc9c0.\\n\\n\\uae08\\uc694\\uc77c 15 5\\uc6d4 02026 10h45 \\uc5d0\\uc11c 12h \\uae4c\\uc9c0.\\n\\n\\uae08\\uc694\\uc77c 22 5\\uc6d4 02026 10h45 \\uc5d0\\uc11c 12h \\uae4c\\uc9c0.\\n\\n\\uae08\\uc694\\uc77c 29 5\\uc6d4 02026 10h45 \\uc5d0\\uc11c 12h \\uae4c\\uc9c0.\\n\\n\\uae08\\uc694\\uc77c 5 6\\uc6d4 02026 10h45 \\uc5d0\\uc11c 12h \\uae4c\\uc9c0.\\n\\n\\uae08\\uc694\\uc77c 12 6\\uc6d4 02026 10h45 \\uc5d0\\uc11c 12h \\uae4c\\uc9c0.\\n\\n\\uae08\\uc694\\uc77c 19 6\\uc6d4 02026 10h45 \\uc5d0\\uc11c 12h \\uae4c\\uc9c0.\\n\\n\\uae08\\uc694\\uc77c 26 6\\uc6d4 02026 10h45 \\uc5d0\\uc11c 12h \\uae4c\\uc9c0.\\n\\n\\uae08\\uc694\\uc77c 3 7\\uc6d4 02026 10h45 \\uc5d0\\uc11c 12h \\uae4c\\uc9c0.\"},\"periodeEnClairGenerationMode\":\"AUTOMATIQUE\",\"indicationsPeriode\":[{\"elementReferenceType\":\"IndicationPeriode\",\"id\":418},{\"elementReferenceType\":\"IndicationPeriode\",\"id\":436}],\"periodesOuvertures\":[{\"identifiant\":40310374,\"dateDebut\":\"2026-04-24\",\"dateFin\":\"2026-04-24\",\"horaireOuverture\":\"10:45:00\",\"horaireFermeture\":\"12:00:00\",\"type\":\"OUVERTURE_TOUS_LES_JOURS\",\"tousLesAns\":false,\"identifiantTechnique\":40310374,\"horaires\":[{\"id\":4942104,\"type\":{\"elementReferenceType\":\"HoraireType\",\"id\":7487},\"timePeriods\":[{\"id\":5499129,\"closed\":false,\"weekdays\":[\"FRI\"],\"timeFrames\":[{\"id\":5391990,\"startTime\":\"10:45\",\"endTime\":\"12:00\"}]}]}]},{\"identifiant\":40310382,\"dateDebut\":\"2026-05-01\",\"dateFin\":\"2026-05-01\",\"horaireOuverture\":\"10:45:00\",\"horaireFermeture\":\"12:00:00\",\"type\":\"OUVERTURE_TOUS_LES_JOURS\",\"tousLesAns\":false,\"identifiantTechnique\":40310382,\"horaires\":[{\"id\":4942111,\"type\":{\"elementReferenceType\":\"HoraireType\",\"id\":7487},\"timePeriods\":[{\"id\":5499136,\"closed\":false,\"weekdays\":[\"FRI\"],\"timeFrames\":[{\"id\":5391993,\"startTime\":\"10:45\",\"endTime\":\"12:00\"}]}]}]},{\"identifiant\":40310383,\"dateDebut\":\"2026-05-08\",\"dateFin\":\"2026-05-08\",\"horaireOuverture\":\"10:45:00\",\"horaireFermeture\":\"12:00:00\",\"type\":\"OUVERTURE_TOUS_LES_JOURS\",\"tousLesAns\":false,\"identifiantTechnique\":40310383,\"horaires\":[{\"id\":4942112,\"type\":{\"elementReferenceType\":\"HoraireType\",\"id\":7487},\"timePeriods\":[{\"id\":5499137,\"closed\":false,\"weekdays\":[\"FRI\"],\"timeFrames\":[{\"id\":5391994,\"startTime\":\"10:45\",\"endTime\":\"12:00\"}]}]}]},{\"identifiant\":40310390,\"dateDebut\":\"2026-05-15\",\"dateFin\":\"2026-05-15\",\"horaireOuverture\":\"10:45:00\",\"horaireFermeture\":\"12:00:00\",\"type\":\"OUVERTURE_TOUS_LES_JOURS\",\"tousLesAns\":false,\"identifiantTechnique\":40310390,\"horaires\":[{\"id\":4942119,\"type\":{\"elementReferenceType\":\"HoraireType\",\"id\":7487},\"timePeriods\":[{\"id\":5499144,\"closed\":false,\"weekdays\":[\"FRI\"],\"timeFrames\":[{\"id\":5392001,\"startTime\":\"10:45\",\"endTime\":\"12:00\"}]}]}]},{\"identifiant\":40310393,\"dateDebut\":\"2026-05-22\",\"dateFin\":\"2026-05-22\",\"horaireOuverture\":\"10:45:00\",\"horaireFermeture\":\"12:00:00\",\"type\":\"OUVERTURE_TOUS_LES_JOURS\",\"tousLesAns\":false,\"identifiantTechnique\":40310393,\"horaires\":[{\"id\":4942122,\"type\":{\"elementReferenceType\":\"HoraireType\",\"id\":7487},\"timePeriods\":[{\"id\":5499149,\"closed\":false,\"weekdays\":[\"FRI\"],\"timeFrames\":[{\"id\":5392006,\"startTime\":\"10:45\",\"endTime\":\"12:00\"}]}]}]},{\"identifiant\":40310398,\"dateDebut\":\"2026-05-29\",\"dateFin\":\"2026-05-29\",\"horaireOuverture\":\"10:45:00\",\"horaireFermeture\":\"12:00:00\",\"type\":\"OUVERTURE_TOUS_LES_JOURS\",\"tousLesAns\":false,\"identifiantTechnique\":40310398,\"horaires\":[{\"id\":4942127,\"type\":{\"elementReferenceType\":\"HoraireType\",\"id\":7487},\"timePeriods\":[{\"id\":5499154,\"closed\":false,\"weekdays\":[\"FRI\"],\"timeFrames\":[{\"id\":5392010,\"startTime\":\"10:45\",\"endTime\":\"12:00\"}]}]}]},{\"identifiant\":40310409,\"dateDebut\":\"2026-06-05\",\"dateFin\":\"2026-06-05\",\"horaireOuverture\":\"10:45:00\",\"horaireFermeture\":\"12:00:00\",\"type\":\"OUVERTURE_TOUS_LES_JOURS\",\"tousLesAns\":false,\"identifiantTechnique\":40310409,\"horaires\":[{\"id\":4942137,\"type\":{\"elementReferenceType\":\"HoraireType\",\"id\":7487},\"timePeriods\":[{\"id\":5499164,\"closed\":false,\"weekdays\":[\"FRI\"],\"timeFrames\":[{\"id\":5392019,\"startTime\":\"10:45\",\"endTime\":\"12:00\"}]}]}]},{\"identifiant\":40310410,\"dateDebut\":\"2026-06-12\",\"dateFin\":\"2026-06-12\",\"horaireOuverture\":\"10:45:00\",\"horaireFermeture\":\"12:00:00\",\"type\":\"OUVERTURE_TOUS_LES_JOURS\",\"tousLesAns\":false,\"identifiantTechnique\":40310410,\"horaires\":[{\"id\":4942138,\"type\":{\"elementReferenceType\":\"HoraireType\",\"id\":7487},\"timePeriods\":[{\"id\":5499165,\"closed\":false,\"weekdays\":[\"FRI\"],\"timeFrames\":[{\"id\":5392020,\"startTime\":\"10:45\",\"endTime\":\"12:00\"}]}]}]},{\"identifiant\":40310417,\"dateDebut\":\"2026-06-19\",\"dateFin\":\"2026-06-19\",\"horaireOuverture\":\"10:45:00\",\"horaireFermeture\":\"12:00:00\",\"type\":\"OUVERTURE_TOUS_LES_JOURS\",\"tousLesAns\":false,\"identifiantTechnique\":40310417,\"horaires\":[{\"id\":4942146,\"type\":{\"elementReferenceType\":\"HoraireType\",\"id\":7487},\"timePeriods\":[{\"id\":5499174,\"closed\":false,\"weekdays\":[\"FRI\"],\"timeFrames\":[{\"id\":5392029,\"startTime\":\"10:45\",\"endTime\":\"12:00\"}]}]}]},{\"identifiant\":40310418,\"dateDebut\":\"2026-06-26\",\"dateFin\":\"2026-06-26\",\"horaireOuverture\":\"10:45:00\",\"horaireFermeture\":\"12:00:00\",\"type\":\"OUVERTURE_TOUS_LES_JOURS\",\"tousLesAns\":false,\"identifiantTechnique\":40310418,\"horaires\":[{\"id\":4942147,\"type\":{\"elementReferenceType\":\"HoraireType\",\"id\":7487},\"timePeriods\":[{\"id\":5499175,\"closed\":false,\"weekdays\":[\"FRI\"],\"timeFrames\":[{\"id\":5392030,\"startTime\":\"10:45\",\"endTime\":\"12:00\"}]}]}]},{\"identifiant\":40310421,\"dateDebut\":\"2026-07-03\",\"dateFin\":\"2026-07-03\",\"horaireOuverture\":\"10:45:00\",\"horaireFermeture\":\"12:00:00\",\"type\":\"OUVERTURE_TOUS_LES_JOURS\",\"tousLesAns\":false,\"identifiantTechnique\":40310421,\"horaires\":[{\"id\":4942150,\"type\":{\"elementReferenceType\":\"HoraireType\",\"id\":7487},\"timePeriods\":[{\"id\":5499178,\"closed\":false,\"weekdays\":[\"FRI\"],\"timeFrames\":[{\"id\":5392033,\"startTime\":\"10:45\",\"endTime\":\"12:00\"}]}]}]}],\"dureeSeance\":75},\"Latitude\":45.77647900000000191766957868821918964385986328125,\"Longitude\":6.22004499999999982406961862579919397830963134765625,\"COMMUNE\":\"Doussard\",\"codeUI\":\"CA-ADOC-134646-61121\",\"TypeActivite\":\"Activit\\u00e9s sportives\",\"critInternes\":[\"Place de march\\u00e9\",\"Bien-\\u00eatre\"]},\"34453\":{\"presentation\":{\"descriptifCourt\":{\"libelleFr\":\"Un cours d\\u2019escalade pour apprendre \\u00e0 grimper en falaise en toute s\\u00e9curit\\u00e9. Encadr\\u00e9 par un moniteur d\\u2019escalade sur le site naturel d\\u2019Angon \\u00e0 seulement 30 minutes d\\u2019Annecy.\",\"libelleEn\":\"An introductory rock climbing course to learn how to climb safely on a natural cliff. Supervised by a climbing instructor at the Angon natural site, just 30 minutes from Annecy.\"},\"descriptifDetaille\":{\"libelleFr\":\"C\\u2019est sur la falaise d\\u2019Angon que nos moniteurs vous apprendront \\u00e0 faire vos premiers pas sur le rocher. Haute d\\u2019une dizaine de m\\u00e8tres, cette falaise est id\\u00e9ale pour d\\u00e9buter l\\u2019escalade.\\r\\nEncadr\\u00e9 et bien \\u00e9quip\\u00e9, vous pourrez grimper des voies accessibles et \\u00e0 la fois apprendre les techniques d\\u2019assurage !\\r\\nCe cours s\\u2019adresse autant aux enfants qu\\u2019aux adultes! Il est m\\u00eame possible de le faire en famille !\",\"libelleEn\":\"At the Angon cliff, our instructors will guide you through your very first moves on the rock. Around ten metres high, this cliff is an ideal spot to discover rock climbing.\\r\\n\\r\\nWith proper supervision and equipment, you will climb accessible routes while learning essential belaying techniques.\\r\\n\\r\\nThis course is suitable for both children and adults, and it can even be enjoyed as a family activity.\"}},\"prestations\":{\"animauxAcceptes\":\"NON_ACCEPTES\",\"animauxAcceptesSupplement\":\"NON_DISPONIBLE\",\"languesParlees\":[{\"elementReferenceType\":\"Langue\",\"id\":1197}],\"surchargeTourismesAdaptes\":true,\"surchargeDescriptifHandicapMoteur\":true,\"surchargeDescriptifHandicapAuditif\":true,\"surchargeDescriptifHandicapVisuel\":true,\"surchargeDescriptifHandicapMental\":true,\"surchargeNombreFauteuilsRoulants\":true,\"typesClientele\":[{\"elementReferenceType\":\"TypeClientele\",\"id\":3735}],\"tailleGroupeMax\":10,\"ageMin\":60,\"uniteAgeMin\":\"ANNEE\"},\"ouverture\":{\"periodeEnClair\":{\"libelleFr\":\"Toute l\\u0027ann\\u00e9e tous les jours.\\nSur r\\u00e9servation.\",\"libelleEn\":\"All year round daily.\",\"libelleEs\":\"Todo el a\\u00f1o todos los dias.\",\"libelleIt\":\"Tutto l\\u0027anno ogni giorno.\",\"libelleDe\":\"Ganzj\\u00e4hrig t\\u00e4glich.\",\"libelleNl\":\"Het hele jaar iedere dag.\",\"libelleRu\":\"\\u0412 \\u0442\\u0435\\u0447\\u0435\\u043d\\u0438\\u0435 \\u0432\\u0441\\u0435\\u0433\\u043e \\u0433\\u043e\\u0434\\u0430 \\u0435\\u0436\\u0435\\u0434\\u043d\\u0435\\u0432\\u043d\\u043e.\",\"libelleZh\":\"\\u5168\\u5e74 \\u65e5\\u5e38.\",\"libellePtBR\":\"Todo o ano todos os dias.\",\"libelleJa\":\"\\u30aa\\u30fc\\u30eb\\u30b7\\u30fc\\u30ba\\u30f3 \\u6bce\\u65e5.\",\"libelleKo\":\"\\uc77c \\ub144 \\ub0b4\\ub0b4 \\ub9e4\\uc77c.\"},\"periodeEnClairGenerationMode\":\"AUTOMATIQUE\",\"indicationsPeriode\":[{\"elementReferenceType\":\"IndicationPeriode\",\"id\":416},{\"elementReferenceType\":\"IndicationPeriode\",\"id\":418},{\"elementReferenceType\":\"IndicationPeriode\",\"id\":435},{\"elementReferenceType\":\"IndicationPeriode\",\"id\":436}],\"periodesOuvertures\":[{\"identifiant\":37982591,\"dateDebut\":\"2024-01-01\",\"dateFin\":\"2024-12-31\",\"complementHoraire\":{\"libelleFr\":\"Sur r\\u00e9servation.\"},\"type\":\"OUVERTURE_TOUS_LES_JOURS\",\"tousLesAns\":true,\"identifiantTechnique\":39796564,\"horaires\":[{\"id\":4456044,\"type\":{\"elementReferenceType\":\"HoraireType\",\"id\":7487},\"timePeriods\":[{\"id\":4934161,\"closed\":false,\"weekdays\":[\"WED\",\"SAT\",\"SUN\",\"THU\",\"MON\",\"TUE\",\"FRI\"],\"timeFrames\":[{\"id\":4890029}]}]}]}],\"ouvertTouteLAnnee\":\"OUVERT_TOUTE_L_ANNEE\",\"dureeSeance\":180},\"Latitude\":45.79806700000000319050741381943225860595703125,\"Longitude\":6.2316810000000000258069121628068387508392333984375,\"COMMUNE\":\"Doussard\",\"TypesClienteles\":[\"Adapt\\u00e9 aux d\\u00e9butants\"],\"codeUI\":\"CA-ADOC-110648-27156\",\"TypeActivite\":\"Activit\\u00e9s sportives\",\"critInternes\":[\"Place de march\\u00e9\",\"bons_cadeaux\"]},\"32985\":{\"presentation\":{\"descriptifCourt\":{\"libelleFr\":\"Avec ce bon cadeau canyoning d\\u2019une valeur de 65 \\u20ac, offrez une sortie plus sportive dans les canyons embl\\u00e9matiques de la r\\u00e9gion. Parfait pour les personnes actives ou d\\u00e9j\\u00e0 initi\\u00e9es, ce bon ouvre l\\u2019acc\\u00e8s \\u00e0 des parcours plus engag\\u00e9s.\"},\"descriptifDetaille\":{\"libelleFr\":\"Descente en rappel, sauts (facultatifs), nage, toboggans, le tout dans un d\\u00e9cor naturel grandiose.\\r\\n\\r\\nToujours encadr\\u00e9e par un moniteur dipl\\u00f4m\\u00e9, la sortie est adapt\\u00e9e au niveau de chacun. Sensations, s\\u00e9curit\\u00e9 et bonne humeur garanties !\\r\\n\\r\\nBon valable 1 an, d\\u00e8s 12 ans selon les parcours. \\r\\n\\r\\nSur r\\u00e9servation uniquement.\\r\\n\\r\\nUn cadeau original pour les amateurs d\\u2019aventure, de sport et de grands espaces !\\r\\n\\r\\nProduits \\u00e9ligibles\\r\\n- Canyon \\u00e9vasion du Pont du Diable\\r\\n- Canyoning Evasion Angon Passerelle\"},\"typologiesPromoSitra\":[{\"elementReferenceType\":\"TypologiePromoSitra\",\"id\":1670},{\"elementReferenceType\":\"TypologiePromoSitra\",\"id\":4639}]},\"prestations\":{\"animauxAcceptes\":\"NON_DISPONIBLE\",\"animauxAcceptesSupplement\":\"NON_DISPONIBLE\",\"languesParlees\":[{\"elementReferenceType\":\"Langue\",\"id\":1192},{\"elementReferenceType\":\"Langue\",\"id\":1197}],\"surchargeTourismesAdaptes\":true,\"surchargeDescriptifHandicapMoteur\":true,\"surchargeDescriptifHandicapAuditif\":true,\"surchargeDescriptifHandicapVisuel\":true,\"surchargeDescriptifHandicapMental\":true,\"surchargeNombreFauteuilsRoulants\":true},\"ouverture\":{\"periodeEnClair\":{\"libelleFr\":\"Du 01\\\/06 au 30\\\/09 tous les jours de 8h \\u00e0 20h.\\nLe reste de l\\u0027ann\\u00e9e sur r\\u00e9servation.\",\"libelleEn\":\"From 01\\\/06 to 30\\\/09 daily between 8 am and 8 pm.\",\"libelleEs\":\"Del 01\\\/06 al 30\\\/09 todos los dias de 8 a 20.\",\"libelleIt\":\"Dal 01\\\/06 al 30\\\/09 ogni giorno dalle 8 alle 20.\",\"libelleDe\":\"Vom 01\\\/06 bis 30\\\/09 t\\u00e4glich von 8 Uhr bis 20 Uhr.\",\"libelleNl\":\"Van 01\\\/06 tot en met 30\\\/09 iedere dag van 8.00 tot 20.00 u.\",\"libelleRu\":\"\\u0421 01\\\/06 \\u0434\\u043e 30\\\/09 \\u0435\\u0436\\u0435\\u0434\\u043d\\u0435\\u0432\\u043d\\u043e \\u0441 8h \\u0434\\u043e 20h.\",\"libelleZh\":\"\\u4ece 6\\u67081\\u65e5 \\u5230 9\\u670830\\u65e5 \\u65e5\\u5e38 \\u5c0f\\u65f6\\u5c0f\\u65f6 \\u548c \\u5c0f\\u65f6\\u5c0f\\u65f6 \\u4e4b\\u95f4.\",\"libellePtBR\":\"De 01\\\/06 a 30\\\/09 todos os dias de 8h a\\u00a0 20h.\",\"libelleJa\":\"01\\\/06 \\u304b\\u3089 30\\\/09 \\u307e\\u3067 \\u6bce\\u65e5 8 \\u5348\\u524d \\u3068 8 \\u5348\\u5f8c \\u306e\\u9593.\",\"libelleKo\":\"01\\\/06 \\uc77c\\ubd80\\ud130 30\\\/09 \\uc77c\\uae4c\\uc9c0 \\ub9e4\\uc77c 8h \\uc5d0\\uc11c 20h \\uae4c\\uc9c0.\"},\"periodeEnClairGenerationMode\":\"AUTOMATIQUE\",\"indicationsPeriode\":[{\"elementReferenceType\":\"IndicationPeriode\",\"id\":416},{\"elementReferenceType\":\"IndicationPeriode\",\"id\":418},{\"elementReferenceType\":\"IndicationPeriode\",\"id\":436}],\"periodesOuvertures\":[{\"identifiant\":36189630,\"dateDebut\":\"2025-06-01\",\"dateFin\":\"2025-09-30\",\"complementHoraire\":{\"libelleFr\":\"Le reste de l\\u0027ann\\u00e9e sur r\\u00e9servation.\"},\"horaireOuverture\":\"08:00:00\",\"horaireFermeture\":\"20:00:00\",\"type\":\"OUVERTURE_TOUS_LES_JOURS\",\"tousLesAns\":true,\"identifiantTechnique\":39796136,\"horaires\":[{\"id\":4455614,\"type\":{\"elementReferenceType\":\"HoraireType\",\"id\":7487},\"timePeriods\":[{\"id\":4933677,\"closed\":false,\"weekdays\":[\"SUN\",\"MON\",\"FRI\",\"TUE\",\"HOL\",\"SAT\",\"THU\",\"WED\"],\"timeFrames\":[{\"id\":4889587,\"startTime\":\"08:00\",\"endTime\":\"20:00\"}]}]}]}]},\"Latitude\":45.7967569999999994934114511124789714813232421875,\"Longitude\":6.210542000000000228965291171334683895111083984375,\"COMMUNE\":\"Doussard\",\"codeUI\":\"CA-ADOC-134062-54461\",\"TypeActivite\":\"Sporting activities\",\"critInternes\":[\"Place de march\\u00e9\",\"Activit\\u00e9s sport nature\",\"bons_cadeaux\"]},\"35640\":{\"presentation\":{\"descriptifCourt\":{\"libelleFr\":\"Et si vous donniez un petit coup de main cet \\u00e9t\\u00e9 (pas tr\\u00e8s physique) pour arracher quelques plantes exotiques envahissantes? 1h de balade et 1h de chantier pour petits et grands...\\u00e7a fait du bien \\u00e0 soi et \\u00e0 la nature !\"},\"descriptifDetaille\":{\"libelleFr\":\"A pr\\u00e9voir : chaussures de marche, v\\u00eatements adapt\\u00e9s \\u00e0 la m\\u00e9t\\u00e9o, gilet jaune, gants.\"}},\"prestations\":{\"equipements\":[{\"elementReferenceType\":\"PrestationEquipement\",\"id\":972},{\"elementReferenceType\":\"PrestationEquipement\",\"id\":5592}],\"animauxAcceptes\":\"NON_ACCEPTES\",\"animauxAcceptesSupplement\":\"NON_DISPONIBLE\",\"languesParlees\":[{\"elementReferenceType\":\"Langue\",\"id\":1197}],\"tourismesAdaptes\":[{\"elementReferenceType\":\"TourismeAdapte\",\"id\":3653},{\"elementReferenceType\":\"TourismeAdapte\",\"id\":3655}],\"surchargeTourismesAdaptes\":true,\"surchargeDescriptifHandicapMoteur\":true,\"surchargeDescriptifHandicapAuditif\":true,\"surchargeDescriptifHandicapVisuel\":true,\"surchargeDescriptifHandicapMental\":true,\"surchargeNombreFauteuilsRoulants\":true,\"tailleGroupeMax\":20,\"ageMin\":72,\"uniteAgeMin\":\"ANNEE\"},\"ouverture\":{\"periodeEnClair\":{\"libelleFr\":\"Mardi 7 juillet 2026 de 9h30 \\u00e0 12h.\\n\\nMardi 21 juillet 2026 de 9h30 \\u00e0 12h.\\n\\nMardi 4 ao\\u00fbt 2026 de 9h30 \\u00e0 12h.\",\"libelleEn\":\"Tuesday 7 July 2026 between 9.30 am and 12 pm.\\n\\nTuesday 21 July 2026 between 9.30 am and 12 pm.\\n\\nTuesday 4 August 2026 between 9.30 am and 12 pm.\",\"libelleEs\":\"Martes, 7 de julio de 2026 de 9:30 a 12.\\n\\nMartes, 21 de julio de 2026 de 9:30 a 12.\\n\\nMartes, 4 de agosto de 2026 de 9:30 a 12.\",\"libelleIt\":\"Marted\\u00ec 7 luglio 2026 dalle 9:30 alle 12.\\n\\nMarted\\u00ec 21 luglio 2026 dalle 9:30 alle 12.\\n\\nMarted\\u00ec 4 agosto 2026 dalle 9:30 alle 12.\",\"libelleDe\":\"Dienstag, den 7. Juli 2026 von 9.30 Uhr bis 12 Uhr.\\n\\nDienstag, den 21. Juli 2026 von 9.30 Uhr bis 12 Uhr.\\n\\nDienstag, den 4. August 2026 von 9.30 Uhr bis 12 Uhr.\",\"libelleNl\":\"Dinsdag 7 juli 2026 van 9.30 tot 12.00 u.\\n\\nDinsdag 21 juli 2026 van 9.30 tot 12.00 u.\\n\\nDinsdag 4 augustus 2026 van 9.30 tot 12.00 u.\",\"libelleRu\":\"\\u0412\\u0442\\u043e\\u0440\\u043d\\u0438\\u043a 7 \\u0438\\u044e\\u043b\\u044f 2026  \\u0441 9h30 \\u0434\\u043e 12h.\\n\\n\\u0412\\u0442\\u043e\\u0440\\u043d\\u0438\\u043a 21 \\u0438\\u044e\\u043b\\u044f 2026  \\u0441 9h30 \\u0434\\u043e 12h.\\n\\n\\u0412\\u0442\\u043e\\u0440\\u043d\\u0438\\u043a 4 \\u0430\\u0432\\u0433\\u0443\\u0441\\u0442\\u0430 2026  \\u0441 9h30 \\u0434\\u043e 12h.\",\"libelleZh\":\"2026\\u5e747\\u67087\\u65e5, \\u661f\\u671f\\u4e8c   \\u5c0f\\u65f6\\u5c0f\\u65f6\\u5206\\u949f  \\u548c \\u5c0f\\u65f6\\u5c0f\\u65f6 \\u4e4b\\u95f4.\\n\\n2026\\u5e747\\u670821\\u65e5, \\u661f\\u671f\\u4e8c   \\u5c0f\\u65f6\\u5c0f\\u65f6\\u5206\\u949f  \\u548c \\u5c0f\\u65f6\\u5c0f\\u65f6 \\u4e4b\\u95f4.\\n\\n2026\\u5e748\\u67084\\u65e5, \\u661f\\u671f\\u4e8c   \\u5c0f\\u65f6\\u5c0f\\u65f6\\u5206\\u949f  \\u548c \\u5c0f\\u65f6\\u5c0f\\u65f6 \\u4e4b\\u95f4.\",\"libellePtBR\":\"Ter\\u00e7a-feira 7 julho 2026 de 9h30 a\\u00a0 12h.\\n\\nTer\\u00e7a-feira 21 julho 2026 de 9h30 a\\u00a0 12h.\\n\\nTer\\u00e7a-feira 4 agosto 2026 de 9h30 a\\u00a0 12h.\",\"libelleJa\":\"\\u706b\\u66dc\\u65e5 7 7\\u6708 2026 9.30 \\u5348\\u524d \\u3068 12 \\u5348\\u5f8c \\u306e\\u9593.\\n\\n\\u706b\\u66dc\\u65e5 21 7\\u6708 2026 9.30 \\u5348\\u524d \\u3068 12 \\u5348\\u5f8c \\u306e\\u9593.\\n\\n\\u706b\\u66dc\\u65e5 4 8\\u6708 2026 9.30 \\u5348\\u524d \\u3068 12 \\u5348\\u5f8c \\u306e\\u9593.\",\"libelleKo\":\"\\ud654\\uc694\\uc77c 7 7\\uc6d4 02026 9h30 \\uc5d0\\uc11c 12h \\uae4c\\uc9c0.\\n\\n\\ud654\\uc694\\uc77c 21 7\\uc6d4 02026 9h30 \\uc5d0\\uc11c 12h \\uae4c\\uc9c0.\\n\\n\\ud654\\uc694\\uc77c 4 8\\uc6d4 02026 9h30 \\uc5d0\\uc11c 12h \\uae4c\\uc9c0.\"},\"periodeEnClairGenerationMode\":\"AUTOMATIQUE\",\"indicationsPeriode\":[{\"elementReferenceType\":\"IndicationPeriode\",\"id\":418}],\"periodesOuvertures\":[{\"identifiant\":39821059,\"dateDebut\":\"2026-07-07\",\"dateFin\":\"2026-07-07\",\"horaireOuverture\":\"09:30:00\",\"horaireFermeture\":\"12:00:00\",\"type\":\"OUVERTURE_TOUS_LES_JOURS\",\"tousLesAns\":false,\"identifiantTechnique\":39888195,\"horaires\":[{\"id\":4543416,\"type\":{\"elementReferenceType\":\"HoraireType\",\"id\":7487},\"timePeriods\":[{\"id\":5036016,\"closed\":false,\"weekdays\":[\"TUE\"],\"timeFrames\":[{\"id\":4980537,\"startTime\":\"09:30\",\"endTime\":\"12:00\"}]}]}]},{\"identifiant\":39821123,\"dateDebut\":\"2026-07-21\",\"dateFin\":\"2026-07-21\",\"horaireOuverture\":\"09:30:00\",\"horaireFermeture\":\"12:00:00\",\"type\":\"OUVERTURE_TOUS_LES_JOURS\",\"tousLesAns\":false,\"identifiantTechnique\":39888196,\"horaires\":[{\"id\":4543417,\"type\":{\"elementReferenceType\":\"HoraireType\",\"id\":7487},\"timePeriods\":[{\"id\":5036017,\"closed\":false,\"weekdays\":[\"TUE\"],\"timeFrames\":[{\"id\":4980538,\"startTime\":\"09:30\",\"endTime\":\"12:00\"}]}]}]},{\"identifiant\":39821126,\"dateDebut\":\"2026-08-04\",\"dateFin\":\"2026-08-04\",\"horaireOuverture\":\"09:30:00\",\"horaireFermeture\":\"12:00:00\",\"type\":\"OUVERTURE_TOUS_LES_JOURS\",\"tousLesAns\":false,\"identifiantTechnique\":39888197,\"horaires\":[{\"id\":4543418,\"type\":{\"elementReferenceType\":\"HoraireType\",\"id\":7487},\"timePeriods\":[{\"id\":5036018,\"closed\":false,\"weekdays\":[\"TUE\"],\"timeFrames\":[{\"id\":4980539,\"startTime\":\"09:30\",\"endTime\":\"12:00\"}]}]}]}],\"dureeSeance\":150},\"Latitude\":45.78542499999999648707671440206468105316162109375,\"Longitude\":6.2264759999999998996145222918130457401275634765625,\"COMMUNE\":\"Doussard\",\"codeUI\":\"CA-ADOC-130001-61079\",\"TypeActivite\":\"Activit\\u00e9s culturelles\",\"critInternes\":[\"Place de march\\u00e9\",\"Activit\\u00e9s sport nature\"]},\"34506\":{\"presentation\":{\"descriptifCourt\":{\"libelleFr\":\"Offrez-vous une parenth\\u00e8se de bien-\\u00eatre unique, sans bouger de chez vous ! Je me d\\u00e9place avec tout le n\\u00e9cessaire pour un massage sur-mesure. Profitez d\\u2019un savant m\\u00e9lange de techniques su\\u00e9doises, deep tissue et relaxantes pour une d\\u00e9tente absolue.\"}},\"prestations\":{\"animauxAcceptes\":\"NON_DISPONIBLE\",\"animauxAcceptesSupplement\":\"NON_DISPONIBLE\",\"languesParlees\":[{\"elementReferenceType\":\"Langue\",\"id\":1197}],\"surchargeTourismesAdaptes\":true,\"surchargeDescriptifHandicapMoteur\":true,\"surchargeDescriptifHandicapAuditif\":true,\"surchargeDescriptifHandicapVisuel\":true,\"surchargeDescriptifHandicapMental\":true,\"surchargeNombreFauteuilsRoulants\":true},\"ouverture\":{\"periodeEnClair\":{\"libelleFr\":\"Toute l\\u0027ann\\u00e9e tous les jours.\",\"libelleEn\":\"All year round daily.\",\"libelleEs\":\"Todo el a\\u00f1o todos los dias.\",\"libelleIt\":\"Tutto l\\u0027anno ogni giorno.\",\"libelleDe\":\"Ganzj\\u00e4hrig t\\u00e4glich.\",\"libelleNl\":\"Het hele jaar iedere dag.\",\"libelleRu\":\"\\u0412 \\u0442\\u0435\\u0447\\u0435\\u043d\\u0438\\u0435 \\u0432\\u0441\\u0435\\u0433\\u043e \\u0433\\u043e\\u0434\\u0430 \\u0435\\u0436\\u0435\\u0434\\u043d\\u0435\\u0432\\u043d\\u043e.\",\"libelleZh\":\"\\u5168\\u5e74 \\u65e5\\u5e38.\",\"libellePtBR\":\"Todo o ano todos os dias.\",\"libelleJa\":\"\\u30aa\\u30fc\\u30eb\\u30b7\\u30fc\\u30ba\\u30f3 \\u6bce\\u65e5.\",\"libelleKo\":\"\\uc77c \\ub144 \\ub0b4\\ub0b4 \\ub9e4\\uc77c.\"},\"periodeEnClairGenerationMode\":\"AUTOMATIQUE\",\"indicationsPeriode\":[{\"elementReferenceType\":\"IndicationPeriode\",\"id\":416},{\"elementReferenceType\":\"IndicationPeriode\",\"id\":418},{\"elementReferenceType\":\"IndicationPeriode\",\"id\":435},{\"elementReferenceType\":\"IndicationPeriode\",\"id\":436}],\"periodesOuvertures\":[{\"identifiant\":35056148,\"dateDebut\":\"2025-01-01\",\"dateFin\":\"2025-12-31\",\"type\":\"OUVERTURE_TOUS_LES_JOURS\",\"tousLesAns\":true,\"identifiantTechnique\":36822499,\"horaires\":[{\"id\":1610057,\"type\":{\"elementReferenceType\":\"HoraireType\",\"id\":7487},\"timePeriods\":[{\"id\":1696698,\"closed\":false,\"weekdays\":[\"WED\",\"SAT\",\"SUN\",\"THU\",\"MON\",\"TUE\",\"FRI\"],\"timeFrames\":[{\"id\":1768850}]}]}]}],\"ouvertTouteLAnnee\":\"OUVERT_TOUTE_L_ANNEE\",\"dureeSeance\":60},\"Latitude\":45.7372950000000031423041946254670619964599609375,\"Longitude\":6.28677400000000030644287107861600816249847412109375,\"COMMUNE\":\"Faverges-Seythenex\",\"codeUI\":\"CA-ADOC-133594-51303\",\"TypeActivite\":\"Activit\\u00e9s sportives\",\"critInternes\":[\"Bien-\\u00eatre\",\"bons_cadeaux\"]},\"34449\":{\"presentation\":{\"descriptifCourt\":{\"libelleFr\":\"Pour varier les plaisirs, Monte Medio vous propose de tester cette activit\\u00e9 qui allie canyoning et d\\u00e9couverte de l\\u0027environnement. L\\u0027id\\u00e9al pour une premi\\u00e8re approche de ce sport en famille !\",\"libelleEn\":\"For varied pleasures, Monte Medio offers you to try out this activity combining canyoning with environmental discovery. The perfect way for a first canyoning experience with your family!\"},\"descriptifDetaille\":{\"libelleFr\":\"Situ\\u00e9 en plein c\\u0153ur des Bauges, le canyon de Frontenex est un bel encaissement caract\\u00e9ristique, \\u00e0 la fois court et technique.\\r\\n\\r\\nIl permet une premi\\u00e8re approche de la pratique et pr\\u00e9sente une alternative plus accessible et moins fr\\u00e9quent\\u00e9 au canyon d\\u2019Angon afin d\\u2019emmener vos enfants d\\u00e8s leur plus jeune \\u00e2ge (8 ans minimum), \\u00e0 la d\\u00e9couverte de cet environnement si particulier, le tout en s\\u2019amusant.\\r\\n\\r\\nA pr\\u00e9voir : Un maillot de bain, une serviette, une paire de chaussures de sport pour aller dans l\\u0027eau (pas de chaussures d\\u0027eau ou de chaussures \\u00e0 semelles lisses), un \\u00e9lastique \\u00e0 cheveux pour les cheveux longs et de quoi attacher vos lunettes si vous en portez.\"}},\"prestations\":{\"animauxAcceptes\":\"NON_ACCEPTES\",\"animauxAcceptesSupplement\":\"NON_DISPONIBLE\",\"languesParlees\":[{\"elementReferenceType\":\"Langue\",\"id\":1197}],\"complementAccueil\":{\"libelleFr\":\"Un maillot de bain, une serviette, une paire de chaussures de sport pour aller dans l\\u0027eau (pas de chaussures d\\u0027eau ou de chaussures \\u00e0 semelles lisses), un \\u00e9lastique \\u00e0 cheveux pour les cheveux longs et de quoi attacher vos lunettes si vous en portez.\"},\"surchargeTourismesAdaptes\":true,\"surchargeDescriptifHandicapMoteur\":true,\"surchargeDescriptifHandicapAuditif\":true,\"surchargeDescriptifHandicapVisuel\":true,\"surchargeDescriptifHandicapMental\":true,\"surchargeNombreFauteuilsRoulants\":true,\"typesClientele\":[{\"elementReferenceType\":\"TypeClientele\",\"id\":3735},{\"elementReferenceType\":\"TypeClientele\",\"id\":513}],\"nombrePersonnesMinimum\":4,\"tailleGroupeMax\":10,\"ageMin\":96,\"uniteAgeMin\":\"ANNEE\"},\"ouverture\":{\"periodeEnClair\":{\"libelleFr\":\"Du 30\\\/06 au 01\\\/09 tous les jours.\\n\\nSous r\\u00e9serve de conditions m\\u00e9t\\u00e9o favorables.\",\"libelleEn\":\"From 30\\\/06 to 01\\\/09 daily.\\n\\nSubject to favorable weather.\",\"libelleEs\":\"Del 30\\\/06 al 01\\\/09 todos los dias.\\n\\nA reserva de buen tiempo.\",\"libelleIt\":\"Dal 30\\\/06 al 01\\\/09 ogni giorno.\\n\\nCon riserva di condizioni atmosferiche favorevoli.\",\"libelleDe\":\"Vom 30\\\/06 bis 01\\\/09 t\\u00e4glich.\\n\\nNur bei g\\u00fcnstigen Wetterbedingungen.\",\"libelleNl\":\"Van 30\\\/06 tot en met 01\\\/09 iedere dag.\\n\\nOnder voorbehoud, van de weersomstandigheden.\",\"libelleRu\":\"\\u0421 30\\\/06 \\u0434\\u043e 01\\\/09 \\u0435\\u0436\\u0435\\u0434\\u043d\\u0435\\u0432\\u043d\\u043e.\\n\\n\\u041f\\u0440\\u0438 \\u0431\\u043b\\u0430\\u0433\\u043e\\u043f\\u0440\\u0438\\u044f\\u0442\\u043d\\u044b\\u0445 \\u043f\\u043e\\u0433\\u043e\\u0434\\u043d\\u044b\\u0445 \\u0443\\u0441\\u043b\\u043e\\u0432\\u0438\\u044f\\u0445.\",\"libelleZh\":\"\\u4ece 6\\u670830\\u65e5 \\u5230 9\\u67081\\u65e5 \\u65e5\\u5e38.\\n\\n\\u9700\\u5929\\u6c14\\u826f\\u597d.\",\"libellePtBR\":\"De 30\\\/06 a 01\\\/09 todos os dias.\\n\\nSob reserva de condi\\u00e7\\u00f5es metereol\\u00f3gicas favor\\u00e1veis.\",\"libelleJa\":\"30\\\/06 \\u304b\\u3089 01\\\/09 \\u307e\\u3067 \\u6bce\\u65e5.\\n\\n\\u5929\\u5019\\u306b\\u5de6\\u53f3\\u3055\\u308c\\u307e\\u3059.\",\"libelleKo\":\"30\\\/06 \\uc77c\\ubd80\\ud130 01\\\/09 \\uc77c\\uae4c\\uc9c0 \\ub9e4\\uc77c.\\n\\n\\uae30\\uc0c1 \\uc870\\uac74\\uc5d0 \\ub530\\ub77c \\ub2ec\\ub77c\\uc9c8 \\uc218 \\uc788\\uc2b5\\ub2c8\\ub2e4.\"},\"periodeEnClairGenerationMode\":\"AUTOMATIQUE\",\"indicationsPeriode\":[{\"elementReferenceType\":\"IndicationPeriode\",\"id\":418}],\"periodesOuvertures\":[{\"identifiant\":31413134,\"dateDebut\":\"2024-06-30\",\"dateFin\":\"2024-09-01\",\"complementHoraire\":{},\"type\":\"OUVERTURE_TOUS_LES_JOURS\",\"tousLesAns\":true,\"identifiantTechnique\":39795461,\"horaires\":[{\"id\":4454951,\"type\":{\"elementReferenceType\":\"HoraireType\",\"id\":7487},\"timePeriods\":[{\"id\":4932928,\"closed\":false,\"weekdays\":[\"WED\",\"SAT\",\"SUN\",\"THU\",\"MON\",\"TUE\",\"FRI\"],\"timeFrames\":[{\"id\":4888927}]}]}]}],\"ouverturesComplementaires\":[{\"elementReferenceType\":\"OuvertureComplementaire\",\"id\":4188}],\"dureeSeance\":60},\"Latitude\":45.72335799999999750298229628242552280426025390625,\"Longitude\":6.302837000000000244881448452360928058624267578125,\"COMMUNE\":\"Faverges-Seythenex\",\"TypesClienteles\":[\"Adapt\\u00e9 aux d\\u00e9butants\",\"Sp\\u00e9cial famille avec enfants\"],\"codeUI\":\"CA-ADOC-110648-47784\",\"TypeActivite\":\"Activit\\u00e9s sportives\",\"critInternes\":[\"Place de march\\u00e9\",\"Activit\\u00e9s sport nature\"]},\"29460\":{\"presentation\":{\"descriptifCourt\":{\"libelleFr\":\"Faites plaisir \\u00e0 vos proches en leur offrant une aventure palpitante au c\\u0153ur de la Ferme de Gy ! En plein air, dans un cadre authentique et pittoresque, ils deviendront les enqu\\u00eateurs d\\u2019un jour pour r\\u00e9soudre un myst\\u00e8re captivant.\",\"libelleEn\":\"Please your loved ones with this thrilling adventure at the heart of la Ferme de Gy! Outdoors, in an authentic and picturesque setting, they will become investigators for a day and solve a captivating mystery.\"},\"descriptifDetaille\":{\"libelleFr\":\"Un sc\\u00e9nario \\u00e0 suspense, des \\u00e9nigmes intrigantes, des personnages hauts en couleur : tout est r\\u00e9uni pour une soir\\u00e9e inoubliable o\\u00f9 chaque d\\u00e9tail compte pour d\\u00e9couvrir le coupable. En famille ou entre amis, cette exp\\u00e9rience immersive promet rires, frissons et souvenirs m\\u00e9morables.\"}},\"prestations\":{\"animauxAcceptes\":\"NON_DISPONIBLE\",\"animauxAcceptesSupplement\":\"NON_DISPONIBLE\",\"languesParlees\":[{\"elementReferenceType\":\"Langue\",\"id\":1197}],\"surchargeTourismesAdaptes\":true,\"surchargeDescriptifHandicapMoteur\":true,\"surchargeDescriptifHandicapAuditif\":true,\"surchargeDescriptifHandicapVisuel\":true,\"surchargeDescriptifHandicapMental\":true,\"surchargeNombreFauteuilsRoulants\":true},\"ouverture\":{\"periodeEnClair\":{},\"periodeEnClairGenerationMode\":\"AUTOMATIQUE\",\"indicationsPeriode\":[{\"elementReferenceType\":\"IndicationPeriode\",\"id\":416},{\"elementReferenceType\":\"IndicationPeriode\",\"id\":418},{\"elementReferenceType\":\"IndicationPeriode\",\"id\":435},{\"elementReferenceType\":\"IndicationPeriode\",\"id\":436}],\"periodesOuvertures\":[{\"identifiant\":32499130,\"dateDebut\":\"2024-01-01\",\"dateFin\":\"2024-12-31\",\"type\":\"OUVERTURE_TOUS_LES_JOURS\",\"tousLesAns\":false,\"identifiantTechnique\":35144566,\"horaires\":[{\"id\":600181,\"type\":{\"elementReferenceType\":\"HoraireType\",\"id\":7487},\"timePeriods\":[{\"id\":631755,\"closed\":false,\"weekdays\":[\"WED\",\"SAT\",\"SUN\",\"THU\",\"MON\",\"TUE\",\"FRI\"],\"timeFrames\":[{\"id\":673350}]}]}]}]},\"Latitude\":45.75096500000000077079675975255668163299560546875,\"Longitude\":6.24831999999999965211827657185494899749755859375,\"COMMUNE\":\"Giez\",\"codeUI\":\"CA-ADOC-130771-41032\",\"critInternes\":[\"Place de march\\u00e9\",\"Micro-aventure\",\"bons_cadeaux\"]},\"34568\":{\"presentation\":{\"descriptifCourt\":{\"libelleFr\":\"Offrez un Tour du lac \\u00e0 v\\u00e9lo au d\\u00e9part de Saint-Jorioz. Une exp\\u00e9rience unique au c\\u0153ur des paysages alpins. Le tour du lac \\u00e0 v\\u00e9lo est l\\u2019une des plus belles balades \\u00e0 faire en famille ou entre amis. Accessible \\u00e0 tous.\"},\"descriptifDetaille\":{\"libelleFr\":\"Ce parcours vous permet de d\\u00e9couvrir le lac sous un autre angle, en profitant pleinement de la nature, du calme et des panoramas exceptionnels entre eau et montagne. \\r\\nAvec un v\\u00e9lo \\u00e9lectrique, un triporteur ou un v\\u00e9lo cargo, l\\u2019exp\\u00e9rience devient encore plus agr\\u00e9able : chacun peut p\\u00e9daler \\u00e0 son rythme tout en partageant un moment convivial. Les pistes cyclables s\\u00e9curis\\u00e9es longent une grande partie du parcours, offrant une escapade id\\u00e9ale pour les petits comme pour les grands.\\r\\nEn partant de nos magasins Eco-Triporteur, vous pouvez suivre la rive, faire une pause baignade ou pique-nique, ou simplement fl\\u00e2ner sur les quais. Le tour complet du lac est un vrai moment de d\\u00e9tente et de d\\u00e9couverte, m\\u00ealant nature, patrimoine et plaisir de rouler.\"}},\"prestations\":{\"services\":[{\"elementReferenceType\":\"PrestationService\",\"id\":687}],\"animauxAcceptes\":\"ACCEPTES\",\"animauxAcceptesSupplement\":\"NON_DISPONIBLE\",\"languesParlees\":[{\"elementReferenceType\":\"Langue\",\"id\":1192},{\"elementReferenceType\":\"Langue\",\"id\":1197}],\"surchargeTourismesAdaptes\":true,\"surchargeDescriptifHandicapMoteur\":true,\"surchargeDescriptifHandicapAuditif\":true,\"surchargeDescriptifHandicapVisuel\":true,\"surchargeDescriptifHandicapMental\":true,\"surchargeNombreFauteuilsRoulants\":true},\"ouverture\":{\"periodeEnClair\":{\"libelleFr\":\"Toute l\\u0027ann\\u00e9e tous les jours.\",\"libelleEn\":\"All year round daily.\",\"libelleEs\":\"Todo el a\\u00f1o todos los dias.\",\"libelleIt\":\"Tutto l\\u0027anno ogni giorno.\",\"libelleDe\":\"Ganzj\\u00e4hrig t\\u00e4glich.\",\"libelleNl\":\"Het hele jaar iedere dag.\",\"libelleRu\":\"\\u0412 \\u0442\\u0435\\u0447\\u0435\\u043d\\u0438\\u0435 \\u0432\\u0441\\u0435\\u0433\\u043e \\u0433\\u043e\\u0434\\u0430 \\u0435\\u0436\\u0435\\u0434\\u043d\\u0435\\u0432\\u043d\\u043e.\",\"libelleZh\":\"\\u5168\\u5e74 \\u65e5\\u5e38.\",\"libellePtBR\":\"Todo o ano todos os dias.\",\"libelleJa\":\"\\u30aa\\u30fc\\u30eb\\u30b7\\u30fc\\u30ba\\u30f3 \\u6bce\\u65e5.\",\"libelleKo\":\"\\uc77c \\ub144 \\ub0b4\\ub0b4 \\ub9e4\\uc77c.\"},\"periodeEnClairGenerationMode\":\"AUTOMATIQUE\",\"indicationsPeriode\":[{\"elementReferenceType\":\"IndicationPeriode\",\"id\":416},{\"elementReferenceType\":\"IndicationPeriode\",\"id\":418},{\"elementReferenceType\":\"IndicationPeriode\",\"id\":435},{\"elementReferenceType\":\"IndicationPeriode\",\"id\":436}],\"periodesOuvertures\":[{\"identifiant\":38215148,\"dateDebut\":\"2025-01-01\",\"dateFin\":\"2025-12-31\",\"type\":\"OUVERTURE_TOUS_LES_JOURS\",\"tousLesAns\":true,\"identifiantTechnique\":38215148,\"horaires\":[{\"id\":2926042,\"type\":{\"elementReferenceType\":\"HoraireType\",\"id\":7487},\"timePeriods\":[{\"id\":3162507,\"closed\":false,\"weekdays\":[\"WED\",\"SAT\",\"SUN\",\"THU\",\"MON\",\"TUE\",\"FRI\"]}]}]}],\"ouvertTouteLAnnee\":\"OUVERT_TOUTE_L_ANNEE\"},\"COMMUNE\":\"Doussard\",\"codeUI\":\"CA-ADOC-128864-57435\",\"TypeActivite\":\"Activit\\u00e9s sportives\",\"critInternes\":[\"Place de march\\u00e9\",\"bons_cadeaux\"]},\"35866\":{\"presentation\":{\"descriptifCourt\":{\"libelleFr\":\"Vous r\\u00eavez d\\u0027un effet \\u0027bonne mine\\u0022 imm\\u00e9diat ? Le Chan\\u0027Beaut\\u00e9 est une technique de massage facial avec des outils Yin et Yang visant \\u00e0 relancer la microcirculation du visage et repulper les tissus. D\\u00e9tente assur\\u00e9e !\",\"libelleEn\":\"Do you dream of an instant \\u201chealthy glow\\u201d effect? Chan\\u2019Beaut\\u00e9 is a facial massage technique using Yin and Yang tools to stimulate facial microcirculation and plump the tissues. Guaranteed relaxation!\"},\"descriptifDetaille\":{\"libelleFr\":\"Le massage travaille toutes les zones r\\u00e9flexes du visage, il cr\\u00e9e une d\\u00e9tente particuli\\u00e8rement efficace, sur tout le corps et lib\\u00e8re l\\u0027esprit, le temps d\\u0027un soin ressour\\u00e7ant.\"}},\"prestations\":{\"equipements\":[{\"elementReferenceType\":\"PrestationEquipement\",\"id\":972},{\"elementReferenceType\":\"PrestationEquipement\",\"id\":5592},{\"elementReferenceType\":\"PrestationEquipement\",\"id\":6094}],\"animauxAcceptes\":\"NON_ACCEPTES\",\"animauxAcceptesSupplement\":\"NON_DISPONIBLE\",\"languesParlees\":[{\"elementReferenceType\":\"Langue\",\"id\":1189},{\"elementReferenceType\":\"Langue\",\"id\":1192},{\"elementReferenceType\":\"Langue\",\"id\":1197}],\"tourismesAdaptes\":[{\"elementReferenceType\":\"TourismeAdapte\",\"id\":3653}],\"surchargeTourismesAdaptes\":true,\"surchargeDescriptifHandicapMoteur\":true,\"surchargeDescriptifHandicapAuditif\":true,\"surchargeDescriptifHandicapVisuel\":true,\"surchargeDescriptifHandicapMental\":true,\"surchargeNombreFauteuilsRoulants\":true,\"ageMin\":192,\"uniteAgeMin\":\"ANNEE\"},\"ouverture\":{\"periodeEnClair\":{\"libelleFr\":\"Du 01\\\/01 au 31\\\/12\\\/2026 le lundi et mercredi de 9h \\u00e0 17h.\",\"libelleEn\":\"From 01\\\/01 to 31\\\/12\\\/2026 on Monday and Wednesday between 9 am and 5 pm.\",\"libelleEs\":\"Del 01\\\/01 al 31\\\/12\\\/2026 los lunes y mi\\u00e9rcoles de 9 a 17.\",\"libelleIt\":\"Dal 01\\\/01 al 31\\\/12\\\/2026 il luned\\u00ec e mercoled\\u00ec dalle 9 alle 17.\",\"libelleDe\":\"Vom 01\\\/01 bis 31\\\/12\\\/2026 jeden Montag und Mittwoch von 9 Uhr bis 17 Uhr.\",\"libelleNl\":\"Van 01\\\/01 tot en met 31\\\/12\\\/2026 op maandag en woensdag van 9.00 tot 17.00 u.\",\"libelleRu\":\"\\u0421 01\\\/01 \\u0434\\u043e 31\\\/12\\\/2026 \\u043d\\u0430 \\u043f\\u043e\\u043d\\u0435\\u0434\\u0435\\u043b\\u044c\\u043d\\u0438\\u043a \\u0438 \\u0441\\u0440\\u0435\\u0434\\u0430 \\u0441 9h \\u0434\\u043e 17h.\",\"libelleZh\":\"\\u4ece 1\\u67081\\u65e5 \\u5230 2026\\u5e7412\\u670831\\u65e5 \\u4e0a \\u661f\\u671f\\u4e00 \\u548c \\u661f\\u671f\\u4e09 \\u5c0f\\u65f6\\u5c0f\\u65f6 \\u548c \\u5c0f\\u65f6\\u5c0f\\u65f6 \\u4e4b\\u95f4.\",\"libellePtBR\":\"De 01\\\/01 a 31\\\/12\\\/2026 na segunda-feira e quarta-feira de 9h a\\u00a0 17h.\",\"libelleJa\":\"01\\\/01 \\u304b\\u3089 31\\\/12\\\/2026 \\u307e\\u3067 \\u6708\\u66dc\\u65e5 \\u3068 \\u6c34\\u66dc\\u65e5 \\u306b 9 \\u5348\\u524d \\u3068 5 \\u5348\\u5f8c \\u306e\\u9593.\",\"libelleKo\":\"01\\\/01 \\uc77c\\ubd80\\ud130 31\\\/12\\\/2026 \\uc77c\\uae4c\\uc9c0 \\uc758 \\uc6d4\\uc694\\uc77c \\ubc0f \\uc218\\uc694\\uc77c 9h \\uc5d0\\uc11c 17h \\uae4c\\uc9c0.\"},\"periodeEnClairGenerationMode\":\"AUTOMATIQUE\",\"indicationsPeriode\":[{\"elementReferenceType\":\"IndicationPeriode\",\"id\":416},{\"elementReferenceType\":\"IndicationPeriode\",\"id\":418},{\"elementReferenceType\":\"IndicationPeriode\",\"id\":435},{\"elementReferenceType\":\"IndicationPeriode\",\"id\":436}],\"periodesOuvertures\":[{\"identifiant\":40013138,\"dateDebut\":\"2026-01-01\",\"dateFin\":\"2026-12-31\",\"horaireOuverture\":\"09:00:00\",\"horaireFermeture\":\"17:00:00\",\"type\":\"OUVERTURE_SEMAINE\",\"tousLesAns\":false,\"ouverturesJournalieres\":[{\"jour\":\"MERCREDI\"},{\"jour\":\"LUNDI\"}],\"identifiantTechnique\":40013138,\"horaires\":[{\"id\":4663064,\"type\":{\"elementReferenceType\":\"HoraireType\",\"id\":7487},\"timePeriods\":[{\"id\":5175044,\"closed\":false,\"weekdays\":[\"WED\",\"MON\"],\"timeFrames\":[{\"id\":5104736,\"startTime\":\"09:00\",\"endTime\":\"17:00\"}]}]}]}],\"dureeSeance\":45},\"Latitude\":45.75514299999999678902895539067685604095458984375,\"Longitude\":6.27459399999999956065721562481485307216644287109375,\"COMMUNE\":\"Faverges-Seythenex\",\"codeUI\":\"CA-ADOC-135614-60604\",\"TypeActivite\":\"Activit\\u00e9s culturelles\",\"critInternes\":[\"Place de march\\u00e9\",\"Bien-\\u00eatre\"]},\"34788\":{\"presentation\":{\"descriptifCourt\":{\"libelleFr\":\"Vous pratiquez d\\u00e9j\\u00e0 le ski de piste, vous avez le go\\u00fbt de l\\u0027effort et les grands espaces naturels et sauvages vous attirent ? La d\\u00e9couverte du ski de randonn\\u00e9e pourrait \\u00eatre la raison pour ne plus vouloir skier autrement !\"},\"descriptifDetaille\":{\"libelleFr\":\"Le ski de randonn\\u00e9e est un acc\\u00e8s gratuit et illimit\\u00e9 aux pentes enneig\\u00e9es, loin des pistes. Une seule limite, votre capacit\\u00e9 physique ! Avoir le privil\\u00e8ge de skier dans ces espaces de libert\\u00e9s, nous confronte aux risques naturels omnipr\\u00e9sents en montagne et nous oblige \\u00e0 \\u00eatre autonome sur ses choix et sa pratique. Se faire encadrer par un Guide de Hte Montagne pour apprendre \\u00e0 conna\\u00eetre ce milieu particulier est la meilleur fa\\u00e7on de progresser vers l\\u0027autonomie ou de pr\\u00e9f\\u00e9rer vous laissez guider pour profiter pleinement et sereinement de ces moments savoureux en montagne.  \\r\\n\\r\\nNIVEAU : Bon skieur sur piste (virage parall\\u00e8le et bonne maitrise du d\\u00e9rapage sur piste noir) , bonne endurance (footing, v\\u00e9lo...)\\r\\n\\r\\nNOMBRE DE PARTICIPANTS : De 1 \\u00e0 5 pers maximun.\\r\\n\\r\\nCONDITIONS DE PARTICIPATION : Enfants \\u00e0 partir de 14 ans. \\r\\n\\r\\nDEROULEMENT : La randonn\\u00e9e vous sera propos\\u00e9e la veille par votre Guide selon les crit\\u00e8res suivant : votre exp\\u00e9rience, votre niveau technique de ski, vos capacit\\u00e9s physiques, les conditions m\\u00e9t\\u00e9o, l\\u0027\\u00e9tat de la neige et le niveau d\\u0027estimation du risque d\\u0027avalanche) Pour facilit\\u00e9 l\\u0027acc\\u00e8s, des remont\\u00e9es m\\u00e9caniques pourraient \\u00eatres utilis\\u00e9es (co\\u00fbt suppl\\u00e9mentaire, \\u00e0 votre charge). Lieu et horaire du rdv, \\u00e0 d\\u00e9finir avec votre Guide. Une fois sur place, votre guide vous expliquera comment utiliser tout votre mat\\u00e9riel et vous coachera durant toute cette belle journ\\u00e9e. \\r\\n\\r\\n\\u00c9QUIPEMENT INCLUS :  Kit de s\\u00e9curit\\u00e9 (DVA, pelle, sonde).\\r\\n\\r\\n\\u00c9QUIPEMENT A PREVOIR : Mat\\u00e9riel complet de ski de randonn\\u00e9e (Chaussures, battons, ski, peaux de phoque et couteaux), v\\u00eatements l\\u00e9gers de ski, 2 paires de gants (1 l\\u00e9ger et 1 chaud), casque (facultatif) sac \\u00e0 dos, eau, casse cro\\u00fbte tir\\u00e9 du sac.\"}},\"prestations\":{\"animauxAcceptes\":\"NON_ACCEPTES\",\"animauxAcceptesSupplement\":\"NON_DISPONIBLE\",\"languesParlees\":[{\"elementReferenceType\":\"Langue\",\"id\":1197}],\"complementAccueil\":{\"libelleFr\":\"\\u00c9QUIPEMENT INCLUS :  Kit de s\\u00e9curit\\u00e9 (DVA, pelle, sonde).\\r\\n\\r\\n\\u00c9QUIPEMENT A PREVOIR : Mat\\u00e9riel complet de ski de randonn\\u00e9e (Chaussures, battons, ski, peaux de phoque et couteaux), v\\u00eatements l\\u00e9gers de ski, 2 paires de gants (1 l\\u00e9ger et 1 chaud), casque (facultatif) sac \\u00e0 dos, eau, casse cro\\u00fbte tir\\u00e9 du sac.\"},\"surchargeTourismesAdaptes\":true,\"surchargeDescriptifHandicapMoteur\":true,\"surchargeDescriptifHandicapAuditif\":true,\"surchargeDescriptifHandicapVisuel\":true,\"surchargeDescriptifHandicapMental\":true,\"surchargeNombreFauteuilsRoulants\":true,\"nombrePersonnesMinimum\":1,\"tailleGroupeMax\":5,\"ageMin\":168,\"uniteAgeMin\":\"ANNEE\"},\"ouverture\":{\"periodeEnClair\":{},\"periodeEnClairGenerationMode\":\"AUTOMATIQUE\",\"indicationsPeriode\":[{\"elementReferenceType\":\"IndicationPeriode\",\"id\":416},{\"elementReferenceType\":\"IndicationPeriode\",\"id\":435},{\"elementReferenceType\":\"IndicationPeriode\",\"id\":436}],\"periodesOuvertures\":[{\"identifiant\":38596295,\"dateDebut\":\"2025-12-19\",\"dateFin\":\"2026-03-31\",\"type\":\"OUVERTURE_TOUS_LES_JOURS\",\"tousLesAns\":false,\"identifiantTechnique\":38596295,\"horaires\":[{\"id\":3303599,\"type\":{\"elementReferenceType\":\"HoraireType\",\"id\":7487},\"timePeriods\":[{\"id\":3594981,\"closed\":false,\"weekdays\":[\"MON\",\"THU\",\"TUE\",\"FRI\",\"WED\",\"SUN\",\"SAT\"]}]}]}],\"dureeSeance\":1440},\"Latitude\":45.76808199999999970941644278354942798614501953125,\"Longitude\":6.25916599999999956338569973013363778591156005859375,\"COMMUNE\":\"Faverges-Seythenex\",\"codeUI\":\"CA-ADOC-129615-35441\",\"TypeActivite\":\"Activit\\u00e9s sportives\",\"critInternes\":[\"Place de march\\u00e9\",\"Activit\\u00e9s sport nature\"]},\"29492\":{\"presentation\":{\"descriptifCourt\":{\"libelleFr\":\"Afin de profiter des conseils personnalis\\u00e9s d\\u2019un moniteur, offrez vous un cours particulier sur une des falaises d\\u2019Annecy. Rendez vous \\u00e0 la falaise d\\u2019Angon pour une initiation\"},\"descriptifDetaille\":{\"libelleFr\":\"Retrouvez votre moniteur d\\u2019escalade \\u00e0 la falaise d\\u2019Angon situ\\u00e9e \\u00e0 30 minutes d\\u2019Annecy.\\r\\n\\r\\nIl vous fournira tout votre \\u00e9quipement : baudrier, chaussons d\\u2019escalade et un casque.\\r\\n\\r\\nIl va d\\u2019abord vous apprendre \\u00e0 enfiler le baudrier et \\u00e0 le r\\u00e9gler. Puis \\u00e0 faire le noeud en huit et \\u00e0 assurer. Vous irez progressivement de plus en plus haut pour maitriser la hauteur et redescendre sans avoir peur.\\r\\n\\r\\nPour progresser techniquement, il vous fera faire des exercices pour r\\u00e9ussir \\u00e0 bien utiliser les pieds et les jambes. Car lorsque l\\u2019on d\\u00e9bute on a tendance \\u00e0 trop tirer sur les bras.\\r\\n\\r\\nCe cours est particuli\\u00e8rement bien adapt\\u00e9 aux personnes qui ont appris \\u00e0 grimper en salle et qui veulent escalader en falaise.\\r\\n\\r\\nSi vous avez le temps et que vous y arrivez bien vous aller pouvoir grimper en t\\u00eate ou faire une descente en rappel!\\r\\n\\r\\nLecteur vid\\u00e9o\\r\\n\\r\\n\\r\\n00:00\\r\\n06:41\"}},\"prestations\":{\"animauxAcceptes\":\"NON_DISPONIBLE\",\"animauxAcceptesSupplement\":\"NON_DISPONIBLE\",\"languesParlees\":[{\"elementReferenceType\":\"Langue\",\"id\":1197}],\"surchargeTourismesAdaptes\":true,\"surchargeDescriptifHandicapMoteur\":true,\"surchargeDescriptifHandicapAuditif\":true,\"surchargeDescriptifHandicapVisuel\":true,\"surchargeDescriptifHandicapMental\":true,\"surchargeNombreFauteuilsRoulants\":true},\"ouverture\":{\"periodeEnClair\":{\"libelleFr\":\"Toute l\\u0027ann\\u00e9e tous les jours.\\nSur r\\u00e9servation.\",\"libelleEn\":\"All year round daily.\",\"libelleEs\":\"Todo el a\\u00f1o todos los dias.\",\"libelleIt\":\"Tutto l\\u0027anno ogni giorno.\",\"libelleDe\":\"Ganzj\\u00e4hrig t\\u00e4glich.\",\"libelleNl\":\"Het hele jaar iedere dag.\",\"libelleRu\":\"\\u0412 \\u0442\\u0435\\u0447\\u0435\\u043d\\u0438\\u0435 \\u0432\\u0441\\u0435\\u0433\\u043e \\u0433\\u043e\\u0434\\u0430 \\u0435\\u0436\\u0435\\u0434\\u043d\\u0435\\u0432\\u043d\\u043e.\",\"libelleZh\":\"\\u5168\\u5e74 \\u65e5\\u5e38.\",\"libellePtBR\":\"Todo o ano todos os dias.\",\"libelleJa\":\"\\u30aa\\u30fc\\u30eb\\u30b7\\u30fc\\u30ba\\u30f3 \\u6bce\\u65e5.\",\"libelleKo\":\"\\uc77c \\ub144 \\ub0b4\\ub0b4 \\ub9e4\\uc77c.\"},\"periodeEnClairGenerationMode\":\"AUTOMATIQUE\",\"indicationsPeriode\":[{\"elementReferenceType\":\"IndicationPeriode\",\"id\":416},{\"elementReferenceType\":\"IndicationPeriode\",\"id\":418},{\"elementReferenceType\":\"IndicationPeriode\",\"id\":435},{\"elementReferenceType\":\"IndicationPeriode\",\"id\":436}],\"periodesOuvertures\":[{\"identifiant\":32826927,\"dateDebut\":\"2024-01-01\",\"dateFin\":\"2024-12-31\",\"complementHoraire\":{\"libelleFr\":\"Sur r\\u00e9servation.\"},\"type\":\"OUVERTURE_TOUS_LES_JOURS\",\"tousLesAns\":true,\"identifiantTechnique\":39796417,\"horaires\":[{\"id\":4455896,\"type\":{\"elementReferenceType\":\"HoraireType\",\"id\":7487},\"timePeriods\":[{\"id\":4933994,\"closed\":false,\"weekdays\":[\"SUN\",\"FRI\",\"MON\",\"TUE\",\"SAT\",\"THU\",\"WED\"],\"timeFrames\":[{\"id\":4889870}]}]}]}],\"ouvertTouteLAnnee\":\"OUVERT_TOUTE_L_ANNEE\",\"dureeSeance\":120},\"Latitude\":45.79806700000000319050741381943225860595703125,\"Longitude\":6.2316810000000000258069121628068387508392333984375,\"COMMUNE\":\"Doussard\",\"codeUI\":\"CA-ADOC-110648-15247\",\"TypeActivite\":\"Sporting activities\",\"critInternes\":[\"Place de march\\u00e9\",\"Activit\\u00e9s sport nature\"]},\"35645\":{\"presentation\":{\"descriptifCourt\":{\"libelleFr\":\"Une barque d\\u0027antan, un lac turquoise, le bruit de l\\u0027eau et des mouettes\\u2026 Bienvenue \\u00e0 bord de la barque \\u00e0 voiles latines l\\u0027Esp\\u00e9rance III, pour tout savoir sur le patrimoine exceptionnel du lac d\\u0027Annecy !\"},\"descriptifDetaille\":{\"libelleFr\":\"Une heure trente de navigation pour r\\u00eaver et contempler la r\\u00e9serve naturelle du Bout du lac d\\u0027Annecy et ses environs depuis les flots.\\r\\n\\r\\nA pr\\u00e9voir : chaussures de marche, eau, cr\\u00e8me solaire, chapeau. Les poussettes sont interdites \\u00e0 bord.\"}},\"prestations\":{\"equipements\":[{\"elementReferenceType\":\"PrestationEquipement\",\"id\":1321},{\"elementReferenceType\":\"PrestationEquipement\",\"id\":6061},{\"elementReferenceType\":\"PrestationEquipement\",\"id\":1100}],\"animauxAcceptes\":\"NON_ACCEPTES\",\"animauxAcceptesSupplement\":\"NON_DISPONIBLE\",\"languesParlees\":[{\"elementReferenceType\":\"Langue\",\"id\":1197}],\"tourismesAdaptes\":[{\"elementReferenceType\":\"TourismeAdapte\",\"id\":3653}],\"surchargeTourismesAdaptes\":true,\"surchargeDescriptifHandicapMoteur\":true,\"surchargeDescriptifHandicapAuditif\":true,\"surchargeDescriptifHandicapVisuel\":true,\"surchargeDescriptifHandicapMental\":true,\"nombrePersonnesEnFauteuilRoulantAccueilliesSimultanement\":2,\"surchargeNombreFauteuilsRoulants\":true,\"tailleGroupeMax\":30,\"ageMin\":48,\"uniteAgeMin\":\"ANNEE\"},\"ouverture\":{\"periodeEnClair\":{\"libelleFr\":\"Jeudi 9 juillet 2026 de 14h \\u00e0 15h30.\\n\\nJeudi 16 juillet 2026 de 14h \\u00e0 15h30.\\n\\nJeudi 23 juillet 2026 de 14h \\u00e0 15h30.\\n\\nJeudi 30 juillet 2026 de 14h \\u00e0 15h30.\\n\\nJeudi 6 ao\\u00fbt 2026 de 14h \\u00e0 15h30.\\n\\nJeudi 13 ao\\u00fbt 2026 de 14h \\u00e0 15h30.\\n\\nJeudi 20 ao\\u00fbt 2026 de 14h \\u00e0 15h30.\",\"libelleEn\":\"Thursday 9 July 2026 between 2 pm and 3.30 pm.\\n\\nThursday 16 July 2026 between 2 pm and 3.30 pm.\\n\\nThursday 23 July 2026 between 2 pm and 3.30 pm.\\n\\nThursday 30 July 2026 between 2 pm and 3.30 pm.\\n\\nThursday 6 August 2026 between 2 pm and 3.30 pm.\\n\\nThursday 13 August 2026 between 2 pm and 3.30 pm.\\n\\nThursday 20 August 2026 between 2 pm and 3.30 pm.\",\"libelleEs\":\"Jueves, 9 de julio de 2026 de 14 a 15:30.\\n\\nJueves, 16 de julio de 2026 de 14 a 15:30.\\n\\nJueves, 23 de julio de 2026 de 14 a 15:30.\\n\\nJueves, 30 de julio de 2026 de 14 a 15:30.\\n\\nJueves, 6 de agosto de 2026 de 14 a 15:30.\\n\\nJueves, 13 de agosto de 2026 de 14 a 15:30.\\n\\nJueves, 20 de agosto de 2026 de 14 a 15:30.\",\"libelleIt\":\"Gioved\\u00ec 9 luglio 2026 dalle 14 alle 15:30.\\n\\nGioved\\u00ec 16 luglio 2026 dalle 14 alle 15:30.\\n\\nGioved\\u00ec 23 luglio 2026 dalle 14 alle 15:30.\\n\\nGioved\\u00ec 30 luglio 2026 dalle 14 alle 15:30.\\n\\nGioved\\u00ec 6 agosto 2026 dalle 14 alle 15:30.\\n\\nGioved\\u00ec 13 agosto 2026 dalle 14 alle 15:30.\\n\\nGioved\\u00ec 20 agosto 2026 dalle 14 alle 15:30.\",\"libelleDe\":\"Donnerstag, den 9. Juli 2026 von 14 Uhr bis 15.30 Uhr.\\n\\nDonnerstag, den 16. Juli 2026 von 14 Uhr bis 15.30 Uhr.\\n\\nDonnerstag, den 23. Juli 2026 von 14 Uhr bis 15.30 Uhr.\\n\\nDonnerstag, den 30. Juli 2026 von 14 Uhr bis 15.30 Uhr.\\n\\nDonnerstag, den 6. August 2026 von 14 Uhr bis 15.30 Uhr.\\n\\nDonnerstag, den 13. August 2026 von 14 Uhr bis 15.30 Uhr.\\n\\nDonnerstag, den 20. August 2026 von 14 Uhr bis 15.30 Uhr.\",\"libelleNl\":\"Donderdag 9 juli 2026 van 14.00 tot 15.30 u.\\n\\nDonderdag 16 juli 2026 van 14.00 tot 15.30 u.\\n\\nDonderdag 23 juli 2026 van 14.00 tot 15.30 u.\\n\\nDonderdag 30 juli 2026 van 14.00 tot 15.30 u.\\n\\nDonderdag 6 augustus 2026 van 14.00 tot 15.30 u.\\n\\nDonderdag 13 augustus 2026 van 14.00 tot 15.30 u.\\n\\nDonderdag 20 augustus 2026 van 14.00 tot 15.30 u.\",\"libelleRu\":\"\\u0427\\u0435\\u0442\\u0432\\u0435\\u0440\\u0433 9 \\u0438\\u044e\\u043b\\u044f 2026  \\u0441 14h \\u0434\\u043e 15h30.\\n\\n\\u0427\\u0435\\u0442\\u0432\\u0435\\u0440\\u0433 16 \\u0438\\u044e\\u043b\\u044f 2026  \\u0441 14h \\u0434\\u043e 15h30.\\n\\n\\u0427\\u0435\\u0442\\u0432\\u0435\\u0440\\u0433 23 \\u0438\\u044e\\u043b\\u044f 2026  \\u0441 14h \\u0434\\u043e 15h30.\\n\\n\\u0427\\u0435\\u0442\\u0432\\u0435\\u0440\\u0433 30 \\u0438\\u044e\\u043b\\u044f 2026  \\u0441 14h \\u0434\\u043e 15h30.\\n\\n\\u0427\\u0435\\u0442\\u0432\\u0435\\u0440\\u0433 6 \\u0430\\u0432\\u0433\\u0443\\u0441\\u0442\\u0430 2026  \\u0441 14h \\u0434\\u043e 15h30.\\n\\n\\u0427\\u0435\\u0442\\u0432\\u0435\\u0440\\u0433 13 \\u0430\\u0432\\u0433\\u0443\\u0441\\u0442\\u0430 2026  \\u0441 14h \\u0434\\u043e 15h30.\\n\\n\\u0427\\u0435\\u0442\\u0432\\u0435\\u0440\\u0433 20 \\u0430\\u0432\\u0433\\u0443\\u0441\\u0442\\u0430 2026  \\u0441 14h \\u0434\\u043e 15h30.\",\"libelleZh\":\"2026\\u5e747\\u67089\\u65e5, \\u661f\\u671f\\u56db   \\u5c0f\\u65f6\\u5c0f\\u65f6 \\u548c \\u5c0f\\u65f6\\u5c0f\\u65f6\\u5206\\u949f  \\u4e4b\\u95f4.\\n\\n2026\\u5e747\\u670816\\u65e5, \\u661f\\u671f\\u56db   \\u5c0f\\u65f6\\u5c0f\\u65f6 \\u548c \\u5c0f\\u65f6\\u5c0f\\u65f6\\u5206\\u949f  \\u4e4b\\u95f4.\\n\\n2026\\u5e747\\u670823\\u65e5, \\u661f\\u671f\\u56db   \\u5c0f\\u65f6\\u5c0f\\u65f6 \\u548c \\u5c0f\\u65f6\\u5c0f\\u65f6\\u5206\\u949f  \\u4e4b\\u95f4.\\n\\n2026\\u5e747\\u670830\\u65e5, \\u661f\\u671f\\u56db   \\u5c0f\\u65f6\\u5c0f\\u65f6 \\u548c \\u5c0f\\u65f6\\u5c0f\\u65f6\\u5206\\u949f  \\u4e4b\\u95f4.\\n\\n2026\\u5e748\\u67086\\u65e5, \\u661f\\u671f\\u56db   \\u5c0f\\u65f6\\u5c0f\\u65f6 \\u548c \\u5c0f\\u65f6\\u5c0f\\u65f6\\u5206\\u949f  \\u4e4b\\u95f4.\\n\\n2026\\u5e748\\u670813\\u65e5, \\u661f\\u671f\\u56db   \\u5c0f\\u65f6\\u5c0f\\u65f6 \\u548c \\u5c0f\\u65f6\\u5c0f\\u65f6\\u5206\\u949f  \\u4e4b\\u95f4.\\n\\n2026\\u5e748\\u670820\\u65e5, \\u661f\\u671f\\u56db   \\u5c0f\\u65f6\\u5c0f\\u65f6 \\u548c \\u5c0f\\u65f6\\u5c0f\\u65f6\\u5206\\u949f  \\u4e4b\\u95f4.\",\"libellePtBR\":\"Quinta-feira 9 julho 2026 de 14h a\\u00a0 15h30.\\n\\nQuinta-feira 16 julho 2026 de 14h a\\u00a0 15h30.\\n\\nQuinta-feira 23 julho 2026 de 14h a\\u00a0 15h30.\\n\\nQuinta-feira 30 julho 2026 de 14h a\\u00a0 15h30.\\n\\nQuinta-feira 6 agosto 2026 de 14h a\\u00a0 15h30.\\n\\nQuinta-feira 13 agosto 2026 de 14h a\\u00a0 15h30.\\n\\nQuinta-feira 20 agosto 2026 de 14h a\\u00a0 15h30.\",\"libelleJa\":\"\\u6728\\u66dc\\u65e5 9 7\\u6708 2026 2 \\u5348\\u5f8c \\u3068 3.30 \\u5348\\u5f8c \\u306e\\u9593.\\n\\n\\u6728\\u66dc\\u65e5 16 7\\u6708 2026 2 \\u5348\\u5f8c \\u3068 3.30 \\u5348\\u5f8c \\u306e\\u9593.\\n\\n\\u6728\\u66dc\\u65e5 23 7\\u6708 2026 2 \\u5348\\u5f8c \\u3068 3.30 \\u5348\\u5f8c \\u306e\\u9593.\\n\\n\\u6728\\u66dc\\u65e5 30 7\\u6708 2026 2 \\u5348\\u5f8c \\u3068 3.30 \\u5348\\u5f8c \\u306e\\u9593.\\n\\n\\u6728\\u66dc\\u65e5 6 8\\u6708 2026 2 \\u5348\\u5f8c \\u3068 3.30 \\u5348\\u5f8c \\u306e\\u9593.\\n\\n\\u6728\\u66dc\\u65e5 13 8\\u6708 2026 2 \\u5348\\u5f8c \\u3068 3.30 \\u5348\\u5f8c \\u306e\\u9593.\\n\\n\\u6728\\u66dc\\u65e5 20 8\\u6708 2026 2 \\u5348\\u5f8c \\u3068 3.30 \\u5348\\u5f8c \\u306e\\u9593.\",\"libelleKo\":\"\\ubaa9\\uc694\\uc77c 9 7\\uc6d4 02026 14h \\uc5d0\\uc11c 15h30 \\uae4c\\uc9c0.\\n\\n\\ubaa9\\uc694\\uc77c 16 7\\uc6d4 02026 14h \\uc5d0\\uc11c 15h30 \\uae4c\\uc9c0.\\n\\n\\ubaa9\\uc694\\uc77c 23 7\\uc6d4 02026 14h \\uc5d0\\uc11c 15h30 \\uae4c\\uc9c0.\\n\\n\\ubaa9\\uc694\\uc77c 30 7\\uc6d4 02026 14h \\uc5d0\\uc11c 15h30 \\uae4c\\uc9c0.\\n\\n\\ubaa9\\uc694\\uc77c 6 8\\uc6d4 02026 14h \\uc5d0\\uc11c 15h30 \\uae4c\\uc9c0.\\n\\n\\ubaa9\\uc694\\uc77c 13 8\\uc6d4 02026 14h \\uc5d0\\uc11c 15h30 \\uae4c\\uc9c0.\\n\\n\\ubaa9\\uc694\\uc77c 20 8\\uc6d4 02026 14h \\uc5d0\\uc11c 15h30 \\uae4c\\uc9c0.\"},\"periodeEnClairGenerationMode\":\"AUTOMATIQUE\",\"indicationsPeriode\":[{\"elementReferenceType\":\"IndicationPeriode\",\"id\":418}],\"periodesOuvertures\":[{\"identifiant\":39829692,\"dateDebut\":\"2026-07-09\",\"dateFin\":\"2026-07-09\",\"horaireOuverture\":\"14:00:00\",\"horaireFermeture\":\"15:30:00\",\"type\":\"OUVERTURE_TOUS_LES_JOURS\",\"tousLesAns\":false,\"identifiantTechnique\":40373364,\"horaires\":[{\"id\":5002166,\"type\":{\"elementReferenceType\":\"HoraireType\",\"id\":7487},\"timePeriods\":[{\"id\":5569278,\"closed\":false,\"weekdays\":[\"THU\"],\"timeFrames\":[{\"id\":5454723,\"startTime\":\"14:00\",\"endTime\":\"15:30\"}]}]}]},{\"identifiant\":39829954,\"dateDebut\":\"2026-07-16\",\"dateFin\":\"2026-07-16\",\"horaireOuverture\":\"14:00:00\",\"horaireFermeture\":\"15:30:00\",\"type\":\"OUVERTURE_TOUS_LES_JOURS\",\"tousLesAns\":false,\"identifiantTechnique\":40373365,\"horaires\":[{\"id\":5002167,\"type\":{\"elementReferenceType\":\"HoraireType\",\"id\":7487},\"timePeriods\":[{\"id\":5569279,\"closed\":false,\"weekdays\":[\"THU\"],\"timeFrames\":[{\"id\":5454724,\"startTime\":\"14:00\",\"endTime\":\"15:30\"}]}]}]},{\"identifiant\":39829960,\"dateDebut\":\"2026-07-23\",\"dateFin\":\"2026-07-23\",\"horaireOuverture\":\"14:00:00\",\"horaireFermeture\":\"15:30:00\",\"type\":\"OUVERTURE_TOUS_LES_JOURS\",\"tousLesAns\":false,\"identifiantTechnique\":40373366,\"horaires\":[{\"id\":5002168,\"type\":{\"elementReferenceType\":\"HoraireType\",\"id\":7487},\"timePeriods\":[{\"id\":5569280,\"closed\":false,\"weekdays\":[\"THU\"],\"timeFrames\":[{\"id\":5454725,\"startTime\":\"14:00\",\"endTime\":\"15:30\"}]}]}]},{\"identifiant\":39829967,\"dateDebut\":\"2026-07-30\",\"dateFin\":\"2026-07-30\",\"horaireOuverture\":\"14:00:00\",\"horaireFermeture\":\"15:30:00\",\"type\":\"OUVERTURE_TOUS_LES_JOURS\",\"tousLesAns\":false,\"identifiantTechnique\":40373367,\"horaires\":[{\"id\":5002169,\"type\":{\"elementReferenceType\":\"HoraireType\",\"id\":7487},\"timePeriods\":[{\"id\":5569281,\"closed\":false,\"weekdays\":[\"THU\"],\"timeFrames\":[{\"id\":5454726,\"startTime\":\"14:00\",\"endTime\":\"15:30\"}]}]}]},{\"identifiant\":39829970,\"dateDebut\":\"2026-08-06\",\"dateFin\":\"2026-08-06\",\"horaireOuverture\":\"14:00:00\",\"horaireFermeture\":\"15:30:00\",\"type\":\"OUVERTURE_TOUS_LES_JOURS\",\"tousLesAns\":false,\"identifiantTechnique\":40373368,\"horaires\":[{\"id\":5002170,\"type\":{\"elementReferenceType\":\"HoraireType\",\"id\":7487},\"timePeriods\":[{\"id\":5569282,\"closed\":false,\"weekdays\":[\"THU\"],\"timeFrames\":[{\"id\":5454727,\"startTime\":\"14:00\",\"endTime\":\"15:30\"}]}]}]},{\"identifiant\":39829974,\"dateDebut\":\"2026-08-13\",\"dateFin\":\"2026-08-13\",\"horaireOuverture\":\"14:00:00\",\"horaireFermeture\":\"15:30:00\",\"type\":\"OUVERTURE_TOUS_LES_JOURS\",\"tousLesAns\":false,\"identifiantTechnique\":40373369,\"horaires\":[{\"id\":5002171,\"type\":{\"elementReferenceType\":\"HoraireType\",\"id\":7487},\"timePeriods\":[{\"id\":5569283,\"closed\":false,\"weekdays\":[\"THU\"],\"timeFrames\":[{\"id\":5454728,\"startTime\":\"14:00\",\"endTime\":\"15:30\"}]}]}]},{\"identifiant\":39829978,\"dateDebut\":\"2026-08-20\",\"dateFin\":\"2026-08-20\",\"horaireOuverture\":\"14:00:00\",\"horaireFermeture\":\"15:30:00\",\"type\":\"OUVERTURE_TOUS_LES_JOURS\",\"tousLesAns\":false,\"identifiantTechnique\":40373370,\"horaires\":[{\"id\":5002172,\"type\":{\"elementReferenceType\":\"HoraireType\",\"id\":7487},\"timePeriods\":[{\"id\":5569284,\"closed\":false,\"weekdays\":[\"THU\"],\"timeFrames\":[{\"id\":5454729,\"startTime\":\"14:00\",\"endTime\":\"15:30\"}]}]}]}],\"dureeSeance\":180},\"Latitude\":45.7909599999999983310772222466766834259033203125,\"Longitude\":6.21655099999999993798383002285845577716827392578125,\"COMMUNE\":\"Doussard\",\"codeUI\":\"CA-ADOC-130001-60094\",\"TypeActivite\":\"Activit\\u00e9s culturelles\",\"critInternes\":[\"Place de march\\u00e9\",\"Billeterie\"]},\"34786\":{\"presentation\":{\"descriptifCourt\":{\"libelleFr\":\"Journ\\u00e9e consacr\\u00e9e \\u00e0 organiser un secours en avalanche et notamment pour apprendre \\u00e0 utiliser son kit individuel de secours, constitu\\u00e9 d\\u0027un DVA (D\\u00e9tecteur de Victime en Avalanche), d\\u0027une pelle et d\\u0027une sonde.\"},\"descriptifDetaille\":{\"libelleFr\":\"Cette formation est ouverte aux skieurs (rando, hors piste, freeride...) et aux raquettistes. Le site de pratique, facile et rapide d\\u0027acc\\u00e8s vous sera repr\\u00e9cis\\u00e9. La journ\\u00e9e commencera autour d\\u0027un caf\\u00e9 afin de faire connaissance et vous apporter des connaissances th\\u00e9oriques. \\r\\n\\r\\n\\r\\nModule DVA 1: Principe de fonctionnement des appareils DVA (tests et d\\u00e9monstrations), exercices pratiques simples (mono-victime) , utilisation de la sonde et la pelle (quand, comment) et information sur le protocole de recherche.\\r\\n\\r\\nModule DVA 2* : (*pr\\u00e9requis DVA 1) Exercices pratiques avec multi-victimes, situations complexes, gestion global d\\u0027un secours (alerte, gestions des personnels et des r\\u00f4les, strat\\u00e9gie, pelletage, secourisme, exerces pratiques de mise en situation), accueil secours ext\\u00e9rieur (autres skieurs, professionnels et h\\u00e9licopt\\u00e8re )\"}},\"prestations\":{\"animauxAcceptes\":\"NON_ACCEPTES\",\"animauxAcceptesSupplement\":\"NON_DISPONIBLE\",\"languesParlees\":[{\"elementReferenceType\":\"Langue\",\"id\":1192},{\"elementReferenceType\":\"Langue\",\"id\":1197}],\"surchargeTourismesAdaptes\":true,\"surchargeDescriptifHandicapMoteur\":true,\"surchargeDescriptifHandicapAuditif\":true,\"surchargeDescriptifHandicapVisuel\":true,\"surchargeDescriptifHandicapMental\":true,\"surchargeNombreFauteuilsRoulants\":true,\"nombrePersonnesMinimum\":4,\"tailleGroupeMax\":8},\"ouverture\":{\"periodeEnClair\":{\"libelleFr\":\"Du 19\\\/12\\\/2025 au 01\\\/04\\\/2026 tous les jours.\",\"libelleEn\":\"From 19\\\/12\\\/2025 to 01\\\/04\\\/2026 daily.\",\"libelleEs\":\"Del 19\\\/12\\\/2025 al 01\\\/04\\\/2026 todos los dias.\",\"libelleIt\":\"Dal 19\\\/12\\\/2025 al 01\\\/04\\\/2026 ogni giorno.\",\"libelleDe\":\"Vom 19\\\/12\\\/2025 bis 01\\\/04\\\/2026 t\\u00e4glich.\",\"libelleNl\":\"Van 19\\\/12\\\/2025 tot en met 01\\\/04\\\/2026 iedere dag.\",\"libelleRu\":\"\\u0421 19\\\/12\\\/2025 \\u0434\\u043e 01\\\/04\\\/2026 \\u0435\\u0436\\u0435\\u0434\\u043d\\u0435\\u0432\\u043d\\u043e.\",\"libelleZh\":\"\\u4ece 2025\\u5e7412\\u670819\\u65e5 \\u5230 2026\\u5e744\\u67081\\u65e5 \\u65e5\\u5e38.\",\"libellePtBR\":\"De 19\\\/12\\\/2025 a 01\\\/04\\\/2026 todos os dias.\",\"libelleJa\":\"19\\\/12\\\/2025 \\u304b\\u3089 01\\\/04\\\/2026 \\u307e\\u3067 \\u6bce\\u65e5.\",\"libelleKo\":\"19\\\/12\\\/2025 \\uc77c\\ubd80\\ud130 01\\\/04\\\/2026 \\uc77c\\uae4c\\uc9c0 \\ub9e4\\uc77c.\"},\"periodeEnClairGenerationMode\":\"AUTOMATIQUE\",\"indicationsPeriode\":[{\"elementReferenceType\":\"IndicationPeriode\",\"id\":416},{\"elementReferenceType\":\"IndicationPeriode\",\"id\":435},{\"elementReferenceType\":\"IndicationPeriode\",\"id\":436}],\"periodesOuvertures\":[{\"identifiant\":38596185,\"dateDebut\":\"2025-12-19\",\"dateFin\":\"2026-04-01\",\"type\":\"OUVERTURE_TOUS_LES_JOURS\",\"tousLesAns\":false,\"identifiantTechnique\":38596185,\"horaires\":[{\"id\":3303487,\"type\":{\"elementReferenceType\":\"HoraireType\",\"id\":7487},\"timePeriods\":[{\"id\":3594838,\"closed\":false,\"weekdays\":[\"SAT\",\"WED\",\"SUN\",\"FRI\",\"MON\",\"THU\",\"TUE\"]}]}]}],\"dureeSeance\":1440},\"Latitude\":45.76808199999999970941644278354942798614501953125,\"Longitude\":6.25916599999999956338569973013363778591156005859375,\"COMMUNE\":\"Faverges-Seythenex\",\"codeUI\":\"CA-ADOC-129615-36140\",\"TypeActivite\":\"Activit\\u00e9s sportives\",\"critInternes\":[\"Place de march\\u00e9\",\"Activit\\u00e9s sport nature\"]},\"36067\":{\"presentation\":{\"descriptifCourt\":{\"libelleFr\":\"Au d\\u00e9part de Faverges, profitez d\\u2019une balade v\\u00e9lo facile jusqu\\u2019au lac de Marlens. Entre nature et d\\u00e9tente, terminez par un atelier convivial de fabrication de g\\u00e9n\\u00e9pi et repartez avec votre cr\\u00e9ation unique.\"},\"descriptifDetaille\":{\"libelleFr\":\"Au d\\u00e9part de Faverges, cet itin\\u00e9raire v\\u00e9lo jusqu\\u2019au lac de Marlens offre une balade agr\\u00e9able et accessible, id\\u00e9ale pour profiter pleinement du cadre naturel du territoire. Entre paysages ouverts, ambiance paisible et vue sur les reliefs environnants, le parcours permet de d\\u00e9couvrir un environnement ressour\\u00e7ant. \\r\\n\\r\\nA l\\u2019arriv\\u00e9e, place \\u00e0 une exp\\u00e9rience originale et immersive autour des traditions de montagne. Dans ce cadre naturel pr\\u00e9serv\\u00e9, les participants prendront part \\u00e0 un atelier de fabrication de leur propre g\\u00e9n\\u00e9pi, une activit\\u00e9 conviviale qui permet de d\\u00e9couvrir cette sp\\u00e9cialit\\u00e9 embl\\u00e9matique des Alpes. Chacun pourra en apprendre davantage sur cet h\\u00e9ritage local et repartir avec sa propre cr\\u00e9ation. Cette sortie est parfaite pour une sortie en famille, entre amis ou en solo pour allier d\\u00e9tente, nature et plaisir du v\\u00e9lo.\\r\\n\\r\\nPoints forts de l\\u2019exp\\u00e9rience : D\\u00e9part v\\u00e9lo depuis Faverges. Balade \\u00e0 v\\u00e9lo accessible vers le plan d\\u2019eau de Marlens. Atelier de fabrication de son propre g\\u00e9n\\u00e9pi. Exp\\u00e9rience locale, originale et conviviale. \\r\\n\\r\\nFacile \\\/ 2 h 30 \\\/ 15 km \\\/ 200 m de d\\u00e9nivel\\u00e9\"}},\"prestations\":{\"equipements\":[{\"elementReferenceType\":\"PrestationEquipement\",\"id\":5592},{\"elementReferenceType\":\"PrestationEquipement\",\"id\":972}],\"animauxAcceptes\":\"NON_ACCEPTES\",\"animauxAcceptesSupplement\":\"NON_DISPONIBLE\",\"languesParlees\":[{\"elementReferenceType\":\"Langue\",\"id\":1189},{\"elementReferenceType\":\"Langue\",\"id\":1192},{\"elementReferenceType\":\"Langue\",\"id\":1194},{\"elementReferenceType\":\"Langue\",\"id\":1197}],\"tourismesAdaptes\":[{\"elementReferenceType\":\"TourismeAdapte\",\"id\":3651}],\"surchargeTourismesAdaptes\":true,\"surchargeDescriptifHandicapMoteur\":true,\"surchargeDescriptifHandicapAuditif\":true,\"surchargeDescriptifHandicapVisuel\":true,\"surchargeDescriptifHandicapMental\":true,\"surchargeNombreFauteuilsRoulants\":true,\"typesClientele\":[{\"elementReferenceType\":\"TypeClientele\",\"id\":3735}],\"nombrePersonnesMinimum\":7,\"tailleGroupeMax\":24},\"ouverture\":{\"periodeEnClair\":{\"libelleFr\":\"Toute l\\u0027ann\\u00e9e tous les jours.\\nSur r\\u00e9servation.\",\"libelleEn\":\"All year round daily.\",\"libelleEs\":\"Todo el a\\u00f1o todos los dias.\",\"libelleIt\":\"Tutto l\\u0027anno ogni giorno.\",\"libelleDe\":\"Ganzj\\u00e4hrig t\\u00e4glich.\",\"libelleNl\":\"Het hele jaar iedere dag.\",\"libelleRu\":\"\\u0412 \\u0442\\u0435\\u0447\\u0435\\u043d\\u0438\\u0435 \\u0432\\u0441\\u0435\\u0433\\u043e \\u0433\\u043e\\u0434\\u0430 \\u0435\\u0436\\u0435\\u0434\\u043d\\u0435\\u0432\\u043d\\u043e.\",\"libelleZh\":\"\\u5168\\u5e74 \\u65e5\\u5e38.\",\"libellePtBR\":\"Todo o ano todos os dias.\",\"libelleJa\":\"\\u30aa\\u30fc\\u30eb\\u30b7\\u30fc\\u30ba\\u30f3 \\u6bce\\u65e5.\",\"libelleKo\":\"\\uc77c \\ub144 \\ub0b4\\ub0b4 \\ub9e4\\uc77c.\"},\"periodeEnClairGenerationMode\":\"AUTOMATIQUE\",\"indicationsPeriode\":[{\"elementReferenceType\":\"IndicationPeriode\",\"id\":416},{\"elementReferenceType\":\"IndicationPeriode\",\"id\":418},{\"elementReferenceType\":\"IndicationPeriode\",\"id\":435},{\"elementReferenceType\":\"IndicationPeriode\",\"id\":436}],\"periodesOuvertures\":[{\"identifiant\":40315728,\"dateDebut\":\"2026-01-01\",\"dateFin\":\"2026-12-31\",\"complementHoraire\":{\"libelleFr\":\"Sur r\\u00e9servation.\"},\"type\":\"OUVERTURE_TOUS_LES_JOURS\",\"tousLesAns\":true,\"identifiantTechnique\":40329197,\"horaires\":[{\"id\":4960174,\"type\":{\"elementReferenceType\":\"HoraireType\",\"id\":7487},\"timePeriods\":[{\"id\":5519885,\"closed\":false,\"weekdays\":[\"SAT\",\"WED\",\"SUN\",\"FRI\",\"HOL\",\"MON\",\"THU\",\"TUE\"]}]}]}],\"ouvertTouteLAnnee\":\"OUVERT_TOUTE_L_ANNEE\",\"dureeSeance\":180},\"Latitude\":45.74736399999999747478796052746474742889404296875,\"Longitude\":6.2969819999999998572093318216502666473388671875,\"COMMUNE\":\"Faverges-Seythenex\",\"TypesClienteles\":[\"Adapt\\u00e9 aux d\\u00e9butants\"],\"codeUI\":\"CA-ADOC-135662-61225\",\"TypeActivite\":\"Activit\\u00e9s sportives\",\"critInternes\":[\"Place de march\\u00e9\",\"Activit\\u00e9s sport nature\"]},\"29484\":{\"presentation\":{\"descriptifCourt\":{\"libelleFr\":\"Atelier de 2 heures \\u00e0 La Bo\\u00eete \\u00e0 M\\u00e9lisse pendant lequel \\u00c8ve, experte en plantes m\\u00e9dicinales, vous apprend \\u00e0 cr\\u00e9er votre propre tisane. Elle partage son savoir sur les bienfaits des plantes et vous guide dans le choix des meilleures associations !\",\"libelleEn\":\"2-hour workshop during which \\u00c8ve, the medicinal plant expert who runs the teashop La Bo\\u00eete \\u00e0 M\\u00e9lisse, teaches you how to make your own herb tea. She shares her knowledge of the benefits of plants with you and guides you in choosing the best combinations!\"},\"descriptifDetaille\":{\"libelleFr\":\"L\\u0027atelier de 2 heures \\u00e0 La Bo\\u00eete \\u00e0 M\\u00e9lisse, anim\\u00e9 par \\u00c8ve, vous plonge dans l\\u0027univers des plantes m\\u00e9dicinales. Sp\\u00e9cialiste des th\\u00e9s, tisanes, cosm\\u00e9tiques et huiles essentielles, \\u00c8ve vous d\\u00e9voile les secrets et bienfaits des plantes. Pendant cette session, elle vous guide dans la cr\\u00e9ation de votre propre tisane, adapt\\u00e9e \\u00e0 vos besoins sp\\u00e9cifiques. Un moment enrichissant et convivial pour d\\u00e9couvrir comment associer les plantes et profiter de leurs vertus au quotidien. Vous repartez avec votre tisane unique, un contenant de 25g.\\r\\n\\r\\nN.B : mat\\u00e9riel fourni.\",\"libelleEn\":\"The 2-hour workshop hosted by \\u00c8ve of La Bo\\u00eete \\u00e0 M\\u00e9lisse immerses you into the world of medicinal plants. As a specialist of teas, herbal teas, cosmetics and essential oils, \\u00c8ve uncovers the secrets and benefits of plants for you. An enrinching and friendly moment to discover how to combine plants and enjoy their virtues on a daily basis. You will go home with your unique herbal tea in a 25g container. \\r\\n\\r\\nN.B: equipment provided.\"}},\"prestations\":{\"animauxAcceptes\":\"NON_DISPONIBLE\",\"animauxAcceptesSupplement\":\"NON_DISPONIBLE\",\"languesParlees\":[{\"elementReferenceType\":\"Langue\",\"id\":1197}],\"surchargeTourismesAdaptes\":true,\"surchargeDescriptifHandicapMoteur\":true,\"surchargeDescriptifHandicapAuditif\":true,\"surchargeDescriptifHandicapVisuel\":true,\"surchargeDescriptifHandicapMental\":true,\"surchargeNombreFauteuilsRoulants\":true,\"nombrePersonnesMinimum\":2,\"tailleGroupeMax\":6},\"ouverture\":{\"periodeEnClair\":{\"libelleFr\":\"Du 01\\\/01 au 31\\\/12 le jeudi.\\n10h et 14h.\\r\\nAtelier de 2 heures.\",\"libelleEn\":\"From 01\\\/01 to 31\\\/12 on Thursday.\\n10:00 and 14:00.\\r\\n2-hour workshop.\",\"libelleEs\":\"Del 01\\\/01 al 31\\\/12 los jueves.\",\"libelleIt\":\"Dal 01\\\/01 al 31\\\/12 il gioved\\u00ec.\",\"libelleDe\":\"Vom 01\\\/01 bis 31\\\/12 jeden Donnerstag.\",\"libelleNl\":\"Van 01\\\/01 tot en met 31\\\/12 op donderdag.\",\"libelleRu\":\"\\u0421 01\\\/01 \\u0434\\u043e 31\\\/12 \\u043d\\u0430 \\u0447\\u0435\\u0442\\u0432\\u0435\\u0440\\u0433.\",\"libelleZh\":\"\\u4ece 1\\u67081\\u65e5 \\u5230 12\\u670831\\u65e5 \\u4e0a \\u661f\\u671f\\u56db.\",\"libellePtBR\":\"De 01\\\/01 a 31\\\/12 na quinta-feira.\",\"libelleJa\":\"01\\\/01 \\u304b\\u3089 31\\\/12 \\u307e\\u3067 \\u6728\\u66dc\\u65e5 \\u306b.\",\"libelleKo\":\"01\\\/01 \\uc77c\\ubd80\\ud130 31\\\/12 \\uc77c\\uae4c\\uc9c0 \\uc758 \\ubaa9\\uc694\\uc77c.\"},\"periodeEnClairGenerationMode\":\"AUTOMATIQUE\",\"indicationsPeriode\":[{\"elementReferenceType\":\"IndicationPeriode\",\"id\":416},{\"elementReferenceType\":\"IndicationPeriode\",\"id\":418},{\"elementReferenceType\":\"IndicationPeriode\",\"id\":435},{\"elementReferenceType\":\"IndicationPeriode\",\"id\":436}],\"periodesOuvertures\":[{\"identifiant\":32712439,\"dateDebut\":\"2024-01-01\",\"dateFin\":\"2025-12-31\",\"complementHoraire\":{\"libelleFr\":\"10h et 14h.\\r\\nAtelier de 2 heures.\",\"libelleEn\":\"10:00 and 14:00.\\r\\n2-hour workshop.\"},\"type\":\"OUVERTURE_SEMAINE\",\"tousLesAns\":true,\"ouverturesJournalieres\":[{\"jour\":\"JEUDI\"}],\"identifiantTechnique\":36822762,\"horaires\":[{\"id\":1610315,\"type\":{\"elementReferenceType\":\"HoraireType\",\"id\":7487},\"timePeriods\":[{\"id\":1696965,\"closed\":false,\"weekdays\":[\"THU\"],\"timeFrames\":[{\"id\":1769120}]}]}]}],\"dureeSeance\":120},\"Latitude\":45.74651800000000179124981514178216457366943359375,\"Longitude\":6.29389299999999973778130879509262740612030029296875,\"COMMUNE\":\"Faverges-Seythenex\",\"codeUI\":\"CA-ADOC-132625-47608\",\"TypeActivite\":\"Cultural activities\",\"critInternes\":[\"Place de march\\u00e9\",\"Atelier savoir-faire et terroir\",\"Bien-\\u00eatre\"]},\"34472\":{\"presentation\":{\"descriptifCourt\":{\"libelleFr\":\"Offrez une aventure verticale inoubliable ! Accompagn\\u00e9 d\\u2019un moniteur, lancez-vous dans votre premi\\u00e8re grande voie et vivez la magie de l\\u2019escalade avec vue imprenable sur le lac. Sensations, d\\u00e9passement et nature au rendez-vous !\",\"libelleEn\":\"Give the gift of an unforgettable vertical adventure! Accompanied by an instructor, set off on your first multi-pitch climb and experience the magic of rock climbing with breathtaking views over Lake Annecy. Thrills, challenge and nature all in one.\"},\"descriptifDetaille\":{\"libelleFr\":\"Si vous n\\u2019avez jamais fait de grande voie et que vous grimpez dans le 5b-5c, nous vous conseillons Zig Zag au mont Baron. Cette grande voie domine Veyrier du Lac et offre une vue de fou sur le lac d\\u2019Annecy.\\r\\n\\r\\nLes longueurs sont toutes tr\\u00e8s belles et l\\u2019escalade y est assez vari\\u00e9e et homog\\u00e8ne dans le cinqui\\u00e8me degr\\u00e9 : dalles, cannelures, murs, di\\u00e8dres, travers\\u00e9es.\\r\\n\\r\\nLa premi\\u00e8re longueur en 5c n\\u2019est pas obligatoire. Il suffira de ne pas descendre en bas du rappel si vous avez peur de ne pas \\u00eatre \\u00e0 la hauteur. La suite ne d\\u00e9passe jamais le 5b.\",\"libelleEn\":\"If you have never climbed a multi-pitch route before and you are comfortable climbing at a 5b\\u20135c level, we recommend the Zig Zag route on Mont Baron. This route overlooks Veyrier-du-Lac and offers incredible views over Lake Annecy.\\r\\n\\r\\nEach pitch is beautiful, with varied climbing that remains consistent in the fifth grade: slabs, grooves, walls, corners and traverses.\\r\\n\\r\\nThe first pitch, graded 5c, is optional. If you are unsure about it, you can simply avoid descending to the bottom of the abseil. The rest of the route never exceeds 5b.\"}},\"prestations\":{\"animauxAcceptes\":\"NON_ACCEPTES\",\"animauxAcceptesSupplement\":\"NON_DISPONIBLE\",\"languesParlees\":[{\"elementReferenceType\":\"Langue\",\"id\":1197}],\"surchargeTourismesAdaptes\":true,\"surchargeDescriptifHandicapMoteur\":true,\"surchargeDescriptifHandicapAuditif\":true,\"surchargeDescriptifHandicapVisuel\":true,\"surchargeDescriptifHandicapMental\":true,\"surchargeNombreFauteuilsRoulants\":true,\"tailleGroupeMax\":10,\"ageMin\":60,\"uniteAgeMin\":\"ANNEE\"},\"ouverture\":{\"periodeEnClair\":{\"libelleFr\":\"Toute l\\u0027ann\\u00e9e tous les jours.\\nSur r\\u00e9servation.\",\"libelleEn\":\"All year round daily.\",\"libelleEs\":\"Todo el a\\u00f1o todos los dias.\",\"libelleIt\":\"Tutto l\\u0027anno ogni giorno.\",\"libelleDe\":\"Ganzj\\u00e4hrig t\\u00e4glich.\",\"libelleNl\":\"Het hele jaar iedere dag.\",\"libelleRu\":\"\\u0412 \\u0442\\u0435\\u0447\\u0435\\u043d\\u0438\\u0435 \\u0432\\u0441\\u0435\\u0433\\u043e \\u0433\\u043e\\u0434\\u0430 \\u0435\\u0436\\u0435\\u0434\\u043d\\u0435\\u0432\\u043d\\u043e.\",\"libelleZh\":\"\\u5168\\u5e74 \\u65e5\\u5e38.\",\"libellePtBR\":\"Todo o ano todos os dias.\",\"libelleJa\":\"\\u30aa\\u30fc\\u30eb\\u30b7\\u30fc\\u30ba\\u30f3 \\u6bce\\u65e5.\",\"libelleKo\":\"\\uc77c \\ub144 \\ub0b4\\ub0b4 \\ub9e4\\uc77c.\"},\"periodeEnClairGenerationMode\":\"AUTOMATIQUE\",\"indicationsPeriode\":[{\"elementReferenceType\":\"IndicationPeriode\",\"id\":416},{\"elementReferenceType\":\"IndicationPeriode\",\"id\":418},{\"elementReferenceType\":\"IndicationPeriode\",\"id\":435},{\"elementReferenceType\":\"IndicationPeriode\",\"id\":436}],\"periodesOuvertures\":[{\"identifiant\":37982194,\"dateDebut\":\"2024-01-01\",\"dateFin\":\"2024-12-31\",\"complementHoraire\":{\"libelleFr\":\"Sur r\\u00e9servation.\"},\"type\":\"OUVERTURE_TOUS_LES_JOURS\",\"tousLesAns\":true,\"identifiantTechnique\":39796094,\"horaires\":[{\"id\":4455572,\"type\":{\"elementReferenceType\":\"HoraireType\",\"id\":7487},\"timePeriods\":[{\"id\":4933633,\"closed\":false,\"weekdays\":[\"WED\",\"SAT\",\"SUN\",\"THU\",\"MON\",\"TUE\",\"FRI\"],\"timeFrames\":[{\"id\":4889547}]}]}]}],\"ouvertTouteLAnnee\":\"OUVERT_TOUTE_L_ANNEE\",\"dureeSeance\":180},\"Latitude\":45.79806700000000319050741381943225860595703125,\"Longitude\":6.2316810000000000258069121628068387508392333984375,\"COMMUNE\":\"Doussard\",\"codeUI\":\"CA-ADOC-110648-15248\",\"TypeActivite\":\"Activit\\u00e9s sportives\",\"critInternes\":[\"Place de march\\u00e9\",\"bons_cadeaux\"]},\"29490\":{\"presentation\":{\"descriptifCourt\":{\"libelleFr\":\"Escalader une grande voie, c\\u2019est une mini aventure. Si vous grimpez d\\u00e9j\\u00e0, en \\u00e9tant accompagn\\u00e9 par un moniteur vous pouvez vous lancer dans votre premi\\u00e8re grande voie ! Un petit paradis pour l\\u2019escalade en grandes voies avec vue sur le lac !\"},\"descriptifDetaille\":{\"libelleFr\":\"Si vous n\\u2019avez jamais fait de grande voie et que vous grimpez dans le 5b-5c, nous vous conseillons Zig Zag au mont Baron. Cette grande voie domine Veyrier du Lac et offre une vue de fou sur le lac d\\u2019Annecy.\\r\\n\\r\\nLes longueurs sont toutes tr\\u00e8s belles et l\\u2019escalade y est assez vari\\u00e9e et homog\\u00e8ne dans le cinqui\\u00e8me degr\\u00e9 : dalles, cannelures, murs, di\\u00e8dres, travers\\u00e9es.\\r\\n\\r\\nLa premi\\u00e8re longueur en 5c n\\u2019est pas obligatoire. Il suffira de ne pas descendre en bas du rappel si vous avez peur de ne pas \\u00eatre \\u00e0 la hauteur. La suite ne d\\u00e9passe jamais le 5b.\"}},\"prestations\":{\"animauxAcceptes\":\"NON_DISPONIBLE\",\"animauxAcceptesSupplement\":\"NON_DISPONIBLE\",\"languesParlees\":[{\"elementReferenceType\":\"Langue\",\"id\":1197}],\"surchargeTourismesAdaptes\":true,\"surchargeDescriptifHandicapMoteur\":true,\"surchargeDescriptifHandicapAuditif\":true,\"surchargeDescriptifHandicapVisuel\":true,\"surchargeDescriptifHandicapMental\":true,\"surchargeNombreFauteuilsRoulants\":true,\"tailleGroupeMax\":10,\"ageMin\":60,\"uniteAgeMin\":\"ANNEE\"},\"ouverture\":{\"periodeEnClair\":{\"libelleFr\":\"Toute l\\u0027ann\\u00e9e tous les jours.\\nSur r\\u00e9servation.\",\"libelleEn\":\"All year round daily.\",\"libelleEs\":\"Todo el a\\u00f1o todos los dias.\",\"libelleIt\":\"Tutto l\\u0027anno ogni giorno.\",\"libelleDe\":\"Ganzj\\u00e4hrig t\\u00e4glich.\",\"libelleNl\":\"Het hele jaar iedere dag.\",\"libelleRu\":\"\\u0412 \\u0442\\u0435\\u0447\\u0435\\u043d\\u0438\\u0435 \\u0432\\u0441\\u0435\\u0433\\u043e \\u0433\\u043e\\u0434\\u0430 \\u0435\\u0436\\u0435\\u0434\\u043d\\u0435\\u0432\\u043d\\u043e.\",\"libelleZh\":\"\\u5168\\u5e74 \\u65e5\\u5e38.\",\"libellePtBR\":\"Todo o ano todos os dias.\",\"libelleJa\":\"\\u30aa\\u30fc\\u30eb\\u30b7\\u30fc\\u30ba\\u30f3 \\u6bce\\u65e5.\",\"libelleKo\":\"\\uc77c \\ub144 \\ub0b4\\ub0b4 \\ub9e4\\uc77c.\"},\"periodeEnClairGenerationMode\":\"AUTOMATIQUE\",\"indicationsPeriode\":[{\"elementReferenceType\":\"IndicationPeriode\",\"id\":416},{\"elementReferenceType\":\"IndicationPeriode\",\"id\":418},{\"elementReferenceType\":\"IndicationPeriode\",\"id\":435},{\"elementReferenceType\":\"IndicationPeriode\",\"id\":436}],\"periodesOuvertures\":[{\"identifiant\":32823806,\"dateDebut\":\"2024-01-01\",\"dateFin\":\"2024-12-31\",\"complementHoraire\":{\"libelleFr\":\"Sur r\\u00e9servation.\"},\"type\":\"OUVERTURE_TOUS_LES_JOURS\",\"tousLesAns\":true,\"identifiantTechnique\":39796451,\"horaires\":[{\"id\":4455932,\"type\":{\"elementReferenceType\":\"HoraireType\",\"id\":7487},\"timePeriods\":[{\"id\":4934032,\"closed\":false,\"weekdays\":[\"SUN\",\"FRI\",\"MON\",\"TUE\",\"SAT\",\"THU\",\"WED\"],\"timeFrames\":[{\"id\":4889902}]}]}]}],\"ouvertTouteLAnnee\":\"OUVERT_TOUTE_L_ANNEE\",\"dureeSeance\":180},\"Latitude\":45.79806700000000319050741381943225860595703125,\"Longitude\":6.2316810000000000258069121628068387508392333984375,\"COMMUNE\":\"Doussard\",\"codeUI\":\"CA-ADOC-110648-15248\",\"TypeActivite\":\"Sporting activities\",\"critInternes\":[\"Place de march\\u00e9\",\"Activit\\u00e9s sport nature\"]},\"35091\":{\"presentation\":{\"descriptifCourt\":{\"libelleFr\":\"Nous avons eu envie d\\u2019associer nos pratiques pour vous accompagner vers la rencontre du Soi \\u00e0 travers les \\u00e9nergies de printemps. Nous allons nous relier \\u00e0 ce nouveau cycle de vie par le biais du yoga, puis du mouvement intuitif.\"},\"descriptifDetaille\":{\"libelleFr\":\"Nous allons accueillir la renaissance de la nature et le renouveau autour et \\u00e0 l\\u2019int\\u00e9rieur de nous. Ce stage est ouvert \\u00e0 tous : hommes et femmes et n\\u2019a aucun pr\\u00e9requis.\"}},\"prestations\":{\"animauxAcceptes\":\"NON_ACCEPTES\",\"animauxAcceptesSupplement\":\"NON_DISPONIBLE\",\"languesParlees\":[{\"elementReferenceType\":\"Langue\",\"id\":1192},{\"elementReferenceType\":\"Langue\",\"id\":1197},{\"elementReferenceType\":\"Langue\",\"id\":1205}],\"surchargeTourismesAdaptes\":true,\"surchargeDescriptifHandicapMoteur\":true,\"surchargeDescriptifHandicapAuditif\":true,\"surchargeDescriptifHandicapVisuel\":true,\"surchargeDescriptifHandicapMental\":true,\"surchargeNombreFauteuilsRoulants\":true,\"tailleGroupeMax\":10,\"ageMin\":192,\"uniteAgeMin\":\"ANNEE\"},\"ouverture\":{\"periodeEnClair\":{\"libelleFr\":\"Samedi 28 mars 2026 de 14h30 \\u00e0 17h30.\",\"libelleEn\":\"Saturday 28 March 2026 between 2.30 pm and 5.30 pm.\",\"libelleEs\":\"S\\u00e1bado, 28 de marzo de 2026 de 14:30 a 17:30.\",\"libelleIt\":\"Sabato 28 marzo 2026 dalle 14:30 alle 17:30.\",\"libelleDe\":\"Samstag, den 28. M\\u00e4rz 2026 von 14.30 Uhr bis 17.30 Uhr.\",\"libelleNl\":\"Zaterdag 28 maart 2026 van 14.30 tot 17.30 u.\",\"libelleRu\":\"\\u0421\\u0443\\u0431\\u0431\\u043e\\u0442\\u0430 28 \\u043c\\u0430\\u0440\\u0442\\u0430 2026  \\u0441 14h30 \\u0434\\u043e 17h30.\",\"libelleZh\":\"2026\\u5e743\\u670828\\u65e5, \\u661f\\u671f\\u516d   \\u5c0f\\u65f6\\u5c0f\\u65f6\\u5206\\u949f  \\u548c \\u5c0f\\u65f6\\u5c0f\\u65f6\\u5206\\u949f  \\u4e4b\\u95f4.\",\"libellePtBR\":\"S\\u00e1bado 28 mar\\u00e7o 2026 de 14h30 a\\u00a0 17h30.\",\"libelleJa\":\"\\u571f\\u66dc\\u65e5 28 3\\u6708 2026 2.30 \\u5348\\u5f8c \\u3068 5.30 \\u5348\\u5f8c \\u306e\\u9593.\",\"libelleKo\":\"\\ud1a0\\uc694\\uc77c 28 3\\uc6d4 02026 14h30 \\uc5d0\\uc11c 17h30 \\uae4c\\uc9c0.\"},\"periodeEnClairGenerationMode\":\"AUTOMATIQUE\",\"indicationsPeriode\":[{\"elementReferenceType\":\"IndicationPeriode\",\"id\":436}],\"periodesOuvertures\":[{\"identifiant\":39112083,\"dateDebut\":\"2026-03-28\",\"dateFin\":\"2026-03-28\",\"horaireOuverture\":\"14:30:00\",\"horaireFermeture\":\"17:30:00\",\"type\":\"OUVERTURE_TOUS_LES_JOURS\",\"tousLesAns\":false,\"identifiantTechnique\":39112083,\"horaires\":[{\"id\":3796920,\"type\":{\"elementReferenceType\":\"HoraireType\",\"id\":7487},\"timePeriods\":[{\"id\":4165567,\"closed\":false,\"timeFrames\":[{\"id\":4189245,\"startTime\":\"14:30\",\"endTime\":\"17:30\"}]}]}]}],\"dureeSeance\":180},\"Latitude\":45.77647900000000191766957868821918964385986328125,\"Longitude\":6.22004499999999982406961862579919397830963134765625,\"COMMUNE\":\"Doussard\",\"codeUI\":\"CA-ADOC-134646-58953\",\"TypeActivite\":\"Activit\\u00e9s sportives\",\"critInternes\":[\"Place de march\\u00e9\",\"Bien-\\u00eatre\"]},\"35868\":{\"presentation\":{\"descriptifCourt\":{\"libelleFr\":\"Offrez-vous une parenth\\u00e8se bien-\\u00eatre avec une consultation de naturopathie compl\\u00e8te, pens\\u00e9e pour r\\u00e9\\u00e9quilibrer votre organisme en douceur et de mani\\u00e8re durable. Lors de ce bilan personnalis\\u00e9, votre vitalit\\u00e9 est \\u00e9valu\\u00e9e dans sa globalit\\u00e9.\",\"libelleEn\":\"Treat yourself to a wellness break with a comprehensive naturopathic consultation, designed to gently and sustainably rebalance your body. During this personalized assessment, your overall vitality is evaluated.\"},\"descriptifDetaille\":{\"libelleFr\":\"Cette approche int\\u00e9grative associe des conseils en nutrition et micronutrition, afin d\\u2019optimiser votre alimentation, \\u00e0 des techniques naturelles comme la phyto-aromath\\u00e9rapie, la gemmoth\\u00e9rapie ou les fleurs de Bach pour soutenir votre \\u00e9quilibre physique et \\u00e9motionnel. La s\\u00e9ance peut \\u00e9galement inclure de la r\\u00e9flexologie faciale, une m\\u00e9thode douce favorisant la d\\u00e9tente et la stimulation des fonctions de l\\u2019organisme.\\r\\n\\r\\nUne exp\\u00e9rience compl\\u00e8te pour prendre soin de vous autrement, renforcer votre \\u00e9nergie et retrouver un mieux-\\u00eatre durable.\"}},\"prestations\":{\"equipements\":[{\"elementReferenceType\":\"PrestationEquipement\",\"id\":972},{\"elementReferenceType\":\"PrestationEquipement\",\"id\":5592},{\"elementReferenceType\":\"PrestationEquipement\",\"id\":6094}],\"animauxAcceptes\":\"NON_ACCEPTES\",\"animauxAcceptesSupplement\":\"NON_DISPONIBLE\",\"languesParlees\":[{\"elementReferenceType\":\"Langue\",\"id\":1189},{\"elementReferenceType\":\"Langue\",\"id\":1192},{\"elementReferenceType\":\"Langue\",\"id\":1197}],\"tourismesAdaptes\":[{\"elementReferenceType\":\"TourismeAdapte\",\"id\":3653}],\"surchargeTourismesAdaptes\":true,\"surchargeDescriptifHandicapMoteur\":true,\"surchargeDescriptifHandicapAuditif\":true,\"surchargeDescriptifHandicapVisuel\":true,\"surchargeDescriptifHandicapMental\":true,\"surchargeNombreFauteuilsRoulants\":true,\"ageMin\":192,\"uniteAgeMin\":\"ANNEE\"},\"ouverture\":{\"periodeEnClair\":{\"libelleFr\":\"Du 01\\\/01 au 31\\\/12\\\/2026 le lundi et mercredi de 9h \\u00e0 17h.\",\"libelleEn\":\"From 01\\\/01 to 31\\\/12\\\/2026 on Monday and Wednesday between 9 am and 5 pm.\",\"libelleEs\":\"Del 01\\\/01 al 31\\\/12\\\/2026 los lunes y mi\\u00e9rcoles de 9 a 17.\",\"libelleIt\":\"Dal 01\\\/01 al 31\\\/12\\\/2026 il luned\\u00ec e mercoled\\u00ec dalle 9 alle 17.\",\"libelleDe\":\"Vom 01\\\/01 bis 31\\\/12\\\/2026 jeden Montag und Mittwoch von 9 Uhr bis 17 Uhr.\",\"libelleNl\":\"Van 01\\\/01 tot en met 31\\\/12\\\/2026 op maandag en woensdag van 9.00 tot 17.00 u.\",\"libelleRu\":\"\\u0421 01\\\/01 \\u0434\\u043e 31\\\/12\\\/2026 \\u043d\\u0430 \\u043f\\u043e\\u043d\\u0435\\u0434\\u0435\\u043b\\u044c\\u043d\\u0438\\u043a \\u0438 \\u0441\\u0440\\u0435\\u0434\\u0430 \\u0441 9h \\u0434\\u043e 17h.\",\"libelleZh\":\"\\u4ece 1\\u67081\\u65e5 \\u5230 2026\\u5e7412\\u670831\\u65e5 \\u4e0a \\u661f\\u671f\\u4e00 \\u548c \\u661f\\u671f\\u4e09 \\u5c0f\\u65f6\\u5c0f\\u65f6 \\u548c \\u5c0f\\u65f6\\u5c0f\\u65f6 \\u4e4b\\u95f4.\",\"libellePtBR\":\"De 01\\\/01 a 31\\\/12\\\/2026 na segunda-feira e quarta-feira de 9h a\\u00a0 17h.\",\"libelleJa\":\"01\\\/01 \\u304b\\u3089 31\\\/12\\\/2026 \\u307e\\u3067 \\u6708\\u66dc\\u65e5 \\u3068 \\u6c34\\u66dc\\u65e5 \\u306b 9 \\u5348\\u524d \\u3068 5 \\u5348\\u5f8c \\u306e\\u9593.\",\"libelleKo\":\"01\\\/01 \\uc77c\\ubd80\\ud130 31\\\/12\\\/2026 \\uc77c\\uae4c\\uc9c0 \\uc758 \\uc6d4\\uc694\\uc77c \\ubc0f \\uc218\\uc694\\uc77c 9h \\uc5d0\\uc11c 17h \\uae4c\\uc9c0.\"},\"periodeEnClairGenerationMode\":\"AUTOMATIQUE\",\"indicationsPeriode\":[{\"elementReferenceType\":\"IndicationPeriode\",\"id\":416},{\"elementReferenceType\":\"IndicationPeriode\",\"id\":418},{\"elementReferenceType\":\"IndicationPeriode\",\"id\":435},{\"elementReferenceType\":\"IndicationPeriode\",\"id\":436}],\"periodesOuvertures\":[{\"identifiant\":40013352,\"dateDebut\":\"2026-01-01\",\"dateFin\":\"2026-12-31\",\"horaireOuverture\":\"09:00:00\",\"horaireFermeture\":\"17:00:00\",\"type\":\"OUVERTURE_SEMAINE\",\"tousLesAns\":false,\"ouverturesJournalieres\":[{\"jour\":\"MERCREDI\"},{\"jour\":\"LUNDI\"}],\"identifiantTechnique\":40013352,\"horaires\":[{\"id\":4663282,\"type\":{\"elementReferenceType\":\"HoraireType\",\"id\":7487},\"timePeriods\":[{\"id\":5175298,\"closed\":false,\"weekdays\":[\"WED\",\"MON\"],\"timeFrames\":[{\"id\":5104964,\"startTime\":\"09:00\",\"endTime\":\"17:00\"}]}]}]}],\"dureeSeance\":120},\"Latitude\":45.75514299999999678902895539067685604095458984375,\"Longitude\":6.27459399999999956065721562481485307216644287109375,\"COMMUNE\":\"Faverges-Seythenex\",\"codeUI\":\"CA-ADOC-135614-60601\",\"TypeActivite\":\"Activit\\u00e9s culturelles\",\"critInternes\":[\"Place de march\\u00e9\",\"Bien-\\u00eatre\"]},\"34821\":{\"presentation\":{\"descriptifCourt\":{\"libelleFr\":\"Atelier Pilates en pleine conscience alliant mouvements doux, respiration et concentration. Un temps pour se recentrer, renforcer le corps en profondeur, am\\u00e9liorer la posture et rel\\u00e2cher les tensions, dans une approche bienveillante et accessible \\u00e0 tous.\",\"libelleEn\":\"Mindful Pilates workshop combining gentle movements, breathing, and concentration. A time to reconnect with yourself, strengthen the body deeply, improve posture, and release tension, through a caring and accessible approach for everyone.\"}},\"prestations\":{\"animauxAcceptes\":\"NON_ACCEPTES\",\"animauxAcceptesSupplement\":\"NON_DISPONIBLE\",\"languesParlees\":[{\"elementReferenceType\":\"Langue\",\"id\":1192},{\"elementReferenceType\":\"Langue\",\"id\":1197}],\"surchargeTourismesAdaptes\":true,\"surchargeDescriptifHandicapMoteur\":true,\"surchargeDescriptifHandicapAuditif\":true,\"surchargeDescriptifHandicapVisuel\":true,\"surchargeDescriptifHandicapMental\":true,\"surchargeNombreFauteuilsRoulants\":true,\"typesClientele\":[{\"elementReferenceType\":\"TypeClientele\",\"id\":3735}],\"tailleGroupeMax\":15,\"ageMin\":192,\"ageMax\":960,\"uniteAgeMin\":\"ANNEE\",\"uniteAgeMax\":\"ANNEE\"},\"ouverture\":{\"periodeEnClair\":{},\"periodeEnClairGenerationMode\":\"AUTOMATIQUE\",\"indicationsPeriode\":[{\"elementReferenceType\":\"IndicationPeriode\",\"id\":435}],\"periodesOuvertures\":[{\"identifiant\":38857815,\"dateDebut\":\"2026-02-07\",\"dateFin\":\"2026-02-07\",\"complementHoraire\":{\"libelleFr\":\"Sur r\\u00e9servation.\",\"libelleEn\":\"By reservation only.\"},\"horaireOuverture\":\"09:00:00\",\"horaireFermeture\":\"12:00:00\",\"type\":\"OUVERTURE_TOUS_LES_JOURS\",\"tousLesAns\":false,\"identifiantTechnique\":38954331,\"horaires\":[{\"id\":3639241,\"type\":{\"elementReferenceType\":\"HoraireType\",\"id\":7487},\"timePeriods\":[{\"id\":3982181,\"closed\":false,\"weekdays\":[\"SAT\"],\"timeFrames\":[{\"id\":4021746,\"startTime\":\"09:00\",\"endTime\":\"12:00\"}]}]}]}],\"dureeSeance\":180},\"Latitude\":45.760446000000001731677912175655364990234375,\"Longitude\":6.25886899999999979371523295412771403789520263671875,\"COMMUNE\":\"Giez\",\"TypesClienteles\":[\"Adapt\\u00e9 aux d\\u00e9butants\"],\"codeUI\":\"CA-ADOC-135132-58657\",\"TypeActivite\":\"Activit\\u00e9s sportives\",\"critInternes\":[\"Place de march\\u00e9\",\"Bien-\\u00eatre\",\"Activit\\u00e9s sport nature\"]},\"30368\":{\"presentation\":{\"descriptifCourt\":{\"libelleFr\":\"Partagez un moment unique avec votre enfant (4-8 ans) gr\\u00e2ce aux s\\u00e9ances de yoga parent-enfant de Marion Boucher. Une belle fa\\u00e7on de renforcer votre lien tout en d\\u00e9couvrant le yoga ensemble.\"},\"descriptifDetaille\":{}},\"prestations\":{\"animauxAcceptes\":\"NON_DISPONIBLE\",\"animauxAcceptesSupplement\":\"NON_DISPONIBLE\",\"languesParlees\":[{\"elementReferenceType\":\"Langue\",\"id\":1197}],\"surchargeTourismesAdaptes\":true,\"surchargeDescriptifHandicapMoteur\":true,\"surchargeDescriptifHandicapAuditif\":true,\"surchargeDescriptifHandicapVisuel\":true,\"surchargeDescriptifHandicapMental\":true,\"surchargeNombreFauteuilsRoulants\":true,\"ageMin\":48,\"uniteAgeMin\":\"ANNEE\"},\"ouverture\":{\"periodeEnClair\":{\"libelleFr\":\"Toute l\\u0027ann\\u00e9e tous les jours.\",\"libelleEn\":\"All year round daily.\",\"libelleEs\":\"Todo el a\\u00f1o todos los dias.\",\"libelleIt\":\"Tutto l\\u0027anno ogni giorno.\",\"libelleDe\":\"Ganzj\\u00e4hrig t\\u00e4glich.\",\"libelleNl\":\"Het hele jaar iedere dag.\",\"libelleRu\":\"\\u0412 \\u0442\\u0435\\u0447\\u0435\\u043d\\u0438\\u0435 \\u0432\\u0441\\u0435\\u0433\\u043e \\u0433\\u043e\\u0434\\u0430 \\u0435\\u0436\\u0435\\u0434\\u043d\\u0435\\u0432\\u043d\\u043e.\",\"libelleZh\":\"\\u5168\\u5e74 \\u65e5\\u5e38.\",\"libellePtBR\":\"Todo o ano todos os dias.\",\"libelleJa\":\"\\u30aa\\u30fc\\u30eb\\u30b7\\u30fc\\u30ba\\u30f3 \\u6bce\\u65e5.\",\"libelleKo\":\"\\uc77c \\ub144 \\ub0b4\\ub0b4 \\ub9e4\\uc77c.\"},\"periodeEnClairGenerationMode\":\"AUTOMATIQUE\",\"indicationsPeriode\":[{\"elementReferenceType\":\"IndicationPeriode\",\"id\":416},{\"elementReferenceType\":\"IndicationPeriode\",\"id\":418},{\"elementReferenceType\":\"IndicationPeriode\",\"id\":435},{\"elementReferenceType\":\"IndicationPeriode\",\"id\":436}],\"periodesOuvertures\":[{\"identifiant\":33782353,\"dateDebut\":\"2024-01-01\",\"dateFin\":\"2024-12-31\",\"type\":\"OUVERTURE_TOUS_LES_JOURS\",\"tousLesAns\":true,\"identifiantTechnique\":36822490,\"horaires\":[{\"id\":1610049,\"type\":{\"elementReferenceType\":\"HoraireType\",\"id\":7487},\"timePeriods\":[{\"id\":1696690,\"closed\":false,\"weekdays\":[\"SAT\",\"WED\",\"SUN\",\"FRI\",\"MON\",\"THU\",\"TUE\"],\"timeFrames\":[{\"id\":1768842}]}]}]}],\"ouvertTouteLAnnee\":\"OUVERT_TOUTE_L_ANNEE\",\"dureeSeance\":75},\"Latitude\":45.76012200000000262889443547464907169342041015625,\"Longitude\":6.2588290000000004198454917059279978275299072265625,\"COMMUNE\":\"Chevaline\",\"codeUI\":\"CA-ADOC-133378-49259\",\"TypeActivite\":\"Sporting activities\",\"critInternes\":[\"Partenaire\",\"Place de march\\u00e9\",\"Bien-\\u00eatre\",\"bons_cadeaux\"]},\"34476\":{\"presentation\":{\"descriptifCourt\":{\"libelleFr\":\"Offrez un moment unique avec un atelier de danse libre et intuitive ! Une exp\\u00e9rience ludique, accessible et cr\\u00e9ative o\\u00f9 mouvement, imagination et perception s\\u2019unissent pour r\\u00e9v\\u00e9ler l\\u2019expression et la joie du corps en libert\\u00e9.\"}},\"prestations\":{\"animauxAcceptes\":\"NON_ACCEPTES\",\"animauxAcceptesSupplement\":\"NON_DISPONIBLE\",\"languesParlees\":[{\"elementReferenceType\":\"Langue\",\"id\":1192},{\"elementReferenceType\":\"Langue\",\"id\":1197},{\"elementReferenceType\":\"Langue\",\"id\":1205}],\"surchargeTourismesAdaptes\":true,\"surchargeDescriptifHandicapMoteur\":true,\"surchargeDescriptifHandicapAuditif\":true,\"surchargeDescriptifHandicapVisuel\":true,\"surchargeDescriptifHandicapMental\":true,\"surchargeNombreFauteuilsRoulants\":true,\"tailleGroupeMax\":10,\"ageMin\":192,\"uniteAgeMin\":\"ANNEE\"},\"ouverture\":{\"periodeEnClair\":{\"libelleFr\":\"Toute l\\u0027ann\\u00e9e tous les jours.\",\"libelleEn\":\"All year round daily.\",\"libelleEs\":\"Todo el a\\u00f1o todos los dias.\",\"libelleIt\":\"Tutto l\\u0027anno ogni giorno.\",\"libelleDe\":\"Ganzj\\u00e4hrig t\\u00e4glich.\",\"libelleNl\":\"Het hele jaar iedere dag.\",\"libelleRu\":\"\\u0412 \\u0442\\u0435\\u0447\\u0435\\u043d\\u0438\\u0435 \\u0432\\u0441\\u0435\\u0433\\u043e \\u0433\\u043e\\u0434\\u0430 \\u0435\\u0436\\u0435\\u0434\\u043d\\u0435\\u0432\\u043d\\u043e.\",\"libelleZh\":\"\\u5168\\u5e74 \\u65e5\\u5e38.\",\"libellePtBR\":\"Todo o ano todos os dias.\",\"libelleJa\":\"\\u30aa\\u30fc\\u30eb\\u30b7\\u30fc\\u30ba\\u30f3 \\u6bce\\u65e5.\",\"libelleKo\":\"\\uc77c \\ub144 \\ub0b4\\ub0b4 \\ub9e4\\uc77c.\"},\"periodeEnClairGenerationMode\":\"AUTOMATIQUE\",\"indicationsPeriode\":[{\"elementReferenceType\":\"IndicationPeriode\",\"id\":416},{\"elementReferenceType\":\"IndicationPeriode\",\"id\":418},{\"elementReferenceType\":\"IndicationPeriode\",\"id\":435},{\"elementReferenceType\":\"IndicationPeriode\",\"id\":436}],\"periodesOuvertures\":[{\"identifiant\":37920119,\"dateDebut\":\"2025-01-01\",\"dateFin\":\"2025-12-31\",\"type\":\"OUVERTURE_TOUS_LES_JOURS\",\"tousLesAns\":true,\"identifiantTechnique\":39101973,\"horaires\":[{\"id\":3787593,\"type\":{\"elementReferenceType\":\"HoraireType\",\"id\":7487},\"timePeriods\":[{\"id\":4154580,\"closed\":false,\"weekdays\":[\"SAT\",\"SUN\",\"TUE\",\"MON\",\"THU\",\"FRI\",\"WED\"]}]}]}],\"ouvertTouteLAnnee\":\"OUVERT_TOUTE_L_ANNEE\"},\"Latitude\":45.775497999999998910425347276031970977783203125,\"Longitude\":6.2184030000000003468585418886505067348480224609375,\"COMMUNE\":\"Doussard\",\"codeUI\":\"CA-ADOC-134646-57297\",\"TypeActivite\":\"Activit\\u00e9s sportives\",\"critInternes\":[\"Place de march\\u00e9\",\"bons_cadeaux\"]},\"29530\":{\"presentation\":{\"descriptifCourt\":{\"libelleFr\":\"Pour les grands aventuriers ma\\u00eetrisant les 3 allures, partez en randonn\\u00e9e \\u00e0 cheval au c\\u0153ur du Massif des Bauges ! D\\u00e9couvrez des paysages \\u00e0 couper le souffle et terminez par une d\\u00e9gustation de fromages locaux. Une aventure unique vous attend !\",\"libelleEn\":\"For great adventurers mastering all 3 gaits, set off on a horseback ride through the heart of the Massif des Bauges! Discover breathtaking landscapes and finish with a local cheese tasting. A unique adventure awaits you!\"},\"descriptifDetaille\":{\"libelleFr\":\"Tenue adapt\\u00e9e et chaussures ferm\\u00e9es obligatoires\"}},\"prestations\":{\"animauxAcceptes\":\"NON_DISPONIBLE\",\"animauxAcceptesSupplement\":\"NON_DISPONIBLE\",\"languesParlees\":[{\"elementReferenceType\":\"Langue\",\"id\":1197}],\"surchargeTourismesAdaptes\":true,\"surchargeDescriptifHandicapMoteur\":true,\"surchargeDescriptifHandicapAuditif\":true,\"surchargeDescriptifHandicapVisuel\":true,\"surchargeDescriptifHandicapMental\":true,\"surchargeNombreFauteuilsRoulants\":true,\"typesClientele\":[{\"elementReferenceType\":\"TypeClientele\",\"id\":4952}]},\"ouverture\":{\"periodeEnClair\":{\"libelleFr\":\"Toute l\\u0027ann\\u00e9e tous les jours.\\nSur r\\u00e9servation.\",\"libelleEn\":\"All year round daily.\",\"libelleEs\":\"Todo el a\\u00f1o todos los dias.\",\"libelleIt\":\"Tutto l\\u0027anno ogni giorno.\",\"libelleDe\":\"Ganzj\\u00e4hrig t\\u00e4glich.\",\"libelleNl\":\"Het hele jaar iedere dag.\",\"libelleRu\":\"\\u0412 \\u0442\\u0435\\u0447\\u0435\\u043d\\u0438\\u0435 \\u0432\\u0441\\u0435\\u0433\\u043e \\u0433\\u043e\\u0434\\u0430 \\u0435\\u0436\\u0435\\u0434\\u043d\\u0435\\u0432\\u043d\\u043e.\",\"libelleZh\":\"\\u5168\\u5e74 \\u65e5\\u5e38.\",\"libellePtBR\":\"Todo o ano todos os dias.\",\"libelleJa\":\"\\u30aa\\u30fc\\u30eb\\u30b7\\u30fc\\u30ba\\u30f3 \\u6bce\\u65e5.\",\"libelleKo\":\"\\uc77c \\ub144 \\ub0b4\\ub0b4 \\ub9e4\\uc77c.\"},\"periodeEnClairGenerationMode\":\"AUTOMATIQUE\",\"indicationsPeriode\":[{\"elementReferenceType\":\"IndicationPeriode\",\"id\":416},{\"elementReferenceType\":\"IndicationPeriode\",\"id\":418},{\"elementReferenceType\":\"IndicationPeriode\",\"id\":435},{\"elementReferenceType\":\"IndicationPeriode\",\"id\":436}],\"periodesOuvertures\":[{\"identifiant\":33094647,\"dateDebut\":\"2024-01-01\",\"dateFin\":\"2024-12-31\",\"complementHoraire\":{\"libelleFr\":\"Sur r\\u00e9servation.\"},\"type\":\"OUVERTURE_TOUS_LES_JOURS\",\"tousLesAns\":true,\"identifiantTechnique\":36822515,\"horaires\":[{\"id\":1610072,\"type\":{\"elementReferenceType\":\"HoraireType\",\"id\":7487},\"timePeriods\":[{\"id\":1696713,\"closed\":false,\"weekdays\":[\"WED\",\"SAT\",\"SUN\",\"THU\",\"MON\",\"TUE\",\"FRI\"],\"timeFrames\":[{\"id\":1768863}]}]}]}],\"ouvertTouteLAnnee\":\"OUVERT_TOUTE_L_ANNEE\",\"dureeSeance\":240},\"Latitude\":45.74576499999999867895894567482173442840576171875,\"Longitude\":6.224579999999999557758201262913644313812255859375,\"COMMUNE\":\"Chevaline\",\"TypesClienteles\":[\"Comfortable in three speeds\"],\"codeUI\":\"CA-ADOC-132746-48279\",\"TypeActivite\":\"Sporting activities\",\"critInternes\":[\"Place de march\\u00e9\",\"Activit\\u00e9s sport nature\",\"bons_cadeaux\"]},\"35253\":{\"presentation\":{\"descriptifCourt\":{\"libelleFr\":\"A la fois dynamique, ludique et conviviale, cette sortie vous invite \\u00e0 d\\u00e9couvrir les Sources du lac d\\u2019Annecy autrement, dans un cadre naturel exceptionnel.  Guid\\u00e9(e) par une coach sportive, vous alternez marche avec b\\u00e2tons dynamiques et exercices simples.\"},\"descriptifDetaille\":{\"libelleFr\":\"Notre balade d\\u00e9butera sur un chemin bucolique le long du ruisseau de Nanceau, au c\\u0153ur du Marais de Doussard. \\r\\n\\r\\nNous traverserons ensuite le village de Lathuile avec sa belle \\u00e9glise romane, avant de prendre un peu de hauteur en empruntant un sentier ombrag\\u00e9 offrant de jolis points de vue sur le Lac d\\u0027Annecy, la r\\u00e9serve naturelle du \\u00ab Bout-du-Lac \\u00bb et les massifs de la Tournette et de la Dent de Cons.\\r\\n\\r\\nBUNGYPUMP, DES B\\u00c2TONS PAS COMME LES AUTRES !!\\r\\n\\r\\nD\\u2019origine su\\u00e9doise, les b\\u00e2tons BungyPump sont \\u00e9quip\\u00e9s d\\u2019un syst\\u00e8me de r\\u00e9sistance qui :\\r\\n\\r\\n- am\\u00e9liore la posture et l\\u2019\\u00e9quilibre\\r\\n\\r\\n- sollicite bras, dos et ceinture abdominale\\r\\n\\r\\n- transforme la marche en activit\\u00e9 compl\\u00e8te et douce pour les articulations.\\r\\n\\r\\nLes b\\u00e2tons sont fournis pour toute la dur\\u00e9e de la sortie.\\r\\n\\r\\nINFOS PRATIQUES\\r\\n\\r\\n- Public : adultes et enfants \\u00e0 partir de 15 ans (animaux non admis)\\r\\n\\r\\n- Dur\\u00e9e : 2h30\\r\\n\\r\\n- Distance: 6 km\\r\\n\\r\\n- D\\u00e9nivel\\u00e9 : +180 m\\r\\n\\r\\n- Niveau: facile, accessible \\u00e0 toute personne en bonne forme physique\\r\\n\\r\\n- Groupe : de 3 \\u00e0 12 personnes maximum\\r\\n\\r\\n- Mat\\u00e9riel fourni: pr\\u00eat de b\\u00e2tons BungyPump inclus\\r\\n\\r\\n- Stationnement : parking gratuit \\u00e0 proximit\\u00e9\\r\\n\\r\\n- Accessible en bus et \\u00e0 v\\u00e9lo\\r\\n\\r\\n\\r\\nEQUIPEMENT CONSEILLE\\r\\n\\r\\n- basket type trail ou chaussures de randonn\\u00e9e\\r\\n\\r\\n- tenue de sport adapt\\u00e9e \\u00e0 la m\\u00e9t\\u00e9o\\r\\n\\r\\n- petit sac \\u00e0 dos ou sac banane\\r\\n\\r\\n- gourde d\\u0027eau et en-cas\\r\\n\\r\\n- veste imperm\\u00e9able\\r\\n\\r\\n- gants fins et bonnet en hiver\\r\\n\\r\\n- casquette, lunettes et cr\\u00e8me solaire aux beaux jours\"}},\"prestations\":{\"animauxAcceptes\":\"NON_ACCEPTES\",\"animauxAcceptesSupplement\":\"NON_DISPONIBLE\",\"languesParlees\":[{\"elementReferenceType\":\"Langue\",\"id\":1192},{\"elementReferenceType\":\"Langue\",\"id\":1197}],\"complementAccueil\":{\"libelleFr\":\"EQUIPEMENT CONSEILLE\\r\\n\\r\\n- basket type trail ou chaussures de randonn\\u00e9e\\r\\n\\r\\n- tenue de sport adapt\\u00e9e \\u00e0 la m\\u00e9t\\u00e9o\\r\\n\\r\\n- petit sac \\u00e0 dos ou sac banane\\r\\n\\r\\n- gourde d\\u0027eau et en-cas\\r\\n\\r\\n- veste imperm\\u00e9able\\r\\n\\r\\n- gants fins et bonnet en hiver\\r\\n\\r\\n- casquette, lunettes et cr\\u00e8me solaire aux beaux jours\"},\"surchargeTourismesAdaptes\":true,\"surchargeDescriptifHandicapMoteur\":true,\"surchargeDescriptifHandicapAuditif\":true,\"surchargeDescriptifHandicapVisuel\":true,\"surchargeDescriptifHandicapMental\":true,\"surchargeNombreFauteuilsRoulants\":true,\"nombrePersonnesMinimum\":3,\"tailleGroupeMax\":12,\"ageMin\":180,\"uniteAgeMin\":\"ANNEE\"},\"ouverture\":{\"periodeEnClair\":{\"libelleFr\":\"Toute l\\u0027ann\\u00e9e tous les jours.\\nD\\u00e9part \\u00e0 9h\\r\\nD\\u00e9part \\u00e0 13h30.\",\"libelleEn\":\"All year round daily.\",\"libelleEs\":\"Todo el a\\u00f1o todos los dias.\",\"libelleIt\":\"Tutto l\\u0027anno ogni giorno.\",\"libelleDe\":\"Ganzj\\u00e4hrig t\\u00e4glich.\",\"libelleNl\":\"Het hele jaar iedere dag.\",\"libelleRu\":\"\\u0412 \\u0442\\u0435\\u0447\\u0435\\u043d\\u0438\\u0435 \\u0432\\u0441\\u0435\\u0433\\u043e \\u0433\\u043e\\u0434\\u0430 \\u0435\\u0436\\u0435\\u0434\\u043d\\u0435\\u0432\\u043d\\u043e.\",\"libelleZh\":\"\\u5168\\u5e74 \\u65e5\\u5e38.\",\"libellePtBR\":\"Todo o ano todos os dias.\",\"libelleJa\":\"\\u30aa\\u30fc\\u30eb\\u30b7\\u30fc\\u30ba\\u30f3 \\u6bce\\u65e5.\",\"libelleKo\":\"\\uc77c \\ub144 \\ub0b4\\ub0b4 \\ub9e4\\uc77c.\"},\"periodeEnClairGenerationMode\":\"AUTOMATIQUE\",\"indicationsPeriode\":[{\"elementReferenceType\":\"IndicationPeriode\",\"id\":416},{\"elementReferenceType\":\"IndicationPeriode\",\"id\":418},{\"elementReferenceType\":\"IndicationPeriode\",\"id\":435},{\"elementReferenceType\":\"IndicationPeriode\",\"id\":436}],\"periodesOuvertures\":[{\"identifiant\":39887142,\"dateDebut\":\"2026-01-01\",\"dateFin\":\"2026-12-31\",\"complementHoraire\":{\"libelleFr\":\"D\\u00e9part \\u00e0 9h\\r\\nD\\u00e9part \\u00e0 13h30\"},\"type\":\"OUVERTURE_TOUS_LES_JOURS\",\"tousLesAns\":true,\"identifiantTechnique\":39911290,\"horaires\":[{\"id\":4565643,\"type\":{\"elementReferenceType\":\"HoraireType\",\"id\":7487},\"timePeriods\":[{\"id\":5061857,\"closed\":false,\"weekdays\":[\"WED\",\"MON\",\"TUE\",\"SUN\",\"THU\",\"FRI\",\"SAT\"]}]}]}],\"ouvertTouteLAnnee\":\"OUVERT_TOUTE_L_ANNEE\"},\"Latitude\":45.79131000000000284444467979483306407928466796875,\"Longitude\":6.21299799999999979860376697615720331668853759765625,\"COMMUNE\":\"Lathuile\",\"codeUI\":\"CA-ADOC-135225-59391\",\"TypeActivite\":\"Activit\\u00e9s sportives\",\"critInternes\":[\"Place de march\\u00e9\",\"Bien-\\u00eatre\",\"Activit\\u00e9s sport nature\",\"offres_du_moment\",\"Partenaire_2026\"]},\"31833\":{\"presentation\":{\"descriptifCourt\":{\"libelleFr\":\"Envie de d\\u00e9tente et de cr\\u00e9ativit\\u00e9 ? Partagez pour un moment chaleureux autour du tricot ! Aiguilles en main, laine douce et boisson chaude, laissez-vous porter par le plaisir d\\u2019apprendre et de partager. D\\u00e9butants et passionn\\u00e9s bienvenus !\"},\"descriptifDetaille\":{\"libelleFr\":\"Installez-vous confortablement dans notre espace d\\u00e9di\\u00e9 et laissez-vous emporter par la douceur du tricot. Que vous soyez d\\u00e9butant(e) ou passionn\\u00e9(e), venez apprendre, partager et perfectionner votre technique dans une ambiance conviviale. Autour d\\u2019un th\\u00e9 ou d\\u2019un caf\\u00e9 accompagn\\u00e9 de petites douceurs, profitez d\\u2019un moment de d\\u00e9tente et d\\u2019\\u00e9change bienveillant. Entre mailles et papotages, red\\u00e9couvrez le plaisir simple de cr\\u00e9er de vos propres mains.\"}},\"prestations\":{\"animauxAcceptes\":\"NON_DISPONIBLE\",\"animauxAcceptesSupplement\":\"NON_DISPONIBLE\",\"languesParlees\":[{\"elementReferenceType\":\"Langue\",\"id\":1197}],\"surchargeTourismesAdaptes\":true,\"surchargeDescriptifHandicapMoteur\":true,\"surchargeDescriptifHandicapAuditif\":true,\"surchargeDescriptifHandicapVisuel\":true,\"surchargeDescriptifHandicapMental\":true,\"surchargeNombreFauteuilsRoulants\":true,\"tailleGroupeMax\":4,\"ageMin\":192,\"uniteAgeMin\":\"ANNEE\"},\"ouverture\":{\"periodeEnClair\":{\"libelleFr\":\"Du 01\\\/01 au 31\\\/12\\\/2025, tous les mardis et vendredis de 9h30 \\u00e0 11h30.\",\"libelleEn\":\"From 01\\\/01 to 31\\\/12\\\/2025, every Tuesday and Friday between 9.30 am and 11.30 am.\",\"libelleEs\":\"Del 01\\\/01 al 31\\\/12\\\/2025, todos los martes y viernes de 9:30 a 11:30.\",\"libelleIt\":\"Dal 01\\\/01 al 31\\\/12\\\/2025, tutti i marted\\u00ec e venerd\\u00ec dalle 9:30 alle 11:30.\",\"libelleDe\":\"Vom 01\\\/01 bis 31\\\/12\\\/2025, jeden Dienstag und Freitag von 9.30 Uhr bis 11.30 Uhr.\",\"libelleNl\":\"Van 01\\\/01 tot en met 31\\\/12\\\/2025, elke dinsdag en vrijdag van 9.30 tot 11.30 u.\",\"libelleRu\":\"\\u0421 01\\\/01 \\u0434\\u043e 31\\\/12\\\/2025, \\u043a\\u0430\\u0436\\u0434\\u044b\\u0439 \\u0432\\u0442\\u043e\\u0440\\u043d\\u0438\\u043a\\u0438 \\u0438 \\u043f\\u044f\\u0442\\u043d\\u0438\\u0446\\u044b \\u0441 9h30 \\u0434\\u043e 11h30.\",\"libelleZh\":\"\\u4ece 1\\u67081\\u65e5 \\u5230 2025\\u5e7412\\u670831\\u65e5, \\u6bcf\\u661f\\u671f\\u4e8c \\u548c \\u661f\\u671f\\u4e94 \\u5c0f\\u65f6\\u5c0f\\u65f6\\u5206\\u949f  \\u548c \\u5c0f\\u65f6\\u5c0f\\u65f6\\u5206\\u949f  \\u4e4b\\u95f4.\",\"libellePtBR\":\"De 01\\\/01 a 31\\\/12\\\/2025, todas as ter\\u00e7as-feiras e sextas-feiras de 9h30 a\\u00a0 11h30.\",\"libelleJa\":\"01\\\/01 \\u304b\\u3089 31\\\/12\\\/2025 \\u307e\\u3067, \\u6bce\\u706b\\u66dc\\u65e5 \\u3068 \\u91d1\\u66dc\\u65e5 9.30 \\u5348\\u524d \\u3068 11.30 \\u5348\\u524d \\u306e\\u9593.\",\"libelleKo\":\"01\\\/01 \\uc77c\\ubd80\\ud130 31\\\/12\\\/2025 \\uc77c\\uae4c\\uc9c0, \\ubaa8\\ub450 \\ud654\\uc694\\uc77c \\uadf8\\ub9ac\\uace0 \\uae08\\uc694\\uc77c 9h30 \\uc5d0\\uc11c 11h30 \\uae4c\\uc9c0.\"},\"periodeEnClairGenerationMode\":\"AUTOMATIQUE\",\"indicationsPeriode\":[{\"elementReferenceType\":\"IndicationPeriode\",\"id\":416},{\"elementReferenceType\":\"IndicationPeriode\",\"id\":418},{\"elementReferenceType\":\"IndicationPeriode\",\"id\":435},{\"elementReferenceType\":\"IndicationPeriode\",\"id\":436}],\"periodesOuvertures\":[{\"identifiant\":34980393,\"dateDebut\":\"2025-01-01\",\"dateFin\":\"2025-12-31\",\"horaireOuverture\":\"09:30:00\",\"horaireFermeture\":\"11:30:00\",\"type\":\"OUVERTURE_SEMAINE\",\"tousLesAns\":false,\"ouverturesJournalieres\":[{\"jour\":\"VENDREDI\"},{\"jour\":\"MARDI\"}],\"identifiantTechnique\":35474339,\"horaires\":[{\"id\":18202,\"type\":{\"elementReferenceType\":\"HoraireType\",\"id\":7487},\"timePeriods\":[{\"id\":19125,\"closed\":false,\"weekdays\":[\"TUE\",\"FRI\"],\"timeFrames\":[{\"id\":20329,\"startTime\":\"09:30\",\"endTime\":\"11:30\"}]}]}]}],\"dureeSeance\":120},\"Latitude\":45.7465380000000010340954759158194065093994140625,\"Longitude\":6.29388500000000039591441236552782356739044189453125,\"COMMUNE\":\"Faverges-Seythenex\",\"codeUI\":\"CA-ADOC-133571-51408\",\"TypeActivite\":\"Cultural activities\",\"critInternes\":[\"Atelier savoir-faire et terroir\"]},\"34632\":{\"presentation\":{\"descriptifCourt\":{\"libelleFr\":\"Offrez-vous un moment d\\u2019exception lors d\\u2019un vol en montgolfi\\u00e8re pour deux. Panorama grandiose, douceur du vent et exp\\u00e9rience privil\\u00e9gi\\u00e9e pour savourer un instant suspendu, intime et inoubliable.\"},\"descriptifDetaille\":{\"libelleFr\":\"Le vol \\u00e0 bord de la montgolfi\\u00e8re dure 1 heure environ mais l\\u2019aventure se d\\u00e9roule sur 3 \\u00e0 4 heures au lever du soleil, incluant les transferts en 4\\u00d74, pr\\u00e9paratifs, pliage et un moment convivial avant le retour.\\r\\n\\r\\nLes sites d\\u0027envol sont situ\\u00e9s \\u00e0 proximit\\u00e9 imm\\u00e9diate du lac d\\u0027Annecy afin de l\\u0027admirer au plus pr\\u00e8s ou de le survoler.\\r\\n\\r\\nPetits et grands peuvent vivre cette exp\\u00e9rience unique. N\\u00e9anmoins, il ne faut pas pr\\u00e9senter de probl\\u00e8me de mobilit\\u00e9 et avoir une taille de 1m30 minimum.\\r\\n\\r\\nVol privatif pour 2 personnes. Vous seuls \\u00e0 bord avec le pilote.\"}},\"prestations\":{\"animauxAcceptes\":\"NON_DISPONIBLE\",\"animauxAcceptesSupplement\":\"NON_DISPONIBLE\",\"languesParlees\":[{\"elementReferenceType\":\"Langue\",\"id\":1192,\"libelleFr\":\"Anglais\",\"libelleEn\":\"English\",\"ordre\":2},{\"elementReferenceType\":\"Langue\",\"id\":1197,\"libelleFr\":\"Fran\\u00e7ais\",\"libelleEn\":\"French\",\"ordre\":14}],\"languesDocumentation\":[{\"elementReferenceType\":\"Langue\",\"id\":1192,\"libelleFr\":\"Anglais\",\"libelleEn\":\"English\",\"ordre\":2},{\"elementReferenceType\":\"Langue\",\"id\":1197,\"libelleFr\":\"Fran\\u00e7ais\",\"libelleEn\":\"French\",\"ordre\":14}],\"complementAccueil\":{\"libelleFr\":\"Taille minimum requise : 1m30.\"},\"surchargeTourismesAdaptes\":true,\"surchargeDescriptifHandicapMoteur\":true,\"surchargeDescriptifHandicapAuditif\":true,\"surchargeDescriptifHandicapVisuel\":true,\"surchargeDescriptifHandicapMental\":true,\"surchargeNombreFauteuilsRoulants\":true,\"tailleGroupeMax\":2},\"ouverture\":{\"periodeEnClair\":{\"libelleFr\":\"Toute l\\u0027ann\\u00e9e tous les jours.\",\"libelleEn\":\"All year round daily.\"},\"periodeEnClairGenerationMode\":\"AUTOMATIQUE\",\"indicationsPeriode\":[{\"elementReferenceType\":\"IndicationPeriode\",\"id\":416,\"libelleFr\":\"Automne\",\"libelleEn\":\"Autumn\",\"ordre\":4,\"description\":\"Permet de trouver des objets en fonction de la saison automnale - 21 septembre au 20 d\\u00e9cembre\",\"familleCritere\":{\"elementReferenceType\":\"FamilleCritere\",\"id\":114,\"libelleFr\":\"P\\u00e9riode\",\"libelleEn\":\"Period\",\"ordre\":118}},{\"elementReferenceType\":\"IndicationPeriode\",\"id\":418,\"libelleFr\":\"Et\\u00e9\",\"libelleEn\":\"Summer\",\"ordre\":3,\"description\":\"Permet de trouver des objets en fonction de la saison estivale - 21 juin au 20 septembre\",\"familleCritere\":{\"elementReferenceType\":\"FamilleCritere\",\"id\":114,\"libelleFr\":\"P\\u00e9riode\",\"libelleEn\":\"Period\",\"ordre\":118}},{\"elementReferenceType\":\"IndicationPeriode\",\"id\":435,\"libelleFr\":\"Hiver\",\"libelleEn\":\"Winter\",\"ordre\":5,\"description\":\"Permet de trouver des objets en fonction de la saison hivernale - 21 d\\u00e9cembre au 20 mars\",\"familleCritere\":{\"elementReferenceType\":\"FamilleCritere\",\"id\":114,\"libelleFr\":\"P\\u00e9riode\",\"libelleEn\":\"Period\",\"ordre\":118}},{\"elementReferenceType\":\"IndicationPeriode\",\"id\":436,\"libelleFr\":\"Printemps\",\"libelleEn\":\"Spring\",\"ordre\":2,\"description\":\"Permet de trouver des objets en fonction de la saison printani\\u00e8re - 21 mars au 20 juin\",\"familleCritere\":{\"elementReferenceType\":\"FamilleCritere\",\"id\":114,\"libelleFr\":\"P\\u00e9riode\",\"libelleEn\":\"Period\",\"ordre\":118}}],\"periodesOuvertures\":[{\"identifiant\":38340572,\"dateDebut\":\"2023-01-01\",\"dateFin\":\"2023-12-31\",\"type\":\"OUVERTURE_TOUS_LES_JOURS\",\"tousLesAns\":true,\"identifiantTechnique\":39255019,\"horaires\":[{\"id\":3932549,\"type\":{\"elementReferenceType\":\"HoraireType\",\"id\":7487,\"libelleFr\":\"Ouverture\",\"libelleEn\":\"Opening hours\",\"ordre\":16,\"description\":\"Horaires d\\u0027ouverture\",\"externalType\":\"opening\",\"startTimeVisibility\":true,\"endTimeVisibility\":true,\"recurrenceVisibility\":false},\"timePeriods\":[{\"id\":4326422,\"closed\":false,\"weekdays\":[\"FRI\",\"THU\",\"MON\",\"TUE\",\"SUN\",\"WED\",\"SAT\"],\"timeFrames\":[{\"id\":4339126}]}]}]}],\"ouvertTouteLAnnee\":\"OUVERT_TOUTE_L_ANNEE\"},\"Latitude\":45.780923000000001366061042062938213348388671875,\"Longitude\":6.22196100000000029695002012886106967926025390625,\"COMMUNE\":\"Doussard\",\"codeUI\":\"CA-ADOC-134781-57927\",\"TypeActivite\":\"Activit\\u00e9s sportives\",\"critInternes\":[\"Place de march\\u00e9\",\"Activit\\u00e9s sport nature\"]},\"32468\":{\"presentation\":{\"descriptifCourt\":{\"libelleFr\":\"Offrez \\u00e0 la future mari\\u00e9e ou au futur mari\\u00e9 une dose d\\u2019adr\\u00e9naline inoubliable\\u202f! Vivez une session de canyoning fun et sensationnelle entre ami(e)s pour un EVJF\\\/EVG unique, au c\\u0153ur de la nature. Rires, d\\u00e9fis et souvenirs garantis\\u202f!\"},\"descriptifDetaille\":{\"libelleFr\":\"Plongez dans l\\u2019aventure avec une session de canyoning sur-mesure pour un enterrement de vie de jeune fille ou de gar\\u00e7on inoubliable ! Encadr\\u00e9s par des professionnels passionn\\u00e9s, vous descendrez des cascades, glisserez sur des toboggans naturels, sauterez dans des vasques cristallines et partagerez un moment fort en \\u00e9motions, en plein c\\u0153ur de paysages spectaculaires.\\r\\n\\r\\nQue vous soyez sportifs confirm\\u00e9s ou novices en qu\\u00eate de sensations, cette activit\\u00e9 est accessible \\u00e0 tous et 100 % fun. C\\u2019est l\\u2019occasion parfaite de resserrer les liens, relever des d\\u00e9fis ensemble et cr\\u00e9er des souvenirs uniques avant le grand jour. Ambiance conviviale, rires et bonne humeur garantis !\\r\\n\\r\\nMat\\u00e9riel fourni, s\\u00e9curit\\u00e9 assur\\u00e9e, et possibilit\\u00e9 d\\u2019adapter le parcours selon le niveau du groupe. Offrez \\u00e0 votre \\u00e9quipe une exp\\u00e9rience originale et nature qui marquera les esprits !\\r\\n\\r\\nLe prix inclut logistique, \\u00e9quipement et encadrement.\",\"libelleEn\":\"Our prices include logistics, equipment and guidance.\"},\"typologiesPromoSitra\":[{\"elementReferenceType\":\"TypologiePromoSitra\",\"id\":1599},{\"elementReferenceType\":\"TypologiePromoSitra\",\"id\":1676}]},\"prestations\":{\"animauxAcceptes\":\"NON_DISPONIBLE\",\"animauxAcceptesSupplement\":\"NON_DISPONIBLE\",\"languesParlees\":[{\"elementReferenceType\":\"Langue\",\"id\":1192},{\"elementReferenceType\":\"Langue\",\"id\":1197}],\"languesDocumentation\":[{\"elementReferenceType\":\"Langue\",\"id\":1192},{\"elementReferenceType\":\"Langue\",\"id\":1197}],\"complementAccueil\":{\"libelleFr\":\"Pour l\\u0027activit\\u00e9 canyoning, pr\\u00e9voir l\\u0027\\u00e9quipement suivant :\\r\\nUne paire de chaussures de sport (type \\u0022baskets\\u0022 ou trekking)\\r\\nUn maillot de bain (type piscine)\\r\\nUne serviette de bain\\r\\nUn tee-shirt \\u0022lycra\\u0022 (recommand\\u00e9)\\r\\nUn cordon pour attacher vos lunettes de vue (si vraiment utiles)\\r\\nDes v\\u00eatements de rechange + d\\u0027autres chaussures, pour repartir au sec.\",\"libelleEn\":\"For canyoning, you need:\\r\\nSport shoes (trainers or trekking shoes)\\r\\nSwimming costume (swimming-pool type)\\r\\nTowel\\r\\nA waterproof T-shirt (recommended)\\r\\nA piece of string to attach your glasses if necessary.\\r\\nDry clothes and shoes to leave comfortably.\"},\"surchargeTourismesAdaptes\":true,\"surchargeDescriptifHandicapMoteur\":true,\"surchargeDescriptifHandicapAuditif\":true,\"surchargeDescriptifHandicapVisuel\":true,\"surchargeDescriptifHandicapMental\":true,\"surchargeNombreFauteuilsRoulants\":true,\"typesClientele\":[{\"elementReferenceType\":\"TypeClientele\",\"id\":596},{\"elementReferenceType\":\"TypeClientele\",\"id\":593},{\"elementReferenceType\":\"TypeClientele\",\"id\":597},{\"elementReferenceType\":\"TypeClientele\",\"id\":4551}],\"tailleGroupeMin\":6,\"ageMin\":120,\"uniteAgeMin\":\"ANNEE\"},\"ouverture\":{\"periodeEnClair\":{\"libelleFr\":\"Du 17\\\/05 au 06\\\/07 tous les jours de 9h \\u00e0 18h.\\nD\\u00e9parts : 9h30 et 13h30.\",\"libelleEn\":\"From 17\\\/05 to 06\\\/07 daily between 9 am and 6 pm.\\nDeparture times: 9:30am and 1:30pm.\",\"libelleEs\":\"Del 17\\\/05 al 06\\\/07 todos los dias de 9 a 18.\",\"libelleIt\":\"Dal 17\\\/05 al 06\\\/07 ogni giorno dalle 9 alle 18.\",\"libelleDe\":\"Vom 17\\\/05 bis 06\\\/07 t\\u00e4glich von 9 Uhr bis 18 Uhr.\",\"libelleNl\":\"Van 17\\\/05 tot en met 06\\\/07 iedere dag van 9.00 tot 18.00 u.\",\"libelleRu\":\"\\u0421 17\\\/05 \\u0434\\u043e 06\\\/07 \\u0435\\u0436\\u0435\\u0434\\u043d\\u0435\\u0432\\u043d\\u043e \\u0441 9h \\u0434\\u043e 18h.\",\"libelleZh\":\"\\u4ece 5\\u670817\\u65e5 \\u5230 7\\u67086\\u65e5 \\u65e5\\u5e38 \\u5c0f\\u65f6\\u5c0f\\u65f6 \\u548c \\u5c0f\\u65f6\\u5c0f\\u65f6 \\u4e4b\\u95f4.\",\"libellePtBR\":\"De 17\\\/05 a 06\\\/07 todos os dias de 9h a\\u00a0 18h.\",\"libelleJa\":\"17\\\/05 \\u304b\\u3089 06\\\/07 \\u307e\\u3067 \\u6bce\\u65e5 9 \\u5348\\u524d \\u3068 6 \\u5348\\u5f8c \\u306e\\u9593.\",\"libelleKo\":\"17\\\/05 \\uc77c\\ubd80\\ud130 06\\\/07 \\uc77c\\uae4c\\uc9c0 \\ub9e4\\uc77c 9h \\uc5d0\\uc11c 18h \\uae4c\\uc9c0.\"},\"periodeEnClairGenerationMode\":\"AUTOMATIQUE\",\"indicationsPeriode\":[{\"elementReferenceType\":\"IndicationPeriode\",\"id\":418},{\"elementReferenceType\":\"IndicationPeriode\",\"id\":436}],\"periodesOuvertures\":[{\"identifiant\":35488697,\"dateDebut\":\"2025-05-17\",\"dateFin\":\"2025-07-06\",\"complementHoraire\":{\"libelleFr\":\"D\\u00e9parts : 9h30 et 13h30\",\"libelleEn\":\"Departure times: 9:30am and 1:30pm\"},\"horaireOuverture\":\"09:00:00\",\"horaireFermeture\":\"18:00:00\",\"type\":\"OUVERTURE_TOUS_LES_JOURS\",\"tousLesAns\":true,\"identifiantTechnique\":39795437,\"horaires\":[{\"id\":4454929,\"type\":{\"elementReferenceType\":\"HoraireType\",\"id\":7487},\"timePeriods\":[{\"id\":4932903,\"closed\":false,\"weekdays\":[\"SUN\",\"FRI\",\"MON\",\"TUE\",\"SAT\",\"THU\",\"WED\"],\"timeFrames\":[{\"id\":4888903,\"startTime\":\"09:00\",\"endTime\":\"18:00\"}]}]}]}],\"dureeSeance\":120},\"Latitude\":45.76516199999999656711224815808236598968505859375,\"Longitude\":6.25668999999999986272314345114864408969879150390625,\"COMMUNE\":\"Faverges-Seythenex\",\"TypesClienteles\":[\"Home school groups\",\"Groups\",\"Welcome for business\\\/incentive groups\",\"Higher Education\"],\"codeUI\":\"CA-ADOC-129615-52594\",\"TypeActivite\":\"Sporting activities\",\"critInternes\":[\"Place de march\\u00e9\",\"Activit\\u00e9s sport nature\"]},\"30281\":{\"presentation\":{\"descriptifCourt\":{\"libelleFr\":\"Pour les amoureux de la nature, les explorateurs en herbe, et ceux qui souhaite s\\u0027\\u00e9vader au c\\u0153ur des paysages magnifiques de Savoie et Haute-Savoie, offrez une aventure inoubliable avec ce bon cadeau d\\u0027O Cap Nature.\"},\"descriptifDetaille\":{\"libelleFr\":\"Valide 12 mois \\u00e0 compter de son achat, il ne peut \\u00eatre \\u00e9chang\\u00e9 contre des esp\\u00e8ces, ni revendu sous quelque forme que ce soit, ni rembours\\u00e9, m\\u00eame partiellement utilis\\u00e9.\"}},\"prestations\":{\"animauxAcceptes\":\"NON_DISPONIBLE\",\"animauxAcceptesSupplement\":\"NON_DISPONIBLE\",\"languesParlees\":[{\"elementReferenceType\":\"Langue\",\"id\":1197}],\"surchargeTourismesAdaptes\":true,\"surchargeDescriptifHandicapMoteur\":true,\"surchargeDescriptifHandicapAuditif\":true,\"surchargeDescriptifHandicapVisuel\":true,\"surchargeDescriptifHandicapMental\":true,\"surchargeNombreFauteuilsRoulants\":true,\"ageMin\":156,\"uniteAgeMin\":\"ANNEE\"},\"ouverture\":{\"periodeEnClair\":{\"libelleFr\":\"Ouvert tous les jours.\",\"libelleEn\":\"Open every day.\",\"libelleEs\":\"Abierto todos los d\\u00edas.\",\"libelleIt\":\"Aperto tutti i giorni.\",\"libelleDe\":\"Jeden Tag ge\\u00f6ffnet.\",\"libelleNl\":\"Elke dag open.\",\"libelleRu\":\"\\u041e\\u0442\\u043a\\u0440\\u044b\\u0442 \\u043a\\u0430\\u0436\\u0434\\u044b\\u0439 \\u0434\\u0435\\u043d\\u044c.\",\"libelleZh\":\"\\u6bcf\\u5929\\u5f00\\u653e.\",\"libellePtBR\":\"Aberto todos os dias.\",\"libelleJa\":\"\\u6bce\\u65e5\\u55b6\\u696d.\",\"libelleKo\":\"\\ub9e4\\uc77c \\uc624\\ud508.\"},\"periodeEnClairGenerationMode\":\"AUTOMATIQUE\",\"indicationsPeriode\":[{\"elementReferenceType\":\"IndicationPeriode\",\"id\":416},{\"elementReferenceType\":\"IndicationPeriode\",\"id\":418},{\"elementReferenceType\":\"IndicationPeriode\",\"id\":435},{\"elementReferenceType\":\"IndicationPeriode\",\"id\":436}],\"periodesOuvertures\":[{\"identifiant\":36822513,\"dateDebut\":\"2025-01-01\",\"dateFin\":\"2025-12-31\",\"type\":\"OUVERTURE_TOUS_LES_JOURS\",\"tousLesAns\":true,\"identifiantTechnique\":38025306}],\"ouvertTouteLAnnee\":\"OUVERT_TOUTE_L_ANNEE\"},\"Latitude\":45.74647499999999666897565475665032863616943359375,\"Longitude\":6.294152000000000413137968280352652072906494140625,\"COMMUNE\":\"Faverges-Seythenex\",\"codeUI\":\"CA-ADOC-132592-47276\",\"TypeActivite\":\"Cultural activities\",\"critInternes\":[\"Place de march\\u00e9\",\"Atelier savoir-faire et terroir\",\"bons_cadeaux\"]},\"32327\":{\"presentation\":{\"descriptifCourt\":{\"libelleFr\":\"D\\u00e9couvrez le plaisir de voler comme un oiseau au-dessus du lac d\\u0027Annecy, entour\\u00e9 de paysages \\u00e9poustouflants.\",\"libelleEn\":\"Discover the pleasure of flying like a bird above lake Annecy, surrounded with breathtaking landscapes.\"},\"descriptifDetaille\":{}},\"prestations\":{\"animauxAcceptes\":\"NON_ACCEPTES\",\"animauxAcceptesSupplement\":\"NON_DISPONIBLE\",\"languesParlees\":[{\"elementReferenceType\":\"Langue\",\"id\":1192},{\"elementReferenceType\":\"Langue\",\"id\":1197}],\"languesDocumentation\":[{\"elementReferenceType\":\"Langue\",\"id\":1197}],\"surchargeTourismesAdaptes\":true,\"surchargeDescriptifHandicapMoteur\":true,\"surchargeDescriptifHandicapAuditif\":true,\"surchargeDescriptifHandicapVisuel\":true,\"surchargeDescriptifHandicapMental\":true,\"surchargeNombreFauteuilsRoulants\":true,\"typesClientele\":[{\"elementReferenceType\":\"TypeClientele\",\"id\":594},{\"elementReferenceType\":\"TypeClientele\",\"id\":3735}],\"ageMin\":144,\"uniteAgeMin\":\"ANNEE\",\"uniteAgeMax\":\"ANNEE\"},\"ouverture\":{\"periodeEnClair\":{\"libelleFr\":\"Du 16\\\/04 au 30\\\/10, tous les jours de 9h \\u00e0 19h.\\nBasse saison : 10:00 \\u00e0 18:00.\",\"libelleEn\":\"From 16\\\/04 to 30\\\/10, daily between 9 am and 7 pm.\",\"libelleEs\":\"Del 16\\\/04 al 30\\\/10, todos los dias de 9 a 19.\",\"libelleIt\":\"Dal 16\\\/04 al 30\\\/10, ogni giorno dalle 9 alle 19.\",\"libelleDe\":\"Vom 16\\\/04 bis 30\\\/10, t\\u00e4glich von 9 Uhr bis 19 Uhr.\",\"libelleNl\":\"Van 16\\\/04 tot en met 30\\\/10, iedere dag van 9.00 tot 19.00 u.\",\"libelleRu\":\"\\u0421 16\\\/04 \\u0434\\u043e 30\\\/10, \\u0435\\u0436\\u0435\\u0434\\u043d\\u0435\\u0432\\u043d\\u043e \\u0441 9h \\u0434\\u043e 19h.\",\"libelleZh\":\"\\u4ece 4\\u670816\\u65e5 \\u5230 10\\u670830\\u65e5, \\u65e5\\u5e38 \\u5c0f\\u65f6\\u5c0f\\u65f6 \\u548c \\u5c0f\\u65f6\\u5c0f\\u65f6 \\u4e4b\\u95f4.\",\"libellePtBR\":\"De 16\\\/04 a 30\\\/10, todos os dias de 9h a\\u00a0 19h.\",\"libelleJa\":\"16\\\/04 \\u304b\\u3089 30\\\/10 \\u307e\\u3067, \\u6bce\\u65e5 9 \\u5348\\u524d \\u3068 7 \\u5348\\u5f8c \\u306e\\u9593.\",\"libelleKo\":\"16\\\/04 \\uc77c\\ubd80\\ud130 30\\\/10 \\uc77c\\uae4c\\uc9c0, \\ub9e4\\uc77c 9h \\uc5d0\\uc11c 19h \\uae4c\\uc9c0.\"},\"periodeEnClairGenerationMode\":\"AUTOMATIQUE\",\"indicationsPeriode\":[{\"elementReferenceType\":\"IndicationPeriode\",\"id\":416},{\"elementReferenceType\":\"IndicationPeriode\",\"id\":418},{\"elementReferenceType\":\"IndicationPeriode\",\"id\":436}],\"periodesOuvertures\":[{\"identifiant\":16061006,\"dateDebut\":\"2022-04-16\",\"dateFin\":\"2022-10-30\",\"complementHoraire\":{\"libelleFr\":\"Basse saison : 10:00 \\u00e0 18:00\"},\"horaireOuverture\":\"09:00:00\",\"horaireFermeture\":\"19:00:00\",\"type\":\"OUVERTURE_TOUS_LES_JOURS\",\"tousLesAns\":true,\"identifiantTechnique\":35321688,\"horaires\":[{\"id\":458126,\"type\":{\"elementReferenceType\":\"HoraireType\",\"id\":7487},\"timePeriods\":[{\"id\":482231,\"closed\":false,\"weekdays\":[\"SAT\",\"SUN\",\"MON\",\"TUE\",\"THU\",\"FRI\",\"WED\"],\"timeFrames\":[{\"id\":513906,\"startTime\":\"09:00\",\"endTime\":\"19:00\"}]}]}]}],\"dureeSeance\":10},\"Latitude\":45.783828999999997222403180785477161407470703125,\"Longitude\":6.22580299999999997595523382187820971012115478515625,\"COMMUNE\":\"Doussard\",\"TypesClienteles\":[\"Sp\\u00e9cial enfants\",\"Adapt\\u00e9 aux d\\u00e9butants\"],\"codeUI\":\"CA-ADOC-114542-17332\",\"TypeActivite\":\"Activit\\u00e9s sportives\",\"critInternes\":[\"Activit\\u00e9s sport nature\"]},\"34507\":{\"presentation\":{\"descriptifCourt\":{\"libelleFr\":\"En vacances aux Sources du Lac d\\u2019Annecy ? Offrez-vous 1h30 de pur bien-\\u00eatre sans quitter votre logement ! Je me d\\u00e9place avec tout le n\\u00e9cessaire pour un massage sur mesure, combinant techniques su\\u00e9doises, deep tissue et relaxantes. D\\u00e9tente garantie !\"}},\"prestations\":{\"animauxAcceptes\":\"NON_DISPONIBLE\",\"animauxAcceptesSupplement\":\"NON_DISPONIBLE\",\"languesParlees\":[{\"elementReferenceType\":\"Langue\",\"id\":1197}],\"surchargeTourismesAdaptes\":true,\"surchargeDescriptifHandicapMoteur\":true,\"surchargeDescriptifHandicapAuditif\":true,\"surchargeDescriptifHandicapVisuel\":true,\"surchargeDescriptifHandicapMental\":true,\"surchargeNombreFauteuilsRoulants\":true},\"ouverture\":{\"periodeEnClair\":{\"libelleFr\":\"Toute l\\u0027ann\\u00e9e tous les jours.\",\"libelleEn\":\"All year round daily.\",\"libelleEs\":\"Todo el a\\u00f1o todos los dias.\",\"libelleIt\":\"Tutto l\\u0027anno ogni giorno.\",\"libelleDe\":\"Ganzj\\u00e4hrig t\\u00e4glich.\",\"libelleNl\":\"Het hele jaar iedere dag.\",\"libelleRu\":\"\\u0412 \\u0442\\u0435\\u0447\\u0435\\u043d\\u0438\\u0435 \\u0432\\u0441\\u0435\\u0433\\u043e \\u0433\\u043e\\u0434\\u0430 \\u0435\\u0436\\u0435\\u0434\\u043d\\u0435\\u0432\\u043d\\u043e.\",\"libelleZh\":\"\\u5168\\u5e74 \\u65e5\\u5e38.\",\"libellePtBR\":\"Todo o ano todos os dias.\",\"libelleJa\":\"\\u30aa\\u30fc\\u30eb\\u30b7\\u30fc\\u30ba\\u30f3 \\u6bce\\u65e5.\",\"libelleKo\":\"\\uc77c \\ub144 \\ub0b4\\ub0b4 \\ub9e4\\uc77c.\"},\"periodeEnClairGenerationMode\":\"AUTOMATIQUE\",\"indicationsPeriode\":[{\"elementReferenceType\":\"IndicationPeriode\",\"id\":416},{\"elementReferenceType\":\"IndicationPeriode\",\"id\":418},{\"elementReferenceType\":\"IndicationPeriode\",\"id\":435},{\"elementReferenceType\":\"IndicationPeriode\",\"id\":436}],\"periodesOuvertures\":[{\"identifiant\":35056207,\"dateDebut\":\"2025-01-01\",\"dateFin\":\"2025-12-31\",\"type\":\"OUVERTURE_TOUS_LES_JOURS\",\"tousLesAns\":true,\"identifiantTechnique\":36822503,\"horaires\":[{\"id\":1610061,\"type\":{\"elementReferenceType\":\"HoraireType\",\"id\":7487},\"timePeriods\":[{\"id\":1696702,\"closed\":false,\"weekdays\":[\"WED\",\"SAT\",\"SUN\",\"THU\",\"MON\",\"TUE\",\"FRI\"],\"timeFrames\":[{\"id\":1768853}]}]}]}],\"ouvertTouteLAnnee\":\"OUVERT_TOUTE_L_ANNEE\",\"dureeSeance\":90},\"Latitude\":45.7372950000000031423041946254670619964599609375,\"Longitude\":6.28677400000000030644287107861600816249847412109375,\"COMMUNE\":\"Faverges-Seythenex\",\"codeUI\":\"CA-ADOC-133594-51304\",\"TypeActivite\":\"Activit\\u00e9s sportives\",\"critInternes\":[\"Bien-\\u00eatre\",\"bons_cadeaux\"]},\"30359\":{\"presentation\":{\"descriptifCourt\":{\"libelleFr\":\"Profitez d\\u2019une s\\u00e9ance de yoga personnalis\\u00e9e \\u00e0 domicile, adapt\\u00e9e \\u00e0 vos besoins et \\u00e0 votre niveau. Relaxation, souplesse et bien-\\u00eatre sont au rendez-vous, encadr\\u00e9s par un professionnel pour une exp\\u00e9rience unique et apaisante, directement chez vous\"},\"descriptifDetaille\":{\"libelleFr\":\"Bon valable pour une s\\u00e9ance de Hatha yoga \\u0022classique\\u0022ou pour une s\\u00e9ance de yoga pr\\u00e9natal ou postnatal (femme seule ou en couple).\"}},\"prestations\":{\"animauxAcceptes\":\"NON_DISPONIBLE\",\"animauxAcceptesSupplement\":\"NON_DISPONIBLE\",\"languesParlees\":[{\"elementReferenceType\":\"Langue\",\"id\":1197}],\"surchargeTourismesAdaptes\":true,\"surchargeDescriptifHandicapMoteur\":true,\"surchargeDescriptifHandicapAuditif\":true,\"surchargeDescriptifHandicapVisuel\":true,\"surchargeDescriptifHandicapMental\":true,\"surchargeNombreFauteuilsRoulants\":true,\"ageMin\":216,\"uniteAgeMin\":\"ANNEE\"},\"ouverture\":{\"periodeEnClair\":{\"libelleFr\":\"Toute l\\u0027ann\\u00e9e tous les jours.\",\"libelleEn\":\"All year round daily.\",\"libelleEs\":\"Todo el a\\u00f1o todos los dias.\",\"libelleIt\":\"Tutto l\\u0027anno ogni giorno.\",\"libelleDe\":\"Ganzj\\u00e4hrig t\\u00e4glich.\",\"libelleNl\":\"Het hele jaar iedere dag.\",\"libelleRu\":\"\\u0412 \\u0442\\u0435\\u0447\\u0435\\u043d\\u0438\\u0435 \\u0432\\u0441\\u0435\\u0433\\u043e \\u0433\\u043e\\u0434\\u0430 \\u0435\\u0436\\u0435\\u0434\\u043d\\u0435\\u0432\\u043d\\u043e.\",\"libelleZh\":\"\\u5168\\u5e74 \\u65e5\\u5e38.\",\"libellePtBR\":\"Todo o ano todos os dias.\",\"libelleJa\":\"\\u30aa\\u30fc\\u30eb\\u30b7\\u30fc\\u30ba\\u30f3 \\u6bce\\u65e5.\",\"libelleKo\":\"\\uc77c \\ub144 \\ub0b4\\ub0b4 \\ub9e4\\uc77c.\"},\"periodeEnClairGenerationMode\":\"AUTOMATIQUE\",\"indicationsPeriode\":[{\"elementReferenceType\":\"IndicationPeriode\",\"id\":416},{\"elementReferenceType\":\"IndicationPeriode\",\"id\":418},{\"elementReferenceType\":\"IndicationPeriode\",\"id\":435},{\"elementReferenceType\":\"IndicationPeriode\",\"id\":436}],\"periodesOuvertures\":[{\"identifiant\":33771242,\"dateDebut\":\"2024-01-01\",\"dateFin\":\"2024-12-31\",\"type\":\"OUVERTURE_TOUS_LES_JOURS\",\"tousLesAns\":true,\"identifiantTechnique\":36822475,\"horaires\":[{\"id\":1610034,\"type\":{\"elementReferenceType\":\"HoraireType\",\"id\":7487},\"timePeriods\":[{\"id\":1696672,\"closed\":false,\"weekdays\":[\"SAT\",\"WED\",\"SUN\",\"FRI\",\"MON\",\"THU\",\"TUE\"],\"timeFrames\":[{\"id\":1768824}]}]}]}],\"ouvertTouteLAnnee\":\"OUVERT_TOUTE_L_ANNEE\",\"dureeSeance\":75},\"Latitude\":45.76697800000000171394276549108326435089111328125,\"Longitude\":6.2165569999999998884732121950946748256683349609375,\"COMMUNE\":\"Chevaline\",\"codeUI\":\"CA-ADOC-133378-49261\",\"TypeActivite\":\"Sporting activities\",\"critInternes\":[\"Partenaire\",\"Place de march\\u00e9\",\"Bien-\\u00eatre\",\"bons_cadeaux\"]},\"36048\":{\"presentation\":{\"descriptifCourt\":{\"libelleFr\":\"Au d\\u00e9part de Faverges, profitez d\\u2019une balade v\\u00e9lo facile jusqu\\u2019au lac de Marlens. Entre nature et d\\u00e9tente, terminez par un atelier convivial de fabrication de g\\u00e9n\\u00e9pi et repartez avec votre cr\\u00e9ation unique.\"},\"descriptifDetaille\":{\"libelleFr\":\"Au d\\u00e9part de Faverges, cet itin\\u00e9raire v\\u00e9lo jusqu\\u2019au lac de Marlens offre une balade agr\\u00e9able et accessible, id\\u00e9ale pour profiter pleinement du cadre naturel du territoire. Entre paysages ouverts, ambiance paisible et vue sur les reliefs environnants, le parcours permet de d\\u00e9couvrir un environnement ressour\\u00e7ant. \\r\\n\\r\\nA l\\u2019arriv\\u00e9e, place \\u00e0 une exp\\u00e9rience originale et immersive autour des traditions de montagne. Dans ce cadre naturel pr\\u00e9serv\\u00e9, les participants prendront part \\u00e0 un atelier de fabrication de leur propre g\\u00e9n\\u00e9pi, une activit\\u00e9 conviviale qui permet de d\\u00e9couvrir cette sp\\u00e9cialit\\u00e9 embl\\u00e9matique des Alpes. Chacun pourra en apprendre davantage sur cet h\\u00e9ritage local et repartir avec sa propre cr\\u00e9ation. Cette sortie est parfaite pour une sortie en famille, entre amis ou en solo pour allier d\\u00e9tente, nature et plaisir du v\\u00e9lo.\\r\\n\\r\\nPoints forts de l\\u2019exp\\u00e9rience : D\\u00e9part v\\u00e9lo depuis Faverges. Balade \\u00e0 v\\u00e9lo accessible vers le plan d\\u2019eau de Marlens. Atelier de fabrication de son propre g\\u00e9n\\u00e9pi. Exp\\u00e9rience locale, originale et conviviale. \\r\\n\\r\\nFacile \\\/ 2 h 30 \\\/ 15 km \\\/ 200 m de d\\u00e9nivel\\u00e9\"}},\"prestations\":{\"equipements\":[{\"elementReferenceType\":\"PrestationEquipement\",\"id\":972},{\"elementReferenceType\":\"PrestationEquipement\",\"id\":5592}],\"animauxAcceptes\":\"NON_ACCEPTES\",\"animauxAcceptesSupplement\":\"NON_DISPONIBLE\",\"languesParlees\":[{\"elementReferenceType\":\"Langue\",\"id\":1189},{\"elementReferenceType\":\"Langue\",\"id\":1192},{\"elementReferenceType\":\"Langue\",\"id\":1194},{\"elementReferenceType\":\"Langue\",\"id\":1197}],\"tourismesAdaptes\":[{\"elementReferenceType\":\"TourismeAdapte\",\"id\":3651}],\"surchargeTourismesAdaptes\":true,\"surchargeDescriptifHandicapMoteur\":true,\"surchargeDescriptifHandicapAuditif\":true,\"surchargeDescriptifHandicapVisuel\":true,\"surchargeDescriptifHandicapMental\":true,\"surchargeNombreFauteuilsRoulants\":true,\"typesClientele\":[{\"elementReferenceType\":\"TypeClientele\",\"id\":3735}],\"nombrePersonnesMinimum\":7,\"tailleGroupeMax\":24},\"ouverture\":{\"periodeEnClair\":{\"libelleFr\":\"Toute l\\u0027ann\\u00e9e tous les jours.\\nSur r\\u00e9servation.\",\"libelleEn\":\"All year round daily.\",\"libelleEs\":\"Todo el a\\u00f1o todos los dias.\",\"libelleIt\":\"Tutto l\\u0027anno ogni giorno.\",\"libelleDe\":\"Ganzj\\u00e4hrig t\\u00e4glich.\",\"libelleNl\":\"Het hele jaar iedere dag.\",\"libelleRu\":\"\\u0412 \\u0442\\u0435\\u0447\\u0435\\u043d\\u0438\\u0435 \\u0432\\u0441\\u0435\\u0433\\u043e \\u0433\\u043e\\u0434\\u0430 \\u0435\\u0436\\u0435\\u0434\\u043d\\u0435\\u0432\\u043d\\u043e.\",\"libelleZh\":\"\\u5168\\u5e74 \\u65e5\\u5e38.\",\"libellePtBR\":\"Todo o ano todos os dias.\",\"libelleJa\":\"\\u30aa\\u30fc\\u30eb\\u30b7\\u30fc\\u30ba\\u30f3 \\u6bce\\u65e5.\",\"libelleKo\":\"\\uc77c \\ub144 \\ub0b4\\ub0b4 \\ub9e4\\uc77c.\"},\"periodeEnClairGenerationMode\":\"AUTOMATIQUE\",\"indicationsPeriode\":[{\"elementReferenceType\":\"IndicationPeriode\",\"id\":416},{\"elementReferenceType\":\"IndicationPeriode\",\"id\":418},{\"elementReferenceType\":\"IndicationPeriode\",\"id\":435},{\"elementReferenceType\":\"IndicationPeriode\",\"id\":436}],\"periodesOuvertures\":[{\"identifiant\":40314974,\"dateDebut\":\"2026-01-01\",\"dateFin\":\"2026-12-31\",\"complementHoraire\":{\"libelleFr\":\"Sur r\\u00e9servation.\"},\"type\":\"OUVERTURE_TOUS_LES_JOURS\",\"tousLesAns\":true,\"identifiantTechnique\":40314974,\"horaires\":[{\"id\":4946704,\"type\":{\"elementReferenceType\":\"HoraireType\",\"id\":7487},\"timePeriods\":[{\"id\":5504447,\"closed\":false,\"weekdays\":[\"SAT\",\"WED\",\"SUN\",\"FRI\",\"HOL\",\"MON\",\"THU\",\"TUE\"]}]}]}],\"ouvertTouteLAnnee\":\"OUVERT_TOUTE_L_ANNEE\",\"dureeSeance\":180},\"Latitude\":45.74736399999999747478796052746474742889404296875,\"Longitude\":6.2969819999999998572093318216502666473388671875,\"COMMUNE\":\"Faverges-Seythenex\",\"TypesClienteles\":[\"Adapt\\u00e9 aux d\\u00e9butants\"],\"codeUI\":\"CA-ADOC-135662-61227\",\"TypeActivite\":\"Activit\\u00e9s sportives\",\"critInternes\":[\"Place de march\\u00e9\",\"Activit\\u00e9s sport nature\"]},\"35453\":{\"presentation\":{\"descriptifCourt\":{\"libelleFr\":\"Et si vous preniez 3 heures pour pratiquer le Pilates en fluidit\\u00e9?\\r\\nUn atelier pour ralentir, affiner les sensations, explorer les exercices de Pilates autrement, avec et sans accessoires, dans une approche douce, consciente et respectueuse du corps.\"},\"descriptifDetaille\":{\"libelleFr\":\"Un temps pour soi, pour se recentrer, apprendre et ressentir\\u2026\\r\\nAccessible, progressif et profond\\u00e9ment ressour\\u00e7ant.\"}},\"prestations\":{\"animauxAcceptes\":\"NON_ACCEPTES\",\"animauxAcceptesSupplement\":\"NON_DISPONIBLE\",\"languesParlees\":[{\"elementReferenceType\":\"Langue\",\"id\":1192},{\"elementReferenceType\":\"Langue\",\"id\":1197}],\"surchargeTourismesAdaptes\":true,\"surchargeDescriptifHandicapMoteur\":true,\"surchargeDescriptifHandicapAuditif\":true,\"surchargeDescriptifHandicapVisuel\":true,\"surchargeDescriptifHandicapMental\":true,\"surchargeNombreFauteuilsRoulants\":true,\"typesClientele\":[{\"elementReferenceType\":\"TypeClientele\",\"id\":3735}],\"tailleGroupeMax\":10,\"ageMin\":192,\"ageMax\":960,\"uniteAgeMin\":\"ANNEE\",\"uniteAgeMax\":\"ANNEE\"},\"ouverture\":{\"periodeEnClair\":{\"libelleFr\":\"Samedi 14 mars 2026 de 9h \\u00e0 12h.\\nSur r\\u00e9servation.\",\"libelleEn\":\"Saturday 14 March 2026 between 9 am and 12 pm.\\nBy reservation only.\",\"libelleEs\":\"S\\u00e1bado, 14 de marzo de 2026 de 9 a 12.\",\"libelleIt\":\"Sabato 14 marzo 2026 dalle 9 alle 12.\",\"libelleDe\":\"Samstag, den 14. M\\u00e4rz 2026 von 9 Uhr bis 12 Uhr.\",\"libelleNl\":\"Zaterdag 14 maart 2026 van 9.00 tot 12.00 u.\",\"libelleRu\":\"\\u0421\\u0443\\u0431\\u0431\\u043e\\u0442\\u0430 14 \\u043c\\u0430\\u0440\\u0442\\u0430 2026  \\u0441 9h \\u0434\\u043e 12h.\",\"libelleZh\":\"2026\\u5e743\\u670814\\u65e5, \\u661f\\u671f\\u516d   \\u5c0f\\u65f6\\u5c0f\\u65f6 \\u548c \\u5c0f\\u65f6\\u5c0f\\u65f6 \\u4e4b\\u95f4.\",\"libellePtBR\":\"S\\u00e1bado 14 mar\\u00e7o 2026 de 9h a\\u00a0 12h.\",\"libelleJa\":\"\\u571f\\u66dc\\u65e5 14 3\\u6708 2026 9 \\u5348\\u524d \\u3068 12 \\u5348\\u5f8c \\u306e\\u9593.\",\"libelleKo\":\"\\ud1a0\\uc694\\uc77c 14 3\\uc6d4 02026 9h \\uc5d0\\uc11c 12h \\uae4c\\uc9c0.\"},\"periodeEnClairGenerationMode\":\"AUTOMATIQUE\",\"indicationsPeriode\":[{\"elementReferenceType\":\"IndicationPeriode\",\"id\":435}],\"periodesOuvertures\":[{\"identifiant\":39630004,\"dateDebut\":\"2026-03-14\",\"dateFin\":\"2026-03-14\",\"complementHoraire\":{\"libelleFr\":\"Sur r\\u00e9servation.\",\"libelleEn\":\"By reservation only.\"},\"horaireOuverture\":\"09:00:00\",\"horaireFermeture\":\"12:00:00\",\"type\":\"OUVERTURE_TOUS_LES_JOURS\",\"tousLesAns\":false,\"identifiantTechnique\":39630004,\"horaires\":[{\"id\":4295802,\"type\":{\"elementReferenceType\":\"HoraireType\",\"id\":7487},\"timePeriods\":[{\"id\":4749604,\"closed\":false,\"weekdays\":[\"SAT\"],\"timeFrames\":[{\"id\":4725285,\"startTime\":\"09:00\",\"endTime\":\"12:00\"}]}]}]}],\"dureeSeance\":180},\"Latitude\":45.760446000000001731677912175655364990234375,\"Longitude\":6.25886899999999979371523295412771403789520263671875,\"COMMUNE\":\"Giez\",\"TypesClienteles\":[\"Adapt\\u00e9 aux d\\u00e9butants\"],\"codeUI\":\"CF-ADOC-135132\",\"TypeActivite\":\"Activit\\u00e9s sportives\",\"critInternes\":[\"Place de march\\u00e9\",\"Bien-\\u00eatre\",\"Activit\\u00e9s sport nature\",\"offres_du_moment\"]},\"34991\":{\"presentation\":{\"descriptifCourt\":{\"libelleFr\":\"Offrez-vous un coaching sportif priv\\u00e9 au bord du lac d\\u2019Annecy. Tonification, renforcement et bien-\\u00eatre en plein air, avec un programme sur mesure adapt\\u00e9 \\u00e0 vos objectifs. Respirez, bougez, transformez-vous dans un cadre d\\u2019exception.\",\"libelleEn\":\"Enjoy a private sports coaching session by Lake Annecy. Toning, strengthening, and well-being in the open air, with a tailor-made program adapted to your goals. Breathe, move, and transform yourself in an exceptional setting.\"},\"descriptifDetaille\":{\"libelleFr\":\"Les objectifs de ce coaching sont les suivants : \\r\\n- Se tonifier pour raffermir la silhouette et galber les muscles profonds\\r\\n- Se muscler pour d\\u00e9velopper une force fonctionnelle avec des exercices adapt\\u00e9s \\u00e0 votre niveau\\r\\n- Se ressourcer pour profiter de l\\u0027oxyg\\u00e8ne et de la vue panoramique pour booster votre motivation\",\"libelleEn\":\"The objectives of this coaching are as follows:\\r\\n\\r\\nTone your body to firm the silhouette and sculpt deep muscles\\r\\n\\r\\nBuild strength by developing functional fitness through exercises tailored to your level\\r\\n\\r\\nRecharge your energy by enjoying the fresh air and panoramic views to boost your motivation\"}},\"prestations\":{\"animauxAcceptes\":\"NON_ACCEPTES\",\"animauxAcceptesSupplement\":\"NON_DISPONIBLE\",\"languesParlees\":[{\"elementReferenceType\":\"Langue\",\"id\":1192},{\"elementReferenceType\":\"Langue\",\"id\":1197}],\"surchargeTourismesAdaptes\":true,\"surchargeDescriptifHandicapMoteur\":true,\"surchargeDescriptifHandicapAuditif\":true,\"surchargeDescriptifHandicapVisuel\":true,\"surchargeDescriptifHandicapMental\":true,\"surchargeNombreFauteuilsRoulants\":true,\"typesClientele\":[{\"elementReferenceType\":\"TypeClientele\",\"id\":3735}],\"ageMin\":216,\"ageMax\":960,\"uniteAgeMin\":\"ANNEE\",\"uniteAgeMax\":\"ANNEE\"},\"ouverture\":{\"periodeEnClair\":{\"libelleFr\":\"Du 17\\\/01 au 31\\\/12\\\/2026 tous les jours.\\nSur r\\u00e9servation.\",\"libelleEn\":\"From 17\\\/01 to 31\\\/12\\\/2026 daily.\\nBy reservation only.\",\"libelleEs\":\"Del 17\\\/01 al 31\\\/12\\\/2026 todos los dias.\",\"libelleIt\":\"Dal 17\\\/01 al 31\\\/12\\\/2026 ogni giorno.\",\"libelleDe\":\"Vom 17\\\/01 bis 31\\\/12\\\/2026 t\\u00e4glich.\",\"libelleNl\":\"Van 17\\\/01 tot en met 31\\\/12\\\/2026 iedere dag.\",\"libelleRu\":\"\\u0421 17\\\/01 \\u0434\\u043e 31\\\/12\\\/2026 \\u0435\\u0436\\u0435\\u0434\\u043d\\u0435\\u0432\\u043d\\u043e.\",\"libelleZh\":\"\\u4ece 1\\u670817\\u65e5 \\u5230 2026\\u5e7412\\u670831\\u65e5 \\u65e5\\u5e38.\",\"libellePtBR\":\"De 17\\\/01 a 31\\\/12\\\/2026 todos os dias.\",\"libelleJa\":\"17\\\/01 \\u304b\\u3089 31\\\/12\\\/2026 \\u307e\\u3067 \\u6bce\\u65e5.\",\"libelleKo\":\"17\\\/01 \\uc77c\\ubd80\\ud130 31\\\/12\\\/2026 \\uc77c\\uae4c\\uc9c0 \\ub9e4\\uc77c.\"},\"periodeEnClairGenerationMode\":\"AUTOMATIQUE\",\"indicationsPeriode\":[{\"elementReferenceType\":\"IndicationPeriode\",\"id\":416},{\"elementReferenceType\":\"IndicationPeriode\",\"id\":418},{\"elementReferenceType\":\"IndicationPeriode\",\"id\":435},{\"elementReferenceType\":\"IndicationPeriode\",\"id\":436}],\"periodesOuvertures\":[{\"identifiant\":39004850,\"dateDebut\":\"2026-01-17\",\"dateFin\":\"2026-12-31\",\"complementHoraire\":{\"libelleFr\":\"Sur r\\u00e9servation.\",\"libelleEn\":\"By reservation only.\"},\"type\":\"OUVERTURE_TOUS_LES_JOURS\",\"tousLesAns\":false,\"identifiantTechnique\":39004850,\"horaires\":[{\"id\":3689497,\"type\":{\"elementReferenceType\":\"HoraireType\",\"id\":7487},\"timePeriods\":[{\"id\":4040157,\"closed\":false,\"weekdays\":[\"WED\",\"SAT\",\"SUN\",\"THU\",\"MON\",\"TUE\",\"FRI\"]}]}]}],\"dureeSeance\":60},\"Latitude\":45.7904860000000013542376109398901462554931640625,\"Longitude\":6.21776600000000012613554645213298499584197998046875,\"COMMUNE\":\"Doussard\",\"TypesClienteles\":[\"Adapt\\u00e9 aux d\\u00e9butants\"],\"codeUI\":\"CA-ADOC-135132-58769\",\"TypeActivite\":\"Activit\\u00e9s sportives\",\"critInternes\":[\"Place de march\\u00e9\",\"Bien-\\u00eatre\"]},\"32325\":{\"presentation\":{\"descriptifCourt\":{\"libelleFr\":\"Si vous aimez les frissons, ce vol sensation de 20 minutes est fait pour vous ! Acrobaties et vue imprenable sont au rendez-vous.\",\"libelleEn\":\"If you like thrills, this 20 minutes flight is made for you! Aerobatics and incredible view just for you.\"}},\"prestations\":{\"animauxAcceptes\":\"NON_ACCEPTES\",\"animauxAcceptesSupplement\":\"NON_DISPONIBLE\",\"languesParlees\":[{\"elementReferenceType\":\"Langue\",\"id\":1192},{\"elementReferenceType\":\"Langue\",\"id\":1197}],\"languesDocumentation\":[{\"elementReferenceType\":\"Langue\",\"id\":1197}],\"surchargeTourismesAdaptes\":true,\"surchargeDescriptifHandicapMoteur\":true,\"surchargeDescriptifHandicapAuditif\":true,\"surchargeDescriptifHandicapVisuel\":true,\"surchargeDescriptifHandicapMental\":true,\"surchargeNombreFauteuilsRoulants\":true,\"ageMin\":144,\"uniteAgeMin\":\"ANNEE\"},\"ouverture\":{\"periodeEnClair\":{\"libelleFr\":\"Du 16\\\/04 au 30\\\/10, tous les jours de 9h \\u00e0 19h.\\nBasse saison : 10:00 \\u00e0 18:00.\",\"libelleEn\":\"From 16\\\/04 to 30\\\/10, daily between 9 am and 7 pm.\",\"libelleEs\":\"Del 16\\\/04 al 30\\\/10, todos los dias de 9 a 19.\",\"libelleIt\":\"Dal 16\\\/04 al 30\\\/10, ogni giorno dalle 9 alle 19.\",\"libelleDe\":\"Vom 16\\\/04 bis 30\\\/10, t\\u00e4glich von 9 Uhr bis 19 Uhr.\",\"libelleNl\":\"Van 16\\\/04 tot en met 30\\\/10, iedere dag van 9.00 tot 19.00 u.\",\"libelleRu\":\"\\u0421 16\\\/04 \\u0434\\u043e 30\\\/10, \\u0435\\u0436\\u0435\\u0434\\u043d\\u0435\\u0432\\u043d\\u043e \\u0441 9h \\u0434\\u043e 19h.\",\"libelleZh\":\"\\u4ece 4\\u670816\\u65e5 \\u5230 10\\u670830\\u65e5, \\u65e5\\u5e38 \\u5c0f\\u65f6\\u5c0f\\u65f6 \\u548c \\u5c0f\\u65f6\\u5c0f\\u65f6 \\u4e4b\\u95f4.\",\"libellePtBR\":\"De 16\\\/04 a 30\\\/10, todos os dias de 9h a\\u00a0 19h.\",\"libelleJa\":\"16\\\/04 \\u304b\\u3089 30\\\/10 \\u307e\\u3067, \\u6bce\\u65e5 9 \\u5348\\u524d \\u3068 7 \\u5348\\u5f8c \\u306e\\u9593.\",\"libelleKo\":\"16\\\/04 \\uc77c\\ubd80\\ud130 30\\\/10 \\uc77c\\uae4c\\uc9c0, \\ub9e4\\uc77c 9h \\uc5d0\\uc11c 19h \\uae4c\\uc9c0.\"},\"periodeEnClairGenerationMode\":\"AUTOMATIQUE\",\"indicationsPeriode\":[{\"elementReferenceType\":\"IndicationPeriode\",\"id\":416},{\"elementReferenceType\":\"IndicationPeriode\",\"id\":418},{\"elementReferenceType\":\"IndicationPeriode\",\"id\":436}],\"periodesOuvertures\":[{\"identifiant\":16060636,\"dateDebut\":\"2022-04-16\",\"dateFin\":\"2022-10-30\",\"complementHoraire\":{\"libelleFr\":\"Basse saison : 10:00 \\u00e0 18:00\"},\"horaireOuverture\":\"09:00:00\",\"horaireFermeture\":\"19:00:00\",\"type\":\"OUVERTURE_TOUS_LES_JOURS\",\"tousLesAns\":true,\"identifiantTechnique\":35321432,\"horaires\":[{\"id\":124840,\"type\":{\"elementReferenceType\":\"HoraireType\",\"id\":7487},\"timePeriods\":[{\"id\":131430,\"closed\":false,\"weekdays\":[\"SAT\",\"SUN\",\"MON\",\"TUE\",\"THU\",\"FRI\",\"WED\"],\"timeFrames\":[{\"id\":140039,\"startTime\":\"09:00\",\"endTime\":\"19:00\"}]}]}]}],\"dureeSeance\":20},\"Latitude\":45.783828999999997222403180785477161407470703125,\"Longitude\":6.22580299999999997595523382187820971012115478515625,\"COMMUNE\":\"Doussard\",\"codeUI\":\"CA-ADOC-114542-17334\",\"TypeActivite\":\"Activit\\u00e9s sportives\",\"critInternes\":[\"Activit\\u00e9s sport nature\"]},\"34634\":{\"presentation\":{\"descriptifCourt\":{\"libelleFr\":\"Offrez un bon cadeau Powertex : un atelier cr\\u00e9atif pour modeler et donner vie \\u00e0 votre \\u0153uvre \\u00e0 quatre mains. Accompagnement personnalis\\u00e9, ambiance conviviale et souvenir artistique unique \\u00e0 partager.\"},\"descriptifDetaille\":{\"libelleFr\":\"Partagez une exp\\u00e9rience artistique immersive, id\\u00e9ale pour stimuler la cr\\u00e9ativit\\u00e9 et vivre un vrai moment de complicit\\u00e9. Ensemble, vous d\\u00e9couvrirez l\\u2019univers du Powertex, un m\\u00e9dium \\u00e9tonnant qui permet de cr\\u00e9er des \\u0153uvres en volume gr\\u00e2ce \\u00e0 des textures, tissus et effets vari\\u00e9s. \\r\\nGuid\\u00e9s pas \\u00e0 pas, vous apprendrez \\u00e0 modeler, structurer et donner vie \\u00e0 votre pi\\u00e8ce tout en laissant libre cours \\u00e0 vos envies. \\r\\nAucun niveau n\\u2019est requis : l\\u2019atelier s\\u2019adapte \\u00e0 chacun pour offrir un moment accessible, convivial et valorisant. \\r\\n\\u00c0 deux, vous profiterez d\\u2019un accompagnement personnalis\\u00e9, d\\u2019un temps d\\u2019\\u00e9change inspirant et de la satisfaction de repartir avec une cr\\u00e9ation unique fa\\u00e7onn\\u00e9e \\u00e0 quatre mains. Un cadeau original, cr\\u00e9atif et m\\u00e9morable, parfait pour offrir une parenth\\u00e8se artistique \\u00e0 partager.\"}},\"prestations\":{\"animauxAcceptes\":\"NON_DISPONIBLE\",\"animauxAcceptesSupplement\":\"NON_DISPONIBLE\",\"languesParlees\":[{\"elementReferenceType\":\"Langue\",\"id\":1197}],\"surchargeTourismesAdaptes\":true,\"surchargeDescriptifHandicapMoteur\":true,\"surchargeDescriptifHandicapAuditif\":true,\"surchargeDescriptifHandicapVisuel\":true,\"surchargeDescriptifHandicapMental\":true,\"surchargeNombreFauteuilsRoulants\":true,\"ageMin\":120,\"uniteAgeMin\":\"ANNEE\"},\"ouverture\":{\"periodeEnClair\":{\"libelleFr\":\"Du 01\\\/01 au 31\\\/12 tous les jours.\\nSur r\\u00e9servation.\",\"libelleEn\":\"From 01\\\/01 to 31\\\/12 daily.\\nBy reservation.\",\"libelleEs\":\"Del 01\\\/01 al 31\\\/12 todos los dias.\",\"libelleIt\":\"Dal 01\\\/01 al 31\\\/12 ogni giorno.\",\"libelleDe\":\"Vom 01\\\/01 bis 31\\\/12 t\\u00e4glich.\",\"libelleNl\":\"Van 01\\\/01 tot en met 31\\\/12 iedere dag.\",\"libelleRu\":\"\\u0421 01\\\/01 \\u0434\\u043e 31\\\/12 \\u0435\\u0436\\u0435\\u0434\\u043d\\u0435\\u0432\\u043d\\u043e.\",\"libelleZh\":\"\\u4ece 1\\u67081\\u65e5 \\u5230 12\\u670831\\u65e5 \\u65e5\\u5e38.\",\"libellePtBR\":\"De 01\\\/01 a 31\\\/12 todos os dias.\",\"libelleJa\":\"01\\\/01 \\u304b\\u3089 31\\\/12 \\u307e\\u3067 \\u6bce\\u65e5.\",\"libelleKo\":\"01\\\/01 \\uc77c\\ubd80\\ud130 31\\\/12 \\uc77c\\uae4c\\uc9c0 \\ub9e4\\uc77c.\"},\"periodeEnClairGenerationMode\":\"AUTOMATIQUE\",\"indicationsPeriode\":[{\"elementReferenceType\":\"IndicationPeriode\",\"id\":416},{\"elementReferenceType\":\"IndicationPeriode\",\"id\":418},{\"elementReferenceType\":\"IndicationPeriode\",\"id\":435},{\"elementReferenceType\":\"IndicationPeriode\",\"id\":436}],\"periodesOuvertures\":[{\"identifiant\":38344370,\"dateDebut\":\"2024-01-01\",\"dateFin\":\"2024-12-31\",\"complementHoraire\":{\"libelleFr\":\"Sur r\\u00e9servation.\",\"libelleEn\":\"By reservation.\"},\"type\":\"OUVERTURE_TOUS_LES_JOURS\",\"tousLesAns\":true,\"identifiantTechnique\":38344370,\"horaires\":[{\"id\":3054177,\"type\":{\"elementReferenceType\":\"HoraireType\",\"id\":7487},\"timePeriods\":[{\"id\":3309746,\"closed\":false,\"weekdays\":[\"WED\",\"SAT\",\"SUN\",\"THU\",\"MON\",\"TUE\",\"FRI\"],\"timeFrames\":[{\"id\":3377936}]}]}]}],\"dureeSeance\":120},\"Latitude\":45.75402299999999655710780643858015537261962890625,\"Longitude\":6.34251699999999996038013705401681363582611083984375,\"COMMUNE\":\"Val de Chaise\",\"codeUI\":\"CA-ADOC-132595-57990\",\"TypeActivite\":\"Activit\\u00e9s culturelles\",\"critInternes\":[\"Place de march\\u00e9\",\"bons_cadeaux\"]},\"34465\":{\"presentation\":{\"descriptifCourt\":{\"libelleFr\":\"Offrez une dose d\\u2019adr\\u00e9naline avec le canyon de Montmin version Sportive ! Toboggans, sauts et rappels dans un cadre naturel grandiose. Une aventure ludique et rafra\\u00eechissante, accessible \\u00e0 tous les d\\u00e9butants sportifs !\"},\"descriptifDetaille\":{\"libelleFr\":\"Programme: Afin de pr\\u00e9parer et de prolonger votre descente en canyoning en toute convivialit\\u00e9, nous vous accueillons dans la seule et unique base de canyoning au bord du lac d\\u2019Annecy: un endroit chaleureux et confortable avec une buvette et une petite plage\\u2026Vous y retrouverez votre guide qui vous \\u00e9quipera du mat\\u00e9riel de canyon puis vous am\\u00e8nera \\u00e0 bord de notre minibus au d\\u00e9part du canyon (15 minutes de route). Vous acc\\u00e8derez ensuite au canyon par une courte descente \\u00e9quip\\u00e9e d\\u0027une main courante. La descente qui dure 2h30 est tr\\u00e8s aquatique et ludique avec ses nombreux toboggans et sauts entre 1m et 7m. Les plus grands sauts pourront \\u00eatre contourn\\u00e9s. Avec seulement un petit rappel de 10m, ce canyon ne pr\\u00e9sente pas de difficult\\u00e9 technique et ne n\\u00e9cessite pas d\\u0027exp\\u00e9rience en canyoning. A la fin de votre descente il faudra remonter au parking par un sentier (15 minutes). Vous rentrerez ensuite \\u00e0 la base avec votre moniteur.\"}},\"prestations\":{\"animauxAcceptes\":\"NON_DISPONIBLE\",\"animauxAcceptesSupplement\":\"NON_DISPONIBLE\",\"languesParlees\":[{\"elementReferenceType\":\"Langue\",\"id\":1197}],\"surchargeTourismesAdaptes\":true,\"surchargeDescriptifHandicapMoteur\":true,\"surchargeDescriptifHandicapAuditif\":true,\"surchargeDescriptifHandicapVisuel\":true,\"surchargeDescriptifHandicapMental\":true,\"surchargeNombreFauteuilsRoulants\":true,\"nombrePersonnesMinimum\":4,\"tailleGroupeMax\":40,\"ageMin\":168,\"ageMax\":900,\"uniteAgeMin\":\"ANNEE\",\"uniteAgeMax\":\"ANNEE\"},\"ouverture\":{\"periodeEnClair\":{\"libelleFr\":\"Du 01\\\/05 au 31\\\/10 tous les jours de 9h \\u00e0 19h.\",\"libelleEn\":\"From 01\\\/05 to 31\\\/10 daily between 9 am and 7 pm.\",\"libelleEs\":\"Del 01\\\/05 al 31\\\/10 todos los dias de 9 a 19.\",\"libelleIt\":\"Dal 01\\\/05 al 31\\\/10 ogni giorno dalle 9 alle 19.\",\"libelleDe\":\"Vom 01\\\/05 bis 31\\\/10 t\\u00e4glich von 9 Uhr bis 19 Uhr.\",\"libelleNl\":\"Van 01\\\/05 tot en met 31\\\/10 iedere dag van 9.00 tot 19.00 u.\",\"libelleRu\":\"\\u0421 01\\\/05 \\u0434\\u043e 31\\\/10 \\u0435\\u0436\\u0435\\u0434\\u043d\\u0435\\u0432\\u043d\\u043e \\u0441 9h \\u0434\\u043e 19h.\",\"libelleZh\":\"\\u4ece 5\\u67081\\u65e5 \\u5230 10\\u670831\\u65e5 \\u65e5\\u5e38 \\u5c0f\\u65f6\\u5c0f\\u65f6 \\u548c \\u5c0f\\u65f6\\u5c0f\\u65f6 \\u4e4b\\u95f4.\",\"libellePtBR\":\"De 01\\\/05 a 31\\\/10 todos os dias de 9h a\\u00a0 19h.\",\"libelleJa\":\"01\\\/05 \\u304b\\u3089 31\\\/10 \\u307e\\u3067 \\u6bce\\u65e5 9 \\u5348\\u524d \\u3068 7 \\u5348\\u5f8c \\u306e\\u9593.\",\"libelleKo\":\"01\\\/05 \\uc77c\\ubd80\\ud130 31\\\/10 \\uc77c\\uae4c\\uc9c0 \\ub9e4\\uc77c 9h \\uc5d0\\uc11c 19h \\uae4c\\uc9c0.\"},\"periodeEnClairGenerationMode\":\"AUTOMATIQUE\",\"indicationsPeriode\":[{\"elementReferenceType\":\"IndicationPeriode\",\"id\":416},{\"elementReferenceType\":\"IndicationPeriode\",\"id\":418},{\"elementReferenceType\":\"IndicationPeriode\",\"id\":436}],\"periodesOuvertures\":[{\"identifiant\":37982365,\"dateDebut\":\"2026-05-01\",\"dateFin\":\"2026-10-31\",\"horaireOuverture\":\"09:00:00\",\"horaireFermeture\":\"19:00:00\",\"type\":\"OUVERTURE_TOUS_LES_JOURS\",\"tousLesAns\":true,\"identifiantTechnique\":39796384,\"horaires\":[{\"id\":4455862,\"type\":{\"elementReferenceType\":\"HoraireType\",\"id\":7487},\"timePeriods\":[{\"id\":4933953,\"closed\":false,\"weekdays\":[\"SUN\",\"TUE\",\"MON\",\"FRI\",\"SAT\",\"THU\",\"WED\"],\"timeFrames\":[{\"id\":4889836,\"startTime\":\"09:00\",\"endTime\":\"19:00\"}]}]}]}],\"dureeSeance\":150},\"COMMUNE\":\"Faverges-Seythenex\",\"codeUI\":\"CA-ADOC-110648-19747\",\"TypeActivite\":\"Activit\\u00e9s sportives\",\"critInternes\":[\"Place de march\\u00e9\",\"bons_cadeaux\"]},\"34624\":{\"presentation\":{\"descriptifCourt\":{\"libelleFr\":\"Offrez un instant de libert\\u00e9 avec un bapt\\u00eame en parapente ! Un vol inoubliable pour d\\u00e9couvrir la montagne vue du ciel, sensations douces et \\u00e9merveillement garantis. Le cadeau parfait pour vivre une premi\\u00e8re exp\\u00e9rience a\\u00e9rienne unique.\"},\"descriptifDetaille\":{\"libelleFr\":\"Offrez une parenth\\u00e8se a\\u00e9rienne inoubliable avec un bon cadeau pour un bapt\\u00eame en parapente. D\\u00e8s les premiers instants, la l\\u00e9g\\u00e8ret\\u00e9 du d\\u00e9collage et la beaut\\u00e9 des paysages invitent \\u00e0 vivre un v\\u00e9ritable moment d\\u2019\\u00e9vasion. Accompagn\\u00e9 par un moniteur dipl\\u00f4m\\u00e9, le b\\u00e9n\\u00e9ficiaire profite d\\u2019un vol doux, accessible \\u00e0 tous, o\\u00f9 s\\u00e9r\\u00e9nit\\u00e9 et \\u00e9merveillement se m\\u00ealent \\u00e0 la sensation unique de flotter dans les airs.\\r\\nUn cadeau original, riche en \\u00e9motions, id\\u00e9al pour marquer une occasion sp\\u00e9ciale et cr\\u00e9er un souvenir durable.\"}},\"prestations\":{\"equipements\":[{\"elementReferenceType\":\"PrestationEquipement\",\"id\":741}],\"animauxAcceptes\":\"NON_ACCEPTES\",\"animauxAcceptesSupplement\":\"NON_DISPONIBLE\",\"languesParlees\":[{\"elementReferenceType\":\"Langue\",\"id\":1192},{\"elementReferenceType\":\"Langue\",\"id\":1197}],\"languesDocumentation\":[{\"elementReferenceType\":\"Langue\",\"id\":1197}],\"complementAccueil\":{\"libelleFr\":\"Age minimum pour les stages : 12 ans.\"},\"surchargeTourismesAdaptes\":true,\"surchargeDescriptifHandicapMoteur\":true,\"surchargeDescriptifHandicapAuditif\":true,\"surchargeDescriptifHandicapVisuel\":true,\"surchargeDescriptifHandicapMental\":true,\"surchargeNombreFauteuilsRoulants\":true,\"tailleGroupeMin\":5,\"ageMin\":72,\"uniteAgeMin\":\"ANNEE\"},\"ouverture\":{\"periodeEnClair\":{\"libelleFr\":\"Du 01\\\/04 au 31\\\/10 tous les jours.\",\"libelleEn\":\"From 01\\\/04 to 31\\\/10 daily.\",\"libelleEs\":\"Del 01\\\/04 al 31\\\/10 todos los dias.\",\"libelleIt\":\"Dal 01\\\/04 al 31\\\/10 ogni giorno.\",\"libelleDe\":\"Vom 01\\\/04 bis 31\\\/10 t\\u00e4glich.\",\"libelleNl\":\"Van 01\\\/04 tot en met 31\\\/10 iedere dag.\",\"libelleRu\":\"\\u0421 01\\\/04 \\u0434\\u043e 31\\\/10 \\u0435\\u0436\\u0435\\u0434\\u043d\\u0435\\u0432\\u043d\\u043e.\",\"libelleZh\":\"\\u4ece 4\\u67081\\u65e5 \\u5230 10\\u670831\\u65e5 \\u65e5\\u5e38.\",\"libellePtBR\":\"De 01\\\/04 a 31\\\/10 todos os dias.\",\"libelleJa\":\"01\\\/04 \\u304b\\u3089 31\\\/10 \\u307e\\u3067 \\u6bce\\u65e5.\",\"libelleKo\":\"01\\\/04 \\uc77c\\ubd80\\ud130 31\\\/10 \\uc77c\\uae4c\\uc9c0 \\ub9e4\\uc77c.\"},\"periodeEnClairGenerationMode\":\"AUTOMATIQUE\",\"indicationsPeriode\":[{\"elementReferenceType\":\"IndicationPeriode\",\"id\":416},{\"elementReferenceType\":\"IndicationPeriode\",\"id\":418},{\"elementReferenceType\":\"IndicationPeriode\",\"id\":436}],\"periodesOuvertures\":[{\"identifiant\":38336345,\"dateDebut\":\"2024-04-01\",\"dateFin\":\"2024-10-31\",\"type\":\"OUVERTURE_TOUS_LES_JOURS\",\"tousLesAns\":true,\"identifiantTechnique\":38336470,\"horaires\":[{\"id\":3046193,\"type\":{\"elementReferenceType\":\"HoraireType\",\"id\":7487},\"timePeriods\":[{\"id\":3300443,\"closed\":false,\"weekdays\":[\"SAT\",\"WED\",\"THU\",\"SUN\",\"MON\",\"FRI\",\"TUE\"],\"timeFrames\":[{\"id\":3368948}]}]}]}]},\"Latitude\":45.8486630000000019435901776887476444244384765625,\"Longitude\":6.21278400000000008418510333285667002201080322265625,\"COMMUNE\":\"Talloires-Montmin\",\"codeUI\":\"CA-ADOC-111168-16221\",\"TypeActivite\":\"Activit\\u00e9s sportives\",\"critInternes\":[\"Place de march\\u00e9\",\"bons_cadeaux\"]},\"33810\":{\"presentation\":{\"descriptifCourt\":{\"libelleFr\":\"Une \\u00e9nergie d\\u00e9bordante, des textes travaill\\u00e9s, militants et intimes, des influences rock parfaitement assum\\u00e9es\\u2026 Ces 6 musiciens donnent \\u00e0 voir et \\u00e0 entendre, et invitent g\\u00e9n\\u00e9reusement \\u00e0 se rapprocher pour danser jusqu\\u2019au bout de la nuit !\"},\"descriptifDetaille\":{\"libelleFr\":\"Apr\\u00e8s plus de 15 ans de sc\\u00e8ne, au son de l\\u2019accord\\u00e9on et du violon, FQCG plaide toujours pour une chanson vivante au plus proche du public qui cl\\u00f4tura avec humanit\\u00e9 et joie de vivre cette saison 2025-2026.\"}},\"prestations\":{\"animauxAcceptes\":\"NON_DISPONIBLE\",\"animauxAcceptesSupplement\":\"NON_DISPONIBLE\",\"languesParlees\":[{\"elementReferenceType\":\"Langue\",\"id\":1197}],\"surchargeTourismesAdaptes\":true,\"surchargeDescriptifHandicapMoteur\":true,\"surchargeDescriptifHandicapAuditif\":true,\"surchargeDescriptifHandicapVisuel\":true,\"surchargeDescriptifHandicapMental\":true,\"surchargeNombreFauteuilsRoulants\":true},\"ouverture\":{\"periodeEnClair\":{\"libelleFr\":\"Vendredi 22 mai 2026 de 20h30 \\u00e0 22h.\",\"libelleEn\":\"Friday 22 May 2026 between 8.30 pm and 10 pm.\",\"libelleEs\":\"Viernes, 22 de mayo de 2026 de 20:30 a 22.\",\"libelleIt\":\"Venerd\\u00ec 22 maggio 2026 dalle 20:30 alle 22.\",\"libelleDe\":\"Freitag, den 22. Mai 2026 von 20.30 Uhr bis 22 Uhr.\",\"libelleNl\":\"Vrijdag 22 mei 2026 van 20.30 tot 22.00 u.\",\"libelleRu\":\"\\u041f\\u044f\\u0442\\u043d\\u0438\\u0446\\u0430 22 \\u043c\\u0430\\u044f 2026  \\u0441 20h30 \\u0434\\u043e 22h.\",\"libelleZh\":\"2026\\u5e745\\u670822\\u65e5, \\u661f\\u671f\\u4e94   \\u5c0f\\u65f6\\u5c0f\\u65f6\\u5206\\u949f  \\u548c \\u5c0f\\u65f6\\u5c0f\\u65f6 \\u4e4b\\u95f4.\",\"libellePtBR\":\"Sexta-feira 22 maio 2026 de 20h30 a\\u00a0 22h.\",\"libelleJa\":\"\\u91d1\\u66dc\\u65e5 22 5\\u6708 2026 8.30 \\u5348\\u5f8c \\u3068 10 \\u5348\\u5f8c \\u306e\\u9593.\",\"libelleKo\":\"\\uae08\\uc694\\uc77c 22 5\\uc6d4 02026 20h30 \\uc5d0\\uc11c 22h \\uae4c\\uc9c0.\"},\"periodeEnClairGenerationMode\":\"AUTOMATIQUE\",\"indicationsPeriode\":[{\"elementReferenceType\":\"IndicationPeriode\",\"id\":436}],\"periodesOuvertures\":[{\"identifiant\":37008770,\"dateDebut\":\"2026-05-22\",\"dateFin\":\"2026-05-22\",\"horaireOuverture\":\"20:30:00\",\"horaireFermeture\":\"22:00:00\",\"type\":\"OUVERTURE_TOUS_LES_JOURS\",\"tousLesAns\":false,\"identifiantTechnique\":37008770,\"horaires\":[{\"id\":1773876,\"type\":{\"elementReferenceType\":\"HoraireType\",\"id\":7487},\"timePeriods\":[{\"id\":1873105,\"closed\":false,\"timeFrames\":[{\"id\":1949251,\"startTime\":\"20:30\",\"endTime\":\"22:00\"}]}]}]}],\"dureeSeance\":90},\"Latitude\":45.74797199999999719466359238140285015106201171875,\"Longitude\":6.297850000000000392219590139575302600860595703125,\"COMMUNE\":\"Faverges-Seythenex\",\"codeUI\":\"CA-ADOC-133098-56080\",\"critInternes\":[\"Place de march\\u00e9\",\"Billeterie\"]},\"29368\":{\"presentation\":{\"descriptifCourt\":{\"libelleFr\":\"Plongez dans une enqu\\u00eate palpitante \\u00e0 la Ferme de Gy \\u00e0 Giez ! Une s\\u00e9rie de meurtres secoue la ferme. Les policiers, d\\u00e9bord\\u00e9s, recrutent des apprentis d\\u00e9tectives dans la brigade YLLAR !\"},\"descriptifDetaille\":{\"libelleFr\":\"Formez des brigades de 4 \\u00e0 6 personnes, cherchez des indices et r\\u00e9solvez l\\u0027enqu\\u00eate. D\\u00e9couvrez qui a tu\\u00e9, avec quelle arme, et pourquoi. Coop\\u00e9rez (ou pas) avec les autres \\u00e9quipes pour avancer !\\r\\nInspectez la ferme, ses \\u00e9tables et son jardin. \\u00c9changez, cogitez, et laissez parler votre flair !\\r\\n Une aventure dr\\u00f4le et ludique pour un moment inoubliable entre amis ou en famille. Ne manquez pas cette exp\\u00e9rience !\"}},\"prestations\":{\"animauxAcceptes\":\"NON_DISPONIBLE\",\"animauxAcceptesSupplement\":\"NON_DISPONIBLE\",\"languesParlees\":[{\"elementReferenceType\":\"Langue\",\"id\":1197}],\"surchargeTourismesAdaptes\":true,\"surchargeDescriptifHandicapMoteur\":true,\"surchargeDescriptifHandicapAuditif\":true,\"surchargeDescriptifHandicapVisuel\":true,\"surchargeDescriptifHandicapMental\":true,\"surchargeNombreFauteuilsRoulants\":true,\"ageMin\":144,\"uniteAgeMin\":\"ANNEE\"},\"ouverture\":{\"periodeEnClair\":{},\"periodeEnClairGenerationMode\":\"AUTOMATIQUE\",\"indicationsPeriode\":[{\"elementReferenceType\":\"IndicationPeriode\",\"id\":418}],\"periodesOuvertures\":[{\"identifiant\":35682552,\"dateDebut\":\"2025-08-19\",\"dateFin\":\"2025-08-19\",\"complementHoraire\":{\"libelleFr\":\"Et de 19h45 \\u00e0 22h30\"},\"horaireOuverture\":\"15:00:00\",\"horaireFermeture\":\"17:45:00\",\"type\":\"OUVERTURE_TOUS_LES_JOURS\",\"tousLesAns\":false,\"identifiantTechnique\":36823172,\"horaires\":[{\"id\":1610722,\"type\":{\"elementReferenceType\":\"HoraireType\",\"id\":7487},\"timePeriods\":[{\"id\":1697390,\"closed\":false,\"weekdays\":[\"TUE\"],\"timeFrames\":[{\"id\":1769562,\"startTime\":\"15:00\",\"endTime\":\"17:45\"}]}]}]}]},\"Latitude\":45.75096500000000077079675975255668163299560546875,\"Longitude\":6.24831999999999965211827657185494899749755859375,\"COMMUNE\":\"Giez\",\"codeUI\":\"CA-ADOC-130771-41029\",\"TypeActivite\":\"Cultural activities\",\"critInternes\":[\"Partenaire\",\"option_aventure\",\"enigmes_jeu_de_pistes\",\"Place de march\\u00e9\",\"Micro-aventure\"]},\"34628\":{\"presentation\":{\"descriptifCourt\":{\"libelleFr\":\"Offrez un moment a\\u00e9rien unique avec le bon cadeau Ascendance : un vol prolong\\u00e9 gr\\u00e2ce aux courants thermiques, pour prendre de la hauteur et profiter d\\u2019un panorama grandiose. Une exp\\u00e9rience intense, id\\u00e9ale pour ceux qui r\\u00eavent de voler plus longtemps.\"},\"descriptifDetaille\":{}},\"prestations\":{\"equipements\":[{\"elementReferenceType\":\"PrestationEquipement\",\"id\":741}],\"animauxAcceptes\":\"NON_ACCEPTES\",\"animauxAcceptesSupplement\":\"NON_DISPONIBLE\",\"languesParlees\":[{\"elementReferenceType\":\"Langue\",\"id\":1192},{\"elementReferenceType\":\"Langue\",\"id\":1197}],\"languesDocumentation\":[{\"elementReferenceType\":\"Langue\",\"id\":1197}],\"complementAccueil\":{\"libelleFr\":\"Age minimum pour les stages : 12 ans.\"},\"surchargeTourismesAdaptes\":true,\"surchargeDescriptifHandicapMoteur\":true,\"surchargeDescriptifHandicapAuditif\":true,\"surchargeDescriptifHandicapVisuel\":true,\"surchargeDescriptifHandicapMental\":true,\"surchargeNombreFauteuilsRoulants\":true,\"tailleGroupeMin\":5},\"ouverture\":{\"periodeEnClair\":{\"libelleFr\":\"Du 01\\\/04 au 31\\\/10 tous les jours.\",\"libelleEn\":\"From 01\\\/04 to 31\\\/10 daily.\",\"libelleEs\":\"Del 01\\\/04 al 31\\\/10 todos los dias.\",\"libelleIt\":\"Dal 01\\\/04 al 31\\\/10 ogni giorno.\",\"libelleDe\":\"Vom 01\\\/04 bis 31\\\/10 t\\u00e4glich.\",\"libelleNl\":\"Van 01\\\/04 tot en met 31\\\/10 iedere dag.\",\"libelleRu\":\"\\u0421 01\\\/04 \\u0434\\u043e 31\\\/10 \\u0435\\u0436\\u0435\\u0434\\u043d\\u0435\\u0432\\u043d\\u043e.\",\"libelleZh\":\"\\u4ece 4\\u67081\\u65e5 \\u5230 10\\u670831\\u65e5 \\u65e5\\u5e38.\",\"libellePtBR\":\"De 01\\\/04 a 31\\\/10 todos os dias.\",\"libelleJa\":\"01\\\/04 \\u304b\\u3089 31\\\/10 \\u307e\\u3067 \\u6bce\\u65e5.\",\"libelleKo\":\"01\\\/04 \\uc77c\\ubd80\\ud130 31\\\/10 \\uc77c\\uae4c\\uc9c0 \\ub9e4\\uc77c.\"},\"periodeEnClairGenerationMode\":\"AUTOMATIQUE\",\"indicationsPeriode\":[{\"elementReferenceType\":\"IndicationPeriode\",\"id\":416},{\"elementReferenceType\":\"IndicationPeriode\",\"id\":418},{\"elementReferenceType\":\"IndicationPeriode\",\"id\":436}],\"periodesOuvertures\":[{\"identifiant\":38338326,\"dateDebut\":\"2024-04-01\",\"dateFin\":\"2024-10-31\",\"type\":\"OUVERTURE_TOUS_LES_JOURS\",\"tousLesAns\":true,\"identifiantTechnique\":38338326,\"horaires\":[{\"id\":3048065,\"type\":{\"elementReferenceType\":\"HoraireType\",\"id\":7487},\"timePeriods\":[{\"id\":3302641,\"closed\":false,\"weekdays\":[\"SAT\",\"WED\",\"THU\",\"SUN\",\"MON\",\"TUE\",\"FRI\"],\"timeFrames\":[{\"id\":3371056}]}]}]}]},\"Latitude\":45.8486630000000019435901776887476444244384765625,\"Longitude\":6.21278400000000008418510333285667002201080322265625,\"COMMUNE\":\"Talloires-Montmin\",\"codeUI\":\"CA-ADOC-111168-16279\",\"TypeActivite\":\"Activit\\u00e9s sportives\",\"critInternes\":[\"Place de march\\u00e9\",\"bons_cadeaux\"]},\"29534\":{\"presentation\":{\"descriptifCourt\":{\"libelleFr\":\"Partez pour une balade \\u00e0 cheval de 2 heures et laissez-vous envo\\u00fbter par la beaut\\u00e9 des paysages. Que vous soyez d\\u00e9butant ou cavalier confirm\\u00e9, profitez d\\u2019un moment de d\\u00e9tente en pleine nature, accompagn\\u00e9 par un guide passionn\\u00e9.\",\"libelleEn\":\"Set off for a 2-hour horseback ride and let yourself be captivated by the beauty of the landscapes. Whether you are a beginner or an experienced rider, enjoy a relaxing time in nature, guided by a passionate instructor. An unforgettable experience awaits you!\"},\"descriptifDetaille\":{\"libelleFr\":\"Tenue adapt\\u00e9e et chaussures ferm\\u00e9es obligatoires\"}},\"prestations\":{\"animauxAcceptes\":\"NON_DISPONIBLE\",\"animauxAcceptesSupplement\":\"NON_DISPONIBLE\",\"languesParlees\":[{\"elementReferenceType\":\"Langue\",\"id\":1197}],\"surchargeTourismesAdaptes\":true,\"surchargeDescriptifHandicapMoteur\":true,\"surchargeDescriptifHandicapAuditif\":true,\"surchargeDescriptifHandicapVisuel\":true,\"surchargeDescriptifHandicapMental\":true,\"surchargeNombreFauteuilsRoulants\":true,\"ageMin\":144,\"uniteAgeMin\":\"ANNEE\"},\"ouverture\":{\"periodeEnClair\":{\"libelleFr\":\"Toute l\\u0027ann\\u00e9e tous les jours.\\nSur r\\u00e9servation.\",\"libelleEn\":\"All year round daily.\",\"libelleEs\":\"Todo el a\\u00f1o todos los dias.\",\"libelleIt\":\"Tutto l\\u0027anno ogni giorno.\",\"libelleDe\":\"Ganzj\\u00e4hrig t\\u00e4glich.\",\"libelleNl\":\"Het hele jaar iedere dag.\",\"libelleRu\":\"\\u0412 \\u0442\\u0435\\u0447\\u0435\\u043d\\u0438\\u0435 \\u0432\\u0441\\u0435\\u0433\\u043e \\u0433\\u043e\\u0434\\u0430 \\u0435\\u0436\\u0435\\u0434\\u043d\\u0435\\u0432\\u043d\\u043e.\",\"libelleZh\":\"\\u5168\\u5e74 \\u65e5\\u5e38.\",\"libellePtBR\":\"Todo o ano todos os dias.\",\"libelleJa\":\"\\u30aa\\u30fc\\u30eb\\u30b7\\u30fc\\u30ba\\u30f3 \\u6bce\\u65e5.\",\"libelleKo\":\"\\uc77c \\ub144 \\ub0b4\\ub0b4 \\ub9e4\\uc77c.\"},\"periodeEnClairGenerationMode\":\"AUTOMATIQUE\",\"indicationsPeriode\":[{\"elementReferenceType\":\"IndicationPeriode\",\"id\":416},{\"elementReferenceType\":\"IndicationPeriode\",\"id\":418},{\"elementReferenceType\":\"IndicationPeriode\",\"id\":435},{\"elementReferenceType\":\"IndicationPeriode\",\"id\":436}],\"periodesOuvertures\":[{\"identifiant\":33096318,\"dateDebut\":\"2024-01-01\",\"dateFin\":\"2024-12-31\",\"complementHoraire\":{\"libelleFr\":\"Sur r\\u00e9servation.\"},\"type\":\"OUVERTURE_TOUS_LES_JOURS\",\"tousLesAns\":true,\"identifiantTechnique\":36822492,\"horaires\":[{\"id\":1610051,\"type\":{\"elementReferenceType\":\"HoraireType\",\"id\":7487},\"timePeriods\":[{\"id\":1696692,\"closed\":false,\"weekdays\":[\"WED\",\"SAT\",\"SUN\",\"THU\",\"MON\",\"TUE\",\"FRI\"],\"timeFrames\":[{\"id\":1768844}]}]}]}],\"ouvertTouteLAnnee\":\"OUVERT_TOUTE_L_ANNEE\",\"dureeSeance\":120},\"Latitude\":45.74576499999999867895894567482173442840576171875,\"Longitude\":6.224579999999999557758201262913644313812255859375,\"COMMUNE\":\"Chevaline\",\"codeUI\":\"CA-ADOC-132746-48297\",\"TypeActivite\":\"Sporting activities\",\"critInternes\":[\"Place de march\\u00e9\",\"Activit\\u00e9s sport nature\",\"bons_cadeaux\"]},\"34456\":{\"presentation\":{\"descriptifCourt\":{\"libelleFr\":\"Offrez une aventure unique avec la Via-Tyro de Mont\\u00e9 M\\u00e9dio ! Entre lac et montagnes, vivez un parcours priv\\u00e9 m\\u00ealant escalade, randonn\\u00e9e, pont de singe et tyroliennes pour une exp\\u00e9rience riche en sensations dans un cadre naturel exceptionnel.\"},\"descriptifDetaille\":{\"libelleFr\":\"La Via-Tyro d\\u2019Annecy c\\u2019est une voie a\\u00e9rienne priv\\u00e9e avec ici et l\\u00e0, de beaux points de vue pour souffler et admirer.\\r\\n\\r\\nUn parcours de 3 heures et demi, alternant randonn\\u00e9e, via ferrata, pont de singe et plusieurs tyroliennes le tout \\u00e9quip\\u00e9 par les guides Mont\\u00e9 M\\u00e9dio et qui vous est r\\u00e9serv\\u00e9 pour progresser \\u00e0 votre rythme.\\r\\n\\r\\nD\\u00e9part du col de la Forclaz au dessus du lac d\\u2019Annecy.\\r\\n\\r\\nUne Via Ferrata ludique et unique sur Annecy \\u2013 Parfaite pour d\\u00e9couvrir la Via Ferrata.\\r\\n\\r\\nEscalade en Via Ferrata, randonn\\u00e9e, pont de singe et un parcours de tyroliennes.\\r\\n\\r\\nSuperbes points de vue sur les montagnes et le lac.\\r\\n\\r\\nNiveau : facile.\\r\\n\\r\\nA partir de 12 ans.\\r\\n\\r\\nDur\\u00e9e : environ 3 heures et demi.\"}},\"prestations\":{\"animauxAcceptes\":\"NON_DISPONIBLE\",\"animauxAcceptesSupplement\":\"NON_DISPONIBLE\",\"languesParlees\":[{\"elementReferenceType\":\"Langue\",\"id\":1197}],\"surchargeTourismesAdaptes\":true,\"surchargeDescriptifHandicapMoteur\":true,\"surchargeDescriptifHandicapAuditif\":true,\"surchargeDescriptifHandicapVisuel\":true,\"surchargeDescriptifHandicapMental\":true,\"surchargeNombreFauteuilsRoulants\":true,\"typesClientele\":[{\"elementReferenceType\":\"TypeClientele\",\"id\":3735}],\"ageMin\":144,\"ageMax\":780,\"uniteAgeMin\":\"ANNEE\",\"uniteAgeMax\":\"ANNEE\"},\"ouverture\":{\"periodeEnClair\":{\"libelleFr\":\"Du 01\\\/05 au 30\\\/10 tous les jours de 9h \\u00e0 19h.\",\"libelleEn\":\"From 01\\\/05 to 30\\\/10 daily between 9 am and 7 pm.\",\"libelleEs\":\"Del 01\\\/05 al 30\\\/10 todos los dias de 9 a 19.\",\"libelleIt\":\"Dal 01\\\/05 al 30\\\/10 ogni giorno dalle 9 alle 19.\",\"libelleDe\":\"Vom 01\\\/05 bis 30\\\/10 t\\u00e4glich von 9 Uhr bis 19 Uhr.\",\"libelleNl\":\"Van 01\\\/05 tot en met 30\\\/10 iedere dag van 9.00 tot 19.00 u.\",\"libelleRu\":\"\\u0421 01\\\/05 \\u0434\\u043e 30\\\/10 \\u0435\\u0436\\u0435\\u0434\\u043d\\u0435\\u0432\\u043d\\u043e \\u0441 9h \\u0434\\u043e 19h.\",\"libelleZh\":\"\\u4ece 5\\u67081\\u65e5 \\u5230 10\\u670830\\u65e5 \\u65e5\\u5e38 \\u5c0f\\u65f6\\u5c0f\\u65f6 \\u548c \\u5c0f\\u65f6\\u5c0f\\u65f6 \\u4e4b\\u95f4.\",\"libellePtBR\":\"De 01\\\/05 a 30\\\/10 todos os dias de 9h a\\u00a0 19h.\",\"libelleJa\":\"01\\\/05 \\u304b\\u3089 30\\\/10 \\u307e\\u3067 \\u6bce\\u65e5 9 \\u5348\\u524d \\u3068 7 \\u5348\\u5f8c \\u306e\\u9593.\",\"libelleKo\":\"01\\\/05 \\uc77c\\ubd80\\ud130 30\\\/10 \\uc77c\\uae4c\\uc9c0 \\ub9e4\\uc77c 9h \\uc5d0\\uc11c 19h \\uae4c\\uc9c0.\"},\"periodeEnClairGenerationMode\":\"AUTOMATIQUE\",\"indicationsPeriode\":[{\"elementReferenceType\":\"IndicationPeriode\",\"id\":416},{\"elementReferenceType\":\"IndicationPeriode\",\"id\":418},{\"elementReferenceType\":\"IndicationPeriode\",\"id\":436}],\"periodesOuvertures\":[{\"identifiant\":37982522,\"dateDebut\":\"2026-05-01\",\"dateFin\":\"2026-10-30\",\"horaireOuverture\":\"09:00:00\",\"horaireFermeture\":\"19:00:00\",\"type\":\"OUVERTURE_TOUS_LES_JOURS\",\"tousLesAns\":true,\"identifiantTechnique\":39795621,\"horaires\":[{\"id\":4455111,\"type\":{\"elementReferenceType\":\"HoraireType\",\"id\":7487},\"timePeriods\":[{\"id\":4933093,\"closed\":false,\"weekdays\":[\"WED\",\"SAT\",\"SUN\",\"THU\",\"MON\",\"TUE\",\"FRI\"],\"timeFrames\":[{\"id\":4889085,\"startTime\":\"09:00\",\"endTime\":\"19:00\"}]}]}]}],\"dureeSeance\":240},\"Latitude\":45.76411900000000088084561866708099842071533203125,\"Longitude\":6.29915900000000039682390706730075180530548095703125,\"COMMUNE\":\"Faverges-Seythenex\",\"TypesClienteles\":[\"Adapt\\u00e9 aux d\\u00e9butants\"],\"codeUI\":\"CA-ADOC-110648-19749\",\"TypeActivite\":\"Activit\\u00e9s sportives\",\"critInternes\":[\"Place de march\\u00e9\",\"bons_cadeaux\"]},\"32323\":{\"presentation\":{\"descriptifCourt\":{\"libelleFr\":\"Et si le luxe, le prestige c\\u0027\\u00e9tait de s\\u0027envoyer en l\\u0027air durant 1 heure au-dessus d\\u0027un des plus beau lac d\\u0027Europe ?\",\"libelleEn\":\"What if luxury and prestige meant flying around for 1 hour above one of the most beautiful lakes in Europe?\"}},\"prestations\":{\"animauxAcceptes\":\"NON_ACCEPTES\",\"animauxAcceptesSupplement\":\"NON_DISPONIBLE\",\"languesParlees\":[{\"elementReferenceType\":\"Langue\",\"id\":1192},{\"elementReferenceType\":\"Langue\",\"id\":1197}],\"languesDocumentation\":[{\"elementReferenceType\":\"Langue\",\"id\":1197}],\"surchargeTourismesAdaptes\":true,\"surchargeDescriptifHandicapMoteur\":true,\"surchargeDescriptifHandicapAuditif\":true,\"surchargeDescriptifHandicapVisuel\":true,\"surchargeDescriptifHandicapMental\":true,\"surchargeNombreFauteuilsRoulants\":true,\"ageMin\":144,\"uniteAgeMin\":\"ANNEE\"},\"ouverture\":{\"periodeEnClair\":{\"libelleFr\":\"Du 16\\\/04 au 30\\\/10, tous les jours de 9h \\u00e0 19h30.\\nBasse saison : 10:00 \\u00e0 18:00.\",\"libelleEn\":\"From 16\\\/04 to 30\\\/10, daily between 9 am and 7.30 pm.\",\"libelleEs\":\"Del 16\\\/04 al 30\\\/10, todos los dias de 9 a 19:30.\",\"libelleIt\":\"Dal 16\\\/04 al 30\\\/10, ogni giorno dalle 9 alle 19:30.\",\"libelleDe\":\"Vom 16\\\/04 bis 30\\\/10, t\\u00e4glich von 9 Uhr bis 19.30 Uhr.\",\"libelleNl\":\"Van 16\\\/04 tot en met 30\\\/10, iedere dag van 9.00 tot 19.30 u.\",\"libelleRu\":\"\\u0421 16\\\/04 \\u0434\\u043e 30\\\/10, \\u0435\\u0436\\u0435\\u0434\\u043d\\u0435\\u0432\\u043d\\u043e \\u0441 9h \\u0434\\u043e 19h30.\",\"libelleZh\":\"\\u4ece 4\\u670816\\u65e5 \\u5230 10\\u670830\\u65e5, \\u65e5\\u5e38 \\u5c0f\\u65f6\\u5c0f\\u65f6 \\u548c \\u5c0f\\u65f6\\u5c0f\\u65f6\\u5206\\u949f  \\u4e4b\\u95f4.\",\"libellePtBR\":\"De 16\\\/04 a 30\\\/10, todos os dias de 9h a\\u00a0 19h30.\",\"libelleJa\":\"16\\\/04 \\u304b\\u3089 30\\\/10 \\u307e\\u3067, \\u6bce\\u65e5 9 \\u5348\\u524d \\u3068 7.30 \\u5348\\u5f8c \\u306e\\u9593.\",\"libelleKo\":\"16\\\/04 \\uc77c\\ubd80\\ud130 30\\\/10 \\uc77c\\uae4c\\uc9c0, \\ub9e4\\uc77c 9h \\uc5d0\\uc11c 19h30 \\uae4c\\uc9c0.\"},\"periodeEnClairGenerationMode\":\"AUTOMATIQUE\",\"indicationsPeriode\":[{\"elementReferenceType\":\"IndicationPeriode\",\"id\":416},{\"elementReferenceType\":\"IndicationPeriode\",\"id\":418},{\"elementReferenceType\":\"IndicationPeriode\",\"id\":436}],\"periodesOuvertures\":[{\"identifiant\":13732494,\"dateDebut\":\"2022-04-16\",\"dateFin\":\"2022-10-30\",\"complementHoraire\":{\"libelleFr\":\"Basse saison : 10:00 \\u00e0 18:00\"},\"horaireOuverture\":\"09:00:00\",\"horaireFermeture\":\"19:30:00\",\"type\":\"OUVERTURE_TOUS_LES_JOURS\",\"tousLesAns\":true,\"identifiantTechnique\":35322118,\"horaires\":[{\"id\":131842,\"type\":{\"elementReferenceType\":\"HoraireType\",\"id\":7487},\"timePeriods\":[{\"id\":138810,\"closed\":false,\"weekdays\":[\"SAT\",\"SUN\",\"TUE\",\"MON\",\"THU\",\"FRI\",\"WED\"],\"timeFrames\":[{\"id\":147916,\"startTime\":\"09:00\",\"endTime\":\"19:30\"}]}]}]}],\"dureeSeance\":60},\"Latitude\":45.783828999999997222403180785477161407470703125,\"Longitude\":6.22580299999999997595523382187820971012115478515625,\"COMMUNE\":\"Doussard\",\"codeUI\":\"CA-ADOC-114542-17338\",\"TypeActivite\":\"Activit\\u00e9s sportives\",\"critInternes\":[\"Activit\\u00e9s sport nature\"]},\"31933\":{\"presentation\":{\"descriptifCourt\":{\"libelleFr\":\"Apprendre, cr\\u00e9er et partager autour d\\u0027un th\\u00e9 ou caf\\u00e9, \\u00e7a vous dit ?\\r\\nVenez passer un moment de d\\u00e9tente et vous initier aux diff\\u00e9rentes techniques crochet (crochet classique, crochet tunisien).\"},\"descriptifDetaille\":{\"libelleFr\":\"Install\\u00e9(e) confortablement dans l\\u0027espace d\\u00e9di\\u00e9, vous pourrez d\\u00e9couvrir et apprendre les bases du crochet (classique ou tunisien), et avoir des \\u00e9changes bienveillants et agr\\u00e9ables autour d\\u0027un th\\u00e9 ou caf\\u00e9 accompagn\\u00e9 de gourmandises...\"}},\"prestations\":{\"animauxAcceptes\":\"NON_DISPONIBLE\",\"animauxAcceptesSupplement\":\"NON_DISPONIBLE\",\"languesParlees\":[{\"elementReferenceType\":\"Langue\",\"id\":1197}],\"surchargeTourismesAdaptes\":true,\"surchargeDescriptifHandicapMoteur\":true,\"surchargeDescriptifHandicapAuditif\":true,\"surchargeDescriptifHandicapVisuel\":true,\"surchargeDescriptifHandicapMental\":true,\"surchargeNombreFauteuilsRoulants\":true,\"tailleGroupeMax\":4,\"ageMin\":192,\"uniteAgeMin\":\"ANNEE\"},\"ouverture\":{\"periodeEnClair\":{\"libelleFr\":\"Du 01\\\/01 au 31\\\/12\\\/2025, tous les mardis, mercredis, jeudis, vendredis et samedis de 15h \\u00e0 16h.\",\"libelleEn\":\"From 01\\\/01 to 31\\\/12\\\/2025, every Tuesday, Wednesday, Thursday, Friday and Saturday between 3 pm and 4 pm.\",\"libelleEs\":\"Del 01\\\/01 al 31\\\/12\\\/2025, todos los martes, mi\\u00e9rcoles, jueves, viernes y s\\u00e1bados de 15 a 16.\",\"libelleIt\":\"Dal 01\\\/01 al 31\\\/12\\\/2025, tutti i marted\\u00ec, mercoled\\u00ec, gioved\\u00ec, venerd\\u00ec e sabati dalle 15 alle 16.\",\"libelleDe\":\"Vom 01\\\/01 bis 31\\\/12\\\/2025, jeden Dienstag, Mittwoch, Donnerstag, Freitag und Samstag von 15 Uhr bis 16 Uhr.\",\"libelleNl\":\"Van 01\\\/01 tot en met 31\\\/12\\\/2025, elke dinsdag, woensdag, donderdag, vrijdag en zaterdag van 15.00 tot 16.00 u.\",\"libelleRu\":\"\\u0421 01\\\/01 \\u0434\\u043e 31\\\/12\\\/2025, \\u043a\\u0430\\u0436\\u0434\\u044b\\u0439 \\u0432\\u0442\\u043e\\u0440\\u043d\\u0438\\u043a\\u0438, \\u0441\\u0440\\u0435\\u0434\\u044b, \\u0447\\u0435\\u0442\\u0432\\u0435\\u0440\\u0433\\u0438, \\u043f\\u044f\\u0442\\u043d\\u0438\\u0446\\u044b \\u0438 \\u0441\\u0443\\u0431\\u0431\\u043e\\u0442\\u044b \\u0441 15h \\u0434\\u043e 16h.\",\"libelleZh\":\"\\u4ece 1\\u67081\\u65e5 \\u5230 2025\\u5e7412\\u670831\\u65e5, \\u6bcf\\u661f\\u671f\\u4e8c, \\u661f\\u671f\\u4e09, \\u661f\\u671f\\u56db, \\u661f\\u671f\\u4e94 \\u548c \\u661f\\u671f\\u516d \\u5c0f\\u65f6\\u5c0f\\u65f6 \\u548c \\u5c0f\\u65f6\\u5c0f\\u65f6 \\u4e4b\\u95f4.\",\"libellePtBR\":\"De 01\\\/01 a 31\\\/12\\\/2025, todas as ter\\u00e7as-feiras, quartas-feiras, quintas-feiras, sextas-feiras e s\\u00e1bados de 15h a\\u00a0 16h.\",\"libelleJa\":\"01\\\/01 \\u304b\\u3089 31\\\/12\\\/2025 \\u307e\\u3067, \\u6bce\\u706b\\u66dc\\u65e5, \\u6c34\\u66dc\\u65e5, \\u6728\\u66dc\\u65e5, \\u91d1\\u66dc\\u65e5 \\u3068 \\u571f\\u66dc\\u65e5 3 \\u5348\\u5f8c \\u3068 4 \\u5348\\u5f8c \\u306e\\u9593.\",\"libelleKo\":\"01\\\/01 \\uc77c\\ubd80\\ud130 31\\\/12\\\/2025 \\uc77c\\uae4c\\uc9c0, \\ubaa8\\ub450 \\ud654\\uc694\\uc77c, \\uc218\\uc694\\uc77c, \\ubaa9\\uc694\\uc77c, \\uae08\\uc694\\uc77c \\uadf8\\ub9ac\\uace0 \\ud1a0\\uc694\\uc77c 15h \\uc5d0\\uc11c 16h \\uae4c\\uc9c0.\"},\"periodeEnClairGenerationMode\":\"AUTOMATIQUE\",\"indicationsPeriode\":[{\"elementReferenceType\":\"IndicationPeriode\",\"id\":416},{\"elementReferenceType\":\"IndicationPeriode\",\"id\":418},{\"elementReferenceType\":\"IndicationPeriode\",\"id\":435},{\"elementReferenceType\":\"IndicationPeriode\",\"id\":436}],\"periodesOuvertures\":[{\"identifiant\":35007522,\"dateDebut\":\"2025-01-01\",\"dateFin\":\"2025-12-31\",\"horaireOuverture\":\"15:00:00\",\"horaireFermeture\":\"16:00:00\",\"type\":\"OUVERTURE_SAUF\",\"tousLesAns\":false,\"ouverturesJournalieres\":[{\"jour\":\"DIMANCHE\"},{\"jour\":\"LUNDI\"}],\"identifiantTechnique\":35474356,\"horaires\":[{\"id\":384069,\"type\":{\"elementReferenceType\":\"HoraireType\",\"id\":7487},\"timePeriods\":[{\"id\":404198,\"closed\":false,\"weekdays\":[\"SAT\",\"TUE\",\"FRI\",\"WED\",\"THU\"],\"timeFrames\":[{\"id\":430389,\"startTime\":\"15:00\",\"endTime\":\"16:00\"}]}]}]}],\"dureeSeance\":120},\"Latitude\":45.7465380000000010340954759158194065093994140625,\"Longitude\":6.29388500000000039591441236552782356739044189453125,\"COMMUNE\":\"Faverges-Seythenex\",\"codeUI\":\"CA-ADOC-133571-51430\",\"TypeActivite\":\"Cultural activities\",\"critInternes\":[\"Atelier savoir-faire et terroir\"]},\"29516\":{\"presentation\":{\"descriptifCourt\":{\"libelleFr\":\"Un atelier nature pour bricoler son h\\u00f4tel \\u00e0 insectes \\u00e0 ramener chez soi afin d\\u2019offrir un cocon hivernal aux petites bestioles et r\\u00e9duire leur taux de mortalit\\u00e9 tout en favorisant l\\u2019installation de la biodiversit\\u00e9 dans notre espace nature.\"},\"descriptifDetaille\":{}},\"prestations\":{\"animauxAcceptes\":\"NON_DISPONIBLE\",\"animauxAcceptesSupplement\":\"NON_DISPONIBLE\",\"languesParlees\":[{\"elementReferenceType\":\"Langue\",\"id\":1197}],\"surchargeTourismesAdaptes\":true,\"surchargeDescriptifHandicapMoteur\":true,\"surchargeDescriptifHandicapAuditif\":true,\"surchargeDescriptifHandicapVisuel\":true,\"surchargeDescriptifHandicapMental\":true,\"surchargeNombreFauteuilsRoulants\":true,\"nombrePersonnesMinimum\":3,\"ageMin\":72,\"uniteAgeMin\":\"ANNEE\"},\"ouverture\":{\"periodeEnClair\":{\"libelleFr\":\"Toute l\\u0027ann\\u00e9e tous les jours.\\nSur r\\u00e9servation.\",\"libelleEn\":\"All year round daily.\",\"libelleEs\":\"Todo el a\\u00f1o todos los dias.\",\"libelleIt\":\"Tutto l\\u0027anno ogni giorno.\",\"libelleDe\":\"Ganzj\\u00e4hrig t\\u00e4glich.\",\"libelleNl\":\"Het hele jaar iedere dag.\",\"libelleRu\":\"\\u0412 \\u0442\\u0435\\u0447\\u0435\\u043d\\u0438\\u0435 \\u0432\\u0441\\u0435\\u0433\\u043e \\u0433\\u043e\\u0434\\u0430 \\u0435\\u0436\\u0435\\u0434\\u043d\\u0435\\u0432\\u043d\\u043e.\",\"libelleZh\":\"\\u5168\\u5e74 \\u65e5\\u5e38.\",\"libellePtBR\":\"Todo o ano todos os dias.\",\"libelleJa\":\"\\u30aa\\u30fc\\u30eb\\u30b7\\u30fc\\u30ba\\u30f3 \\u6bce\\u65e5.\",\"libelleKo\":\"\\uc77c \\ub144 \\ub0b4\\ub0b4 \\ub9e4\\uc77c.\"},\"periodeEnClairGenerationMode\":\"AUTOMATIQUE\",\"indicationsPeriode\":[{\"elementReferenceType\":\"IndicationPeriode\",\"id\":416},{\"elementReferenceType\":\"IndicationPeriode\",\"id\":418},{\"elementReferenceType\":\"IndicationPeriode\",\"id\":435},{\"elementReferenceType\":\"IndicationPeriode\",\"id\":436}],\"periodesOuvertures\":[{\"identifiant\":33057799,\"dateDebut\":\"2024-01-01\",\"dateFin\":\"2024-12-31\",\"complementHoraire\":{\"libelleFr\":\"Sur r\\u00e9servation.\"},\"type\":\"OUVERTURE_TOUS_LES_JOURS\",\"tousLesAns\":true,\"identifiantTechnique\":36822708,\"horaires\":[{\"id\":1610264,\"type\":{\"elementReferenceType\":\"HoraireType\",\"id\":7487},\"timePeriods\":[{\"id\":1696910,\"closed\":false,\"weekdays\":[\"WED\",\"SAT\",\"SUN\",\"THU\",\"MON\",\"TUE\",\"FRI\"],\"timeFrames\":[{\"id\":1769061}]}]}]}],\"ouvertTouteLAnnee\":\"OUVERT_TOUTE_L_ANNEE\",\"dureeSeance\":120},\"Latitude\":45.74656499999999681449480704031884670257568359375,\"Longitude\":6.29385200000000022413360056816600263118743896484375,\"COMMUNE\":\"Faverges-Seythenex\",\"codeUI\":\"CA-ADOC-132592-47273\",\"TypeActivite\":\"Cultural activities\",\"critInternes\":[\"Place de march\\u00e9\",\"Atelier savoir-faire et terroir\"]},\"35395\":{\"presentation\":{\"descriptifCourt\":{\"libelleFr\":\"Le canyon de Montmin en version Sportive, tr\\u00e8s ludique, est accessible a tout les d\\u00e9butants sportifs.\",\"libelleEn\":\"The Montmin canyon in a sporty version, very playful, is accessible to all sports beginners.\"},\"descriptifDetaille\":{\"libelleFr\":\"Programme: Afin de pr\\u00e9parer et de prolonger votre descente en canyoning en toute convivialit\\u00e9, nous vous accueillons dans la seule et unique base de canyoning au bord du lac d\\u2019Annecy: un endroit chaleureux et confortable avec une buvette et une petite plage\\u2026Vous y retrouverez votre guide qui vous \\u00e9quipera du mat\\u00e9riel de canyon puis vous am\\u00e8nera \\u00e0 bord de notre minibus au d\\u00e9part du canyon (15 minutes de route). Vous acc\\u00e8derez ensuite au canyon par une courte descente \\u00e9quip\\u00e9e d\\u0027une main courante. La descente qui dure 2h30 est tr\\u00e8s aquatique et ludique avec ses nombreux toboggans et sauts entre 1m et 7m. Les plus grands sauts pourront \\u00eatre contourn\\u00e9s. Avec seulement un petit rappel de 10m, ce canyon ne pr\\u00e9sente pas de difficult\\u00e9 technique et ne n\\u00e9cessite pas d\\u0027exp\\u00e9rience en canyoning. A la fin de votre descente il faudra remonter au parking par un sentier (15 minutes). Vous rentrerez ensuite \\u00e0 la base avec votre moniteur.\",\"libelleEn\":\"Program: In order to prepare and extend your canyoning descent in a friendly atmosphere, we welcome you to the one and only canyoning base on the shores of Lake Annecy: a warm and comfortable place with a refreshment bar and a small beach ... meet your guide who will equip you with canyon equipment and then bring you aboard our minibus from the canyon (15 minutes drive). You will then access the canyon by a short descent equipped with a handrail. The descent which lasts 2h30 is very aquatic and fun with its many slides and jumps between 1m and 7m. The biggest jumps can be bypassed. With only a small abseil of 10m, this canyon does not present any technical difficulty and does not require canyoning experience. At the end of your descent you will have to go back to the car park by a path (15 minutes). You will then return to the base with your instructor.\"}},\"prestations\":{\"animauxAcceptes\":\"NON_DISPONIBLE\",\"animauxAcceptesSupplement\":\"NON_DISPONIBLE\",\"languesParlees\":[{\"elementReferenceType\":\"Langue\",\"id\":1192},{\"elementReferenceType\":\"Langue\",\"id\":1197}],\"languesDocumentation\":[{\"elementReferenceType\":\"Langue\",\"id\":1192},{\"elementReferenceType\":\"Langue\",\"id\":1197}],\"complementAccueil\":{\"libelleFr\":\"Dur\\u00e9e: 2h30 dans l\\u0027eau. Pr\\u00e9voir une 1\\\/2 journ\\u00e9e pour cette activit\\u00e9.\\r\\n\\r\\nNiveau: Interm\\u00e9diaire - D\\u00e9butant sportif\\r\\n\\r\\nConditions: A partir de 14 ans. Savoir nager et bonne condition physique n\\u00e9cessaire car la descente dure 2h30 et se termine par un retour au parking de 15 minutes en mont\\u00e9e.\\r\\n\\r\\nSaison: De Juin \\u00e0 fin-septembre\\r\\n\\r\\nLe tarif comprend: l\\u0027encadrement par un moniteur professionnel, le pret du mat\\u00e9riel (baudrier, casques, combinaison et chaussettes n\\u00e9opr\\u00e8ne), le transport depuis notre base de canyon \\u00e0 Angon.\\r\\n\\r\\nPr\\u00e9voir: Un maillot de bain, une serviette, une paire de chaussures de type baskets pour aller dans l\\u0027eau (pas de chaussures d\\u0027eau!), un \\u00e9lastique \\u00e0 cheveux pour les cheveux longs et de quoi attacher vos lunettes si vous en portez. ATTENTION: Pr\\u00e9cautions COVID19 pr\\u00e9voir votre masque pour le transport\\r\\n\\r\\nRendez-vous: Base Canyoning Mont\\u00e9 M\\u00e9dio, 228 route du ponton, 74290 Talloires-Montmin\\r\\n\\r\\nPossibilit\\u00e9 de venir en bus (ligne 61) depuis Annecy ou en v\\u00e9lo par la piste cyclable.\\r\\n\\r\\nCette activit\\u00e9 et ce tarif vous sont propos\\u00e9s en sortie collective. La sortie est valid\\u00e9e \\u00e0 partir de 4 personnes inscrites. Pour votre confort et plus de s\\u00e9curit\\u00e9 nous limitons \\u00e0 8 le nombre de personnes par guide.\\r\\n\\r\\nMont\\u00e9 M\\u00e9dio est un entremetteur transparent: \\u00e0 ce titre il facture et encaisse au nom et pour le compte du travailleur ind\\u00e9pendant ou de la structure qui va r\\u00e9aliser la prestation\"},\"surchargeTourismesAdaptes\":true,\"surchargeDescriptifHandicapMoteur\":true,\"surchargeDescriptifHandicapAuditif\":true,\"surchargeDescriptifHandicapVisuel\":true,\"surchargeDescriptifHandicapMental\":true,\"surchargeNombreFauteuilsRoulants\":true,\"typesClientele\":[{\"elementReferenceType\":\"TypeClientele\",\"id\":3736}],\"nombrePersonnesMinimum\":4,\"tailleGroupeMin\":6,\"tailleGroupeMax\":40,\"ageMin\":168,\"ageMax\":780,\"uniteAgeMin\":\"ANNEE\",\"uniteAgeMax\":\"ANNEE\"},\"ouverture\":{\"periodeEnClair\":{\"libelleFr\":\"Du 01\\\/05 au 31\\\/10, tous les jours de 9h \\u00e0 19h.\",\"libelleEn\":\"From 01\\\/05 to 31\\\/10, daily between 9 am and 7 pm.\",\"libelleEs\":\"Del 01\\\/05 al 31\\\/10, todos los dias de 9 a 19.\",\"libelleIt\":\"Dal 01\\\/05 al 31\\\/10, ogni giorno dalle 9 alle 19.\",\"libelleDe\":\"Vom 01\\\/05 bis 31\\\/10, t\\u00e4glich von 9 Uhr bis 19 Uhr.\",\"libelleNl\":\"Van 01\\\/05 tot en met 31\\\/10, iedere dag van 9.00 tot en met 19.00 u.\",\"libelleRu\":\"\\u0421 01\\\/05 \\u0434\\u043e 31\\\/10, \\u0435\\u0436\\u0435\\u0434\\u043d\\u0435\\u0432\\u043d\\u043e \\u0441 9h \\u0434\\u043e 19h.\",\"libelleZh\":\"\\u4ece 5\\u67081\\u65e5 \\u5230 10\\u670831\\u65e5, \\u65e5\\u5e38 \\u5c0f\\u65f6\\u5c0f\\u65f6 \\u548c \\u5c0f\\u65f6\\u5c0f\\u65f6 \\u4e4b\\u95f4.\",\"libellePtBR\":\"De 01\\\/05 a 31\\\/10, todos os dias de 9h a\\u00a0 19h.\",\"libelleJa\":\"01\\\/05 \\u304b\\u3089 31\\\/10 \\u307e\\u3067, \\u6bce\\u65e5 9 \\u5348\\u524d \\u3068 7 \\u5348\\u5f8c \\u306e\\u9593.\",\"libelleKo\":\"01\\\/05 \\uc77c\\ubd80\\ud130 31\\\/10 \\uc77c\\uae4c\\uc9c0, \\ub9e4\\uc77c 9h \\uc5d0\\uc11c 19h \\uae4c\\uc9c0.\"},\"periodeEnClairGenerationMode\":\"AUTOMATIQUE\",\"indicationsPeriode\":[{\"elementReferenceType\":\"IndicationPeriode\",\"id\":416},{\"elementReferenceType\":\"IndicationPeriode\",\"id\":418},{\"elementReferenceType\":\"IndicationPeriode\",\"id\":436}],\"periodesOuvertures\":[{\"identifiant\":15229997,\"dateDebut\":\"2018-05-01\",\"dateFin\":\"2018-10-31\",\"horaireOuverture\":\"09:00:00\",\"horaireFermeture\":\"19:00:00\",\"type\":\"OUVERTURE_TOUS_LES_JOURS\",\"tousLesAns\":true,\"identifiantTechnique\":31443950,\"horaires\":[{\"id\":34054,\"type\":{\"elementReferenceType\":\"HoraireType\",\"id\":7487},\"timePeriods\":[{\"id\":35772,\"closed\":false,\"weekdays\":[\"WED\",\"SAT\",\"SUN\",\"THU\",\"MON\",\"TUE\",\"FRI\"],\"timeFrames\":[{\"id\":38092,\"startTime\":\"09:00\",\"endTime\":\"19:00\"}]}]}]}],\"dureeSeance\":150},\"Latitude\":45.8286379999999979872882249765098094940185546875,\"Longitude\":6.21891700000000025028157324413768947124481201171875,\"COMMUNE\":\"Talloires-Montmin\",\"TypesClienteles\":[\"R\\u00e9serv\\u00e9 aux experts\\\/confirm\\u00e9s\"],\"codeUI\":\"CA-ADOC-110648-15231\",\"TypeActivite\":\"Activit\\u00e9s sportives\",\"critInternes\":[\"EXPORT WEB\",\"Place de march\\u00e9\",\"Activit\\u00e9s sport nature\"]},\"35794\":{\"presentation\":{\"descriptifCourt\":{\"libelleFr\":\"Balade BungyPump au c\\u0153ur d\\u2019un environnement naturel calme et pr\\u00e9serv\\u00e9. Tout au long de la sortie, nous alternons marche et exercices simples dans une ambiance conviviale et bienveillante.\",\"libelleEn\":\"BungyPump walk in the heart of a calm, unspoiled natural environment. Throughout the session, we alternate between walking and simple exercises in a friendly and supportive atmosphere.\"},\"descriptifDetaille\":{\"libelleFr\":\"Le parcours nous emm\\u00e8ne le long de l\\u2019Ire, l\\u2019un des principaux affluents du Lac d\\u2019Annecy, o\\u00f9 nous \\u00e9voluons au c\\u0153ur de l\\u2019une des derni\\u00e8res roseli\\u00e8res du lac, abritant une faune embl\\u00e9matique comme le gr\\u00e8be hupp\\u00e9 ou la foulque maroule. \\r\\nNous rejoignons ensuite les rives de l\\u2019Eau Morte, autre affluent du lac, o\\u00f9 la nature s\\u2019exprime pleinement, offrant une atmosph\\u00e8re apaisante et d\\u00e9paysante, loin de l\\u2019agitation des bords du lac.\\r\\nLa marche se pratique avec des b\\u00e2tons dynamiques BungyPump, dot\\u00e9s d\\u2019un syst\\u00e8me de r\\u00e9sistance int\\u00e9gr\\u00e9, permettant de solliciter l\\u2019ensemble du corps tout en restant douce pour Sans difficult\\u00e9, ce parcours d\\u2019environ 8 km sans d\\u00e9nivel\\u00e9 est accessible \\u00e0 tous, y compris aux familles, et ne n\\u00e9cessite pas de pr\\u00e9requis particulier.\\r\\nPour cl\\u00f4turer la sortie en douceur, nous partagerons un moment gourmand autour d\\u2019une p\\u00e2tisserie maison.\\r\\nUne parenth\\u00e8se nature pour bouger, respirer et d\\u00e9couvrir la r\\u00e9gion autrement.\\r\\n\\r\\nINFOS PRATIQUES\\r\\n- Public : D\\u00e8s 8 ans, enfants accompagn\\u00e9s d\\u2019un adulte ; une taille minimale est toutefois requise pour l\\u2019utilisation des b\\u00e2tons BungyPump (animaux non admis)\\r\\n- Dur\\u00e9e : 3h\\r\\n- Distance: 8 km\\r\\n- Niveau: facile, accessible \\u00e0 toute personne en bonne forme physique\\r\\n- Groupe : de 3 \\u00e0 12 personnes maximum\\r\\n- B\\u00e2tons BungyPump fournis\\r\\n- Lieu de rendez-vous : devant l\\u2019embarcad\\u00e8re de la plage de Doussard\\r\\n- Stationnement : parking \\u00e0 proximit\\u00e9\\r\\n- Accessible en v\\u00e9lo et bus (ligne n\\u00b0Y51 depuis la gare routi\\u00e8re d\\u2019Annecy)\\r\\n\\r\\nEQUIPEMENT CONSEILLE\\r\\n- Baskets basses ou type trail\\r\\n- Tenue de sport adapt\\u00e9e \\u00e0 la m\\u00e9t\\u00e9o\\r\\n- Sac banane ou petit sac \\u00e0 dos\\r\\n- Gourde d\\u0027eau et en-cas\\r\\n- Veste imperm\\u00e9able\\r\\n- Casquette, lunettes et cr\\u00e8me solaire\\r\\n- Gants fins et bonnet en hiver\"}},\"prestations\":{\"equipements\":[{\"elementReferenceType\":\"PrestationEquipement\",\"id\":1321}],\"animauxAcceptes\":\"NON_ACCEPTES\",\"animauxAcceptesSupplement\":\"NON_DISPONIBLE\",\"languesParlees\":[{\"elementReferenceType\":\"Langue\",\"id\":1192},{\"elementReferenceType\":\"Langue\",\"id\":1197}],\"complementAccueil\":{\"libelleFr\":\"EQUIPEMENT CONSEILLE\\r\\n\\r\\n- basket type trail ou chaussures de randonn\\u00e9e\\r\\n\\r\\n- tenue de sport adapt\\u00e9e \\u00e0 la m\\u00e9t\\u00e9o\\r\\n\\r\\n- petit sac \\u00e0 dos ou sac banane\\r\\n\\r\\n- gourde d\\u0027eau et en-cas\\r\\n\\r\\n- veste imperm\\u00e9able\\r\\n\\r\\n- gants fins et bonnet en hiver\\r\\n\\r\\n- casquette, lunettes et cr\\u00e8me solaire aux beaux jours\"},\"tourismesAdaptes\":[{\"elementReferenceType\":\"TourismeAdapte\",\"id\":3651}],\"surchargeTourismesAdaptes\":true,\"surchargeDescriptifHandicapMoteur\":true,\"surchargeDescriptifHandicapAuditif\":true,\"surchargeDescriptifHandicapVisuel\":true,\"surchargeDescriptifHandicapMental\":true,\"surchargeNombreFauteuilsRoulants\":true,\"nombrePersonnesMinimum\":3,\"tailleGroupeMax\":12,\"ageMin\":96,\"uniteAgeMin\":\"ANNEE\"},\"ouverture\":{\"periodeEnClair\":{\"libelleFr\":\"Toute l\\u0027ann\\u00e9e tous les jours.\\nD\\u00e9part \\u00e0 9h\\r\\nD\\u00e9part \\u00e0 13h30.\",\"libelleEn\":\"All year round daily.\",\"libelleEs\":\"Todo el a\\u00f1o todos los dias.\",\"libelleIt\":\"Tutto l\\u0027anno ogni giorno.\",\"libelleDe\":\"Ganzj\\u00e4hrig t\\u00e4glich.\",\"libelleNl\":\"Het hele jaar iedere dag.\",\"libelleRu\":\"\\u0412 \\u0442\\u0435\\u0447\\u0435\\u043d\\u0438\\u0435 \\u0432\\u0441\\u0435\\u0433\\u043e \\u0433\\u043e\\u0434\\u0430 \\u0435\\u0436\\u0435\\u0434\\u043d\\u0435\\u0432\\u043d\\u043e.\",\"libelleZh\":\"\\u5168\\u5e74 \\u65e5\\u5e38.\",\"libellePtBR\":\"Todo o ano todos os dias.\",\"libelleJa\":\"\\u30aa\\u30fc\\u30eb\\u30b7\\u30fc\\u30ba\\u30f3 \\u6bce\\u65e5.\",\"libelleKo\":\"\\uc77c \\ub144 \\ub0b4\\ub0b4 \\ub9e4\\uc77c.\"},\"periodeEnClairGenerationMode\":\"AUTOMATIQUE\",\"indicationsPeriode\":[{\"elementReferenceType\":\"IndicationPeriode\",\"id\":416},{\"elementReferenceType\":\"IndicationPeriode\",\"id\":418},{\"elementReferenceType\":\"IndicationPeriode\",\"id\":435},{\"elementReferenceType\":\"IndicationPeriode\",\"id\":436}],\"periodesOuvertures\":[{\"identifiant\":39924518,\"dateDebut\":\"2026-01-01\",\"dateFin\":\"2026-12-31\",\"complementHoraire\":{\"libelleFr\":\"D\\u00e9part \\u00e0 9h\\r\\nD\\u00e9part \\u00e0 13h30\"},\"type\":\"OUVERTURE_TOUS_LES_JOURS\",\"tousLesAns\":true,\"identifiantTechnique\":39924518,\"horaires\":[{\"id\":4578043,\"type\":{\"elementReferenceType\":\"HoraireType\",\"id\":7487},\"timePeriods\":[{\"id\":5076315,\"closed\":false,\"weekdays\":[\"WED\",\"SAT\",\"SUN\",\"THU\",\"MON\",\"TUE\",\"FRI\"]}]}]}],\"ouvertTouteLAnnee\":\"OUVERT_TOUTE_L_ANNEE\"},\"Latitude\":45.791550999999998339262674562633037567138671875,\"Longitude\":6.216635000000000133013600134290754795074462890625,\"COMMUNE\":\"Doussard\",\"codeUI\":\"CA-ADOC-135225-60480\",\"TypeActivite\":\"Activit\\u00e9s sportives\",\"critInternes\":[\"Place de march\\u00e9\",\"Bien-\\u00eatre\",\"Activit\\u00e9s sport nature\",\"Partenaire_2026\"]},\"35676\":{\"presentation\":{\"descriptifCourt\":{\"libelleFr\":\"Notre parcours est un v\\u00e9ritable enchantement, alliant harmonieusement nature et technique. Peu importe, d\\u00e9butant ou joueur exp\\u00e9riment\\u00e9, tu te laisseras emporter par la magie du jeu en explorant les fairways et en bravant les d\\u00e9fis des obstacles d\\u2019eau.\",\"libelleEn\":\"Our course is a true delight, blending nature and technique in perfect harmony. Whether you are a beginner or an experienced player, you will be carried away by the magic of the game as you explore the fairways and take on the challenges of the water hazards.\"},\"descriptifDetaille\":{\"libelleFr\":\"L\\u2019amusement est au rendez-vous ! En haute saison, c\\u2019est la f\\u00eate au Golf des Alpes m\\u00ealant passion et convivialit\\u00e9. Chaque semaine est rythm\\u00e9e par des stages et des comp\\u00e9titions de classement, cr\\u00e9ant une ambiance vivante et anim\\u00e9e.\\r\\nRejoins nous d\\u00e8s maintenant pour profiter de moments golfiques uniques, m\\u00ealant plaisir, convivialit\\u00e9 et d\\u00e9couvertes. Les Castors t\\u2019attendent avec impatience !\"}},\"prestations\":{\"equipements\":[{\"elementReferenceType\":\"PrestationEquipement\",\"id\":972},{\"elementReferenceType\":\"PrestationEquipement\",\"id\":984},{\"elementReferenceType\":\"PrestationEquipement\",\"id\":5592}],\"services\":[{\"elementReferenceType\":\"PrestationService\",\"id\":995}],\"animauxAcceptes\":\"NON_ACCEPTES\",\"animauxAcceptesSupplement\":\"NON_DISPONIBLE\",\"languesParlees\":[{\"elementReferenceType\":\"Langue\",\"id\":1192},{\"elementReferenceType\":\"Langue\",\"id\":1197}],\"tourismesAdaptes\":[{\"elementReferenceType\":\"TourismeAdapte\",\"id\":3651}],\"surchargeTourismesAdaptes\":true,\"surchargeDescriptifHandicapMoteur\":true,\"surchargeDescriptifHandicapAuditif\":true,\"surchargeDescriptifHandicapVisuel\":true,\"surchargeDescriptifHandicapMental\":true,\"surchargeNombreFauteuilsRoulants\":true,\"typesClientele\":[{\"elementReferenceType\":\"TypeClientele\",\"id\":3735}]},\"ouverture\":{\"periodeEnClair\":{\"libelleFr\":\"Du 01\\\/01 au 31\\\/12\\\/2026 du lundi au vendredi de 9h \\u00e0 18h.\\n\\nSous r\\u00e9serve de conditions m\\u00e9t\\u00e9o favorables.\",\"libelleEn\":\"From 01\\\/01 to 31\\\/12\\\/2026 from Monday to Friday between 9 am and 6 pm.\\n\\nSubject to favorable weather.\",\"libelleEs\":\"Del 01\\\/01 al 31\\\/12\\\/2026 del lunes al viernes de 9 a 18.\\n\\nA reserva de buen tiempo.\",\"libelleIt\":\"Dal 01\\\/01 al 31\\\/12\\\/2026 dal luned\\u00ec a venerd\\u00ec dalle 9 alle 18.\\n\\nCon riserva di condizioni atmosferiche favorevoli.\",\"libelleDe\":\"Vom 01\\\/01 bis 31\\\/12\\\/2026 von Montag bis Freitag von 9 Uhr bis 18 Uhr.\\n\\nNur bei g\\u00fcnstigen Wetterbedingungen.\",\"libelleNl\":\"Van 01\\\/01 tot en met 31\\\/12\\\/2026 maandag tot en met vrijdag van 9.00 tot 18.00 u.\\n\\nOnder voorbehoud, van de weersomstandigheden.\",\"libelleRu\":\"\\u0421 01\\\/01 \\u0434\\u043e 31\\\/12\\\/2026 \\u0441 \\u043f\\u043e\\u043d\\u0435\\u0434\\u0435\\u043b\\u044c\\u043d\\u0438\\u043a \\u0434\\u043e \\u043f\\u044f\\u0442\\u043d\\u0438\\u0446\\u0430 \\u0441 9h \\u0434\\u043e 18h.\\n\\n\\u041f\\u0440\\u0438 \\u0431\\u043b\\u0430\\u0433\\u043e\\u043f\\u0440\\u0438\\u044f\\u0442\\u043d\\u044b\\u0445 \\u043f\\u043e\\u0433\\u043e\\u0434\\u043d\\u044b\\u0445 \\u0443\\u0441\\u043b\\u043e\\u0432\\u0438\\u044f\\u0445.\",\"libelleZh\":\"\\u4ece 1\\u67081\\u65e5 \\u5230 2026\\u5e7412\\u670831\\u65e5 \\u4ece \\u661f\\u671f\\u4e00 \\u5230 \\u661f\\u671f\\u4e94 \\u5c0f\\u65f6\\u5c0f\\u65f6 \\u548c \\u5c0f\\u65f6\\u5c0f\\u65f6 \\u4e4b\\u95f4.\\n\\n\\u9700\\u5929\\u6c14\\u826f\\u597d.\",\"libellePtBR\":\"De 01\\\/01 a 31\\\/12\\\/2026 de segunda-feira a sexta-feira de 9h a\\u00a0 18h.\\n\\nSob reserva de condi\\u00e7\\u00f5es metereol\\u00f3gicas favor\\u00e1veis.\",\"libelleJa\":\"01\\\/01 \\u304b\\u3089 31\\\/12\\\/2026 \\u307e\\u3067 \\u6708\\u66dc\\u65e5 \\u304b\\u3089 \\u91d1\\u66dc\\u65e5 \\u307e\\u3067 9 \\u5348\\u524d \\u3068 6 \\u5348\\u5f8c \\u306e\\u9593.\\n\\n\\u5929\\u5019\\u306b\\u5de6\\u53f3\\u3055\\u308c\\u307e\\u3059.\",\"libelleKo\":\"01\\\/01 \\uc77c\\ubd80\\ud130 31\\\/12\\\/2026 \\uc77c\\uae4c\\uc9c0 \\uc6d4\\uc694\\uc77c \\uc77c\\ubd80\\ud130 \\uae08\\uc694\\uc77c \\uc77c\\uae4c\\uc9c0 9h \\uc5d0\\uc11c 18h \\uae4c\\uc9c0.\\n\\n\\uae30\\uc0c1 \\uc870\\uac74\\uc5d0 \\ub530\\ub77c \\ub2ec\\ub77c\\uc9c8 \\uc218 \\uc788\\uc2b5\\ub2c8\\ub2e4.\"},\"periodeEnClairGenerationMode\":\"AUTOMATIQUE\",\"indicationsPeriode\":[{\"elementReferenceType\":\"IndicationPeriode\",\"id\":416},{\"elementReferenceType\":\"IndicationPeriode\",\"id\":418},{\"elementReferenceType\":\"IndicationPeriode\",\"id\":435},{\"elementReferenceType\":\"IndicationPeriode\",\"id\":436}],\"periodesOuvertures\":[{\"identifiant\":39845924,\"dateDebut\":\"2026-01-01\",\"dateFin\":\"2026-12-31\",\"horaireOuverture\":\"09:00:00\",\"horaireFermeture\":\"18:00:00\",\"type\":\"OUVERTURE_SAUF\",\"tousLesAns\":false,\"ouverturesJournalieres\":[{\"jour\":\"SAMEDI\"},{\"jour\":\"DIMANCHE\"}],\"identifiantTechnique\":39845924,\"horaires\":[{\"id\":4503417,\"type\":{\"elementReferenceType\":\"HoraireType\",\"id\":7487},\"timePeriods\":[{\"id\":4989072,\"closed\":false,\"weekdays\":[\"WED\",\"THU\",\"MON\",\"TUE\",\"FRI\"],\"timeFrames\":[{\"id\":4939037,\"startTime\":\"09:00\",\"endTime\":\"18:00\"}]}]}]}],\"ouverturesComplementaires\":[{\"elementReferenceType\":\"OuvertureComplementaire\",\"id\":4188}],\"dureeSeance\":120},\"Latitude\":45.7522129999999975780156091786921024322509765625,\"Longitude\":6.2491839999999996280166669748723506927490234375,\"COMMUNE\":\"Giez\",\"TypesClienteles\":[\"Adapt\\u00e9 aux d\\u00e9butants\"],\"codeUI\":\"CA-ADOC-135565-59929\",\"TypeActivite\":\"Activit\\u00e9s sportives\",\"critInternes\":[\"Place de march\\u00e9\",\"Activit\\u00e9s sport nature\"]},\"35087\":{\"presentation\":{\"descriptifCourt\":{\"libelleFr\":\"Lors de ce stage nous allons explorer le Feu dans tous ses \\u00e9tats. Le Feu est un \\u00e9l\\u00e9ment puissant, activateur et transformateur ! Il nous permet de nous mettre en action, agir, trancher, poser des limites, avancer tout en confiance !\"},\"descriptifDetaille\":{\"libelleFr\":\"Le mois de mars apporte les \\u00e9nergies de feu cosmique, qui va susciter un changement gr\\u00e2ce \\u00e0 l\\u2019action. Je vous proposerai d\\u2019explorer votre propre feu int\\u00e9rieur, qui r\\u00e9side dans votre plexus solaire, pour l\\u2019activer et l\\u2019incarner pleinement dans votre vie. Le temps est venu pour diriger votre navire vers de nouveaux horizons.\"}},\"prestations\":{\"animauxAcceptes\":\"NON_ACCEPTES\",\"animauxAcceptesSupplement\":\"NON_DISPONIBLE\",\"languesParlees\":[{\"elementReferenceType\":\"Langue\",\"id\":1192},{\"elementReferenceType\":\"Langue\",\"id\":1197},{\"elementReferenceType\":\"Langue\",\"id\":1205}],\"surchargeTourismesAdaptes\":true,\"surchargeDescriptifHandicapMoteur\":true,\"surchargeDescriptifHandicapAuditif\":true,\"surchargeDescriptifHandicapVisuel\":true,\"surchargeDescriptifHandicapMental\":true,\"surchargeNombreFauteuilsRoulants\":true,\"tailleGroupeMax\":10,\"ageMin\":192,\"uniteAgeMin\":\"ANNEE\"},\"ouverture\":{\"periodeEnClair\":{\"libelleFr\":\"Samedi 7 mars 2026 de 14h \\u00e0 16h30.\",\"libelleEn\":\"Saturday 7 March 2026 between 2 pm and 4.30 pm.\",\"libelleEs\":\"S\\u00e1bado, 7 de marzo de 2026 de 14 a 16:30.\",\"libelleIt\":\"Sabato 7 marzo 2026 dalle 14 alle 16:30.\",\"libelleDe\":\"Samstag, den 7. M\\u00e4rz 2026 von 14 Uhr bis 16.30 Uhr.\",\"libelleNl\":\"Zaterdag 7 maart 2026 van 14.00 tot 16.30 u.\",\"libelleRu\":\"\\u0421\\u0443\\u0431\\u0431\\u043e\\u0442\\u0430 7 \\u043c\\u0430\\u0440\\u0442\\u0430 2026  \\u0441 14h \\u0434\\u043e 16h30.\",\"libelleZh\":\"2026\\u5e743\\u67087\\u65e5, \\u661f\\u671f\\u516d   \\u5c0f\\u65f6\\u5c0f\\u65f6 \\u548c \\u5c0f\\u65f6\\u5c0f\\u65f6\\u5206\\u949f  \\u4e4b\\u95f4.\",\"libellePtBR\":\"S\\u00e1bado 7 mar\\u00e7o 2026 de 14h a\\u00a0 16h30.\",\"libelleJa\":\"\\u571f\\u66dc\\u65e5 7 3\\u6708 2026 2 \\u5348\\u5f8c \\u3068 4.30 \\u5348\\u5f8c \\u306e\\u9593.\",\"libelleKo\":\"\\ud1a0\\uc694\\uc77c 7 3\\uc6d4 02026 14h \\uc5d0\\uc11c 16h30 \\uae4c\\uc9c0.\"},\"periodeEnClairGenerationMode\":\"AUTOMATIQUE\",\"indicationsPeriode\":[{\"elementReferenceType\":\"IndicationPeriode\",\"id\":435}],\"periodesOuvertures\":[{\"identifiant\":39112072,\"dateDebut\":\"2026-03-07\",\"dateFin\":\"2026-03-07\",\"horaireOuverture\":\"14:00:00\",\"horaireFermeture\":\"16:30:00\",\"type\":\"OUVERTURE_TOUS_LES_JOURS\",\"tousLesAns\":false,\"identifiantTechnique\":39112072,\"horaires\":[{\"id\":3796909,\"type\":{\"elementReferenceType\":\"HoraireType\",\"id\":7487},\"timePeriods\":[{\"id\":4165556,\"closed\":false,\"timeFrames\":[{\"id\":4189234,\"startTime\":\"14:00\",\"endTime\":\"16:30\"}]}]}]}],\"dureeSeance\":150},\"Latitude\":45.77647900000000191766957868821918964385986328125,\"Longitude\":6.22004499999999982406961862579919397830963134765625,\"COMMUNE\":\"Doussard\",\"codeUI\":\"CA-ADOC-134646-58957\",\"TypeActivite\":\"Activit\\u00e9s sportives\",\"critInternes\":[\"Place de march\\u00e9\",\"Bien-\\u00eatre\"]},\"29628\":{\"presentation\":{\"descriptifCourt\":{\"libelleFr\":\"Rejoignez-nous pour un atelier amusant et cr\\u00e9atif d\\u2019une heure ! Apprenez \\u00e0 fabriquer un magnifique bracelet en pierres de lithoth\\u00e9rapie tout en vous amusant.\"},\"descriptifDetaille\":{\"libelleFr\":\"Sous la conduite chaleureuse de Virginie, experte en lithoth\\u00e9rapie, les enfants d\\u00e9couvriront les secrets des pierres naturelles et leurs super pouvoirs : certaines apportent de l\\u2019\\u00e9nergie, d\\u2019autres aident \\u00e0 rester zen ou \\u00e0 se sentir plus confiant. Virginie expliquera de fa\\u00e7on ludique comment choisir les pierres qui correspondent le mieux \\u00e0 chacun.\\r\\n\\r\\nChaque enfant repartira avec son propre bracelet personnalis\\u00e9, fait main et plein de bonnes ondes, ainsi qu\\u2019avec de nouvelles connaissances sur les pierres et leurs bienfaits.\"}},\"prestations\":{\"animauxAcceptes\":\"NON_DISPONIBLE\",\"animauxAcceptesSupplement\":\"NON_DISPONIBLE\",\"languesParlees\":[{\"elementReferenceType\":\"Langue\",\"id\":1197}],\"surchargeTourismesAdaptes\":true,\"surchargeDescriptifHandicapMoteur\":true,\"surchargeDescriptifHandicapAuditif\":true,\"surchargeDescriptifHandicapVisuel\":true,\"surchargeDescriptifHandicapMental\":true,\"surchargeNombreFauteuilsRoulants\":true},\"ouverture\":{\"periodeEnClair\":{\"libelleFr\":\"Du 01\\\/01 au 31\\\/12.\",\"libelleEn\":\"From 01\\\/01 to 31\\\/12.\",\"libelleEs\":\"Del 01\\\/01 al 31\\\/12.\",\"libelleIt\":\"Dal 01\\\/01 al 31\\\/12.\",\"libelleDe\":\"Vom 01\\\/01 bis 31\\\/12.\",\"libelleNl\":\"Van 01\\\/01 tot en met 31\\\/12.\",\"libelleRu\":\"\\u0421 01\\\/01 \\u0434\\u043e 31\\\/12.\",\"libelleZh\":\"\\u4ece 1\\u67081\\u65e5 \\u5230 12\\u670831\\u65e5.\",\"libellePtBR\":\"De 01\\\/01 a 31\\\/12.\",\"libelleJa\":\"01\\\/01 \\u304b\\u3089 31\\\/12 \\u307e\\u3067.\",\"libelleKo\":\"01\\\/01 \\uc77c\\ubd80\\ud130 31\\\/12 \\uc77c\\uae4c\\uc9c0.\"},\"periodeEnClairGenerationMode\":\"AUTOMATIQUE\",\"indicationsPeriode\":[{\"elementReferenceType\":\"IndicationPeriode\",\"id\":416},{\"elementReferenceType\":\"IndicationPeriode\",\"id\":418},{\"elementReferenceType\":\"IndicationPeriode\",\"id\":435},{\"elementReferenceType\":\"IndicationPeriode\",\"id\":436}],\"periodesOuvertures\":[{\"identifiant\":33252253,\"dateDebut\":\"2024-01-01\",\"dateFin\":\"2024-12-31\",\"type\":\"OUVERTURE_TOUS_LES_JOURS\",\"tousLesAns\":true,\"identifiantTechnique\":33457225,\"horaires\":[{\"id\":234783,\"type\":{\"elementReferenceType\":\"HoraireType\",\"id\":7487},\"timePeriods\":[{\"id\":247029,\"closed\":false,\"weekdays\":[\"WED\",\"SAT\",\"SUN\",\"THU\",\"MON\",\"TUE\",\"FRI\"],\"timeFrames\":[{\"id\":263148}]}]}]}]},\"Latitude\":45.73739900000000346835804521106183528900146484375,\"Longitude\":6.3087140000000001549551598145626485347747802734375,\"COMMUNE\":\"Faverges-Seythenex\",\"codeUI\":\"CA-ADOC-132441-48459\",\"critInternes\":[\"Place de march\\u00e9\",\"Atelier savoir-faire et terroir\",\"bons_cadeaux\"]},\"29282\":{\"presentation\":{\"descriptifCourt\":{\"libelleFr\":\"Enjambez le parapet d\\u0027un pont attach\\u00e9 solidement \\u00e0 une corde de 30m et vous voil\\u00e0 pr\\u00eat pour un shoot d\\u0027adr\\u00e9naline sur une balan\\u00e7oire XXL accessible \\u00e0 tous les fondus de sensations fortes.\",\"libelleEn\":\"Step over the bridge railing, securely harnessed to a 30-meter rope, and get ready for an adrenaline rush on a XXL swing \\u2014 an experience open to all thrill-seekers.\"},\"descriptifDetaille\":{\"libelleFr\":\"A vos marques, pr\\u00eats, sautez !\\r\\n\\r\\nC\\u0027est sur le grand Pont de Seythenex que l\\u2019\\u00e9quipe de Montagne Sensation vous invite \\u00e0 vivre v\\u00e9ritablement l\\u0027exp\\u00e9rience du l\\u00e2cher prise.\\r\\nDiff\\u00e9rent de l\\u0027effet yoyo du saut \\u00e0 l\\u0027\\u00e9lastique, le saut pendulaire est quant \\u00e0 lui un effet de balancier sous l\\u0027arche d\\u0027un pont, appel\\u00e9 \\u0022airtime\\u0022 (acc\\u00e9l\\u00e9ration n\\u00e9gative en apesanteur).\\r\\nLancez-vous sur cette balan\\u00e7oire XXL en toute s\\u00e9curit\\u00e9, seule ou coll\\u00e9 serr\\u00e9 (formule duo) \\u00e0 partir de 10 ans.\\r\\nPour compl\\u00e9ter votre journ\\u00e9e, notre base de canyoning est sur la route. Et les Grotte et Cascade, l\\u0027Abbaye de Tami\\u00e9, le Fort de Tami\\u00e9 ainsi que la Sambuy sont tout proches du pont.\"}},\"prestations\":{\"services\":[{\"elementReferenceType\":\"PrestationService\",\"id\":687}],\"animauxAcceptes\":\"ACCEPTES\",\"animauxAcceptesSupplement\":\"SANS_SUPPLEMENT\",\"descriptifAnimauxAcceptes\":{\"libelleFr\":\"Les animaux doivent \\u00eatre en laisse et gard\\u00e9s par un accompagnant lors du saut de la personne\"},\"languesParlees\":[{\"elementReferenceType\":\"Langue\",\"id\":1197}],\"tourismesAdaptes\":[{\"elementReferenceType\":\"TourismeAdapte\",\"id\":3651}],\"surchargeTourismesAdaptes\":true,\"surchargeDescriptifHandicapMoteur\":true,\"surchargeDescriptifHandicapAuditif\":true,\"surchargeDescriptifHandicapVisuel\":true,\"surchargeDescriptifHandicapMental\":true,\"surchargeNombreFauteuilsRoulants\":true,\"typesClientele\":[{\"elementReferenceType\":\"TypeClientele\",\"id\":3735}],\"ageMin\":120,\"uniteAgeMin\":\"ANNEE\"},\"ouverture\":{\"periodeEnClair\":{\"libelleFr\":\"Du 26\\\/12\\\/2025 au 04\\\/01\\\/2026 tous les jours de 14h \\u00e0 16h.\\n\\nDu 12\\\/04 au 25\\\/10\\\/2026 tous les jours de 9h \\u00e0 19h.\",\"libelleEn\":\"From 26\\\/12\\\/2025 to 04\\\/01\\\/2026 daily between 2 pm and 4 pm.\\n\\nFrom 12\\\/04 to 25\\\/10\\\/2026 daily between 9 am and 7 pm.\",\"libelleEs\":\"Del 26\\\/12\\\/2025 al 04\\\/01\\\/2026 todos los dias de 14 a 16.\\n\\nDel 12\\\/04 al 25\\\/10\\\/2026 todos los dias de 9 a 19.\",\"libelleIt\":\"Dal 26\\\/12\\\/2025 al 04\\\/01\\\/2026 ogni giorno dalle 14 alle 16.\\n\\nDal 12\\\/04 al 25\\\/10\\\/2026 ogni giorno dalle 9 alle 19.\",\"libelleDe\":\"Vom 26\\\/12\\\/2025 bis 04\\\/01\\\/2026 t\\u00e4glich von 14 Uhr bis 16 Uhr.\\n\\nVom 12\\\/04 bis 25\\\/10\\\/2026 t\\u00e4glich von 9 Uhr bis 19 Uhr.\",\"libelleNl\":\"Van 26\\\/12\\\/2025 tot en met 04\\\/01\\\/2026 iedere dag van 14.00 tot 16.00 u.\\n\\nVan 12\\\/04 tot en met 25\\\/10\\\/2026 iedere dag van 9.00 tot 19.00 u.\",\"libelleRu\":\"\\u0421 26\\\/12\\\/2025 \\u0434\\u043e 04\\\/01\\\/2026 \\u0435\\u0436\\u0435\\u0434\\u043d\\u0435\\u0432\\u043d\\u043e \\u0441 14h \\u0434\\u043e 16h.\\n\\n\\u0421 12\\\/04 \\u0434\\u043e 25\\\/10\\\/2026 \\u0435\\u0436\\u0435\\u0434\\u043d\\u0435\\u0432\\u043d\\u043e \\u0441 9h \\u0434\\u043e 19h.\",\"libelleZh\":\"\\u4ece 2025\\u5e7412\\u670826\\u65e5 \\u5230 2026\\u5e741\\u67084\\u65e5 \\u65e5\\u5e38 \\u5c0f\\u65f6\\u5c0f\\u65f6 \\u548c \\u5c0f\\u65f6\\u5c0f\\u65f6 \\u4e4b\\u95f4.\\n\\n\\u4ece 4\\u670812\\u65e5 \\u5230 2026\\u5e7410\\u670825\\u65e5 \\u65e5\\u5e38 \\u5c0f\\u65f6\\u5c0f\\u65f6 \\u548c \\u5c0f\\u65f6\\u5c0f\\u65f6 \\u4e4b\\u95f4.\",\"libellePtBR\":\"De 26\\\/12\\\/2025 a 04\\\/01\\\/2026 todos os dias de 14h a\\u00a0 16h.\\n\\nDe 12\\\/04 a 25\\\/10\\\/2026 todos os dias de 9h a\\u00a0 19h.\",\"libelleJa\":\"26\\\/12\\\/2025 \\u304b\\u3089 04\\\/01\\\/2026 \\u307e\\u3067 \\u6bce\\u65e5 2 \\u5348\\u5f8c \\u3068 4 \\u5348\\u5f8c \\u306e\\u9593.\\n\\n12\\\/04 \\u304b\\u3089 25\\\/10\\\/2026 \\u307e\\u3067 \\u6bce\\u65e5 9 \\u5348\\u524d \\u3068 7 \\u5348\\u5f8c \\u306e\\u9593.\",\"libelleKo\":\"26\\\/12\\\/2025 \\uc77c\\ubd80\\ud130 04\\\/01\\\/2026 \\uc77c\\uae4c\\uc9c0 \\ub9e4\\uc77c 14h \\uc5d0\\uc11c 16h \\uae4c\\uc9c0.\\n\\n12\\\/04 \\uc77c\\ubd80\\ud130 25\\\/10\\\/2026 \\uc77c\\uae4c\\uc9c0 \\ub9e4\\uc77c 9h \\uc5d0\\uc11c 19h \\uae4c\\uc9c0.\"},\"periodeEnClairGenerationMode\":\"AUTOMATIQUE\",\"indicationsPeriode\":[{\"elementReferenceType\":\"IndicationPeriode\",\"id\":416},{\"elementReferenceType\":\"IndicationPeriode\",\"id\":418},{\"elementReferenceType\":\"IndicationPeriode\",\"id\":435},{\"elementReferenceType\":\"IndicationPeriode\",\"id\":436}],\"periodesOuvertures\":[{\"identifiant\":38588026,\"dateDebut\":\"2025-12-26\",\"dateFin\":\"2026-01-04\",\"horaireOuverture\":\"14:00:00\",\"horaireFermeture\":\"16:00:00\",\"type\":\"OUVERTURE_TOUS_LES_JOURS\",\"tousLesAns\":false,\"identifiantTechnique\":38588026,\"horaires\":[{\"id\":3295198,\"type\":{\"elementReferenceType\":\"HoraireType\",\"id\":7487},\"timePeriods\":[{\"id\":3585207,\"closed\":false,\"weekdays\":[\"HOL\",\"WED\",\"SAT\",\"SUN\",\"THU\",\"MON\",\"TUE\",\"FRI\"],\"timeFrames\":[{\"id\":3647131,\"startTime\":\"14:00\",\"endTime\":\"16:00\"}]}]}]},{\"identifiant\":31912945,\"dateDebut\":\"2026-04-12\",\"dateFin\":\"2026-10-25\",\"horaireOuverture\":\"09:00:00\",\"horaireFermeture\":\"19:00:00\",\"type\":\"OUVERTURE_TOUS_LES_JOURS\",\"tousLesAns\":false,\"identifiantTechnique\":38588008,\"horaires\":[{\"id\":3295176,\"type\":{\"elementReferenceType\":\"HoraireType\",\"id\":7487},\"timePeriods\":[{\"id\":3585185,\"closed\":false,\"weekdays\":[\"WED\",\"SAT\",\"SUN\",\"THU\",\"MON\",\"TUE\",\"FRI\"],\"timeFrames\":[{\"id\":3647110,\"startTime\":\"09:00\",\"endTime\":\"19:00\"}]}]}]}]},\"Latitude\":45.72429799999999744386514066718518733978271484375,\"Longitude\":6.3045390000000001151647666119970381259918212890625,\"COMMUNE\":\"Faverges-Seythenex\",\"TypesClienteles\":[\"For beginners \\\/ novice\"],\"codeUI\":\"CA-ADOC-129615-45895\",\"TypeActivite\":\"Sporting activities\",\"critInternes\":[\"Place de march\\u00e9\",\"Activit\\u00e9s sport nature\",\"Micro-aventure\",\"bons_cadeaux\"]},\"35674\":{\"presentation\":{\"descriptifCourt\":{\"libelleFr\":\"Face au Mont-Blanc et au lac d\\u2019Annecy, ce parcours 18 trous offre un cadre alpin exceptionnel. Greens g\\u00e9n\\u00e9reux, trac\\u00e9 harmonieux et panoramas spectaculaires : une exp\\u00e9rience golfique au c\\u0153ur des Alpes et une activit\\u00e9 id\\u00e9ale \\u00e0 d\\u00e9couvrir la semaine.\",\"libelleEn\":\"Facing Mont Blanc and Lake Annecy, this 18-hole course offers an exceptional Alpine setting. Generous greens, a harmonious layout and spectacular panoramas create an unforgettable golfing experience in the heart of the Alps.\"},\"descriptifDetaille\":{\"libelleFr\":\"Le trac\\u00e9, harmonieusement int\\u00e9gr\\u00e9 dans la nature alpine, s\\u00e9duit autant par la qualit\\u00e9 de son environnement que par son design. Ses greens g\\u00e9n\\u00e9reux et son parcours fluide promettent des moments de jeu agr\\u00e9ables, accessibles et m\\u00e9morables pour tous les golfeurs.\\r\\n\\r\\nEntre paysages grandioses et plaisir du jeu, ce parcours invite \\u00e0 vivre une parenth\\u00e8se sportive et contemplative dans un cadre naturel d\\u2019exception.\"}},\"prestations\":{\"equipements\":[{\"elementReferenceType\":\"PrestationEquipement\",\"id\":5592},{\"elementReferenceType\":\"PrestationEquipement\",\"id\":972},{\"elementReferenceType\":\"PrestationEquipement\",\"id\":984}],\"services\":[{\"elementReferenceType\":\"PrestationService\",\"id\":995}],\"animauxAcceptes\":\"NON_ACCEPTES\",\"animauxAcceptesSupplement\":\"NON_DISPONIBLE\",\"languesParlees\":[{\"elementReferenceType\":\"Langue\",\"id\":1192},{\"elementReferenceType\":\"Langue\",\"id\":1197}],\"tourismesAdaptes\":[{\"elementReferenceType\":\"TourismeAdapte\",\"id\":3651}],\"surchargeTourismesAdaptes\":true,\"surchargeDescriptifHandicapMoteur\":true,\"surchargeDescriptifHandicapAuditif\":true,\"surchargeDescriptifHandicapVisuel\":true,\"surchargeDescriptifHandicapMental\":true,\"surchargeNombreFauteuilsRoulants\":true,\"typesClientele\":[{\"elementReferenceType\":\"TypeClientele\",\"id\":3736}]},\"ouverture\":{\"periodeEnClair\":{\"libelleFr\":\"Du 01\\\/01 au 31\\\/12\\\/2026 du lundi au vendredi de 9h \\u00e0 18h.\\n\\nSous r\\u00e9serve de conditions m\\u00e9t\\u00e9o favorables.\",\"libelleEn\":\"From 01\\\/01 to 31\\\/12\\\/2026 from Monday to Friday between 9 am and 6 pm.\\n\\nSubject to favorable weather.\",\"libelleEs\":\"Del 01\\\/01 al 31\\\/12\\\/2026 del lunes al viernes de 9 a 18.\\n\\nA reserva de buen tiempo.\",\"libelleIt\":\"Dal 01\\\/01 al 31\\\/12\\\/2026 dal luned\\u00ec a venerd\\u00ec dalle 9 alle 18.\\n\\nCon riserva di condizioni atmosferiche favorevoli.\",\"libelleDe\":\"Vom 01\\\/01 bis 31\\\/12\\\/2026 von Montag bis Freitag von 9 Uhr bis 18 Uhr.\\n\\nNur bei g\\u00fcnstigen Wetterbedingungen.\",\"libelleNl\":\"Van 01\\\/01 tot en met 31\\\/12\\\/2026 maandag tot en met vrijdag van 9.00 tot 18.00 u.\\n\\nOnder voorbehoud, van de weersomstandigheden.\",\"libelleRu\":\"\\u0421 01\\\/01 \\u0434\\u043e 31\\\/12\\\/2026 \\u0441 \\u043f\\u043e\\u043d\\u0435\\u0434\\u0435\\u043b\\u044c\\u043d\\u0438\\u043a \\u0434\\u043e \\u043f\\u044f\\u0442\\u043d\\u0438\\u0446\\u0430 \\u0441 9h \\u0434\\u043e 18h.\\n\\n\\u041f\\u0440\\u0438 \\u0431\\u043b\\u0430\\u0433\\u043e\\u043f\\u0440\\u0438\\u044f\\u0442\\u043d\\u044b\\u0445 \\u043f\\u043e\\u0433\\u043e\\u0434\\u043d\\u044b\\u0445 \\u0443\\u0441\\u043b\\u043e\\u0432\\u0438\\u044f\\u0445.\",\"libelleZh\":\"\\u4ece 1\\u67081\\u65e5 \\u5230 2026\\u5e7412\\u670831\\u65e5 \\u4ece \\u661f\\u671f\\u4e00 \\u5230 \\u661f\\u671f\\u4e94 \\u5c0f\\u65f6\\u5c0f\\u65f6 \\u548c \\u5c0f\\u65f6\\u5c0f\\u65f6 \\u4e4b\\u95f4.\\n\\n\\u9700\\u5929\\u6c14\\u826f\\u597d.\",\"libellePtBR\":\"De 01\\\/01 a 31\\\/12\\\/2026 de segunda-feira a sexta-feira de 9h a\\u00a0 18h.\\n\\nSob reserva de condi\\u00e7\\u00f5es metereol\\u00f3gicas favor\\u00e1veis.\",\"libelleJa\":\"01\\\/01 \\u304b\\u3089 31\\\/12\\\/2026 \\u307e\\u3067 \\u6708\\u66dc\\u65e5 \\u304b\\u3089 \\u91d1\\u66dc\\u65e5 \\u307e\\u3067 9 \\u5348\\u524d \\u3068 6 \\u5348\\u5f8c \\u306e\\u9593.\\n\\n\\u5929\\u5019\\u306b\\u5de6\\u53f3\\u3055\\u308c\\u307e\\u3059.\",\"libelleKo\":\"01\\\/01 \\uc77c\\ubd80\\ud130 31\\\/12\\\/2026 \\uc77c\\uae4c\\uc9c0 \\uc6d4\\uc694\\uc77c \\uc77c\\ubd80\\ud130 \\uae08\\uc694\\uc77c \\uc77c\\uae4c\\uc9c0 9h \\uc5d0\\uc11c 18h \\uae4c\\uc9c0.\\n\\n\\uae30\\uc0c1 \\uc870\\uac74\\uc5d0 \\ub530\\ub77c \\ub2ec\\ub77c\\uc9c8 \\uc218 \\uc788\\uc2b5\\ub2c8\\ub2e4.\"},\"periodeEnClairGenerationMode\":\"AUTOMATIQUE\",\"indicationsPeriode\":[{\"elementReferenceType\":\"IndicationPeriode\",\"id\":416},{\"elementReferenceType\":\"IndicationPeriode\",\"id\":418},{\"elementReferenceType\":\"IndicationPeriode\",\"id\":435},{\"elementReferenceType\":\"IndicationPeriode\",\"id\":436}],\"periodesOuvertures\":[{\"identifiant\":39845677,\"dateDebut\":\"2026-01-01\",\"dateFin\":\"2026-12-31\",\"horaireOuverture\":\"09:00:00\",\"horaireFermeture\":\"18:00:00\",\"type\":\"OUVERTURE_SAUF\",\"tousLesAns\":false,\"ouverturesJournalieres\":[{\"jour\":\"SAMEDI\"},{\"jour\":\"DIMANCHE\"}],\"identifiantTechnique\":39845677,\"horaires\":[{\"id\":4503189,\"type\":{\"elementReferenceType\":\"HoraireType\",\"id\":7487},\"timePeriods\":[{\"id\":4988803,\"closed\":false,\"weekdays\":[\"WED\",\"THU\",\"MON\",\"TUE\",\"FRI\"],\"timeFrames\":[{\"id\":4938818,\"startTime\":\"09:00\",\"endTime\":\"18:00\"}]}]}]}],\"ouverturesComplementaires\":[{\"elementReferenceType\":\"OuvertureComplementaire\",\"id\":4188}],\"dureeSeance\":240},\"Latitude\":45.7522129999999975780156091786921024322509765625,\"Longitude\":6.2491839999999996280166669748723506927490234375,\"COMMUNE\":\"Giez\",\"TypesClienteles\":[\"R\\u00e9serv\\u00e9 aux experts\\\/confirm\\u00e9s\"],\"codeUI\":\"CA-ADOC-135565-59922\",\"TypeActivite\":\"Activit\\u00e9s sportives\",\"critInternes\":[\"Place de march\\u00e9\",\"Activit\\u00e9s sport nature\"]},\"34119\":{\"presentation\":{\"descriptifCourt\":{\"libelleFr\":\"Un cadeau \\u00e0 faire ? Offrez un bon cadeau malin : atelier tricot ou crochet au choix ! De quoi transformer deux aiguilles et un fil en fiert\\u00e9 totale. Kit de d\\u00e9marrage inclus, parfait pour d\\u00e9buter sans s\\u2019emm\\u00ealer les pinceaux\\u2026 enfin, les pelotes !\"}},\"prestations\":{\"animauxAcceptes\":\"NON_DISPONIBLE\",\"animauxAcceptesSupplement\":\"NON_DISPONIBLE\",\"languesParlees\":[{\"elementReferenceType\":\"Langue\",\"id\":1197}],\"surchargeTourismesAdaptes\":true,\"surchargeDescriptifHandicapMoteur\":true,\"surchargeDescriptifHandicapAuditif\":true,\"surchargeDescriptifHandicapVisuel\":true,\"surchargeDescriptifHandicapMental\":true,\"surchargeNombreFauteuilsRoulants\":true},\"ouverture\":{\"periodeEnClair\":{\"libelleFr\":\"Toute l\\u0027ann\\u00e9e le mardi, mercredi, jeudi, vendredi et samedi de 9h \\u00e0 12h30 et de 14h30 \\u00e0 18h.\",\"libelleEn\":\"All year round on Tuesday, Wednesday, Thursday, Friday and Saturday between 9 am and 12.30 pm and between 2.30 pm and 6 pm.\",\"libelleEs\":\"Todo el a\\u00f1o los martes, mi\\u00e9rcoles, jueves, viernes y s\\u00e1bado de 9 a 12:30 y de 14:30 a 18.\",\"libelleIt\":\"Tutto l\\u0027anno il marted\\u00ec, mercoled\\u00ec, gioved\\u00ec, venerd\\u00ec e sabato dalle 9 alle 12:30 e dalle 14:30 alle 18.\",\"libelleDe\":\"Ganzj\\u00e4hrig jeden Dienstag, Mittwoch, Donnerstag, Freitag und Samstag von 9 Uhr bis 12.30 Uhr und von 14.30 Uhr bis 18 Uhr.\",\"libelleNl\":\"Het hele jaar op dinsdag, woensdag, donderdag, vrijdag en zaterdag van 9.00 tot 12.30 u en van 14.30 tot 18.00 u.\",\"libelleRu\":\"\\u0412 \\u0442\\u0435\\u0447\\u0435\\u043d\\u0438\\u0435 \\u0432\\u0441\\u0435\\u0433\\u043e \\u0433\\u043e\\u0434\\u0430 \\u043d\\u0430 \\u0432\\u0442\\u043e\\u0440\\u043d\\u0438\\u043a, \\u0441\\u0440\\u0435\\u0434\\u0430, \\u0447\\u0435\\u0442\\u0432\\u0435\\u0440\\u0433, \\u043f\\u044f\\u0442\\u043d\\u0438\\u0446\\u0430 \\u0438 \\u0441\\u0443\\u0431\\u0431\\u043e\\u0442\\u0430 \\u0441 9h \\u0434\\u043e 12h30 \\u0438 \\u0441 14h30 \\u0434\\u043e 18h.\",\"libelleZh\":\"\\u5168\\u5e74 \\u4e0a \\u661f\\u671f\\u4e8c, \\u661f\\u671f\\u4e09, \\u661f\\u671f\\u56db, \\u661f\\u671f\\u4e94 \\u548c \\u661f\\u671f\\u516d \\u5c0f\\u65f6\\u5c0f\\u65f6 \\u548c \\u5c0f\\u65f6\\u5c0f\\u65f6\\u5206\\u949f  \\u4e4b\\u95f4 \\u548c \\u5c0f\\u65f6\\u5c0f\\u65f6\\u5206\\u949f  \\u548c \\u5c0f\\u65f6\\u5c0f\\u65f6 \\u4e4b\\u95f4.\",\"libellePtBR\":\"Todo o ano na ter\\u00e7a-feira, quarta-feira, quinta-feira, sexta-feira e s\\u00e1bado de 9h a\\u00a0 12h30 e de 14h30 a\\u00a0 18h.\",\"libelleJa\":\"\\u30aa\\u30fc\\u30eb\\u30b7\\u30fc\\u30ba\\u30f3 \\u706b\\u66dc\\u65e5, \\u6c34\\u66dc\\u65e5, \\u6728\\u66dc\\u65e5, \\u91d1\\u66dc\\u65e5 \\u3068 \\u571f\\u66dc\\u65e5 \\u306b 9 \\u5348\\u524d \\u3068 12.30 \\u5348\\u5f8c \\u306e\\u9593 \\u3068 2.30 \\u5348\\u5f8c \\u3068 6 \\u5348\\u5f8c \\u306e\\u9593.\",\"libelleKo\":\"\\uc77c \\ub144 \\ub0b4\\ub0b4 \\uc758 \\ud654\\uc694\\uc77c, \\uc218\\uc694\\uc77c, \\ubaa9\\uc694\\uc77c, \\uae08\\uc694\\uc77c \\ubc0f \\ud1a0\\uc694\\uc77c 9h \\uc5d0\\uc11c 12h30 \\uae4c\\uc9c0 \\uadf8\\ub9ac\\uace0 14h30 \\uc5d0\\uc11c 18h \\uae4c\\uc9c0.\"},\"periodeEnClairGenerationMode\":\"AUTOMATIQUE\",\"indicationsPeriode\":[{\"elementReferenceType\":\"IndicationPeriode\",\"id\":416},{\"elementReferenceType\":\"IndicationPeriode\",\"id\":418},{\"elementReferenceType\":\"IndicationPeriode\",\"id\":435},{\"elementReferenceType\":\"IndicationPeriode\",\"id\":436}],\"periodesOuvertures\":[{\"identifiant\":37337568,\"dateDebut\":\"2025-01-01\",\"dateFin\":\"2025-12-31\",\"type\":\"OUVERTURE_SAUF\",\"tousLesAns\":true,\"ouverturesJournalieres\":[{\"jour\":\"DIMANCHE\"},{\"jour\":\"LUNDI\"}],\"identifiantTechnique\":37337568,\"horaires\":[{\"id\":2076231,\"type\":{\"elementReferenceType\":\"HoraireType\",\"id\":7487},\"timePeriods\":[{\"id\":2202136,\"closed\":false,\"weekdays\":[\"WED\",\"SAT\",\"THU\",\"TUE\",\"FRI\"],\"timeFrames\":[{\"id\":2277803,\"startTime\":\"09:00\",\"endTime\":\"12:30\"},{\"id\":2277804,\"startTime\":\"14:30\",\"endTime\":\"18:00\"}]}]}]}],\"ouvertTouteLAnnee\":\"OUVERT_TOUTE_L_ANNEE\"},\"COMMUNE\":\"Faverges-Seythenex\",\"codeUI\":\"CA-ADOC-133571-51411\",\"TypeActivite\":\"Cultural activities\",\"critInternes\":[\"Place de march\\u00e9\",\"bons_cadeaux\"]},\"31075\":{\"presentation\":{\"descriptifCourt\":{\"libelleFr\":\"Voyagez dans le temps au mus\\u00e9e arch\\u00e9ologique de Viuz ! D\\u00e9couvrez des tr\\u00e9sors uniques : haches en pierre, bijoux anciens, poteries et plus. Plongez dans l\\u2019histoire fascinante des sources du lac d\\u2019Annecy. Une aventure culturelle \\u00e0 ne pas manquer !\"},\"descriptifDetaille\":{\"libelleFr\":\"Le mus\\u00e9e arch\\u00e9ologique de Viuz pr\\u00e9sente en trois salles un abondant mat\\u00e9riel provenant de fouilles et prospections locales. Ces objets, du plus banal au plus sophistiqu\\u00e9 nous font revivre les moments forts de l\\u0027occupation humaine aux Sources du lac d\\u0027Annecy. Haches en pierre polie, parures de bronze ou d\\u0027ambre, bijoux, monnaies, poteries, outils, chaudron en sont le t\\u00e9moignage.\\r\\nA proximit\\u00e9, se trouve l\\u0027\\u00e9glise Saint Jean-Baptiste dont la derni\\u00e8re restauration remonte au XIXe si\\u00e8cle. Son ch\\u0153ur roman du XIIe si\\u00e8cle rec\\u00e8le les vestiges d\\u0027un b\\u00e2timent gallo-romain et de trois \\u00e9glises des VIe, IXe (vers 800) et XIe si\\u00e8cles (vers l\\u0027An Mil). Ensemble exceptionnel et unique en Savoie.\\r\\nAdresse\"}},\"prestations\":{\"equipements\":[{\"elementReferenceType\":\"PrestationEquipement\",\"id\":972},{\"elementReferenceType\":\"PrestationEquipement\",\"id\":1322},{\"elementReferenceType\":\"PrestationEquipement\",\"id\":5592}],\"services\":[{\"elementReferenceType\":\"PrestationService\",\"id\":6877}],\"animauxAcceptes\":\"NON_DISPONIBLE\",\"animauxAcceptesSupplement\":\"NON_DISPONIBLE\",\"languesParlees\":[{\"elementReferenceType\":\"Langue\",\"id\":1189},{\"elementReferenceType\":\"Langue\",\"id\":1192},{\"elementReferenceType\":\"Langue\",\"id\":1197},{\"elementReferenceType\":\"Langue\",\"id\":1200}],\"languesDocumentation\":[{\"elementReferenceType\":\"Langue\",\"id\":1192},{\"elementReferenceType\":\"Langue\",\"id\":1197}],\"tourismesAdaptes\":[{\"elementReferenceType\":\"TourismeAdapte\",\"id\":3653},{\"elementReferenceType\":\"TourismeAdapte\",\"id\":3655},{\"elementReferenceType\":\"TourismeAdapte\",\"id\":3661},{\"elementReferenceType\":\"TourismeAdapte\",\"id\":3676}],\"surchargeTourismesAdaptes\":true,\"surchargeDescriptifHandicapMoteur\":true,\"surchargeDescriptifHandicapAuditif\":true,\"surchargeDescriptifHandicapVisuel\":true,\"surchargeDescriptifHandicapMental\":true,\"surchargeNombreFauteuilsRoulants\":true,\"tailleGroupeMax\":50},\"ouverture\":{\"periodeEnClair\":{\"libelleFr\":\"Du 01\\\/01 au 16\\\/06 du lundi au vendredi de 14h30 \\u00e0 18h30.\\n\\nDu 17\\\/06 au 31\\\/08 du lundi au samedi de 14h30 \\u00e0 18h30.\\n\\nDu 02\\\/09 au 20\\\/12 du lundi au vendredi de 14h30 \\u00e0 18h30.\",\"libelleEn\":\"From 01\\\/01 to 16\\\/06 from Monday to Friday between 2.30 pm and 6.30 pm.\\n\\nFrom 17\\\/06 to 31\\\/08 from Monday to Saturday between 2.30 pm and 6.30 pm.\\n\\nFrom 02\\\/09 to 20\\\/12 from Monday to Friday between 2.30 pm and 6.30 pm.\",\"libelleEs\":\"Del 01\\\/01 al 16\\\/06 del lunes al viernes de 14:30 a 18:30.\\n\\nDel 17\\\/06 al 31\\\/08 del lunes al s\\u00e1bado de 14:30 a 18:30.\\n\\nDel 02\\\/09 al 20\\\/12 del lunes al viernes de 14:30 a 18:30.\",\"libelleIt\":\"Dal 01\\\/01 al 16\\\/06 dal luned\\u00ec a venerd\\u00ec dalle 14:30 alle 18:30.\\n\\nDal 17\\\/06 al 31\\\/08 dal luned\\u00ec a sabato dalle 14:30 alle 18:30.\\n\\nDal 02\\\/09 al 20\\\/12 dal luned\\u00ec a venerd\\u00ec dalle 14:30 alle 18:30.\",\"libelleDe\":\"Vom 01\\\/01 bis 16\\\/06 von Montag bis Freitag von 14.30 Uhr bis 18.30 Uhr.\\n\\nVom 17\\\/06 bis 31\\\/08 von Montag bis Samstag von 14.30 Uhr bis 18.30 Uhr.\\n\\nVom 02\\\/09 bis 20\\\/12 von Montag bis Freitag von 14.30 Uhr bis 18.30 Uhr.\",\"libelleNl\":\"Van 01\\\/01 tot en met 16\\\/06 maandag tot en met vrijdag van 14.30 tot 18.30 u.\\n\\nVan 17\\\/06 tot en met 31\\\/08 maandag tot en met zaterdag van 14.30 tot 18.30 u.\\n\\nVan 02\\\/09 tot en met 20\\\/12 maandag tot en met vrijdag van 14.30 tot 18.30 u.\",\"libelleRu\":\"\\u0421 01\\\/01 \\u0434\\u043e 16\\\/06 \\u0441 \\u043f\\u043e\\u043d\\u0435\\u0434\\u0435\\u043b\\u044c\\u043d\\u0438\\u043a \\u0434\\u043e \\u043f\\u044f\\u0442\\u043d\\u0438\\u0446\\u0430 \\u0441 14h30 \\u0434\\u043e 18h30.\\n\\n\\u0421 17\\\/06 \\u0434\\u043e 31\\\/08 \\u0441 \\u043f\\u043e\\u043d\\u0435\\u0434\\u0435\\u043b\\u044c\\u043d\\u0438\\u043a \\u0434\\u043e \\u0441\\u0443\\u0431\\u0431\\u043e\\u0442\\u0430 \\u0441 14h30 \\u0434\\u043e 18h30.\\n\\n\\u0421 02\\\/09 \\u0434\\u043e 20\\\/12 \\u0441 \\u043f\\u043e\\u043d\\u0435\\u0434\\u0435\\u043b\\u044c\\u043d\\u0438\\u043a \\u0434\\u043e \\u043f\\u044f\\u0442\\u043d\\u0438\\u0446\\u0430 \\u0441 14h30 \\u0434\\u043e 18h30.\",\"libelleZh\":\"\\u4ece 1\\u67081\\u65e5 \\u5230 6\\u670816\\u65e5 \\u4ece \\u661f\\u671f\\u4e00 \\u5230 \\u661f\\u671f\\u4e94 \\u5c0f\\u65f6\\u5c0f\\u65f6\\u5206\\u949f  \\u548c \\u5c0f\\u65f6\\u5c0f\\u65f6\\u5206\\u949f  \\u4e4b\\u95f4.\\n\\n\\u4ece 6\\u670817\\u65e5 \\u5230 8\\u670831\\u65e5 \\u4ece \\u661f\\u671f\\u4e00 \\u5230 \\u661f\\u671f\\u516d \\u5c0f\\u65f6\\u5c0f\\u65f6\\u5206\\u949f  \\u548c \\u5c0f\\u65f6\\u5c0f\\u65f6\\u5206\\u949f  \\u4e4b\\u95f4.\\n\\n\\u4ece 9\\u67082\\u65e5 \\u5230 12\\u670820\\u65e5 \\u4ece \\u661f\\u671f\\u4e00 \\u5230 \\u661f\\u671f\\u4e94 \\u5c0f\\u65f6\\u5c0f\\u65f6\\u5206\\u949f  \\u548c \\u5c0f\\u65f6\\u5c0f\\u65f6\\u5206\\u949f  \\u4e4b\\u95f4.\",\"libellePtBR\":\"De 01\\\/01 a 16\\\/06 de segunda-feira a sexta-feira de 14h30 a\\u00a0 18h30.\\n\\nDe 17\\\/06 a 31\\\/08 de segunda-feira a s\\u00e1bado de 14h30 a\\u00a0 18h30.\\n\\nDe 02\\\/09 a 20\\\/12 de segunda-feira a sexta-feira de 14h30 a\\u00a0 18h30.\",\"libelleJa\":\"01\\\/01 \\u304b\\u3089 16\\\/06 \\u307e\\u3067 \\u6708\\u66dc\\u65e5 \\u304b\\u3089 \\u91d1\\u66dc\\u65e5 \\u307e\\u3067 2.30 \\u5348\\u5f8c \\u3068 6.30 \\u5348\\u5f8c \\u306e\\u9593.\\n\\n17\\\/06 \\u304b\\u3089 31\\\/08 \\u307e\\u3067 \\u6708\\u66dc\\u65e5 \\u304b\\u3089 \\u571f\\u66dc\\u65e5 \\u307e\\u3067 2.30 \\u5348\\u5f8c \\u3068 6.30 \\u5348\\u5f8c \\u306e\\u9593.\\n\\n02\\\/09 \\u304b\\u3089 20\\\/12 \\u307e\\u3067 \\u6708\\u66dc\\u65e5 \\u304b\\u3089 \\u91d1\\u66dc\\u65e5 \\u307e\\u3067 2.30 \\u5348\\u5f8c \\u3068 6.30 \\u5348\\u5f8c \\u306e\\u9593.\",\"libelleKo\":\"01\\\/01 \\uc77c\\ubd80\\ud130 16\\\/06 \\uc77c\\uae4c\\uc9c0 \\uc6d4\\uc694\\uc77c \\uc77c\\ubd80\\ud130 \\uae08\\uc694\\uc77c \\uc77c\\uae4c\\uc9c0 14h30 \\uc5d0\\uc11c 18h30 \\uae4c\\uc9c0.\\n\\n17\\\/06 \\uc77c\\ubd80\\ud130 31\\\/08 \\uc77c\\uae4c\\uc9c0 \\uc6d4\\uc694\\uc77c \\uc77c\\ubd80\\ud130 \\ud1a0\\uc694\\uc77c \\uc77c\\uae4c\\uc9c0 14h30 \\uc5d0\\uc11c 18h30 \\uae4c\\uc9c0.\\n\\n02\\\/09 \\uc77c\\ubd80\\ud130 20\\\/12 \\uc77c\\uae4c\\uc9c0 \\uc6d4\\uc694\\uc77c \\uc77c\\ubd80\\ud130 \\uae08\\uc694\\uc77c \\uc77c\\uae4c\\uc9c0 14h30 \\uc5d0\\uc11c 18h30 \\uae4c\\uc9c0.\"},\"periodeEnClairGenerationMode\":\"AUTOMATIQUE\",\"indicationsPeriode\":[{\"elementReferenceType\":\"IndicationPeriode\",\"id\":416},{\"elementReferenceType\":\"IndicationPeriode\",\"id\":418},{\"elementReferenceType\":\"IndicationPeriode\",\"id\":435},{\"elementReferenceType\":\"IndicationPeriode\",\"id\":436}],\"periodesOuvertures\":[{\"identifiant\":33406526,\"dateDebut\":\"2025-01-01\",\"dateFin\":\"2025-06-16\",\"horaireOuverture\":\"14:30:00\",\"horaireFermeture\":\"18:30:00\",\"type\":\"OUVERTURE_SAUF\",\"tousLesAns\":true,\"ouverturesJournalieres\":[{\"jour\":\"SAMEDI\"},{\"jour\":\"DIMANCHE\"}],\"identifiantTechnique\":36848168,\"horaires\":[{\"id\":1632252,\"type\":{\"elementReferenceType\":\"HoraireType\",\"id\":7487},\"timePeriods\":[{\"id\":1720105,\"closed\":false,\"weekdays\":[\"WED\",\"THU\",\"MON\",\"TUE\",\"FRI\"],\"timeFrames\":[{\"id\":1792542,\"startTime\":\"14:30\",\"endTime\":\"18:30\"}]}]}]},{\"identifiant\":33406539,\"dateDebut\":\"2025-06-17\",\"dateFin\":\"2025-08-31\",\"horaireOuverture\":\"14:30:00\",\"horaireFermeture\":\"18:30:00\",\"type\":\"OUVERTURE_SAUF\",\"tousLesAns\":true,\"ouverturesJournalieres\":[{\"jour\":\"DIMANCHE\"}],\"identifiantTechnique\":36848169,\"horaires\":[{\"id\":1632253,\"type\":{\"elementReferenceType\":\"HoraireType\",\"id\":7487},\"timePeriods\":[{\"id\":1720106,\"closed\":false,\"weekdays\":[\"WED\",\"SAT\",\"THU\",\"MON\",\"TUE\",\"FRI\"],\"timeFrames\":[{\"id\":1792543,\"startTime\":\"14:30\",\"endTime\":\"18:30\"}]}]}]},{\"identifiant\":33406559,\"dateDebut\":\"2025-09-02\",\"dateFin\":\"2025-12-20\",\"horaireOuverture\":\"14:30:00\",\"horaireFermeture\":\"18:30:00\",\"type\":\"OUVERTURE_SAUF\",\"tousLesAns\":true,\"ouverturesJournalieres\":[{\"jour\":\"SAMEDI\"},{\"jour\":\"DIMANCHE\"}],\"identifiantTechnique\":36848170,\"horaires\":[{\"id\":1632254,\"type\":{\"elementReferenceType\":\"HoraireType\",\"id\":7487},\"timePeriods\":[{\"id\":1720107,\"closed\":false,\"weekdays\":[\"WED\",\"THU\",\"MON\",\"TUE\",\"FRI\"],\"timeFrames\":[{\"id\":1792544,\"startTime\":\"14:30\",\"endTime\":\"18:30\"}]}]}]}],\"dureeSeance\":45,\"dureeSeanceGroupe\":45},\"Latitude\":45.754244999999997389750205911695957183837890625,\"Longitude\":6.2921189999999995734469848684966564178466796875,\"COMMUNE\":\"Faverges-Seythenex\",\"codeUI\":\"CA-ADOC-133299-48687\",\"TypeActivite\":\"Cultural activities\",\"critInternes\":[\"Place de march\\u00e9\",\"Billeterie\"]}},\"atts\":{\"category_slug\":\"place-de-marche\",\"carte\":\"Oui\",\"fields\":\"Type|presentation|prestations|ouverture|Latitude|Longitude|COMMUNE|informationsEquipement|CategoriesRestaurants|tracegpx|TypesClienteles|itiDistance|itiDureeJournaliere|itiDureeItinerance|codeUI|TypeActivite|critInternes\",\"nbparpage\":\"12\",\"trie\":\"custom\",\"nlist\":\"0\",\"taillecolitem\":\"col-sm-8\",\"taillecolmap\":\"col-sm-4\",\"site_url\":\"https:\\\/\\\/www.sources-lac-annecy.com\",\"template_directory\":\"\\\/home\\\/sourceslacannecy\\\/public_html\\\/wp-content\\\/themes\\\/pamplemousse\\\/yatadata\\\/\",\"block_name\":\"yatadatablock-activites-ar\",\"aspect\":\"defaut\"},\"lg\":\"en\"}'>\n            <!-- FIN HOOK BEFORE -->\n                <!-- DEBUT HOOK AFFICHAGE TOGGLE -->\n            <div class=\"yatadata-affichage-bloc container w-full flex items-end mb-6\">\n        <div class=\"yatadata-affichage flex flex-col w-full lg:w-4\/12 mr-6\">\n            <span class=\"mb-2\">Affichage<\/span>\n            <div class=\"yatadata-affichage__boutons border-solid border rounded-full inline-flex w-fit items-center text-15 py-2\">\n                <span class=\"affichage-liste inline-flex gap-2 items-center px-4 \">\n                    <svg xmlns=\"http:\/\/www.w3.org\/2000\/svg\" width=\"25\" height=\"16.681\" viewBox=\"0 0 25 16.681\">\n                        <path id=\"Trac\u00e9_3126\" data-name=\"Trac\u00e9 3126\" d=\"M4.752,1.985A1.066,1.066,0,0,1,5.817.92h18.1a1.065,1.065,0,1,1,0,2.129H5.817A1.066,1.066,0,0,1,4.752,1.984ZM23.918,7.276H5.817a1.065,1.065,0,1,0,0,2.13h18.1a1.065,1.065,0,0,0,0-2.13Zm0,6.384H5.817a1.065,1.065,0,1,0,0,2.129h18.1a1.065,1.065,0,1,0,0-2.129ZM1.984,12.712a1.986,1.986,0,1,0,1.4.582,1.983,1.983,0,0,0-1.4-.582Zm0-6.356a1.986,1.986,0,1,0,1.4.582,1.983,1.983,0,0,0-1.4-.582ZM1.984,0a1.986,1.986,0,1,0,1.4.582A1.984,1.984,0,0,0,1.984,0Z\" fill=\"#28596F\" \/>\n                    <\/svg>\n                    Liste                <\/span>\n                <span class=\"affichage-liste-carte inline-flex gap-2 items-center px-4 active\">\n                    <svg xmlns=\"http:\/\/www.w3.org\/2000\/svg\" width=\"26.002\" height=\"20.889\" viewBox=\"0 0 26.002 20.889\">\n                        <path id=\"Union_38\" data-name=\"Union 38\" d=\"M11567.974,12829.87l-8.274-1.765a.846.846,0,0,1-.673-.83v-16.425a.85.85,0,0,1,1.026-.831l8.275,1.762a.851.851,0,0,1,.673.831v16.428a.851.851,0,0,1-.85.85A.793.793,0,0,1,11567.974,12829.87Zm-7.248-3.28,6.575,1.4V12813.3l-6.575-1.4Zm-16.145-.042a1.985,1.985,0,1,1,1.4.582A1.977,1.977,0,0,1,11544.581,12826.548Zm11.338-.31h-6.1a1.064,1.064,0,0,1-.764-1.822,1.055,1.055,0,0,1,.764-.306h6.1a1.063,1.063,0,0,1,.763,1.822,1.075,1.075,0,0,1-.751.306Zm-11.338-6.047a1.984,1.984,0,0,1-.579-1.4,1.984,1.984,0,1,1,.579,1.4Zm5.236-.335a1.066,1.066,0,1,1,0-2.132h6.1a1.066,1.066,0,0,1,0,2.132Zm-5.236-6.021a1.985,1.985,0,0,1,1.4-3.387,1.991,1.991,0,0,1,1.983,1.986,1.983,1.983,0,0,1-3.388,1.4Zm11.338-.338h-6.1a1.064,1.064,0,1,1,0-2.128h6.1a1.067,1.067,0,0,1,1.082,1.065,1.069,1.069,0,0,1-1.06,1.063Z\" transform=\"translate(-11543.499 -12809.501)\" fill=\"#28596F\" stroke-miterlimit=\"10\" stroke-width=\"1\" \/>\n                    <\/svg>\n                    Liste &#038; carte                <\/span>\n                <span class=\"affichage-carte inline-flex gap-2 items-center px-4\">\n                    <svg xmlns=\"http:\/\/www.w3.org\/2000\/svg\" width=\"25\" height=\"20\" viewBox=\"0 0 25 20\">\n                        <path id=\"Trac\u00e9_3127\" data-name=\"Trac\u00e9 3127\" d=\"M25,2.941c0-.018,0-.034-.006-.052a.8.8,0,0,0-.008-.092.642.642,0,0,0-.017-.069c-.008-.029-.015-.057-.026-.085s-.018-.043-.028-.063-.026-.054-.042-.08-.024-.034-.036-.051a.883.883,0,0,0-.06-.075c-.013-.014-.026-.026-.04-.039a.773.773,0,0,0-.078-.066c-.015-.011-.03-.02-.046-.03a.836.836,0,0,0-.089-.049c-.018-.009-.037-.015-.056-.022s-.043-.019-.067-.026L16.607.027l-.021,0-.05-.01L16.477.006l-.054,0L16.4,0l-.023,0c-.019,0-.038,0-.057,0l-.055.007-.051.01-.02,0L8.6,2.087,1.013.028a.792.792,0,0,0-.7.144A.831.831,0,0,0,0,.825V17.061c0,.018,0,.035.005.052a.836.836,0,0,0,.008.086.8.8,0,0,0,.02.083c.006.023.012.045.021.067a.785.785,0,0,0,.039.086c.009.018.018.036.028.053a.778.778,0,0,0,.057.081c.012.015.023.03.035.044a.792.792,0,0,0,.073.071c.014.011.027.024.041.035a.808.808,0,0,0,.092.059c.014.008.026.016.04.022a.781.781,0,0,0,.114.044l.025.01.038.01.008,0,7.75,2.1a.783.783,0,0,0,.414,0l3.878-1.054L16.4,17.912l7.586,2.06c.006,0,.012,0,.019,0A.774.774,0,0,0,24.19,20H24.2a.773.773,0,0,0,.229-.039l.042-.014a.777.777,0,0,0,.2-.108l.031-.026a.817.817,0,0,0,.158-.17l.005-.006a.837.837,0,0,0,.1-.227c0-.009.008-.014.01-.023s0-.015,0-.023c.007-.026.009-.054.013-.082S25,19.225,25,19.2c0-.007,0-.014,0-.021V2.941ZM12.125,17.367,9.407,18.1V3.574l.071-.019.789-.214h0L15.592,1.9V16.425ZM17.206,1.9l6.181,1.677V18.1l-6.181-1.679ZM7.794,3.574V18.1L1.613,16.425V1.9Z\" fill=\"#28596F\" \/>\n                    <\/svg>\n                    Map                <\/span>\n            <\/div>\n        <\/div>\n        <div class=\"nbItems text-22 font-bold w-full lg:w-8\/12\" id=\"nbOffres-129\">\n            <span>98<\/span>\n                            r\u00e9sultat(s)                    <\/div>\n    <\/div>\n            <!-- FIN HOOK MAP LIST -->\n        <!-- DEBUT HOOK MAP LIST -->\n                    <div class=\"map-list flex container relative\">\n        <div class=\"lg:sticky lg:top-6 mapliste  w-full lg:w-4\/12 md:mr-6 mb-10\">\n            <div class='yatadata-map' id='yatadata-map-129'><\/div>\n        <\/div>\n        <div class=\"listItems itemsliste  w-full lg:w-8\/12 js-ajax-wrapper md:grid-cols-2 grid grid-cols-1 gap-8 mb-10\"><\/div>\n    <\/div>\n                    <!-- FIN HOOK MAP LIST -->\n        <!-- DEBUT HOOK LOADER -->\n            <div class=\"loadmore container mt-6\">\n        <div class=\"loadmore-content ml-auto w-8\/12\">\n            <div class=\"listloader\" id=\"loader-129\" hidden>\n                <img decoding=\"async\" src=\"\/wp-content\/themes\/pamplemousse\/resources\/images\/icons\/loader-yatadata.svg\" alt=\"Loader\">\n            <\/div>\n            <button class=\"boutPlein voirsuite bg-body mx-auto block text-16 rounded-full text-white px-6 py-2\" id=\"voirlasuite-129\">\n                Learn more            <\/button>\n        <\/div>\n    <\/div>\n            <!-- FIN HOOK LOADER -->\n        <!-- DEBUT AFTER HOOK -->\n                <\/div>\n    <\/section>\n            <!-- FIN AFTER HOOK -->\n  \n\n<section data-block_6e70f56114e2f45cef7920dc0b6965cf class=\"text alignfull container mb-20\">\n      <h2 class=\"text-30 font-bold mb-10\">VOS ACTIVIT\u00c9S EN QUELQUES CLICS <\/h2>\n  \n      <div class=\"mce custom-list-style mt-6 first:mt-0\"><p>Avec notre plateforme de r\u00e9servation s\u00e9curis\u00e9e, vous pouvez planifier vos activit\u00e9s aux Sources du lac d\u2019Annecy 24h\/24, directement depuis votre t\u00e9l\u00e9phone ou votre ordinateur.\u00a0 Parcourez notre large gamme d&#8217;activit\u00e9s refl\u00e9tant la richesse de notre territoire : des activit\u00e9s sport nature comme le parapente, la via-ferrata ou encore le canyoning, des micro-aventures comme le saut pendulaire, une murder party ou une sortie raquette \u00e0 la journ\u00e9e, des ateliers savoir-faire et terroir comme la cr\u00e9ation d&#8217;objets en bois, de bijoux de lithoth\u00e9rapie ou encore des stages de poterie, de la billetterie pour des sorties bateaux ou des spectacles culturels, des exp\u00e9riences gourmandes et bien-\u00eatre comme des exp\u00e9riences culinaires originales, des massages ou encore la fabrication de votre propre tisane. Simplifiez l\u2019organisation de votre s\u00e9jour et d\u00e9couvrez des exp\u00e9riences uniques en toute s\u00e9r\u00e9nit\u00e9.<\/p>\n<\/div>\n    <\/section>\n\n\n<section data-block_00b50d00132ab42b70a77516d52c1954 class=\"text alignfull container mb-20\">\n      <h2 class=\"text-30 font-bold mb-10\">R\u00c9SERVATION AUPR\u00c8S DE NOS PARTENAIRES LOCAUX<\/h2>\n  \n      <div class=\"mce custom-list-style mt-6 first:mt-0\"><p>En r\u00e9servant sur notre site, vous effectuez votre achat directement aupr\u00e8s de prestataires locaux de confiance, partenaires de notre office de tourisme. Vous contribuez ainsi au d\u00e9veloppement d\u2019un tourisme responsable qui valorise les savoir-faire locaux et respecte les \u00e9cosyst\u00e8mes du territoire. Nous travaillons main dans la main avec des prestataires engag\u00e9s pour un impact positif, privil\u00e9giant les activit\u00e9s de pleine nature et les exp\u00e9riences respectueuses de l\u2019environnement.<\/p>\n<\/div>\n    <\/section>\n\n\n<section data-block_84fefb49f96710cd533d01d293fe0ec6 class=\"text alignfull container mb-20\">\n      <h2 class=\"text-30 font-bold mb-10\">UNE DESTINATION 4 SAISONS, 1000 \u00c9MOTIONS<\/h2>\n  \n      <div class=\"mce custom-list-style mt-6 first:mt-0\"><p>Les Sources du lac d&#8217;Annecy, nich\u00e9es entre les massifs des Bauges et des Bornes, sont une destination naturelle d\u2019exception o\u00f9 l\u2019authenticit\u00e9 et la diversit\u00e9 des paysages s&#8217;entrem\u00ealent. Ce territoire unique abrite 7 communes charmantes et leurs nombreux hameaux, chacun offrant un acc\u00e8s privil\u00e9gi\u00e9 aux cours d&#8217;eau qui alimentent le lac d&#8217;Annecy. Ici, vous pouvez profiter d\u2019activit\u00e9s vari\u00e9es, de la <a href=\"https:\/\/www.sources-lac-annecy.com\/activite\/terre\/randonnee\/\">randonn\u00e9e<\/a> \u00e0 <a href=\"https:\/\/www.sources-lac-annecy.com\/savoir-faire\/artisans\/\">l\u2019artisanat<\/a>, en passant par des <a href=\"https:\/\/www.sources-lac-annecy.com\/savoir-faire\/producteurs\/\">exp\u00e9riences gourmandes<\/a>, le tout dans un cadre pr\u00e9serv\u00e9 qui invite \u00e0 la d\u00e9couverte et \u00e0 l\u2019\u00e9merveillement en toute saison.<\/p>\n<\/div>\n    <\/section>\n\n\n<section data-block_b6da19f185b158c72b9e8fa4948283fa class=\"text alignfull container mb-20\">\n      <h2 class=\"text-30 font-bold mb-10\">\u00c0 D\u00c9COUVRIR \u00c9GALEMENT<\/h2>\n  \n      <div class=\"mce custom-list-style mt-6 first:mt-0\"><ul>\n<li><a href=\"https:\/\/www.sources-lac-annecy.com\/idees-de-circuits\/boucle-des-savoir-faire\/\">La boucle des savoir-faire <\/a><\/li>\n<li><a href=\"https:\/\/www.sources-lac-annecy.com\/top-5-des-lieux-pour-se-detendre\/\">Le top 5 des lieux pour se d\u00e9tendre<\/a><\/li>\n<li><a href=\"https:\/\/www.sources-lac-annecy.com\/top-5-des-bons-cadeaux-originaux-pour-un-noel-inoubliable\/\">Le top 5 des id\u00e9es de bons cadeaux de No\u00ebl<\/a><\/li>\n<\/ul>\n<\/div>\n    <\/section>\n\n\n<section data-block_239c8098262801af947fb6ef788f4d71 class=\"page-grid alignfull blocks\">\n\n  <section class=\"grid relative mt-56 pb-40\">\n\n    <div class=\"rg:grid-cols-3 container grid grid-cols-1 md:grid-cols-2 gap-8 mb-10\">\n              <div class=\"card \">\n\n  <a href=\"https:\/\/www.sources-lac-annecy.com\/en\/major-events\/\">\n    <picture >\n          \n      <source srcset=\"https:\/\/www.sources-lac-annecy.com\/wp-content\/uploads\/2023\/04\/doussard-base-nautique-ete-lac-en-fete-6233-1-450x300.jpg 450w, https:\/\/www.sources-lac-annecy.com\/wp-content\/uploads\/2023\/04\/doussard-base-nautique-ete-lac-en-fete-6233-1-1024x684.jpg 1024w, https:\/\/www.sources-lac-annecy.com\/wp-content\/uploads\/2023\/04\/doussard-base-nautique-ete-lac-en-fete-6233-1-768x513.jpg 768w, https:\/\/www.sources-lac-annecy.com\/wp-content\/uploads\/2023\/04\/doussard-base-nautique-ete-lac-en-fete-6233-1-1536x1025.jpg 1536w, https:\/\/www.sources-lac-annecy.com\/wp-content\/uploads\/2023\/04\/doussard-base-nautique-ete-lac-en-fete-6233-1.jpg 2048w\" type=\"image\/jpeg\" sizes=\"(max-width: 2048px) 100vw, 2048px\">\n\n      <img decoding=\"async\" type=\"image\/jpeg\" src=\"https:\/\/www.sources-lac-annecy.com\/wp-content\/uploads\/2023\/04\/doussard-base-nautique-ete-lac-en-fete-6233-1.jpg\"  srcset=\"https:\/\/www.sources-lac-annecy.com\/wp-content\/uploads\/2023\/04\/doussard-base-nautique-ete-lac-en-fete-6233-1-450x300.jpg 450w, https:\/\/www.sources-lac-annecy.com\/wp-content\/uploads\/2023\/04\/doussard-base-nautique-ete-lac-en-fete-6233-1-1024x684.jpg 1024w, https:\/\/www.sources-lac-annecy.com\/wp-content\/uploads\/2023\/04\/doussard-base-nautique-ete-lac-en-fete-6233-1-768x513.jpg 768w, https:\/\/www.sources-lac-annecy.com\/wp-content\/uploads\/2023\/04\/doussard-base-nautique-ete-lac-en-fete-6233-1-1536x1025.jpg 1536w, https:\/\/www.sources-lac-annecy.com\/wp-content\/uploads\/2023\/04\/doussard-base-nautique-ete-lac-en-fete-6233-1.jpg 2048w\"   class=\"card__img mb-2  min-h-[450px] aspect-[5\/7] object-cover\"   width=\"2048\"   height=\"1367\"   loading=\"lazy\"    >\n      <\/picture>\n\n    <h3 class=\"text-22 mt-2 flex items-center gap-2 font-bold\">\n            Major events\n      <svg class=\"ml-auto\" xmlns=\"http:\/\/www.w3.org\/2000\/svg\" width=\"16.315\" height=\"13.183\" viewBox=\"0 0 16.315 13.183\">\n  <path id=\"Soustraction_35\" data-name=\"Soustraction 35\"\n    d=\"M8.278,13.183h0l-.976-.8,6.417-5.263H0V6.064H13.719L7.3.8,8.278,0l8.038,6.592L8.278,13.183Z\"\n    fill=\"#285667\" \/>\n<\/svg>    <\/h3>\n  <\/a>\n<\/div>\n              <div class=\"card \">\n\n  <a href=\"https:\/\/www.sources-lac-annecy.com\/en\/suggested-itineraries\/\">\n    <picture >\n          \n      <source srcset=\"https:\/\/www.sources-lac-annecy.com\/wp-content\/uploads\/2023\/03\/tilbyvattard-sources-du-lac-08-022-0159-bd-300x450.jpg 300w, https:\/\/www.sources-lac-annecy.com\/wp-content\/uploads\/2023\/03\/tilbyvattard-sources-du-lac-08-022-0159-bd-682x1024.jpg 682w, https:\/\/www.sources-lac-annecy.com\/wp-content\/uploads\/2023\/03\/tilbyvattard-sources-du-lac-08-022-0159-bd-768x1152.jpg 768w, https:\/\/www.sources-lac-annecy.com\/wp-content\/uploads\/2023\/03\/tilbyvattard-sources-du-lac-08-022-0159-bd-1024x1536.jpg 1024w, https:\/\/www.sources-lac-annecy.com\/wp-content\/uploads\/2023\/03\/tilbyvattard-sources-du-lac-08-022-0159-bd.jpg 1333w\" type=\"image\/jpeg\" sizes=\"(max-width: 1333px) 100vw, 1333px\">\n\n      <img decoding=\"async\" type=\"image\/jpeg\" src=\"https:\/\/www.sources-lac-annecy.com\/wp-content\/uploads\/2023\/03\/tilbyvattard-sources-du-lac-08-022-0159-bd.jpg\"  srcset=\"https:\/\/www.sources-lac-annecy.com\/wp-content\/uploads\/2023\/03\/tilbyvattard-sources-du-lac-08-022-0159-bd-300x450.jpg 300w, https:\/\/www.sources-lac-annecy.com\/wp-content\/uploads\/2023\/03\/tilbyvattard-sources-du-lac-08-022-0159-bd-682x1024.jpg 682w, https:\/\/www.sources-lac-annecy.com\/wp-content\/uploads\/2023\/03\/tilbyvattard-sources-du-lac-08-022-0159-bd-768x1152.jpg 768w, https:\/\/www.sources-lac-annecy.com\/wp-content\/uploads\/2023\/03\/tilbyvattard-sources-du-lac-08-022-0159-bd-1024x1536.jpg 1024w, https:\/\/www.sources-lac-annecy.com\/wp-content\/uploads\/2023\/03\/tilbyvattard-sources-du-lac-08-022-0159-bd.jpg 1333w\"   class=\"card__img mb-2  min-h-[450px] aspect-[5\/7] object-cover\"   width=\"1333\"   height=\"2000\"   loading=\"lazy\"    >\n      <\/picture>\n\n    <h3 class=\"text-22 mt-2 flex items-center gap-2 font-bold\">\n            Suggested itineraries\n      <svg class=\"ml-auto\" xmlns=\"http:\/\/www.w3.org\/2000\/svg\" width=\"16.315\" height=\"13.183\" viewBox=\"0 0 16.315 13.183\">\n  <path id=\"Soustraction_35\" data-name=\"Soustraction 35\"\n    d=\"M8.278,13.183h0l-.976-.8,6.417-5.263H0V6.064H13.719L7.3.8,8.278,0l8.038,6.592L8.278,13.183Z\"\n    fill=\"#285667\" \/>\n<\/svg>    <\/h3>\n  <\/a>\n<\/div>\n          <\/div>\n\n  <\/section>\n\n<\/section>\n","protected":false},"excerpt":{"rendered":"","protected":false},"author":7,"featured_media":0,"parent":0,"menu_order":4,"comment_status":"closed","ping_status":"closed","template":"","meta":{"_acf_changed":false,"inline_featured_image":false,"footnotes":""},"categories":[],"activity_type":[],"period":[],"with":[],"in-mode":[],"class_list":["post-29675","page","type-page","status-publish","hentry"],"acf":[],"_links":{"self":[{"href":"https:\/\/www.sources-lac-annecy.com\/en\/wp-json\/wp\/v2\/pages\/29675","targetHints":{"allow":["GET"]}}],"collection":[{"href":"https:\/\/www.sources-lac-annecy.com\/en\/wp-json\/wp\/v2\/pages"}],"about":[{"href":"https:\/\/www.sources-lac-annecy.com\/en\/wp-json\/wp\/v2\/types\/page"}],"author":[{"embeddable":true,"href":"https:\/\/www.sources-lac-annecy.com\/en\/wp-json\/wp\/v2\/users\/7"}],"replies":[{"embeddable":true,"href":"https:\/\/www.sources-lac-annecy.com\/en\/wp-json\/wp\/v2\/comments?post=29675"}],"version-history":[{"count":5,"href":"https:\/\/www.sources-lac-annecy.com\/en\/wp-json\/wp\/v2\/pages\/29675\/revisions"}],"predecessor-version":[{"id":31026,"href":"https:\/\/www.sources-lac-annecy.com\/en\/wp-json\/wp\/v2\/pages\/29675\/revisions\/31026"}],"wp:attachment":[{"href":"https:\/\/www.sources-lac-annecy.com\/en\/wp-json\/wp\/v2\/media?parent=29675"}],"wp:term":[{"taxonomy":"category","embeddable":true,"href":"https:\/\/www.sources-lac-annecy.com\/en\/wp-json\/wp\/v2\/categories?post=29675"},{"taxonomy":"activity_type","embeddable":true,"href":"https:\/\/www.sources-lac-annecy.com\/en\/wp-json\/wp\/v2\/activity_type?post=29675"},{"taxonomy":"period","embeddable":true,"href":"https:\/\/www.sources-lac-annecy.com\/en\/wp-json\/wp\/v2\/period?post=29675"},{"taxonomy":"with","embeddable":true,"href":"https:\/\/www.sources-lac-annecy.com\/en\/wp-json\/wp\/v2\/with?post=29675"},{"taxonomy":"in-mode","embeddable":true,"href":"https:\/\/www.sources-lac-annecy.com\/en\/wp-json\/wp\/v2\/in-mode?post=29675"}],"curies":[{"name":"wp","href":"https:\/\/api.w.org\/{rel}","templated":true}]}}